{"id":4443,"date":"2026-01-14T05:09:47","date_gmt":"2026-01-14T05:09:47","guid":{"rendered":"https:\/\/pawel.stefanoff.pl\/work\/?page_id=4443"},"modified":"2026-08-25T11:00:11","modified_gmt":"2026-08-25T11:00:11","slug":"articles-es","status":"publish","type":"page","link":"https:\/\/pawel.stefanoff.pl\/work\/es\/articles-es\/","title":{"rendered":"Art\u00edculos"},"content":{"rendered":"\t\t<div data-elementor-type=\"wp-page\" data-elementor-id=\"4443\" class=\"elementor elementor-4443\" data-elementor-post-type=\"page\">\n\t\t\t\t<div class=\"elementor-element elementor-element-83f2cbe e-flex e-con-boxed e-con e-parent\" data-id=\"83f2cbe\" data-element_type=\"container\" data-e-type=\"container\" data-settings=\"{&quot;background_background&quot;:&quot;classic&quot;}\">\n\t\t\t\t\t<div class=\"e-con-inner\">\n\t\t\t\t<div class=\"elementor-element elementor-element-805a41b elementor-align-justify elementor-widget__width-initial elementor-absolute elementor-widget elementor-widget-button\" data-id=\"805a41b\" data-element_type=\"widget\" data-e-type=\"widget\" data-settings=\"{&quot;_position&quot;:&quot;absolute&quot;,&quot;sticky&quot;:&quot;top&quot;,&quot;sticky_on&quot;:[&quot;desktop&quot;,&quot;tablet&quot;,&quot;mobile&quot;],&quot;sticky_offset&quot;:0,&quot;sticky_effects_offset&quot;:0,&quot;sticky_anchor_link_offset&quot;:0}\" data-widget_type=\"button.default\">\n\t\t\t\t\t\t\t\t\t\t<a class=\"elementor-button elementor-button-link elementor-size-sm\" href=\"\/work\/es\">\n\t\t\t\t\t\t<span class=\"elementor-button-content-wrapper\">\n\t\t\t\t\t\t\t\t\t<span class=\"elementor-button-text\">Atr\u00e1s<\/span>\n\t\t\t\t\t<\/span>\n\t\t\t\t\t<\/a>\n\t\t\t\t\t\t\t\t<\/div>\n\t\t<div class=\"elementor-element elementor-element-088965e e-con-full e-flex e-con e-child\" data-id=\"088965e\" data-element_type=\"container\" data-e-type=\"container\">\n\t\t<div class=\"elementor-element elementor-element-de6e032 e-con-full e-flex e-con e-child\" data-id=\"de6e032\" data-element_type=\"container\" data-e-type=\"container\">\n\t\t\t\t<div class=\"elementor-element elementor-element-ecc3124 animated-slow elementor-invisible elementor-widget elementor-widget-heading\" data-id=\"ecc3124\" data-element_type=\"widget\" data-e-type=\"widget\" data-settings=\"{&quot;_animation&quot;:&quot;slideInLeft&quot;,&quot;_animation_delay&quot;:200}\" data-widget_type=\"heading.default\">\n\t\t\t\t\t<h2 class=\"elementor-heading-title elementor-size-default\">Art\u00edculos revisados \u200b\u200bpor pares<\/h2>\t\t\t\t<\/div>\n\t\t\t\t<div class=\"elementor-element elementor-element-2ec539c elementor-widget__width-initial elementor-widget-mobile__width-inherit animated-slow elementor-widget-tablet__width-inherit elementor-invisible elementor-widget elementor-widget-text-editor\" data-id=\"2ec539c\" data-element_type=\"widget\" data-e-type=\"widget\" data-settings=\"{&quot;_animation&quot;:&quot;slideInLeft&quot;,&quot;_animation_delay&quot;:300}\" data-widget_type=\"text-editor.default\">\n\t\t\t\t\t\t\t\t\t<p>Esta p\u00e1gina enumera todos mis trabajos originales publicados en revistas cient\u00edficas revisadas por pares. La mayor\u00eda est\u00e1n indexados en PubMed, salvo algunos art\u00edculos aparecidos en suplementos o en revistas no indexadas. Para cada publicaci\u00f3n he preparado un breve resumen, descrito el contexto en el que se desarroll\u00f3 el trabajo y a\u00f1adido enlaces a los recursos bibliogr\u00e1ficos pertinentes.<\/p>\t\t\t\t\t\t\t\t<\/div>\n\t\t\t\t<\/div>\n\t\t<div class=\"elementor-element elementor-element-c308c6f e-con-full e-flex e-con e-child\" data-id=\"c308c6f\" data-element_type=\"container\" data-e-type=\"container\">\n\t\t\t\t<div class=\"elementor-element elementor-element-a1e843e elementor-align-justify elementor-widget elementor-widget-button\" data-id=\"a1e843e\" data-element_type=\"widget\" data-e-type=\"widget\" data-widget_type=\"button.default\">\n\t\t\t\t\t\t\t\t\t\t<a class=\"elementor-button elementor-button-link elementor-size-sm\" href=\"\/work\/en\/articles-en\/\">\n\t\t\t\t\t\t<span class=\"elementor-button-content-wrapper\">\n\t\t\t\t\t\t\t\t\t<span class=\"elementor-button-text\">\ud83c\uddec\ud83c\udde7 in English<\/span>\n\t\t\t\t\t<\/span>\n\t\t\t\t\t<\/a>\n\t\t\t\t\t\t\t\t<\/div>\n\t\t\t\t<div class=\"elementor-element elementor-element-6893a04 elementor-align-justify elementor-widget elementor-widget-button\" data-id=\"6893a04\" data-element_type=\"widget\" data-e-type=\"widget\" data-widget_type=\"button.default\">\n\t\t\t\t\t\t\t\t\t\t<a class=\"elementor-button elementor-button-link elementor-size-sm\" href=\"\/work\/pl\/articles-pl\/\">\n\t\t\t\t\t\t<span class=\"elementor-button-content-wrapper\">\n\t\t\t\t\t\t\t\t\t<span class=\"elementor-button-text\">\ud83c\uddf5\ud83c\uddf1 po polsku<\/span>\n\t\t\t\t\t<\/span>\n\t\t\t\t\t<\/a>\n\t\t\t\t\t\t\t\t<\/div>\n\t\t\t\t<div class=\"elementor-element elementor-element-ff4bad4 elementor-align-justify elementor-widget elementor-widget-button\" data-id=\"ff4bad4\" data-element_type=\"widget\" data-e-type=\"widget\" data-widget_type=\"button.default\">\n\t\t\t\t\t\t\t\t\t\t<a class=\"elementor-button elementor-button-link elementor-size-sm\" href=\"\/work\/es\/articles-es\/\">\n\t\t\t\t\t\t<span class=\"elementor-button-content-wrapper\">\n\t\t\t\t\t\t\t\t\t<span class=\"elementor-button-text\">\ud83c\uddea\ud83c\uddf8 en espa\u00f1ol<\/span>\n\t\t\t\t\t<\/span>\n\t\t\t\t\t<\/a>\n\t\t\t\t\t\t\t\t<\/div>\n\t\t\t\t<\/div>\n\t\t\t\t<\/div>\n\t\t\t\t\t<\/div>\n\t\t\t\t<\/div>\n\t\t<div class=\"elementor-element elementor-element-eb88f33 e-flex e-con-boxed e-con e-parent\" data-id=\"eb88f33\" data-element_type=\"container\" data-e-type=\"container\">\n\t\t\t\t\t<div class=\"e-con-inner\">\n\t\t\t\t<div class=\"elementor-element elementor-element-d1b95c7 elementor-grid-3 elementor-grid-tablet-2 elementor-grid-mobile-1 elementor-widget elementor-widget-loop-grid\" data-id=\"d1b95c7\" data-element_type=\"widget\" data-e-type=\"widget\" data-settings=\"{&quot;template_id&quot;:&quot;4715&quot;,&quot;columns&quot;:3,&quot;row_gap&quot;:{&quot;unit&quot;:&quot;px&quot;,&quot;size&quot;:10,&quot;sizes&quot;:[]},&quot;_skin&quot;:&quot;post&quot;,&quot;columns_tablet&quot;:&quot;2&quot;,&quot;columns_mobile&quot;:&quot;1&quot;,&quot;edit_handle_selector&quot;:&quot;[data-elementor-type=\\&quot;loop-item\\&quot;]&quot;,&quot;row_gap_tablet&quot;:{&quot;unit&quot;:&quot;px&quot;,&quot;size&quot;:&quot;&quot;,&quot;sizes&quot;:[]},&quot;row_gap_mobile&quot;:{&quot;unit&quot;:&quot;px&quot;,&quot;size&quot;:&quot;&quot;,&quot;sizes&quot;:[]}}\" data-widget_type=\"loop-grid.post\">\n\t\t\t\t<div class=\"elementor-widget-container\">\n\t\t\t\t\t\t\t<div class=\"elementor-loop-container elementor-grid\" role=\"list\">\n\t\t<style id=\"loop-dynamic-4715\">.e-loop-item-5391 .elementor-element.elementor-element-6e55af1:not(.elementor-motion-effects-element-type-background), .e-loop-item-5391 .elementor-element.elementor-element-6e55af1 > .elementor-motion-effects-container > .elementor-motion-effects-layer{background-image:url(\"https:\/\/pawel.stefanoff.pl\/work\/wp-content\/uploads\/2026\/01\/11062b_6856f2dda2bb4b679834f24c8a8f72famv2.avif\");}<\/style><style id=\"loop-4715\">.elementor-4715 .elementor-element.elementor-element-6e55af1{--display:flex;--min-height:327px;--flex-direction:column;--container-widget-width:100%;--container-widget-height:initial;--container-widget-flex-grow:0;--container-widget-align-self:initial;--flex-wrap-mobile:wrap;--border-radius:30px 30px 30px 30px;--padding-top:40px;--padding-bottom:40px;--padding-left:40px;--padding-right:40px;}.elementor-widget-theme-post-title .elementor-heading-title{font-family:var( --e-global-typography-primary-font-family ), Sans-serif;font-weight:var( --e-global-typography-primary-font-weight );color:var( --e-global-color-primary );}.elementor-4715 .elementor-element.elementor-element-1ff8dc0 .elementor-heading-title{font-family:\"Poppins\", Sans-serif;font-size:17px;font-weight:500;line-height:24px;}.elementor-widget-theme-post-excerpt{font-family:var( --e-global-typography-text-font-family ), Sans-serif;font-weight:var( --e-global-typography-text-font-weight );color:var( --e-global-color-text );}.elementor-4715 .elementor-element.elementor-element-34d9c11{font-family:\"Poppins\", Sans-serif;font-size:15px;font-weight:400;line-height:20px;color:#F1F1F1E3;}.elementor-widget-button .elementor-button{font-family:var( --e-global-typography-accent-font-family ), Sans-serif;font-weight:var( --e-global-typography-accent-font-weight );background-color:var( --e-global-color-accent );}.elementor-4715 .elementor-element.elementor-element-fe5308e .elementor-button{font-family:\"Poppins\", Sans-serif;font-size:14px;font-weight:500;line-height:20px;letter-spacing:0.7px;fill:var( --e-global-color-secondary );color:var( --e-global-color-secondary );background-color:var( --e-global-color-primary );border-radius:30px 30px 30px 30px;padding:5px 0px 5px 0px;}@media(max-width:767px){.elementor-4715 .elementor-element.elementor-element-6e55af1{--min-height:300px;--justify-content:center;--padding-top:30px;--padding-bottom:30px;--padding-left:30px;--padding-right:30px;}.elementor-4715 .elementor-element.elementor-element-1ff8dc0 .elementor-heading-title{font-size:16px;line-height:22px;}}\/* Start custom CSS for container, class: .elementor-element-6e55af1 *\/.elementor-4715 .elementor-element.elementor-element-6e55af1{\n    transition: 0.4s ease;\n}\n.elementor-4715 .elementor-element.elementor-element-6e55af1:hover{\n      transform-origin: 50% 50%;\n  transform: scaleX(0.9) scaleY(0.9);\n}\/* End custom CSS *\/<\/style>\t\t<div data-elementor-type=\"loop-item\" data-elementor-id=\"4715\" class=\"elementor elementor-4715 e-loop-item e-loop-item-5391 post-5391 publikacje type-publikacje status-publish has-post-thumbnail hentry\" data-elementor-post-type=\"elementor_library\" data-custom-edit-handle=\"1\">\n\t\t\t<div class=\"elementor-element elementor-element-6e55af1 e-flex e-con-boxed e-con e-parent\" data-id=\"6e55af1\" data-element_type=\"container\" data-e-type=\"container\" data-settings=\"{&quot;background_background&quot;:&quot;classic&quot;}\">\n\t\t\t\t\t<div class=\"e-con-inner\">\n\t\t\t\t<div class=\"elementor-element elementor-element-1ff8dc0 elementor-widget elementor-widget-theme-post-title elementor-page-title elementor-widget-heading\" data-id=\"1ff8dc0\" data-element_type=\"widget\" data-e-type=\"widget\" data-widget_type=\"theme-post-title.default\">\n\t\t\t\t\t<h1 class=\"elementor-heading-title elementor-size-default\">C\u00f3mo avanza L\u00edbano hacia la eliminaci\u00f3n del sarampi\u00f3n? Revisi\u00f3n de los indicadores de desempe\u00f1o de la vigilancia epidemiol\u00f3gica, 2013\u20132024<\/h1>\t\t\t\t<\/div>\n\t\t\t\t<div class=\"elementor-element elementor-element-34d9c11 elementor-widget elementor-widget-theme-post-excerpt\" data-id=\"34d9c11\" data-element_type=\"widget\" data-e-type=\"widget\" data-widget_type=\"theme-post-excerpt.default\">\n\t\t\t\t\tArt\u00edculo en ingl\u00e9s publicado en la revista Epidemiologia\t\t\t\t<\/div>\n\t\t\t\t<div class=\"elementor-element elementor-element-fe5308e elementor-align-justify elementor-widget elementor-widget-button\" data-id=\"fe5308e\" data-element_type=\"widget\" data-e-type=\"widget\" data-widget_type=\"button.default\">\n\t\t\t\t\t\t\t\t\t\t<a class=\"elementor-button elementor-button-link elementor-size-sm\" href=\"https:\/\/pawel.stefanoff.pl\/work\/es\/articles\/como-avanza-libano-hacia-la-eliminacion-del-sarampion-revision-de-los-indicadores-de-desempeno-de-la-vigilancia-epidemiologica-2013-2024\/\">\n\t\t\t\t\t\t<span class=\"elementor-button-content-wrapper\">\n\t\t\t\t\t\t\t\t\t<span class=\"elementor-button-text\">Ver m\u00e1s<\/span>\n\t\t\t\t\t<\/span>\n\t\t\t\t\t<\/a>\n\t\t\t\t\t\t\t\t<\/div>\n\t\t\t\t\t<\/div>\n\t\t\t\t<\/div>\n\t\t\t\t<\/div>\n\t\t<style id=\"loop-dynamic-4715\">.e-loop-item-5390 .elementor-element.elementor-element-6e55af1:not(.elementor-motion-effects-element-type-background), .e-loop-item-5390 .elementor-element.elementor-element-6e55af1 > .elementor-motion-effects-container > .elementor-motion-effects-layer{background-image:url(\"https:\/\/pawel.stefanoff.pl\/work\/wp-content\/uploads\/2026\/01\/11062b_6856f2dda2bb4b679834f24c8a8f72famv2.avif\");}<\/style>\t\t<div data-elementor-type=\"loop-item\" data-elementor-id=\"4715\" class=\"elementor elementor-4715 e-loop-item e-loop-item-5390 post-5390 publikacje type-publikacje status-publish has-post-thumbnail hentry\" data-elementor-post-type=\"elementor_library\" data-custom-edit-handle=\"1\">\n\t\t\t<div class=\"elementor-element elementor-element-6e55af1 e-flex e-con-boxed e-con e-parent\" data-id=\"6e55af1\" data-element_type=\"container\" data-e-type=\"container\" data-settings=\"{&quot;background_background&quot;:&quot;classic&quot;}\">\n\t\t\t\t\t<div class=\"e-con-inner\">\n\t\t\t\t<div class=\"elementor-element elementor-element-1ff8dc0 elementor-widget elementor-widget-theme-post-title elementor-page-title elementor-widget-heading\" data-id=\"1ff8dc0\" data-element_type=\"widget\" data-e-type=\"widget\" data-widget_type=\"theme-post-title.default\">\n\t\t\t\t\t<h1 class=\"elementor-heading-title elementor-size-default\">Jaki jest post\u0119p Libanu w eliminacji odry? Przegl\u0105d wska\u017anik\u00f3w skuteczno\u015bci nadzoru epidemiologicznego w latach 2013\u20132024<\/h1>\t\t\t\t<\/div>\n\t\t\t\t<div class=\"elementor-element elementor-element-34d9c11 elementor-widget elementor-widget-theme-post-excerpt\" data-id=\"34d9c11\" data-element_type=\"widget\" data-e-type=\"widget\" data-widget_type=\"theme-post-excerpt.default\">\n\t\t\t\t\tArtyku\u0142 w j\u0119zyku angielskim opublikowany w czasopi\u015bmie Epidemiologia\t\t\t\t<\/div>\n\t\t\t\t<div class=\"elementor-element elementor-element-fe5308e elementor-align-justify elementor-widget elementor-widget-button\" data-id=\"fe5308e\" data-element_type=\"widget\" data-e-type=\"widget\" data-widget_type=\"button.default\">\n\t\t\t\t\t\t\t\t\t\t<a class=\"elementor-button elementor-button-link elementor-size-sm\" href=\"https:\/\/pawel.stefanoff.pl\/work\/pl\/articles\/jaki-jest-postep-libanu-w-eliminacji-odry-przeglad-wskaznikow-skutecznosci-nadzoru-epidemiologicznego-w-latach-2013-2024\/\">\n\t\t\t\t\t\t<span class=\"elementor-button-content-wrapper\">\n\t\t\t\t\t\t\t\t\t<span class=\"elementor-button-text\">Ver m\u00e1s<\/span>\n\t\t\t\t\t<\/span>\n\t\t\t\t\t<\/a>\n\t\t\t\t\t\t\t\t<\/div>\n\t\t\t\t\t<\/div>\n\t\t\t\t<\/div>\n\t\t\t\t<\/div>\n\t\t<style id=\"loop-dynamic-4715\">.e-loop-item-5387 .elementor-element.elementor-element-6e55af1:not(.elementor-motion-effects-element-type-background), .e-loop-item-5387 .elementor-element.elementor-element-6e55af1 > .elementor-motion-effects-container > .elementor-motion-effects-layer{background-image:url(\"https:\/\/pawel.stefanoff.pl\/work\/wp-content\/uploads\/2026\/01\/11062b_6856f2dda2bb4b679834f24c8a8f72famv2.avif\");}<\/style>\t\t<div data-elementor-type=\"loop-item\" data-elementor-id=\"4715\" class=\"elementor elementor-4715 e-loop-item e-loop-item-5387 post-5387 publikacje type-publikacje status-publish has-post-thumbnail hentry\" data-elementor-post-type=\"elementor_library\" data-custom-edit-handle=\"1\">\n\t\t\t<div class=\"elementor-element elementor-element-6e55af1 e-flex e-con-boxed e-con e-parent\" data-id=\"6e55af1\" data-element_type=\"container\" data-e-type=\"container\" data-settings=\"{&quot;background_background&quot;:&quot;classic&quot;}\">\n\t\t\t\t\t<div class=\"e-con-inner\">\n\t\t\t\t<div class=\"elementor-element elementor-element-1ff8dc0 elementor-widget elementor-widget-theme-post-title elementor-page-title elementor-widget-heading\" data-id=\"1ff8dc0\" data-element_type=\"widget\" data-e-type=\"widget\" data-widget_type=\"theme-post-title.default\">\n\t\t\t\t\t<h1 class=\"elementor-heading-title elementor-size-default\">How Is Lebanon\u2019s Progress Towards Measles Elimination? Review of Surveillance Performance Indicators, 2013\u20132024<\/h1>\t\t\t\t<\/div>\n\t\t\t\t<div class=\"elementor-element elementor-element-34d9c11 elementor-widget elementor-widget-theme-post-excerpt\" data-id=\"34d9c11\" data-element_type=\"widget\" data-e-type=\"widget\" data-widget_type=\"theme-post-excerpt.default\">\n\t\t\t\t\tArticle in English published in the journal Epidemiologia\t\t\t\t<\/div>\n\t\t\t\t<div class=\"elementor-element elementor-element-fe5308e elementor-align-justify elementor-widget elementor-widget-button\" data-id=\"fe5308e\" data-element_type=\"widget\" data-e-type=\"widget\" data-widget_type=\"button.default\">\n\t\t\t\t\t\t\t\t\t\t<a class=\"elementor-button elementor-button-link elementor-size-sm\" href=\"https:\/\/pawel.stefanoff.pl\/work\/articles\/how-is-lebanons-progress-towards-measles-elimination-review-of-surveillance-performance-indicators-2013-2024\/\">\n\t\t\t\t\t\t<span class=\"elementor-button-content-wrapper\">\n\t\t\t\t\t\t\t\t\t<span class=\"elementor-button-text\">Ver m\u00e1s<\/span>\n\t\t\t\t\t<\/span>\n\t\t\t\t\t<\/a>\n\t\t\t\t\t\t\t\t<\/div>\n\t\t\t\t\t<\/div>\n\t\t\t\t<\/div>\n\t\t\t\t<\/div>\n\t\t<style id=\"loop-dynamic-4715\">.e-loop-item-4800 .elementor-element.elementor-element-6e55af1:not(.elementor-motion-effects-element-type-background), .e-loop-item-4800 .elementor-element.elementor-element-6e55af1 > .elementor-motion-effects-container > .elementor-motion-effects-layer{background-image:url(\"https:\/\/pawel.stefanoff.pl\/work\/wp-content\/uploads\/2026\/01\/11062b_6856f2dda2bb4b679834f24c8a8f72famv2.avif\");}<\/style>\t\t<div data-elementor-type=\"loop-item\" data-elementor-id=\"4715\" class=\"elementor elementor-4715 e-loop-item e-loop-item-4800 post-4800 publikacje type-publikacje status-publish has-post-thumbnail hentry\" data-elementor-post-type=\"elementor_library\" data-custom-edit-handle=\"1\">\n\t\t\t<div class=\"elementor-element elementor-element-6e55af1 e-flex e-con-boxed e-con e-parent\" data-id=\"6e55af1\" data-element_type=\"container\" data-e-type=\"container\" data-settings=\"{&quot;background_background&quot;:&quot;classic&quot;}\">\n\t\t\t\t\t<div class=\"e-con-inner\">\n\t\t\t\t<div class=\"elementor-element elementor-element-1ff8dc0 elementor-widget elementor-widget-theme-post-title elementor-page-title elementor-widget-heading\" data-id=\"1ff8dc0\" data-element_type=\"widget\" data-e-type=\"widget\" data-widget_type=\"theme-post-title.default\">\n\t\t\t\t\t<h1 class=\"elementor-heading-title elementor-size-default\">Epidemia de sarampi\u00f3n facilitada por transmisi\u00f3n nosocomial, Armenia, febrero-julio de 2023<\/h1>\t\t\t\t<\/div>\n\t\t\t\t<div class=\"elementor-element elementor-element-34d9c11 elementor-widget elementor-widget-theme-post-excerpt\" data-id=\"34d9c11\" data-element_type=\"widget\" data-e-type=\"widget\" data-widget_type=\"theme-post-excerpt.default\">\n\t\t\t\t\tArt\u00edculo en ingl\u00e9s publicado en la revista Emerging Infectious Diseases\t\t\t\t<\/div>\n\t\t\t\t<div class=\"elementor-element elementor-element-fe5308e elementor-align-justify elementor-widget elementor-widget-button\" data-id=\"fe5308e\" data-element_type=\"widget\" data-e-type=\"widget\" data-widget_type=\"button.default\">\n\t\t\t\t\t\t\t\t\t\t<a class=\"elementor-button elementor-button-link elementor-size-sm\" href=\"https:\/\/pawel.stefanoff.pl\/work\/es\/articles\/article-2026-measles-armenia-es\/\">\n\t\t\t\t\t\t<span class=\"elementor-button-content-wrapper\">\n\t\t\t\t\t\t\t\t\t<span class=\"elementor-button-text\">Ver m\u00e1s<\/span>\n\t\t\t\t\t<\/span>\n\t\t\t\t\t<\/a>\n\t\t\t\t\t\t\t\t<\/div>\n\t\t\t\t\t<\/div>\n\t\t\t\t<\/div>\n\t\t\t\t<\/div>\n\t\t<style id=\"loop-dynamic-4715\">.e-loop-item-4799 .elementor-element.elementor-element-6e55af1:not(.elementor-motion-effects-element-type-background), .e-loop-item-4799 .elementor-element.elementor-element-6e55af1 > .elementor-motion-effects-container > .elementor-motion-effects-layer{background-image:url(\"https:\/\/pawel.stefanoff.pl\/work\/wp-content\/uploads\/2026\/01\/11062b_6856f2dda2bb4b679834f24c8a8f72famv2.avif\");}<\/style>\t\t<div data-elementor-type=\"loop-item\" data-elementor-id=\"4715\" class=\"elementor elementor-4715 e-loop-item e-loop-item-4799 post-4799 publikacje type-publikacje status-publish has-post-thumbnail hentry\" data-elementor-post-type=\"elementor_library\" data-custom-edit-handle=\"1\">\n\t\t\t<div class=\"elementor-element elementor-element-6e55af1 e-flex e-con-boxed e-con e-parent\" data-id=\"6e55af1\" data-element_type=\"container\" data-e-type=\"container\" data-settings=\"{&quot;background_background&quot;:&quot;classic&quot;}\">\n\t\t\t\t\t<div class=\"e-con-inner\">\n\t\t\t\t<div class=\"elementor-element elementor-element-1ff8dc0 elementor-widget elementor-widget-theme-post-title elementor-page-title elementor-widget-heading\" data-id=\"1ff8dc0\" data-element_type=\"widget\" data-e-type=\"widget\" data-widget_type=\"theme-post-title.default\">\n\t\t\t\t\t<h1 class=\"elementor-heading-title elementor-size-default\">Measles Outbreak Driven by Nosocomial Transmission, Armenia, February-July 2023<\/h1>\t\t\t\t<\/div>\n\t\t\t\t<div class=\"elementor-element elementor-element-34d9c11 elementor-widget elementor-widget-theme-post-excerpt\" data-id=\"34d9c11\" data-element_type=\"widget\" data-e-type=\"widget\" data-widget_type=\"theme-post-excerpt.default\">\n\t\t\t\t\tArticle in English published in the journal Emerging Infectious Diseases\t\t\t\t<\/div>\n\t\t\t\t<div class=\"elementor-element elementor-element-fe5308e elementor-align-justify elementor-widget elementor-widget-button\" data-id=\"fe5308e\" data-element_type=\"widget\" data-e-type=\"widget\" data-widget_type=\"button.default\">\n\t\t\t\t\t\t\t\t\t\t<a class=\"elementor-button elementor-button-link elementor-size-sm\" href=\"https:\/\/pawel.stefanoff.pl\/work\/articles\/article-2026-measles-armenia-en\/\">\n\t\t\t\t\t\t<span class=\"elementor-button-content-wrapper\">\n\t\t\t\t\t\t\t\t\t<span class=\"elementor-button-text\">Ver m\u00e1s<\/span>\n\t\t\t\t\t<\/span>\n\t\t\t\t\t<\/a>\n\t\t\t\t\t\t\t\t<\/div>\n\t\t\t\t\t<\/div>\n\t\t\t\t<\/div>\n\t\t\t\t<\/div>\n\t\t<style id=\"loop-dynamic-4715\">.e-loop-item-4798 .elementor-element.elementor-element-6e55af1:not(.elementor-motion-effects-element-type-background), .e-loop-item-4798 .elementor-element.elementor-element-6e55af1 > .elementor-motion-effects-container > .elementor-motion-effects-layer{background-image:url(\"https:\/\/pawel.stefanoff.pl\/work\/wp-content\/uploads\/2026\/01\/11062b_6856f2dda2bb4b679834f24c8a8f72famv2.avif\");}<\/style>\t\t<div data-elementor-type=\"loop-item\" data-elementor-id=\"4715\" class=\"elementor elementor-4715 e-loop-item e-loop-item-4798 post-4798 publikacje type-publikacje status-publish has-post-thumbnail hentry\" data-elementor-post-type=\"elementor_library\" data-custom-edit-handle=\"1\">\n\t\t\t<div class=\"elementor-element elementor-element-6e55af1 e-flex e-con-boxed e-con e-parent\" data-id=\"6e55af1\" data-element_type=\"container\" data-e-type=\"container\" data-settings=\"{&quot;background_background&quot;:&quot;classic&quot;}\">\n\t\t\t\t\t<div class=\"e-con-inner\">\n\t\t\t\t<div class=\"elementor-element elementor-element-1ff8dc0 elementor-widget elementor-widget-theme-post-title elementor-page-title elementor-widget-heading\" data-id=\"1ff8dc0\" data-element_type=\"widget\" data-e-type=\"widget\" data-widget_type=\"theme-post-title.default\">\n\t\t\t\t\t<h1 class=\"elementor-heading-title elementor-size-default\">Epidemia odry u\u0142atwiona transmisj\u0105 w plac\u00f3wkach s\u0142u\u017cby zdrowia, Armenia, luty-lipiec 2023 r.<\/h1>\t\t\t\t<\/div>\n\t\t\t\t<div class=\"elementor-element elementor-element-34d9c11 elementor-widget elementor-widget-theme-post-excerpt\" data-id=\"34d9c11\" data-element_type=\"widget\" data-e-type=\"widget\" data-widget_type=\"theme-post-excerpt.default\">\n\t\t\t\t\tArtyku\u0142 w j\u0119zyku angielskim opublikowany w czasopi\u015bmie Emerging Infectious Diseases\t\t\t\t<\/div>\n\t\t\t\t<div class=\"elementor-element elementor-element-fe5308e elementor-align-justify elementor-widget elementor-widget-button\" data-id=\"fe5308e\" data-element_type=\"widget\" data-e-type=\"widget\" data-widget_type=\"button.default\">\n\t\t\t\t\t\t\t\t\t\t<a class=\"elementor-button elementor-button-link elementor-size-sm\" href=\"https:\/\/pawel.stefanoff.pl\/work\/pl\/articles\/article-2026-measles-armenia-pl\/\">\n\t\t\t\t\t\t<span class=\"elementor-button-content-wrapper\">\n\t\t\t\t\t\t\t\t\t<span class=\"elementor-button-text\">Ver m\u00e1s<\/span>\n\t\t\t\t\t<\/span>\n\t\t\t\t\t<\/a>\n\t\t\t\t\t\t\t\t<\/div>\n\t\t\t\t\t<\/div>\n\t\t\t\t<\/div>\n\t\t\t\t<\/div>\n\t\t<style id=\"loop-dynamic-4715\">.e-loop-item-4748 .elementor-element.elementor-element-6e55af1:not(.elementor-motion-effects-element-type-background), .e-loop-item-4748 .elementor-element.elementor-element-6e55af1 > .elementor-motion-effects-container > .elementor-motion-effects-layer{background-image:url(\"https:\/\/pawel.stefanoff.pl\/work\/wp-content\/uploads\/2026\/01\/11062b_6856f2dda2bb4b679834f24c8a8f72famv2.avif\");}<\/style>\t\t<div data-elementor-type=\"loop-item\" data-elementor-id=\"4715\" class=\"elementor elementor-4715 e-loop-item e-loop-item-4748 post-4748 publikacje type-publikacje status-publish has-post-thumbnail hentry\" data-elementor-post-type=\"elementor_library\" data-custom-edit-handle=\"1\">\n\t\t\t<div class=\"elementor-element elementor-element-6e55af1 e-flex e-con-boxed e-con e-parent\" data-id=\"6e55af1\" data-element_type=\"container\" data-e-type=\"container\" data-settings=\"{&quot;background_background&quot;:&quot;classic&quot;}\">\n\t\t\t\t\t<div class=\"e-con-inner\">\n\t\t\t\t<div class=\"elementor-element elementor-element-1ff8dc0 elementor-widget elementor-widget-theme-post-title elementor-page-title elementor-widget-heading\" data-id=\"1ff8dc0\" data-element_type=\"widget\" data-e-type=\"widget\" data-widget_type=\"theme-post-title.default\">\n\t\t\t\t\t<h1 class=\"elementor-heading-title elementor-size-default\">Conocimientos, actitudes y pr\u00e1cticas de los pediatras en Cisjordania, Palestina, con respecto a la vacunaci\u00f3n contra la COVID-19 en ni\u00f1os menores de 12 a\u00f1os: un estudio transversal, de octubre a noviembre de 2023<\/h1>\t\t\t\t<\/div>\n\t\t\t\t<div class=\"elementor-element elementor-element-34d9c11 elementor-widget elementor-widget-theme-post-excerpt\" data-id=\"34d9c11\" data-element_type=\"widget\" data-e-type=\"widget\" data-widget_type=\"theme-post-excerpt.default\">\n\t\t\t\t\tArt\u00edculo en ingl\u00e9s publicado en la revista Vaccines\t\t\t\t<\/div>\n\t\t\t\t<div class=\"elementor-element elementor-element-fe5308e elementor-align-justify elementor-widget elementor-widget-button\" data-id=\"fe5308e\" data-element_type=\"widget\" data-e-type=\"widget\" data-widget_type=\"button.default\">\n\t\t\t\t\t\t\t\t\t\t<a class=\"elementor-button elementor-button-link elementor-size-sm\" href=\"https:\/\/pawel.stefanoff.pl\/work\/es\/articles\/article-2025-covid-vaccine-palestine-es\/\">\n\t\t\t\t\t\t<span class=\"elementor-button-content-wrapper\">\n\t\t\t\t\t\t\t\t\t<span class=\"elementor-button-text\">Ver m\u00e1s<\/span>\n\t\t\t\t\t<\/span>\n\t\t\t\t\t<\/a>\n\t\t\t\t\t\t\t\t<\/div>\n\t\t\t\t\t<\/div>\n\t\t\t\t<\/div>\n\t\t\t\t<\/div>\n\t\t<style id=\"loop-dynamic-4715\">.e-loop-item-4747 .elementor-element.elementor-element-6e55af1:not(.elementor-motion-effects-element-type-background), .e-loop-item-4747 .elementor-element.elementor-element-6e55af1 > .elementor-motion-effects-container > .elementor-motion-effects-layer{background-image:url(\"https:\/\/pawel.stefanoff.pl\/work\/wp-content\/uploads\/2026\/01\/11062b_6856f2dda2bb4b679834f24c8a8f72famv2.avif\");}<\/style>\t\t<div data-elementor-type=\"loop-item\" data-elementor-id=\"4715\" class=\"elementor elementor-4715 e-loop-item e-loop-item-4747 post-4747 publikacje type-publikacje status-publish has-post-thumbnail hentry\" data-elementor-post-type=\"elementor_library\" data-custom-edit-handle=\"1\">\n\t\t\t<div class=\"elementor-element elementor-element-6e55af1 e-flex e-con-boxed e-con e-parent\" data-id=\"6e55af1\" data-element_type=\"container\" data-e-type=\"container\" data-settings=\"{&quot;background_background&quot;:&quot;classic&quot;}\">\n\t\t\t\t\t<div class=\"e-con-inner\">\n\t\t\t\t<div class=\"elementor-element elementor-element-1ff8dc0 elementor-widget elementor-widget-theme-post-title elementor-page-title elementor-widget-heading\" data-id=\"1ff8dc0\" data-element_type=\"widget\" data-e-type=\"widget\" data-widget_type=\"theme-post-title.default\">\n\t\t\t\t\t<h1 class=\"elementor-heading-title elementor-size-default\">Knowledge, Attitude, and Practices of Paediatricians in the West Bank, Palestine, Regarding COVID-19 Vaccination Among Children Younger than 12 Years: A Cross-Sectional Study, October to November 2023<\/h1>\t\t\t\t<\/div>\n\t\t\t\t<div class=\"elementor-element elementor-element-34d9c11 elementor-widget elementor-widget-theme-post-excerpt\" data-id=\"34d9c11\" data-element_type=\"widget\" data-e-type=\"widget\" data-widget_type=\"theme-post-excerpt.default\">\n\t\t\t\t\tArticle in English published in the journal Vaccines\t\t\t\t<\/div>\n\t\t\t\t<div class=\"elementor-element elementor-element-fe5308e elementor-align-justify elementor-widget elementor-widget-button\" data-id=\"fe5308e\" data-element_type=\"widget\" data-e-type=\"widget\" data-widget_type=\"button.default\">\n\t\t\t\t\t\t\t\t\t\t<a class=\"elementor-button elementor-button-link elementor-size-sm\" href=\"https:\/\/pawel.stefanoff.pl\/work\/articles\/article-2025-covid-vaccine-palestine-en\/\">\n\t\t\t\t\t\t<span class=\"elementor-button-content-wrapper\">\n\t\t\t\t\t\t\t\t\t<span class=\"elementor-button-text\">Ver m\u00e1s<\/span>\n\t\t\t\t\t<\/span>\n\t\t\t\t\t<\/a>\n\t\t\t\t\t\t\t\t<\/div>\n\t\t\t\t\t<\/div>\n\t\t\t\t<\/div>\n\t\t\t\t<\/div>\n\t\t<style id=\"loop-dynamic-4715\">.e-loop-item-4746 .elementor-element.elementor-element-6e55af1:not(.elementor-motion-effects-element-type-background), .e-loop-item-4746 .elementor-element.elementor-element-6e55af1 > .elementor-motion-effects-container > .elementor-motion-effects-layer{background-image:url(\"https:\/\/pawel.stefanoff.pl\/work\/wp-content\/uploads\/2026\/01\/11062b_6856f2dda2bb4b679834f24c8a8f72famv2.avif\");}<\/style>\t\t<div data-elementor-type=\"loop-item\" data-elementor-id=\"4715\" class=\"elementor elementor-4715 e-loop-item e-loop-item-4746 post-4746 publikacje type-publikacje status-publish has-post-thumbnail hentry\" data-elementor-post-type=\"elementor_library\" data-custom-edit-handle=\"1\">\n\t\t\t<div class=\"elementor-element elementor-element-6e55af1 e-flex e-con-boxed e-con e-parent\" data-id=\"6e55af1\" data-element_type=\"container\" data-e-type=\"container\" data-settings=\"{&quot;background_background&quot;:&quot;classic&quot;}\">\n\t\t\t\t\t<div class=\"e-con-inner\">\n\t\t\t\t<div class=\"elementor-element elementor-element-1ff8dc0 elementor-widget elementor-widget-theme-post-title elementor-page-title elementor-widget-heading\" data-id=\"1ff8dc0\" data-element_type=\"widget\" data-e-type=\"widget\" data-widget_type=\"theme-post-title.default\">\n\t\t\t\t\t<h1 class=\"elementor-heading-title elementor-size-default\">Wiedza, postawa i praktyka pediatr\u00f3w na Zachodnim Brzegu Jordanu w Palestynie w zakresie szczepie\u0144 przeciwko COVID-19 u dzieci poni\u017cej 12. roku \u017cycia: badanie przekrojowe, pa\u017adziernik\u2013listopad 2023 r.<\/h1>\t\t\t\t<\/div>\n\t\t\t\t<div class=\"elementor-element elementor-element-34d9c11 elementor-widget elementor-widget-theme-post-excerpt\" data-id=\"34d9c11\" data-element_type=\"widget\" data-e-type=\"widget\" data-widget_type=\"theme-post-excerpt.default\">\n\t\t\t\t\tArtyku\u0142 w j\u0119zyku angielskim opublikowany w czasopi\u015bmie Vaccines\t\t\t\t<\/div>\n\t\t\t\t<div class=\"elementor-element elementor-element-fe5308e elementor-align-justify elementor-widget elementor-widget-button\" data-id=\"fe5308e\" data-element_type=\"widget\" data-e-type=\"widget\" data-widget_type=\"button.default\">\n\t\t\t\t\t\t\t\t\t\t<a class=\"elementor-button elementor-button-link elementor-size-sm\" href=\"https:\/\/pawel.stefanoff.pl\/work\/pl\/articles\/article-2025-covid-vaccine-palestine-pl\/\">\n\t\t\t\t\t\t<span class=\"elementor-button-content-wrapper\">\n\t\t\t\t\t\t\t\t\t<span class=\"elementor-button-text\">Ver m\u00e1s<\/span>\n\t\t\t\t\t<\/span>\n\t\t\t\t\t<\/a>\n\t\t\t\t\t\t\t\t<\/div>\n\t\t\t\t\t<\/div>\n\t\t\t\t<\/div>\n\t\t\t\t<\/div>\n\t\t<style id=\"loop-dynamic-4715\">.e-loop-item-4797 .elementor-element.elementor-element-6e55af1:not(.elementor-motion-effects-element-type-background), .e-loop-item-4797 .elementor-element.elementor-element-6e55af1 > .elementor-motion-effects-container > .elementor-motion-effects-layer{background-image:url(\"https:\/\/pawel.stefanoff.pl\/work\/wp-content\/uploads\/2026\/01\/11062b_6856f2dda2bb4b679834f24c8a8f72famv2.avif\");}<\/style>\t\t<div data-elementor-type=\"loop-item\" data-elementor-id=\"4715\" class=\"elementor elementor-4715 e-loop-item e-loop-item-4797 post-4797 publikacje type-publikacje status-publish has-post-thumbnail hentry\" data-elementor-post-type=\"elementor_library\" data-custom-edit-handle=\"1\">\n\t\t\t<div class=\"elementor-element elementor-element-6e55af1 e-flex e-con-boxed e-con e-parent\" data-id=\"6e55af1\" data-element_type=\"container\" data-e-type=\"container\" data-settings=\"{&quot;background_background&quot;:&quot;classic&quot;}\">\n\t\t\t\t\t<div class=\"e-con-inner\">\n\t\t\t\t<div class=\"elementor-element elementor-element-1ff8dc0 elementor-widget elementor-widget-theme-post-title elementor-page-title elementor-widget-heading\" data-id=\"1ff8dc0\" data-element_type=\"widget\" data-e-type=\"widget\" data-widget_type=\"theme-post-title.default\">\n\t\t\t\t\t<h1 class=\"elementor-heading-title elementor-size-default\">El conocimiento y el apoyo a la gesti\u00f3n del uso de antimicrobianos no se traducen necesariamente en buenas pr\u00e1cticas: Encuesta realizada en un hospital terciario de Moldavia, mayo-junio de 2024<\/h1>\t\t\t\t<\/div>\n\t\t\t\t<div class=\"elementor-element elementor-element-34d9c11 elementor-widget elementor-widget-theme-post-excerpt\" data-id=\"34d9c11\" data-element_type=\"widget\" data-e-type=\"widget\" data-widget_type=\"theme-post-excerpt.default\">\n\t\t\t\t\tArt\u00edculo en ingl\u00e9s publicado en la revista Antibiotics\t\t\t\t<\/div>\n\t\t\t\t<div class=\"elementor-element elementor-element-fe5308e elementor-align-justify elementor-widget elementor-widget-button\" data-id=\"fe5308e\" data-element_type=\"widget\" data-e-type=\"widget\" data-widget_type=\"button.default\">\n\t\t\t\t\t\t\t\t\t\t<a class=\"elementor-button elementor-button-link elementor-size-sm\" href=\"https:\/\/pawel.stefanoff.pl\/work\/es\/articles\/article-2025-amr-stewardship-moldova-es\/\">\n\t\t\t\t\t\t<span class=\"elementor-button-content-wrapper\">\n\t\t\t\t\t\t\t\t\t<span class=\"elementor-button-text\">Ver m\u00e1s<\/span>\n\t\t\t\t\t<\/span>\n\t\t\t\t\t<\/a>\n\t\t\t\t\t\t\t\t<\/div>\n\t\t\t\t\t<\/div>\n\t\t\t\t<\/div>\n\t\t\t\t<\/div>\n\t\t<style id=\"loop-dynamic-4715\">.e-loop-item-4796 .elementor-element.elementor-element-6e55af1:not(.elementor-motion-effects-element-type-background), .e-loop-item-4796 .elementor-element.elementor-element-6e55af1 > .elementor-motion-effects-container > .elementor-motion-effects-layer{background-image:url(\"https:\/\/pawel.stefanoff.pl\/work\/wp-content\/uploads\/2026\/01\/11062b_6856f2dda2bb4b679834f24c8a8f72famv2.avif\");}<\/style>\t\t<div data-elementor-type=\"loop-item\" data-elementor-id=\"4715\" class=\"elementor elementor-4715 e-loop-item e-loop-item-4796 post-4796 publikacje type-publikacje status-publish has-post-thumbnail hentry\" data-elementor-post-type=\"elementor_library\" data-custom-edit-handle=\"1\">\n\t\t\t<div class=\"elementor-element elementor-element-6e55af1 e-flex e-con-boxed e-con e-parent\" data-id=\"6e55af1\" data-element_type=\"container\" data-e-type=\"container\" data-settings=\"{&quot;background_background&quot;:&quot;classic&quot;}\">\n\t\t\t\t\t<div class=\"e-con-inner\">\n\t\t\t\t<div class=\"elementor-element elementor-element-1ff8dc0 elementor-widget elementor-widget-theme-post-title elementor-page-title elementor-widget-heading\" data-id=\"1ff8dc0\" data-element_type=\"widget\" data-e-type=\"widget\" data-widget_type=\"theme-post-title.default\">\n\t\t\t\t\t<h1 class=\"elementor-heading-title elementor-size-default\">Knowledge and Support for Antimicrobial Stewardship Does Not Necessarily Translate into Good Practice: Survey in a Tertiary Hospital in Moldova, May-June 2024<\/h1>\t\t\t\t<\/div>\n\t\t\t\t<div class=\"elementor-element elementor-element-34d9c11 elementor-widget elementor-widget-theme-post-excerpt\" data-id=\"34d9c11\" data-element_type=\"widget\" data-e-type=\"widget\" data-widget_type=\"theme-post-excerpt.default\">\n\t\t\t\t\tArticle in English published in the journal Antibiotics\t\t\t\t<\/div>\n\t\t\t\t<div class=\"elementor-element elementor-element-fe5308e elementor-align-justify elementor-widget elementor-widget-button\" data-id=\"fe5308e\" data-element_type=\"widget\" data-e-type=\"widget\" data-widget_type=\"button.default\">\n\t\t\t\t\t\t\t\t\t\t<a class=\"elementor-button elementor-button-link elementor-size-sm\" href=\"https:\/\/pawel.stefanoff.pl\/work\/articles\/article-2025-amr-stewardship-moldova-en\/\">\n\t\t\t\t\t\t<span class=\"elementor-button-content-wrapper\">\n\t\t\t\t\t\t\t\t\t<span class=\"elementor-button-text\">Ver m\u00e1s<\/span>\n\t\t\t\t\t<\/span>\n\t\t\t\t\t<\/a>\n\t\t\t\t\t\t\t\t<\/div>\n\t\t\t\t\t<\/div>\n\t\t\t\t<\/div>\n\t\t\t\t<\/div>\n\t\t<style id=\"loop-dynamic-4715\">.e-loop-item-4795 .elementor-element.elementor-element-6e55af1:not(.elementor-motion-effects-element-type-background), .e-loop-item-4795 .elementor-element.elementor-element-6e55af1 > .elementor-motion-effects-container > .elementor-motion-effects-layer{background-image:url(\"https:\/\/pawel.stefanoff.pl\/work\/wp-content\/uploads\/2026\/01\/11062b_6856f2dda2bb4b679834f24c8a8f72famv2.avif\");}<\/style>\t\t<div data-elementor-type=\"loop-item\" data-elementor-id=\"4715\" class=\"elementor elementor-4715 e-loop-item e-loop-item-4795 post-4795 publikacje type-publikacje status-publish has-post-thumbnail hentry\" data-elementor-post-type=\"elementor_library\" data-custom-edit-handle=\"1\">\n\t\t\t<div class=\"elementor-element elementor-element-6e55af1 e-flex e-con-boxed e-con e-parent\" data-id=\"6e55af1\" data-element_type=\"container\" data-e-type=\"container\" data-settings=\"{&quot;background_background&quot;:&quot;classic&quot;}\">\n\t\t\t\t\t<div class=\"e-con-inner\">\n\t\t\t\t<div class=\"elementor-element elementor-element-1ff8dc0 elementor-widget elementor-widget-theme-post-title elementor-page-title elementor-widget-heading\" data-id=\"1ff8dc0\" data-element_type=\"widget\" data-e-type=\"widget\" data-widget_type=\"theme-post-title.default\">\n\t\t\t\t\t<h1 class=\"elementor-heading-title elementor-size-default\">Wiedza i wsparcie w zakresie racjonalnego stosowania antybiotyk\u00f3w niekoniecznie przek\u0142adaj\u0105 si\u0119 na dobre praktyki: badanie przeprowadzone w szpitalu trzeciego stopnia referencyjno\u015bci w Mo\u0142dawii, maj-czerwiec 2024 r.<\/h1>\t\t\t\t<\/div>\n\t\t\t\t<div class=\"elementor-element elementor-element-34d9c11 elementor-widget elementor-widget-theme-post-excerpt\" data-id=\"34d9c11\" data-element_type=\"widget\" data-e-type=\"widget\" data-widget_type=\"theme-post-excerpt.default\">\n\t\t\t\t\tArtyku\u0142 w j\u0119zyku angielskim opublikowany w czasopi\u015bmie Antibiotics\t\t\t\t<\/div>\n\t\t\t\t<div class=\"elementor-element elementor-element-fe5308e elementor-align-justify elementor-widget elementor-widget-button\" data-id=\"fe5308e\" data-element_type=\"widget\" data-e-type=\"widget\" data-widget_type=\"button.default\">\n\t\t\t\t\t\t\t\t\t\t<a class=\"elementor-button elementor-button-link elementor-size-sm\" href=\"https:\/\/pawel.stefanoff.pl\/work\/pl\/articles\/article-2025-amr-stewardship-moldova-pl\/\">\n\t\t\t\t\t\t<span class=\"elementor-button-content-wrapper\">\n\t\t\t\t\t\t\t\t\t<span class=\"elementor-button-text\">Ver m\u00e1s<\/span>\n\t\t\t\t\t<\/span>\n\t\t\t\t\t<\/a>\n\t\t\t\t\t\t\t\t<\/div>\n\t\t\t\t\t<\/div>\n\t\t\t\t<\/div>\n\t\t\t\t<\/div>\n\t\t<style id=\"loop-dynamic-4715\">.e-loop-item-4654 .elementor-element.elementor-element-6e55af1:not(.elementor-motion-effects-element-type-background), .e-loop-item-4654 .elementor-element.elementor-element-6e55af1 > .elementor-motion-effects-container > .elementor-motion-effects-layer{background-image:url(\"https:\/\/pawel.stefanoff.pl\/work\/wp-content\/uploads\/2026\/01\/11062b_6856f2dda2bb4b679834f24c8a8f72famv2.avif\");}<\/style>\t\t<div data-elementor-type=\"loop-item\" data-elementor-id=\"4715\" class=\"elementor elementor-4715 e-loop-item e-loop-item-4654 post-4654 publikacje type-publikacje status-publish has-post-thumbnail hentry\" data-elementor-post-type=\"elementor_library\" data-custom-edit-handle=\"1\">\n\t\t\t<div class=\"elementor-element elementor-element-6e55af1 e-flex e-con-boxed e-con e-parent\" data-id=\"6e55af1\" data-element_type=\"container\" data-e-type=\"container\" data-settings=\"{&quot;background_background&quot;:&quot;classic&quot;}\">\n\t\t\t\t\t<div class=\"e-con-inner\">\n\t\t\t\t<div class=\"elementor-element elementor-element-1ff8dc0 elementor-widget elementor-widget-theme-post-title elementor-page-title elementor-widget-heading\" data-id=\"1ff8dc0\" data-element_type=\"widget\" data-e-type=\"widget\" data-widget_type=\"theme-post-title.default\">\n\t\t\t\t\t<h1 class=\"elementor-heading-title elementor-size-default\">Identificaci\u00f3n de deficiencias y desaf\u00edos en la vigilancia de la hepatitis B aguda en Georgia: Evaluaci\u00f3n integral del sistema de vigilancia<\/h1>\t\t\t\t<\/div>\n\t\t\t\t<div class=\"elementor-element elementor-element-34d9c11 elementor-widget elementor-widget-theme-post-excerpt\" data-id=\"34d9c11\" data-element_type=\"widget\" data-e-type=\"widget\" data-widget_type=\"theme-post-excerpt.default\">\n\t\t\t\t\tArt\u00edculo en ingl\u00e9s publicado en la revista JMIR Public Health Surveillance\n\t\t\t\t<\/div>\n\t\t\t\t<div class=\"elementor-element elementor-element-fe5308e elementor-align-justify elementor-widget elementor-widget-button\" data-id=\"fe5308e\" data-element_type=\"widget\" data-e-type=\"widget\" data-widget_type=\"button.default\">\n\t\t\t\t\t\t\t\t\t\t<a class=\"elementor-button elementor-button-link elementor-size-sm\" href=\"https:\/\/pawel.stefanoff.pl\/work\/es\/articles\/article-2025-hbv-surveillance-georgia-es\/\">\n\t\t\t\t\t\t<span class=\"elementor-button-content-wrapper\">\n\t\t\t\t\t\t\t\t\t<span class=\"elementor-button-text\">Ver m\u00e1s<\/span>\n\t\t\t\t\t<\/span>\n\t\t\t\t\t<\/a>\n\t\t\t\t\t\t\t\t<\/div>\n\t\t\t\t\t<\/div>\n\t\t\t\t<\/div>\n\t\t\t\t<\/div>\n\t\t<style id=\"loop-dynamic-4715\">.e-loop-item-4653 .elementor-element.elementor-element-6e55af1:not(.elementor-motion-effects-element-type-background), .e-loop-item-4653 .elementor-element.elementor-element-6e55af1 > .elementor-motion-effects-container > .elementor-motion-effects-layer{background-image:url(\"https:\/\/pawel.stefanoff.pl\/work\/wp-content\/uploads\/2026\/01\/11062b_6856f2dda2bb4b679834f24c8a8f72famv2.avif\");}<\/style>\t\t<div data-elementor-type=\"loop-item\" data-elementor-id=\"4715\" class=\"elementor elementor-4715 e-loop-item e-loop-item-4653 post-4653 publikacje type-publikacje status-publish has-post-thumbnail hentry\" data-elementor-post-type=\"elementor_library\" data-custom-edit-handle=\"1\">\n\t\t\t<div class=\"elementor-element elementor-element-6e55af1 e-flex e-con-boxed e-con e-parent\" data-id=\"6e55af1\" data-element_type=\"container\" data-e-type=\"container\" data-settings=\"{&quot;background_background&quot;:&quot;classic&quot;}\">\n\t\t\t\t\t<div class=\"e-con-inner\">\n\t\t\t\t<div class=\"elementor-element elementor-element-1ff8dc0 elementor-widget elementor-widget-theme-post-title elementor-page-title elementor-widget-heading\" data-id=\"1ff8dc0\" data-element_type=\"widget\" data-e-type=\"widget\" data-widget_type=\"theme-post-title.default\">\n\t\t\t\t\t<h1 class=\"elementor-heading-title elementor-size-default\">Identifying Gaps and Challenges in Acute Hepatitis B Surveillance in the Country of Georgia: Comprehensive Surveillance System Evaluation<\/h1>\t\t\t\t<\/div>\n\t\t\t\t<div class=\"elementor-element elementor-element-34d9c11 elementor-widget elementor-widget-theme-post-excerpt\" data-id=\"34d9c11\" data-element_type=\"widget\" data-e-type=\"widget\" data-widget_type=\"theme-post-excerpt.default\">\n\t\t\t\t\tArticle in English published in the journal JMIR Public Health Surveillance\t\t\t\t<\/div>\n\t\t\t\t<div class=\"elementor-element elementor-element-fe5308e elementor-align-justify elementor-widget elementor-widget-button\" data-id=\"fe5308e\" data-element_type=\"widget\" data-e-type=\"widget\" data-widget_type=\"button.default\">\n\t\t\t\t\t\t\t\t\t\t<a class=\"elementor-button elementor-button-link elementor-size-sm\" href=\"https:\/\/pawel.stefanoff.pl\/work\/articles\/article-2025-hbv-surveillance-georgia-en\/\">\n\t\t\t\t\t\t<span class=\"elementor-button-content-wrapper\">\n\t\t\t\t\t\t\t\t\t<span class=\"elementor-button-text\">Ver m\u00e1s<\/span>\n\t\t\t\t\t<\/span>\n\t\t\t\t\t<\/a>\n\t\t\t\t\t\t\t\t<\/div>\n\t\t\t\t\t<\/div>\n\t\t\t\t<\/div>\n\t\t\t\t<\/div>\n\t\t<style id=\"loop-dynamic-4715\">.e-loop-item-4652 .elementor-element.elementor-element-6e55af1:not(.elementor-motion-effects-element-type-background), .e-loop-item-4652 .elementor-element.elementor-element-6e55af1 > .elementor-motion-effects-container > .elementor-motion-effects-layer{background-image:url(\"https:\/\/pawel.stefanoff.pl\/work\/wp-content\/uploads\/2026\/01\/11062b_6856f2dda2bb4b679834f24c8a8f72famv2.avif\");}<\/style>\t\t<div data-elementor-type=\"loop-item\" data-elementor-id=\"4715\" class=\"elementor elementor-4715 e-loop-item e-loop-item-4652 post-4652 publikacje type-publikacje status-publish has-post-thumbnail hentry\" data-elementor-post-type=\"elementor_library\" data-custom-edit-handle=\"1\">\n\t\t\t<div class=\"elementor-element elementor-element-6e55af1 e-flex e-con-boxed e-con e-parent\" data-id=\"6e55af1\" data-element_type=\"container\" data-e-type=\"container\" data-settings=\"{&quot;background_background&quot;:&quot;classic&quot;}\">\n\t\t\t\t\t<div class=\"e-con-inner\">\n\t\t\t\t<div class=\"elementor-element elementor-element-1ff8dc0 elementor-widget elementor-widget-theme-post-title elementor-page-title elementor-widget-heading\" data-id=\"1ff8dc0\" data-element_type=\"widget\" data-e-type=\"widget\" data-widget_type=\"theme-post-title.default\">\n\t\t\t\t\t<h1 class=\"elementor-heading-title elementor-size-default\">Identyfikacja luk i wyzwa\u0144 w nadzorze nad ostrym zapaleniem w\u0105troby typu B w Gruzji: kompleksowa ocena systemu nadzoru<\/h1>\t\t\t\t<\/div>\n\t\t\t\t<div class=\"elementor-element elementor-element-34d9c11 elementor-widget elementor-widget-theme-post-excerpt\" data-id=\"34d9c11\" data-element_type=\"widget\" data-e-type=\"widget\" data-widget_type=\"theme-post-excerpt.default\">\n\t\t\t\t\tArtyku\u0142 w j\u0119zyku angielskim opublikowany w czasopi\u015bmie JMIR Public Health Surveillance\t\t\t\t<\/div>\n\t\t\t\t<div class=\"elementor-element elementor-element-fe5308e elementor-align-justify elementor-widget elementor-widget-button\" data-id=\"fe5308e\" data-element_type=\"widget\" data-e-type=\"widget\" data-widget_type=\"button.default\">\n\t\t\t\t\t\t\t\t\t\t<a class=\"elementor-button elementor-button-link elementor-size-sm\" href=\"https:\/\/pawel.stefanoff.pl\/work\/pl\/articles\/article-2025-hbv-surveillance-georgia-pl\/\">\n\t\t\t\t\t\t<span class=\"elementor-button-content-wrapper\">\n\t\t\t\t\t\t\t\t\t<span class=\"elementor-button-text\">Ver m\u00e1s<\/span>\n\t\t\t\t\t<\/span>\n\t\t\t\t\t<\/a>\n\t\t\t\t\t\t\t\t<\/div>\n\t\t\t\t\t<\/div>\n\t\t\t\t<\/div>\n\t\t\t\t<\/div>\n\t\t<style id=\"loop-dynamic-4715\">.e-loop-item-4643 .elementor-element.elementor-element-6e55af1:not(.elementor-motion-effects-element-type-background), .e-loop-item-4643 .elementor-element.elementor-element-6e55af1 > .elementor-motion-effects-container > .elementor-motion-effects-layer{background-image:url(\"https:\/\/pawel.stefanoff.pl\/work\/wp-content\/uploads\/2026\/01\/11062b_6856f2dda2bb4b679834f24c8a8f72famv2.avif\");}<\/style>\t\t<div data-elementor-type=\"loop-item\" data-elementor-id=\"4715\" class=\"elementor elementor-4715 e-loop-item e-loop-item-4643 post-4643 publikacje type-publikacje status-publish has-post-thumbnail hentry\" data-elementor-post-type=\"elementor_library\" data-custom-edit-handle=\"1\">\n\t\t\t<div class=\"elementor-element elementor-element-6e55af1 e-flex e-con-boxed e-con e-parent\" data-id=\"6e55af1\" data-element_type=\"container\" data-e-type=\"container\" data-settings=\"{&quot;background_background&quot;:&quot;classic&quot;}\">\n\t\t\t\t\t<div class=\"e-con-inner\">\n\t\t\t\t<div class=\"elementor-element elementor-element-1ff8dc0 elementor-widget elementor-widget-theme-post-title elementor-page-title elementor-widget-heading\" data-id=\"1ff8dc0\" data-element_type=\"widget\" data-e-type=\"widget\" data-widget_type=\"theme-post-title.default\">\n\t\t\t\t\t<h1 class=\"elementor-heading-title elementor-size-default\">Eficacia de la vacuna Pfizer-BioNTech (BNT162b2) contra la infecci\u00f3n sintom\u00e1tica por COVID-19 confirmada por laboratorio en pacientes ambulatorios en centros centinela, L\u00edbano, julio-diciembre de 2021<\/h1>\t\t\t\t<\/div>\n\t\t\t\t<div class=\"elementor-element elementor-element-34d9c11 elementor-widget elementor-widget-theme-post-excerpt\" data-id=\"34d9c11\" data-element_type=\"widget\" data-e-type=\"widget\" data-widget_type=\"theme-post-excerpt.default\">\n\t\t\t\t\tArt\u00edculo en ingl\u00e9s publicado en la revista Vaccines\n\t\t\t\t<\/div>\n\t\t\t\t<div class=\"elementor-element elementor-element-fe5308e elementor-align-justify elementor-widget elementor-widget-button\" data-id=\"fe5308e\" data-element_type=\"widget\" data-e-type=\"widget\" data-widget_type=\"button.default\">\n\t\t\t\t\t\t\t\t\t\t<a class=\"elementor-button elementor-button-link elementor-size-sm\" href=\"https:\/\/pawel.stefanoff.pl\/work\/es\/articles\/article-2024-covid-ve-lebanon-es\/\">\n\t\t\t\t\t\t<span class=\"elementor-button-content-wrapper\">\n\t\t\t\t\t\t\t\t\t<span class=\"elementor-button-text\">Ver m\u00e1s<\/span>\n\t\t\t\t\t<\/span>\n\t\t\t\t\t<\/a>\n\t\t\t\t\t\t\t\t<\/div>\n\t\t\t\t\t<\/div>\n\t\t\t\t<\/div>\n\t\t\t\t<\/div>\n\t\t<style id=\"loop-dynamic-4715\">.e-loop-item-4642 .elementor-element.elementor-element-6e55af1:not(.elementor-motion-effects-element-type-background), .e-loop-item-4642 .elementor-element.elementor-element-6e55af1 > .elementor-motion-effects-container > .elementor-motion-effects-layer{background-image:url(\"https:\/\/pawel.stefanoff.pl\/work\/wp-content\/uploads\/2026\/01\/11062b_6856f2dda2bb4b679834f24c8a8f72famv2.avif\");}<\/style>\t\t<div data-elementor-type=\"loop-item\" data-elementor-id=\"4715\" class=\"elementor elementor-4715 e-loop-item e-loop-item-4642 post-4642 publikacje type-publikacje status-publish has-post-thumbnail hentry\" data-elementor-post-type=\"elementor_library\" data-custom-edit-handle=\"1\">\n\t\t\t<div class=\"elementor-element elementor-element-6e55af1 e-flex e-con-boxed e-con e-parent\" data-id=\"6e55af1\" data-element_type=\"container\" data-e-type=\"container\" data-settings=\"{&quot;background_background&quot;:&quot;classic&quot;}\">\n\t\t\t\t\t<div class=\"e-con-inner\">\n\t\t\t\t<div class=\"elementor-element elementor-element-1ff8dc0 elementor-widget elementor-widget-theme-post-title elementor-page-title elementor-widget-heading\" data-id=\"1ff8dc0\" data-element_type=\"widget\" data-e-type=\"widget\" data-widget_type=\"theme-post-title.default\">\n\t\t\t\t\t<h1 class=\"elementor-heading-title elementor-size-default\">Pfizer-BioNTech (BNT162b2) Vaccine Effectiveness against Symptomatic Laboratory-Confirmed COVID-19 Infection among Outpatients in Sentinel Sites, Lebanon, July-December 2021<\/h1>\t\t\t\t<\/div>\n\t\t\t\t<div class=\"elementor-element elementor-element-34d9c11 elementor-widget elementor-widget-theme-post-excerpt\" data-id=\"34d9c11\" data-element_type=\"widget\" data-e-type=\"widget\" data-widget_type=\"theme-post-excerpt.default\">\n\t\t\t\t\tArticle in English published in the journal Vaccines\t\t\t\t<\/div>\n\t\t\t\t<div class=\"elementor-element elementor-element-fe5308e elementor-align-justify elementor-widget elementor-widget-button\" data-id=\"fe5308e\" data-element_type=\"widget\" data-e-type=\"widget\" data-widget_type=\"button.default\">\n\t\t\t\t\t\t\t\t\t\t<a class=\"elementor-button elementor-button-link elementor-size-sm\" href=\"https:\/\/pawel.stefanoff.pl\/work\/articles\/article-2024-covid-ve-lebanon-en\/\">\n\t\t\t\t\t\t<span class=\"elementor-button-content-wrapper\">\n\t\t\t\t\t\t\t\t\t<span class=\"elementor-button-text\">Ver m\u00e1s<\/span>\n\t\t\t\t\t<\/span>\n\t\t\t\t\t<\/a>\n\t\t\t\t\t\t\t\t<\/div>\n\t\t\t\t\t<\/div>\n\t\t\t\t<\/div>\n\t\t\t\t<\/div>\n\t\t<style id=\"loop-dynamic-4715\">.e-loop-item-4641 .elementor-element.elementor-element-6e55af1:not(.elementor-motion-effects-element-type-background), .e-loop-item-4641 .elementor-element.elementor-element-6e55af1 > .elementor-motion-effects-container > .elementor-motion-effects-layer{background-image:url(\"https:\/\/pawel.stefanoff.pl\/work\/wp-content\/uploads\/2026\/01\/11062b_6856f2dda2bb4b679834f24c8a8f72famv2.avif\");}<\/style>\t\t<div data-elementor-type=\"loop-item\" data-elementor-id=\"4715\" class=\"elementor elementor-4715 e-loop-item e-loop-item-4641 post-4641 publikacje type-publikacje status-publish has-post-thumbnail hentry\" data-elementor-post-type=\"elementor_library\" data-custom-edit-handle=\"1\">\n\t\t\t<div class=\"elementor-element elementor-element-6e55af1 e-flex e-con-boxed e-con e-parent\" data-id=\"6e55af1\" data-element_type=\"container\" data-e-type=\"container\" data-settings=\"{&quot;background_background&quot;:&quot;classic&quot;}\">\n\t\t\t\t\t<div class=\"e-con-inner\">\n\t\t\t\t<div class=\"elementor-element elementor-element-1ff8dc0 elementor-widget elementor-widget-theme-post-title elementor-page-title elementor-widget-heading\" data-id=\"1ff8dc0\" data-element_type=\"widget\" data-e-type=\"widget\" data-widget_type=\"theme-post-title.default\">\n\t\t\t\t\t<h1 class=\"elementor-heading-title elementor-size-default\">Skuteczno\u015b\u0107 szczepionki Pfizer-BioNTech (BNT162b2) w zapobieganiu objawowym, potwierdzonym laboratoryjnie zaka\u017ceniom COVID-19 u pacjent\u00f3w plac\u00f3wek ambulatoryjnych w sieci sentinel w Libanie w okresie lipiec-grudzie\u0144 2021 r.<\/h1>\t\t\t\t<\/div>\n\t\t\t\t<div class=\"elementor-element elementor-element-34d9c11 elementor-widget elementor-widget-theme-post-excerpt\" data-id=\"34d9c11\" data-element_type=\"widget\" data-e-type=\"widget\" data-widget_type=\"theme-post-excerpt.default\">\n\t\t\t\t\tArtyku\u0142 w j\u0119zyku angielskim opublikowany w czasopi\u015bmie Vaccines\t\t\t\t<\/div>\n\t\t\t\t<div class=\"elementor-element elementor-element-fe5308e elementor-align-justify elementor-widget elementor-widget-button\" data-id=\"fe5308e\" data-element_type=\"widget\" data-e-type=\"widget\" data-widget_type=\"button.default\">\n\t\t\t\t\t\t\t\t\t\t<a class=\"elementor-button elementor-button-link elementor-size-sm\" href=\"https:\/\/pawel.stefanoff.pl\/work\/pl\/articles\/article-2024-covid-ve-lebanon-pl\/\">\n\t\t\t\t\t\t<span class=\"elementor-button-content-wrapper\">\n\t\t\t\t\t\t\t\t\t<span class=\"elementor-button-text\">Ver m\u00e1s<\/span>\n\t\t\t\t\t<\/span>\n\t\t\t\t\t<\/a>\n\t\t\t\t\t\t\t\t<\/div>\n\t\t\t\t\t<\/div>\n\t\t\t\t<\/div>\n\t\t\t\t<\/div>\n\t\t<style id=\"loop-dynamic-4715\">.e-loop-item-4637 .elementor-element.elementor-element-6e55af1:not(.elementor-motion-effects-element-type-background), .e-loop-item-4637 .elementor-element.elementor-element-6e55af1 > .elementor-motion-effects-container > .elementor-motion-effects-layer{background-image:url(\"https:\/\/pawel.stefanoff.pl\/work\/wp-content\/uploads\/2026\/01\/11062b_6856f2dda2bb4b679834f24c8a8f72famv2.avif\");}<\/style>\t\t<div data-elementor-type=\"loop-item\" data-elementor-id=\"4715\" class=\"elementor elementor-4715 e-loop-item e-loop-item-4637 post-4637 publikacje type-publikacje status-publish has-post-thumbnail hentry\" data-elementor-post-type=\"elementor_library\" data-custom-edit-handle=\"1\">\n\t\t\t<div class=\"elementor-element elementor-element-6e55af1 e-flex e-con-boxed e-con e-parent\" data-id=\"6e55af1\" data-element_type=\"container\" data-e-type=\"container\" data-settings=\"{&quot;background_background&quot;:&quot;classic&quot;}\">\n\t\t\t\t\t<div class=\"e-con-inner\">\n\t\t\t\t<div class=\"elementor-element elementor-element-1ff8dc0 elementor-widget elementor-widget-theme-post-title elementor-page-title elementor-widget-heading\" data-id=\"1ff8dc0\" data-element_type=\"widget\" data-e-type=\"widget\" data-widget_type=\"theme-post-title.default\">\n\t\t\t\t\t<h1 class=\"elementor-heading-title elementor-size-default\">Actitudes conductuales y cognitivas de los pediatras hacia la autovacunaci\u00f3n contra la influenza: modelo de mediaci\u00f3n parcial<\/h1>\t\t\t\t<\/div>\n\t\t\t\t<div class=\"elementor-element elementor-element-34d9c11 elementor-widget elementor-widget-theme-post-excerpt\" data-id=\"34d9c11\" data-element_type=\"widget\" data-e-type=\"widget\" data-widget_type=\"theme-post-excerpt.default\">\n\t\t\t\t\tArt\u00edculo en ingl\u00e9s publicado en la revista Vaccines\n\t\t\t\t<\/div>\n\t\t\t\t<div class=\"elementor-element elementor-element-fe5308e elementor-align-justify elementor-widget elementor-widget-button\" data-id=\"fe5308e\" data-element_type=\"widget\" data-e-type=\"widget\" data-widget_type=\"button.default\">\n\t\t\t\t\t\t\t\t\t\t<a class=\"elementor-button elementor-button-link elementor-size-sm\" href=\"https:\/\/pawel.stefanoff.pl\/work\/es\/articles\/article-2022-attitudes-socio-es\/\">\n\t\t\t\t\t\t<span class=\"elementor-button-content-wrapper\">\n\t\t\t\t\t\t\t\t\t<span class=\"elementor-button-text\">Ver m\u00e1s<\/span>\n\t\t\t\t\t<\/span>\n\t\t\t\t\t<\/a>\n\t\t\t\t\t\t\t\t<\/div>\n\t\t\t\t\t<\/div>\n\t\t\t\t<\/div>\n\t\t\t\t<\/div>\n\t\t<style id=\"loop-dynamic-4715\">.e-loop-item-4636 .elementor-element.elementor-element-6e55af1:not(.elementor-motion-effects-element-type-background), .e-loop-item-4636 .elementor-element.elementor-element-6e55af1 > .elementor-motion-effects-container > .elementor-motion-effects-layer{background-image:url(\"https:\/\/pawel.stefanoff.pl\/work\/wp-content\/uploads\/2026\/01\/11062b_6856f2dda2bb4b679834f24c8a8f72famv2.avif\");}<\/style>\t\t<div data-elementor-type=\"loop-item\" data-elementor-id=\"4715\" class=\"elementor elementor-4715 e-loop-item e-loop-item-4636 post-4636 publikacje type-publikacje status-publish has-post-thumbnail hentry\" data-elementor-post-type=\"elementor_library\" data-custom-edit-handle=\"1\">\n\t\t\t<div class=\"elementor-element elementor-element-6e55af1 e-flex e-con-boxed e-con e-parent\" data-id=\"6e55af1\" data-element_type=\"container\" data-e-type=\"container\" data-settings=\"{&quot;background_background&quot;:&quot;classic&quot;}\">\n\t\t\t\t\t<div class=\"e-con-inner\">\n\t\t\t\t<div class=\"elementor-element elementor-element-1ff8dc0 elementor-widget elementor-widget-theme-post-title elementor-page-title elementor-widget-heading\" data-id=\"1ff8dc0\" data-element_type=\"widget\" data-e-type=\"widget\" data-widget_type=\"theme-post-title.default\">\n\t\t\t\t\t<h1 class=\"elementor-heading-title elementor-size-default\">Behavioural and Cognitive Attitudes of Paediatricians towards Influenza Self-Vaccination-Partial Mediation Model<\/h1>\t\t\t\t<\/div>\n\t\t\t\t<div class=\"elementor-element elementor-element-34d9c11 elementor-widget elementor-widget-theme-post-excerpt\" data-id=\"34d9c11\" data-element_type=\"widget\" data-e-type=\"widget\" data-widget_type=\"theme-post-excerpt.default\">\n\t\t\t\t\tArticle in English published in the journal Vaccines\t\t\t\t<\/div>\n\t\t\t\t<div class=\"elementor-element elementor-element-fe5308e elementor-align-justify elementor-widget elementor-widget-button\" data-id=\"fe5308e\" data-element_type=\"widget\" data-e-type=\"widget\" data-widget_type=\"button.default\">\n\t\t\t\t\t\t\t\t\t\t<a class=\"elementor-button elementor-button-link elementor-size-sm\" href=\"https:\/\/pawel.stefanoff.pl\/work\/articles\/article-2022-attitudes-socio-en\/\">\n\t\t\t\t\t\t<span class=\"elementor-button-content-wrapper\">\n\t\t\t\t\t\t\t\t\t<span class=\"elementor-button-text\">Ver m\u00e1s<\/span>\n\t\t\t\t\t<\/span>\n\t\t\t\t\t<\/a>\n\t\t\t\t\t\t\t\t<\/div>\n\t\t\t\t\t<\/div>\n\t\t\t\t<\/div>\n\t\t\t\t<\/div>\n\t\t<style id=\"loop-dynamic-4715\">.e-loop-item-4635 .elementor-element.elementor-element-6e55af1:not(.elementor-motion-effects-element-type-background), .e-loop-item-4635 .elementor-element.elementor-element-6e55af1 > .elementor-motion-effects-container > .elementor-motion-effects-layer{background-image:url(\"https:\/\/pawel.stefanoff.pl\/work\/wp-content\/uploads\/2026\/01\/11062b_6856f2dda2bb4b679834f24c8a8f72famv2.avif\");}<\/style>\t\t<div data-elementor-type=\"loop-item\" data-elementor-id=\"4715\" class=\"elementor elementor-4715 e-loop-item e-loop-item-4635 post-4635 publikacje type-publikacje status-publish has-post-thumbnail hentry\" data-elementor-post-type=\"elementor_library\" data-custom-edit-handle=\"1\">\n\t\t\t<div class=\"elementor-element elementor-element-6e55af1 e-flex e-con-boxed e-con e-parent\" data-id=\"6e55af1\" data-element_type=\"container\" data-e-type=\"container\" data-settings=\"{&quot;background_background&quot;:&quot;classic&quot;}\">\n\t\t\t\t\t<div class=\"e-con-inner\">\n\t\t\t\t<div class=\"elementor-element elementor-element-1ff8dc0 elementor-widget elementor-widget-theme-post-title elementor-page-title elementor-widget-heading\" data-id=\"1ff8dc0\" data-element_type=\"widget\" data-e-type=\"widget\" data-widget_type=\"theme-post-title.default\">\n\t\t\t\t\t<h1 class=\"elementor-heading-title elementor-size-default\">Postawy behawioralne i poznawcze pediatr\u00f3w wobec szczepienia przeciw grypie \u2013 model cz\u0119\u015bciowej mediacji<\/h1>\t\t\t\t<\/div>\n\t\t\t\t<div class=\"elementor-element elementor-element-34d9c11 elementor-widget elementor-widget-theme-post-excerpt\" data-id=\"34d9c11\" data-element_type=\"widget\" data-e-type=\"widget\" data-widget_type=\"theme-post-excerpt.default\">\n\t\t\t\t\tArtyku\u0142 w j\u0119zyku angielskim opublikowany w czasopi\u015bmie Vaccines\t\t\t\t<\/div>\n\t\t\t\t<div class=\"elementor-element elementor-element-fe5308e elementor-align-justify elementor-widget elementor-widget-button\" data-id=\"fe5308e\" data-element_type=\"widget\" data-e-type=\"widget\" data-widget_type=\"button.default\">\n\t\t\t\t\t\t\t\t\t\t<a class=\"elementor-button elementor-button-link elementor-size-sm\" href=\"https:\/\/pawel.stefanoff.pl\/work\/pl\/articles\/article-2022-attitudes-socio-pl\/\">\n\t\t\t\t\t\t<span class=\"elementor-button-content-wrapper\">\n\t\t\t\t\t\t\t\t\t<span class=\"elementor-button-text\">Ver m\u00e1s<\/span>\n\t\t\t\t\t<\/span>\n\t\t\t\t\t<\/a>\n\t\t\t\t\t\t\t\t<\/div>\n\t\t\t\t\t<\/div>\n\t\t\t\t<\/div>\n\t\t\t\t<\/div>\n\t\t<style id=\"loop-dynamic-4715\">.e-loop-item-4317 .elementor-element.elementor-element-6e55af1:not(.elementor-motion-effects-element-type-background), .e-loop-item-4317 .elementor-element.elementor-element-6e55af1 > .elementor-motion-effects-container > .elementor-motion-effects-layer{background-image:url(\"https:\/\/pawel.stefanoff.pl\/work\/wp-content\/uploads\/2026\/01\/Lineas-abstractas.avif\");}<\/style>\t\t<div data-elementor-type=\"loop-item\" data-elementor-id=\"4715\" class=\"elementor elementor-4715 e-loop-item e-loop-item-4317 post-4317 publikacje type-publikacje status-publish has-post-thumbnail hentry\" data-elementor-post-type=\"elementor_library\" data-custom-edit-handle=\"1\">\n\t\t\t<div class=\"elementor-element elementor-element-6e55af1 e-flex e-con-boxed e-con e-parent\" data-id=\"6e55af1\" data-element_type=\"container\" data-e-type=\"container\" data-settings=\"{&quot;background_background&quot;:&quot;classic&quot;}\">\n\t\t\t\t\t<div class=\"e-con-inner\">\n\t\t\t\t<div class=\"elementor-element elementor-element-1ff8dc0 elementor-widget elementor-widget-theme-post-title elementor-page-title elementor-widget-heading\" data-id=\"1ff8dc0\" data-element_type=\"widget\" data-e-type=\"widget\" data-widget_type=\"theme-post-title.default\">\n\t\t\t\t\t<h1 class=\"elementor-heading-title elementor-size-default\">El f\u00e1cil acceso a la vacunaci\u00f3n fue importante para la adherencia durante la campa\u00f1a de vacunaci\u00f3n de recuperaci\u00f3n contra el VPH de 2016-2019 en Noruega<\/h1>\t\t\t\t<\/div>\n\t\t\t\t<div class=\"elementor-element elementor-element-34d9c11 elementor-widget elementor-widget-theme-post-excerpt\" data-id=\"34d9c11\" data-element_type=\"widget\" data-e-type=\"widget\" data-widget_type=\"theme-post-excerpt.default\">\n\t\t\t\t\tArt\u00edculo en ingl\u00e9s publicado en la revista Human Vaccines &amp; Immunotherapeutics\t\t\t\t<\/div>\n\t\t\t\t<div class=\"elementor-element elementor-element-fe5308e elementor-align-justify elementor-widget elementor-widget-button\" data-id=\"fe5308e\" data-element_type=\"widget\" data-e-type=\"widget\" data-widget_type=\"button.default\">\n\t\t\t\t\t\t\t\t\t\t<a class=\"elementor-button elementor-button-link elementor-size-sm\" href=\"https:\/\/pawel.stefanoff.pl\/work\/es\/articles\/article-2021-hpv-access-es\/\">\n\t\t\t\t\t\t<span class=\"elementor-button-content-wrapper\">\n\t\t\t\t\t\t\t\t\t<span class=\"elementor-button-text\">Ver m\u00e1s<\/span>\n\t\t\t\t\t<\/span>\n\t\t\t\t\t<\/a>\n\t\t\t\t\t\t\t\t<\/div>\n\t\t\t\t\t<\/div>\n\t\t\t\t<\/div>\n\t\t\t\t<\/div>\n\t\t<style id=\"loop-dynamic-4715\">.e-loop-item-689 .elementor-element.elementor-element-6e55af1:not(.elementor-motion-effects-element-type-background), .e-loop-item-689 .elementor-element.elementor-element-6e55af1 > .elementor-motion-effects-container > .elementor-motion-effects-layer{background-image:url(\"https:\/\/pawel.stefanoff.pl\/work\/wp-content\/uploads\/2026\/01\/Lineas-abstractas.avif\");}<\/style>\t\t<div data-elementor-type=\"loop-item\" data-elementor-id=\"4715\" class=\"elementor elementor-4715 e-loop-item e-loop-item-689 post-689 publikacje type-publikacje status-publish has-post-thumbnail hentry\" data-elementor-post-type=\"elementor_library\" data-custom-edit-handle=\"1\">\n\t\t\t<div class=\"elementor-element elementor-element-6e55af1 e-flex e-con-boxed e-con e-parent\" data-id=\"6e55af1\" data-element_type=\"container\" data-e-type=\"container\" data-settings=\"{&quot;background_background&quot;:&quot;classic&quot;}\">\n\t\t\t\t\t<div class=\"e-con-inner\">\n\t\t\t\t<div class=\"elementor-element elementor-element-1ff8dc0 elementor-widget elementor-widget-theme-post-title elementor-page-title elementor-widget-heading\" data-id=\"1ff8dc0\" data-element_type=\"widget\" data-e-type=\"widget\" data-widget_type=\"theme-post-title.default\">\n\t\t\t\t\t<h1 class=\"elementor-heading-title elementor-size-default\">Easy access to vaccination was important for adherence during the 2016-2019 HPV catch-up vaccination in Norway<\/h1>\t\t\t\t<\/div>\n\t\t\t\t<div class=\"elementor-element elementor-element-34d9c11 elementor-widget elementor-widget-theme-post-excerpt\" data-id=\"34d9c11\" data-element_type=\"widget\" data-e-type=\"widget\" data-widget_type=\"theme-post-excerpt.default\">\n\t\t\t\t\tArticle in English published in the journal Human Vaccines &amp; Immunotherapeutics\t\t\t\t<\/div>\n\t\t\t\t<div class=\"elementor-element elementor-element-fe5308e elementor-align-justify elementor-widget elementor-widget-button\" data-id=\"fe5308e\" data-element_type=\"widget\" data-e-type=\"widget\" data-widget_type=\"button.default\">\n\t\t\t\t\t\t\t\t\t\t<a class=\"elementor-button elementor-button-link elementor-size-sm\" href=\"https:\/\/pawel.stefanoff.pl\/work\/articles\/article-2021-hpv-access-en\/\">\n\t\t\t\t\t\t<span class=\"elementor-button-content-wrapper\">\n\t\t\t\t\t\t\t\t\t<span class=\"elementor-button-text\">Ver m\u00e1s<\/span>\n\t\t\t\t\t<\/span>\n\t\t\t\t\t<\/a>\n\t\t\t\t\t\t\t\t<\/div>\n\t\t\t\t\t<\/div>\n\t\t\t\t<\/div>\n\t\t\t\t<\/div>\n\t\t<style id=\"loop-dynamic-4715\">.e-loop-item-686 .elementor-element.elementor-element-6e55af1:not(.elementor-motion-effects-element-type-background), .e-loop-item-686 .elementor-element.elementor-element-6e55af1 > .elementor-motion-effects-container > .elementor-motion-effects-layer{background-image:url(\"https:\/\/pawel.stefanoff.pl\/work\/wp-content\/uploads\/2026\/01\/Lineas-abstractas.avif\");}<\/style>\t\t<div data-elementor-type=\"loop-item\" data-elementor-id=\"4715\" class=\"elementor elementor-4715 e-loop-item e-loop-item-686 post-686 publikacje type-publikacje status-publish has-post-thumbnail hentry\" data-elementor-post-type=\"elementor_library\" data-custom-edit-handle=\"1\">\n\t\t\t<div class=\"elementor-element elementor-element-6e55af1 e-flex e-con-boxed e-con e-parent\" data-id=\"6e55af1\" data-element_type=\"container\" data-e-type=\"container\" data-settings=\"{&quot;background_background&quot;:&quot;classic&quot;}\">\n\t\t\t\t\t<div class=\"e-con-inner\">\n\t\t\t\t<div class=\"elementor-element elementor-element-1ff8dc0 elementor-widget elementor-widget-theme-post-title elementor-page-title elementor-widget-heading\" data-id=\"1ff8dc0\" data-element_type=\"widget\" data-e-type=\"widget\" data-widget_type=\"theme-post-title.default\">\n\t\t\t\t\t<h1 class=\"elementor-heading-title elementor-size-default\">\u0141atwy dost\u0119p do szczepie\u0144 mia\u0142 znaczenie dla przyj\u0119cia szczepie\u0144 uzupe\u0142niaj\u0105cych przeciwko HPV w latach 2016\u20132019 w Norwegii<\/h1>\t\t\t\t<\/div>\n\t\t\t\t<div class=\"elementor-element elementor-element-34d9c11 elementor-widget elementor-widget-theme-post-excerpt\" data-id=\"34d9c11\" data-element_type=\"widget\" data-e-type=\"widget\" data-widget_type=\"theme-post-excerpt.default\">\n\t\t\t\t\tArtyku\u0142 w j\u0119zyku angielskim opublikowany w czasopi\u015bmie Human Vaccines &amp; Immunotherapeutics\t\t\t\t<\/div>\n\t\t\t\t<div class=\"elementor-element elementor-element-fe5308e elementor-align-justify elementor-widget elementor-widget-button\" data-id=\"fe5308e\" data-element_type=\"widget\" data-e-type=\"widget\" data-widget_type=\"button.default\">\n\t\t\t\t\t\t\t\t\t\t<a class=\"elementor-button elementor-button-link elementor-size-sm\" href=\"https:\/\/pawel.stefanoff.pl\/work\/pl\/articles\/article-2021-hpv-access-pl\/\">\n\t\t\t\t\t\t<span class=\"elementor-button-content-wrapper\">\n\t\t\t\t\t\t\t\t\t<span class=\"elementor-button-text\">Ver m\u00e1s<\/span>\n\t\t\t\t\t<\/span>\n\t\t\t\t\t<\/a>\n\t\t\t\t\t\t\t\t<\/div>\n\t\t\t\t\t<\/div>\n\t\t\t\t<\/div>\n\t\t\t\t<\/div>\n\t\t<style id=\"loop-dynamic-4715\">.e-loop-item-4322 .elementor-element.elementor-element-6e55af1:not(.elementor-motion-effects-element-type-background), .e-loop-item-4322 .elementor-element.elementor-element-6e55af1 > .elementor-motion-effects-container > .elementor-motion-effects-layer{background-image:url(\"https:\/\/pawel.stefanoff.pl\/work\/wp-content\/uploads\/2026\/01\/Lineas-abstractas.avif\");}<\/style>\t\t<div data-elementor-type=\"loop-item\" data-elementor-id=\"4715\" class=\"elementor elementor-4715 e-loop-item e-loop-item-4322 post-4322 publikacje type-publikacje status-publish has-post-thumbnail hentry\" data-elementor-post-type=\"elementor_library\" data-custom-edit-handle=\"1\">\n\t\t\t<div class=\"elementor-element elementor-element-6e55af1 e-flex e-con-boxed e-con e-parent\" data-id=\"6e55af1\" data-element_type=\"container\" data-e-type=\"container\" data-settings=\"{&quot;background_background&quot;:&quot;classic&quot;}\">\n\t\t\t\t\t<div class=\"e-con-inner\">\n\t\t\t\t<div class=\"elementor-element elementor-element-1ff8dc0 elementor-widget elementor-widget-theme-post-title elementor-page-title elementor-widget-heading\" data-id=\"1ff8dc0\" data-element_type=\"widget\" data-e-type=\"widget\" data-widget_type=\"theme-post-title.default\">\n\t\t\t\t\t<h1 class=\"elementor-heading-title elementor-size-default\">Determinantes sociodemogr\u00e1ficos de la vacunaci\u00f3n  contra el VPH durante una campa\u00f1a de recuperacion entre 2016 y 2019 en Noruega<\/h1>\t\t\t\t<\/div>\n\t\t\t\t<div class=\"elementor-element elementor-element-34d9c11 elementor-widget elementor-widget-theme-post-excerpt\" data-id=\"34d9c11\" data-element_type=\"widget\" data-e-type=\"widget\" data-widget_type=\"theme-post-excerpt.default\">\n\t\t\t\t\tArt\u00edculo en ingl\u00e9s publicado en la revista Human Vaccines &amp; Immunotherapeutics\t\t\t\t<\/div>\n\t\t\t\t<div class=\"elementor-element elementor-element-fe5308e elementor-align-justify elementor-widget elementor-widget-button\" data-id=\"fe5308e\" data-element_type=\"widget\" data-e-type=\"widget\" data-widget_type=\"button.default\">\n\t\t\t\t\t\t\t\t\t\t<a class=\"elementor-button elementor-button-link elementor-size-sm\" href=\"https:\/\/pawel.stefanoff.pl\/work\/es\/articles\/article-2021-hpv-uptake-determ-es\/\">\n\t\t\t\t\t\t<span class=\"elementor-button-content-wrapper\">\n\t\t\t\t\t\t\t\t\t<span class=\"elementor-button-text\">Ver m\u00e1s<\/span>\n\t\t\t\t\t<\/span>\n\t\t\t\t\t<\/a>\n\t\t\t\t\t\t\t\t<\/div>\n\t\t\t\t\t<\/div>\n\t\t\t\t<\/div>\n\t\t\t\t<\/div>\n\t\t<style id=\"loop-dynamic-4715\">.e-loop-item-692 .elementor-element.elementor-element-6e55af1:not(.elementor-motion-effects-element-type-background), .e-loop-item-692 .elementor-element.elementor-element-6e55af1 > .elementor-motion-effects-container > .elementor-motion-effects-layer{background-image:url(\"https:\/\/pawel.stefanoff.pl\/work\/wp-content\/uploads\/2026\/01\/Lineas-abstractas.avif\");}<\/style>\t\t<div data-elementor-type=\"loop-item\" data-elementor-id=\"4715\" class=\"elementor elementor-4715 e-loop-item e-loop-item-692 post-692 publikacje type-publikacje status-publish has-post-thumbnail hentry\" data-elementor-post-type=\"elementor_library\" data-custom-edit-handle=\"1\">\n\t\t\t<div class=\"elementor-element elementor-element-6e55af1 e-flex e-con-boxed e-con e-parent\" data-id=\"6e55af1\" data-element_type=\"container\" data-e-type=\"container\" data-settings=\"{&quot;background_background&quot;:&quot;classic&quot;}\">\n\t\t\t\t\t<div class=\"e-con-inner\">\n\t\t\t\t<div class=\"elementor-element elementor-element-1ff8dc0 elementor-widget elementor-widget-theme-post-title elementor-page-title elementor-widget-heading\" data-id=\"1ff8dc0\" data-element_type=\"widget\" data-e-type=\"widget\" data-widget_type=\"theme-post-title.default\">\n\t\t\t\t\t<h1 class=\"elementor-heading-title elementor-size-default\">Sociodemographic determinants of catch-up HPV vaccination completion between 2016-2019 in Norway<\/h1>\t\t\t\t<\/div>\n\t\t\t\t<div class=\"elementor-element elementor-element-34d9c11 elementor-widget elementor-widget-theme-post-excerpt\" data-id=\"34d9c11\" data-element_type=\"widget\" data-e-type=\"widget\" data-widget_type=\"theme-post-excerpt.default\">\n\t\t\t\t\tArticle in English published in the journal Human Vaccines &amp; Immunotherapeutics\t\t\t\t<\/div>\n\t\t\t\t<div class=\"elementor-element elementor-element-fe5308e elementor-align-justify elementor-widget elementor-widget-button\" data-id=\"fe5308e\" data-element_type=\"widget\" data-e-type=\"widget\" data-widget_type=\"button.default\">\n\t\t\t\t\t\t\t\t\t\t<a class=\"elementor-button elementor-button-link elementor-size-sm\" href=\"https:\/\/pawel.stefanoff.pl\/work\/articles\/article-2021-hpv-uptake-determ-en\/\">\n\t\t\t\t\t\t<span class=\"elementor-button-content-wrapper\">\n\t\t\t\t\t\t\t\t\t<span class=\"elementor-button-text\">Ver m\u00e1s<\/span>\n\t\t\t\t\t<\/span>\n\t\t\t\t\t<\/a>\n\t\t\t\t\t\t\t\t<\/div>\n\t\t\t\t\t<\/div>\n\t\t\t\t<\/div>\n\t\t\t\t<\/div>\n\t\t<style id=\"loop-dynamic-4715\">.e-loop-item-690 .elementor-element.elementor-element-6e55af1:not(.elementor-motion-effects-element-type-background), .e-loop-item-690 .elementor-element.elementor-element-6e55af1 > .elementor-motion-effects-container > .elementor-motion-effects-layer{background-image:url(\"https:\/\/pawel.stefanoff.pl\/work\/wp-content\/uploads\/2026\/01\/Lineas-abstractas.avif\");}<\/style>\t\t<div data-elementor-type=\"loop-item\" data-elementor-id=\"4715\" class=\"elementor elementor-4715 e-loop-item e-loop-item-690 post-690 publikacje type-publikacje status-publish has-post-thumbnail hentry\" data-elementor-post-type=\"elementor_library\" data-custom-edit-handle=\"1\">\n\t\t\t<div class=\"elementor-element elementor-element-6e55af1 e-flex e-con-boxed e-con e-parent\" data-id=\"6e55af1\" data-element_type=\"container\" data-e-type=\"container\" data-settings=\"{&quot;background_background&quot;:&quot;classic&quot;}\">\n\t\t\t\t\t<div class=\"e-con-inner\">\n\t\t\t\t<div class=\"elementor-element elementor-element-1ff8dc0 elementor-widget elementor-widget-theme-post-title elementor-page-title elementor-widget-heading\" data-id=\"1ff8dc0\" data-element_type=\"widget\" data-e-type=\"widget\" data-widget_type=\"theme-post-title.default\">\n\t\t\t\t\t<h1 class=\"elementor-heading-title elementor-size-default\">Czynniki spo\u0142eczno-demograficzne determinuj\u0105ce uko\u0144czenie uzupe\u0142niaj\u0105cych szczepie\u0144 przeciw HPV w Norwegii w latach 2016\u20132019<\/h1>\t\t\t\t<\/div>\n\t\t\t\t<div class=\"elementor-element elementor-element-34d9c11 elementor-widget elementor-widget-theme-post-excerpt\" data-id=\"34d9c11\" data-element_type=\"widget\" data-e-type=\"widget\" data-widget_type=\"theme-post-excerpt.default\">\n\t\t\t\t\tArtyku\u0142 w j\u0119zyku angielskim opublikowany w czasopi\u015bmie Human Vaccines &amp; Immunotherapeutics\t\t\t\t<\/div>\n\t\t\t\t<div class=\"elementor-element elementor-element-fe5308e elementor-align-justify elementor-widget elementor-widget-button\" data-id=\"fe5308e\" data-element_type=\"widget\" data-e-type=\"widget\" data-widget_type=\"button.default\">\n\t\t\t\t\t\t\t\t\t\t<a class=\"elementor-button elementor-button-link elementor-size-sm\" href=\"https:\/\/pawel.stefanoff.pl\/work\/pl\/articles\/article-2021-hpv-uptake-determ-pl\/\">\n\t\t\t\t\t\t<span class=\"elementor-button-content-wrapper\">\n\t\t\t\t\t\t\t\t\t<span class=\"elementor-button-text\">Ver m\u00e1s<\/span>\n\t\t\t\t\t<\/span>\n\t\t\t\t\t<\/a>\n\t\t\t\t\t\t\t\t<\/div>\n\t\t\t\t\t<\/div>\n\t\t\t\t<\/div>\n\t\t\t\t<\/div>\n\t\t<style id=\"loop-dynamic-4715\">.e-loop-item-4328 .elementor-element.elementor-element-6e55af1:not(.elementor-motion-effects-element-type-background), .e-loop-item-4328 .elementor-element.elementor-element-6e55af1 > .elementor-motion-effects-container > .elementor-motion-effects-layer{background-image:url(\"https:\/\/pawel.stefanoff.pl\/work\/wp-content\/uploads\/2026\/01\/Lineas-abstractas.avif\");}<\/style>\t\t<div data-elementor-type=\"loop-item\" data-elementor-id=\"4715\" class=\"elementor elementor-4715 e-loop-item e-loop-item-4328 post-4328 publikacje type-publikacje status-publish has-post-thumbnail hentry\" data-elementor-post-type=\"elementor_library\" data-custom-edit-handle=\"1\">\n\t\t\t<div class=\"elementor-element elementor-element-6e55af1 e-flex e-con-boxed e-con e-parent\" data-id=\"6e55af1\" data-element_type=\"container\" data-e-type=\"container\" data-settings=\"{&quot;background_background&quot;:&quot;classic&quot;}\">\n\t\t\t\t\t<div class=\"e-con-inner\">\n\t\t\t\t<div class=\"elementor-element elementor-element-1ff8dc0 elementor-widget elementor-widget-theme-post-title elementor-page-title elementor-widget-heading\" data-id=\"1ff8dc0\" data-element_type=\"widget\" data-e-type=\"widget\" data-widget_type=\"theme-post-title.default\">\n\t\t\t\t\t<h1 class=\"elementor-heading-title elementor-size-default\">Un brote de Salmonella Agbeni con presentaci\u00f3n cl\u00ednica grave, causado por frutas secas ex\u00f3ticas, se produjo en Noruega entre diciembre de 2018 y marzo de 2019.<\/h1>\t\t\t\t<\/div>\n\t\t\t\t<div class=\"elementor-element elementor-element-34d9c11 elementor-widget elementor-widget-theme-post-excerpt\" data-id=\"34d9c11\" data-element_type=\"widget\" data-e-type=\"widget\" data-widget_type=\"theme-post-excerpt.default\">\n\t\t\t\t\tArticulo en ingl\u00e9s publicado en la revista Eurosurveillance\t\t\t\t<\/div>\n\t\t\t\t<div class=\"elementor-element elementor-element-fe5308e elementor-align-justify elementor-widget elementor-widget-button\" data-id=\"fe5308e\" data-element_type=\"widget\" data-e-type=\"widget\" data-widget_type=\"button.default\">\n\t\t\t\t\t\t\t\t\t\t<a class=\"elementor-button elementor-button-link elementor-size-sm\" href=\"https:\/\/pawel.stefanoff.pl\/work\/es\/articles\/article-2021-salmonella-outbreak-es\/\">\n\t\t\t\t\t\t<span class=\"elementor-button-content-wrapper\">\n\t\t\t\t\t\t\t\t\t<span class=\"elementor-button-text\">Ver m\u00e1s<\/span>\n\t\t\t\t\t<\/span>\n\t\t\t\t\t<\/a>\n\t\t\t\t\t\t\t\t<\/div>\n\t\t\t\t\t<\/div>\n\t\t\t\t<\/div>\n\t\t\t\t<\/div>\n\t\t<style id=\"loop-dynamic-4715\">.e-loop-item-695 .elementor-element.elementor-element-6e55af1:not(.elementor-motion-effects-element-type-background), .e-loop-item-695 .elementor-element.elementor-element-6e55af1 > .elementor-motion-effects-container > .elementor-motion-effects-layer{background-image:url(\"https:\/\/pawel.stefanoff.pl\/work\/wp-content\/uploads\/2026\/01\/Lineas-abstractas.avif\");}<\/style>\t\t<div data-elementor-type=\"loop-item\" data-elementor-id=\"4715\" class=\"elementor elementor-4715 e-loop-item e-loop-item-695 post-695 publikacje type-publikacje status-publish has-post-thumbnail hentry\" data-elementor-post-type=\"elementor_library\" data-custom-edit-handle=\"1\">\n\t\t\t<div class=\"elementor-element elementor-element-6e55af1 e-flex e-con-boxed e-con e-parent\" data-id=\"6e55af1\" data-element_type=\"container\" data-e-type=\"container\" data-settings=\"{&quot;background_background&quot;:&quot;classic&quot;}\">\n\t\t\t\t\t<div class=\"e-con-inner\">\n\t\t\t\t<div class=\"elementor-element elementor-element-1ff8dc0 elementor-widget elementor-widget-theme-post-title elementor-page-title elementor-widget-heading\" data-id=\"1ff8dc0\" data-element_type=\"widget\" data-e-type=\"widget\" data-widget_type=\"theme-post-title.default\">\n\t\t\t\t\t<h1 class=\"elementor-heading-title elementor-size-default\">Exotic dried fruits caused Salmonella Agbeni outbreak with severe clinical presentation, Norway, December 2018 to March 2019<\/h1>\t\t\t\t<\/div>\n\t\t\t\t<div class=\"elementor-element elementor-element-34d9c11 elementor-widget elementor-widget-theme-post-excerpt\" data-id=\"34d9c11\" data-element_type=\"widget\" data-e-type=\"widget\" data-widget_type=\"theme-post-excerpt.default\">\n\t\t\t\t\tArticle in English published in the journal Eurosurveillance\t\t\t\t<\/div>\n\t\t\t\t<div class=\"elementor-element elementor-element-fe5308e elementor-align-justify elementor-widget elementor-widget-button\" data-id=\"fe5308e\" data-element_type=\"widget\" data-e-type=\"widget\" data-widget_type=\"button.default\">\n\t\t\t\t\t\t\t\t\t\t<a class=\"elementor-button elementor-button-link elementor-size-sm\" href=\"https:\/\/pawel.stefanoff.pl\/work\/articles\/article-2021-salmonella-outbreak-en\/\">\n\t\t\t\t\t\t<span class=\"elementor-button-content-wrapper\">\n\t\t\t\t\t\t\t\t\t<span class=\"elementor-button-text\">Ver m\u00e1s<\/span>\n\t\t\t\t\t<\/span>\n\t\t\t\t\t<\/a>\n\t\t\t\t\t\t\t\t<\/div>\n\t\t\t\t\t<\/div>\n\t\t\t\t<\/div>\n\t\t\t\t<\/div>\n\t\t<style id=\"loop-dynamic-4715\">.e-loop-item-693 .elementor-element.elementor-element-6e55af1:not(.elementor-motion-effects-element-type-background), .e-loop-item-693 .elementor-element.elementor-element-6e55af1 > .elementor-motion-effects-container > .elementor-motion-effects-layer{background-image:url(\"https:\/\/pawel.stefanoff.pl\/work\/wp-content\/uploads\/2026\/01\/Lineas-abstractas.avif\");}<\/style>\t\t<div data-elementor-type=\"loop-item\" data-elementor-id=\"4715\" class=\"elementor elementor-4715 e-loop-item e-loop-item-693 post-693 publikacje type-publikacje status-publish has-post-thumbnail hentry\" data-elementor-post-type=\"elementor_library\" data-custom-edit-handle=\"1\">\n\t\t\t<div class=\"elementor-element elementor-element-6e55af1 e-flex e-con-boxed e-con e-parent\" data-id=\"6e55af1\" data-element_type=\"container\" data-e-type=\"container\" data-settings=\"{&quot;background_background&quot;:&quot;classic&quot;}\">\n\t\t\t\t\t<div class=\"e-con-inner\">\n\t\t\t\t<div class=\"elementor-element elementor-element-1ff8dc0 elementor-widget elementor-widget-theme-post-title elementor-page-title elementor-widget-heading\" data-id=\"1ff8dc0\" data-element_type=\"widget\" data-e-type=\"widget\" data-widget_type=\"theme-post-title.default\">\n\t\t\t\t\t<h1 class=\"elementor-heading-title elementor-size-default\">Suszone owoce egzotyczne by\u0142y \u017ar\u00f3d\u0142em ogniska zaka\u017ce\u0144 Salmonella Agbeni z ci\u0119\u017ckim przebiegiem klinicznym, Norwegia, grudzie\u0144 2018 r. \u2013 marzec 2019 r.<\/h1>\t\t\t\t<\/div>\n\t\t\t\t<div class=\"elementor-element elementor-element-34d9c11 elementor-widget elementor-widget-theme-post-excerpt\" data-id=\"34d9c11\" data-element_type=\"widget\" data-e-type=\"widget\" data-widget_type=\"theme-post-excerpt.default\">\n\t\t\t\t\tArtyku\u0142 w j\u0119zyku angielskim opublikowany w czasopi\u015bmie Eurosurveillance\t\t\t\t<\/div>\n\t\t\t\t<div class=\"elementor-element elementor-element-fe5308e elementor-align-justify elementor-widget elementor-widget-button\" data-id=\"fe5308e\" data-element_type=\"widget\" data-e-type=\"widget\" data-widget_type=\"button.default\">\n\t\t\t\t\t\t\t\t\t\t<a class=\"elementor-button elementor-button-link elementor-size-sm\" href=\"https:\/\/pawel.stefanoff.pl\/work\/pl\/articles\/article-2021-salmonella-outbreak-pl\/\">\n\t\t\t\t\t\t<span class=\"elementor-button-content-wrapper\">\n\t\t\t\t\t\t\t\t\t<span class=\"elementor-button-text\">Ver m\u00e1s<\/span>\n\t\t\t\t\t<\/span>\n\t\t\t\t\t<\/a>\n\t\t\t\t\t\t\t\t<\/div>\n\t\t\t\t\t<\/div>\n\t\t\t\t<\/div>\n\t\t\t\t<\/div>\n\t\t<style id=\"loop-dynamic-4715\">.e-loop-item-4330 .elementor-element.elementor-element-6e55af1:not(.elementor-motion-effects-element-type-background), .e-loop-item-4330 .elementor-element.elementor-element-6e55af1 > .elementor-motion-effects-container > .elementor-motion-effects-layer{background-image:url(\"https:\/\/pawel.stefanoff.pl\/work\/wp-content\/uploads\/2026\/01\/Lineas-abstractas.avif\");}<\/style>\t\t<div data-elementor-type=\"loop-item\" data-elementor-id=\"4715\" class=\"elementor elementor-4715 e-loop-item e-loop-item-4330 post-4330 publikacje type-publikacje status-publish has-post-thumbnail hentry\" data-elementor-post-type=\"elementor_library\" data-custom-edit-handle=\"1\">\n\t\t\t<div class=\"elementor-element elementor-element-6e55af1 e-flex e-con-boxed e-con e-parent\" data-id=\"6e55af1\" data-element_type=\"container\" data-e-type=\"container\" data-settings=\"{&quot;background_background&quot;:&quot;classic&quot;}\">\n\t\t\t\t\t<div class=\"e-con-inner\">\n\t\t\t\t<div class=\"elementor-element elementor-element-1ff8dc0 elementor-widget elementor-widget-theme-post-title elementor-page-title elementor-widget-heading\" data-id=\"1ff8dc0\" data-element_type=\"widget\" data-e-type=\"widget\" data-widget_type=\"theme-post-title.default\">\n\t\t\t\t\t<h1 class=\"elementor-heading-title elementor-size-default\">Notificaci\u00f3n de enfermedades infecciosas de declaraci\u00f3n obligatoria durante la respuesta a la COVID-19<\/h1>\t\t\t\t<\/div>\n\t\t\t\t<div class=\"elementor-element elementor-element-34d9c11 elementor-widget elementor-widget-theme-post-excerpt\" data-id=\"34d9c11\" data-element_type=\"widget\" data-e-type=\"widget\" data-widget_type=\"theme-post-excerpt.default\">\n\t\t\t\t\tArt\u00edculo en noruego e ingl\u00e9s publicado en la revista Tidsskrift for Den norske legeforening\t\t\t\t<\/div>\n\t\t\t\t<div class=\"elementor-element elementor-element-fe5308e elementor-align-justify elementor-widget elementor-widget-button\" data-id=\"fe5308e\" data-element_type=\"widget\" data-e-type=\"widget\" data-widget_type=\"button.default\">\n\t\t\t\t\t\t\t\t\t\t<a class=\"elementor-button elementor-button-link elementor-size-sm\" href=\"https:\/\/pawel.stefanoff.pl\/work\/es\/articles\/article-2020-reporting-during-covid-es\/\">\n\t\t\t\t\t\t<span class=\"elementor-button-content-wrapper\">\n\t\t\t\t\t\t\t\t\t<span class=\"elementor-button-text\">Ver m\u00e1s<\/span>\n\t\t\t\t\t<\/span>\n\t\t\t\t\t<\/a>\n\t\t\t\t\t\t\t\t<\/div>\n\t\t\t\t\t<\/div>\n\t\t\t\t<\/div>\n\t\t\t\t<\/div>\n\t\t<style id=\"loop-dynamic-4715\">.e-loop-item-865 .elementor-element.elementor-element-6e55af1:not(.elementor-motion-effects-element-type-background), .e-loop-item-865 .elementor-element.elementor-element-6e55af1 > .elementor-motion-effects-container > .elementor-motion-effects-layer{background-image:url(\"https:\/\/pawel.stefanoff.pl\/work\/wp-content\/uploads\/2026\/01\/Lineas-abstractas.avif\");}<\/style>\t\t<div data-elementor-type=\"loop-item\" data-elementor-id=\"4715\" class=\"elementor elementor-4715 e-loop-item e-loop-item-865 post-865 publikacje type-publikacje status-publish has-post-thumbnail hentry\" data-elementor-post-type=\"elementor_library\" data-custom-edit-handle=\"1\">\n\t\t\t<div class=\"elementor-element elementor-element-6e55af1 e-flex e-con-boxed e-con e-parent\" data-id=\"6e55af1\" data-element_type=\"container\" data-e-type=\"container\" data-settings=\"{&quot;background_background&quot;:&quot;classic&quot;}\">\n\t\t\t\t\t<div class=\"e-con-inner\">\n\t\t\t\t<div class=\"elementor-element elementor-element-1ff8dc0 elementor-widget elementor-widget-theme-post-title elementor-page-title elementor-widget-heading\" data-id=\"1ff8dc0\" data-element_type=\"widget\" data-e-type=\"widget\" data-widget_type=\"theme-post-title.default\">\n\t\t\t\t\t<h1 class=\"elementor-heading-title elementor-size-default\">Reporting of notifiable infectious diseases during the COVID-19 response<\/h1>\t\t\t\t<\/div>\n\t\t\t\t<div class=\"elementor-element elementor-element-34d9c11 elementor-widget elementor-widget-theme-post-excerpt\" data-id=\"34d9c11\" data-element_type=\"widget\" data-e-type=\"widget\" data-widget_type=\"theme-post-excerpt.default\">\n\t\t\t\t\tArticle in Norwegian and English published in the journal Tidsskrift for Den norske legeforening\t\t\t\t<\/div>\n\t\t\t\t<div class=\"elementor-element elementor-element-fe5308e elementor-align-justify elementor-widget elementor-widget-button\" data-id=\"fe5308e\" data-element_type=\"widget\" data-e-type=\"widget\" data-widget_type=\"button.default\">\n\t\t\t\t\t\t\t\t\t\t<a class=\"elementor-button elementor-button-link elementor-size-sm\" href=\"https:\/\/pawel.stefanoff.pl\/work\/articles\/article-2020-reporting-during-covid-en\/\">\n\t\t\t\t\t\t<span class=\"elementor-button-content-wrapper\">\n\t\t\t\t\t\t\t\t\t<span class=\"elementor-button-text\">Ver m\u00e1s<\/span>\n\t\t\t\t\t<\/span>\n\t\t\t\t\t<\/a>\n\t\t\t\t\t\t\t\t<\/div>\n\t\t\t\t\t<\/div>\n\t\t\t\t<\/div>\n\t\t\t\t<\/div>\n\t\t<style id=\"loop-dynamic-4715\">.e-loop-item-863 .elementor-element.elementor-element-6e55af1:not(.elementor-motion-effects-element-type-background), .e-loop-item-863 .elementor-element.elementor-element-6e55af1 > .elementor-motion-effects-container > .elementor-motion-effects-layer{background-image:url(\"https:\/\/pawel.stefanoff.pl\/work\/wp-content\/uploads\/2026\/01\/Lineas-abstractas.avif\");}<\/style>\t\t<div data-elementor-type=\"loop-item\" data-elementor-id=\"4715\" class=\"elementor elementor-4715 e-loop-item e-loop-item-863 post-863 publikacje type-publikacje status-publish has-post-thumbnail hentry\" data-elementor-post-type=\"elementor_library\" data-custom-edit-handle=\"1\">\n\t\t\t<div class=\"elementor-element elementor-element-6e55af1 e-flex e-con-boxed e-con e-parent\" data-id=\"6e55af1\" data-element_type=\"container\" data-e-type=\"container\" data-settings=\"{&quot;background_background&quot;:&quot;classic&quot;}\">\n\t\t\t\t\t<div class=\"e-con-inner\">\n\t\t\t\t<div class=\"elementor-element elementor-element-1ff8dc0 elementor-widget elementor-widget-theme-post-title elementor-page-title elementor-widget-heading\" data-id=\"1ff8dc0\" data-element_type=\"widget\" data-e-type=\"widget\" data-widget_type=\"theme-post-title.default\">\n\t\t\t\t\t<h1 class=\"elementor-heading-title elementor-size-default\">Rejestracja chor\u00f3b zaka\u017anych podlegaj\u0105cych obowi\u0105zkowi zg\u0142aszania w czasie pandemii COVID-19<\/h1>\t\t\t\t<\/div>\n\t\t\t\t<div class=\"elementor-element elementor-element-34d9c11 elementor-widget elementor-widget-theme-post-excerpt\" data-id=\"34d9c11\" data-element_type=\"widget\" data-e-type=\"widget\" data-widget_type=\"theme-post-excerpt.default\">\n\t\t\t\t\tArtyku\u0142 w j\u0119zyku norweskim i angielskim\nopublikowany w czasopi\u015bmie Tidsskrift for Den norske legeforening\t\t\t\t<\/div>\n\t\t\t\t<div class=\"elementor-element elementor-element-fe5308e elementor-align-justify elementor-widget elementor-widget-button\" data-id=\"fe5308e\" data-element_type=\"widget\" data-e-type=\"widget\" data-widget_type=\"button.default\">\n\t\t\t\t\t\t\t\t\t\t<a class=\"elementor-button elementor-button-link elementor-size-sm\" href=\"https:\/\/pawel.stefanoff.pl\/work\/pl\/articles\/article-2020-reporting-during-covid-pl\/\">\n\t\t\t\t\t\t<span class=\"elementor-button-content-wrapper\">\n\t\t\t\t\t\t\t\t\t<span class=\"elementor-button-text\">Ver m\u00e1s<\/span>\n\t\t\t\t\t<\/span>\n\t\t\t\t\t<\/a>\n\t\t\t\t\t\t\t\t<\/div>\n\t\t\t\t\t<\/div>\n\t\t\t\t<\/div>\n\t\t\t\t<\/div>\n\t\t<style id=\"loop-dynamic-4715\">.e-loop-item-4333 .elementor-element.elementor-element-6e55af1:not(.elementor-motion-effects-element-type-background), .e-loop-item-4333 .elementor-element.elementor-element-6e55af1 > .elementor-motion-effects-container > .elementor-motion-effects-layer{background-image:url(\"https:\/\/pawel.stefanoff.pl\/work\/wp-content\/uploads\/2026\/01\/Lineas-abstractas.avif\");}<\/style>\t\t<div data-elementor-type=\"loop-item\" data-elementor-id=\"4715\" class=\"elementor elementor-4715 e-loop-item e-loop-item-4333 post-4333 publikacje type-publikacje status-publish has-post-thumbnail hentry\" data-elementor-post-type=\"elementor_library\" data-custom-edit-handle=\"1\">\n\t\t\t<div class=\"elementor-element elementor-element-6e55af1 e-flex e-con-boxed e-con e-parent\" data-id=\"6e55af1\" data-element_type=\"container\" data-e-type=\"container\" data-settings=\"{&quot;background_background&quot;:&quot;classic&quot;}\">\n\t\t\t\t\t<div class=\"e-con-inner\">\n\t\t\t\t<div class=\"elementor-element elementor-element-1ff8dc0 elementor-widget elementor-widget-theme-post-title elementor-page-title elementor-widget-heading\" data-id=\"1ff8dc0\" data-element_type=\"widget\" data-e-type=\"widget\" data-widget_type=\"theme-post-title.default\">\n\t\t\t\t\t<h1 class=\"elementor-heading-title elementor-size-default\">Mortalidad intrahospitalaria en Polonia: \u00bfqu\u00e9 podemos aprender de los datos administrativos?<\/h1>\t\t\t\t<\/div>\n\t\t\t\t<div class=\"elementor-element elementor-element-34d9c11 elementor-widget elementor-widget-theme-post-excerpt\" data-id=\"34d9c11\" data-element_type=\"widget\" data-e-type=\"widget\" data-widget_type=\"theme-post-excerpt.default\">\n\t\t\t\t\tArt\u00edculo en ingl\u00e9s publicado en la revista Polish Archives of Internal Medicine.\t\t\t\t<\/div>\n\t\t\t\t<div class=\"elementor-element elementor-element-fe5308e elementor-align-justify elementor-widget elementor-widget-button\" data-id=\"fe5308e\" data-element_type=\"widget\" data-e-type=\"widget\" data-widget_type=\"button.default\">\n\t\t\t\t\t\t\t\t\t\t<a class=\"elementor-button elementor-button-link elementor-size-sm\" href=\"https:\/\/pawel.stefanoff.pl\/work\/es\/articles\/article-2020-in-hospital-mortality-es\/\">\n\t\t\t\t\t\t<span class=\"elementor-button-content-wrapper\">\n\t\t\t\t\t\t\t\t\t<span class=\"elementor-button-text\">Ver m\u00e1s<\/span>\n\t\t\t\t\t<\/span>\n\t\t\t\t\t<\/a>\n\t\t\t\t\t\t\t\t<\/div>\n\t\t\t\t\t<\/div>\n\t\t\t\t<\/div>\n\t\t\t\t<\/div>\n\t\t<style id=\"loop-dynamic-4715\">.e-loop-item-868 .elementor-element.elementor-element-6e55af1:not(.elementor-motion-effects-element-type-background), .e-loop-item-868 .elementor-element.elementor-element-6e55af1 > .elementor-motion-effects-container > .elementor-motion-effects-layer{background-image:url(\"https:\/\/pawel.stefanoff.pl\/work\/wp-content\/uploads\/2026\/01\/Lineas-abstractas.avif\");}<\/style>\t\t<div data-elementor-type=\"loop-item\" data-elementor-id=\"4715\" class=\"elementor elementor-4715 e-loop-item e-loop-item-868 post-868 publikacje type-publikacje status-publish has-post-thumbnail hentry\" data-elementor-post-type=\"elementor_library\" data-custom-edit-handle=\"1\">\n\t\t\t<div class=\"elementor-element elementor-element-6e55af1 e-flex e-con-boxed e-con e-parent\" data-id=\"6e55af1\" data-element_type=\"container\" data-e-type=\"container\" data-settings=\"{&quot;background_background&quot;:&quot;classic&quot;}\">\n\t\t\t\t\t<div class=\"e-con-inner\">\n\t\t\t\t<div class=\"elementor-element elementor-element-1ff8dc0 elementor-widget elementor-widget-theme-post-title elementor-page-title elementor-widget-heading\" data-id=\"1ff8dc0\" data-element_type=\"widget\" data-e-type=\"widget\" data-widget_type=\"theme-post-title.default\">\n\t\t\t\t\t<h1 class=\"elementor-heading-title elementor-size-default\">In-hospital mortality in Poland: what can we learn from administrative data?<\/h1>\t\t\t\t<\/div>\n\t\t\t\t<div class=\"elementor-element elementor-element-34d9c11 elementor-widget elementor-widget-theme-post-excerpt\" data-id=\"34d9c11\" data-element_type=\"widget\" data-e-type=\"widget\" data-widget_type=\"theme-post-excerpt.default\">\n\t\t\t\t\tArticle in English published in the journal Polish Archives of Internal Medicine\t\t\t\t<\/div>\n\t\t\t\t<div class=\"elementor-element elementor-element-fe5308e elementor-align-justify elementor-widget elementor-widget-button\" data-id=\"fe5308e\" data-element_type=\"widget\" data-e-type=\"widget\" data-widget_type=\"button.default\">\n\t\t\t\t\t\t\t\t\t\t<a class=\"elementor-button elementor-button-link elementor-size-sm\" href=\"https:\/\/pawel.stefanoff.pl\/work\/articles\/article-2020-in-hospital-mortality-en\/\">\n\t\t\t\t\t\t<span class=\"elementor-button-content-wrapper\">\n\t\t\t\t\t\t\t\t\t<span class=\"elementor-button-text\">Ver m\u00e1s<\/span>\n\t\t\t\t\t<\/span>\n\t\t\t\t\t<\/a>\n\t\t\t\t\t\t\t\t<\/div>\n\t\t\t\t\t<\/div>\n\t\t\t\t<\/div>\n\t\t\t\t<\/div>\n\t\t<style id=\"loop-dynamic-4715\">.e-loop-item-866 .elementor-element.elementor-element-6e55af1:not(.elementor-motion-effects-element-type-background), .e-loop-item-866 .elementor-element.elementor-element-6e55af1 > .elementor-motion-effects-container > .elementor-motion-effects-layer{background-image:url(\"https:\/\/pawel.stefanoff.pl\/work\/wp-content\/uploads\/2026\/01\/Lineas-abstractas.avif\");}<\/style>\t\t<div data-elementor-type=\"loop-item\" data-elementor-id=\"4715\" class=\"elementor elementor-4715 e-loop-item e-loop-item-866 post-866 publikacje type-publikacje status-publish has-post-thumbnail hentry\" data-elementor-post-type=\"elementor_library\" data-custom-edit-handle=\"1\">\n\t\t\t<div class=\"elementor-element elementor-element-6e55af1 e-flex e-con-boxed e-con e-parent\" data-id=\"6e55af1\" data-element_type=\"container\" data-e-type=\"container\" data-settings=\"{&quot;background_background&quot;:&quot;classic&quot;}\">\n\t\t\t\t\t<div class=\"e-con-inner\">\n\t\t\t\t<div class=\"elementor-element elementor-element-1ff8dc0 elementor-widget elementor-widget-theme-post-title elementor-page-title elementor-widget-heading\" data-id=\"1ff8dc0\" data-element_type=\"widget\" data-e-type=\"widget\" data-widget_type=\"theme-post-title.default\">\n\t\t\t\t\t<h1 class=\"elementor-heading-title elementor-size-default\">Umieralno\u015b\u0107 wewn\u0105trzszpitalna w Polsce: czego mo\u017cemy si\u0119 dowiedzie\u0107 z danych administracyjnych?<\/h1>\t\t\t\t<\/div>\n\t\t\t\t<div class=\"elementor-element elementor-element-34d9c11 elementor-widget elementor-widget-theme-post-excerpt\" data-id=\"34d9c11\" data-element_type=\"widget\" data-e-type=\"widget\" data-widget_type=\"theme-post-excerpt.default\">\n\t\t\t\t\tArtyku\u0142 w j\u0119zyku angielskim opublikowany w czasopi\u015bmie Polish Archives of Internal Medicine\t\t\t\t<\/div>\n\t\t\t\t<div class=\"elementor-element elementor-element-fe5308e elementor-align-justify elementor-widget elementor-widget-button\" data-id=\"fe5308e\" data-element_type=\"widget\" data-e-type=\"widget\" data-widget_type=\"button.default\">\n\t\t\t\t\t\t\t\t\t\t<a class=\"elementor-button elementor-button-link elementor-size-sm\" href=\"https:\/\/pawel.stefanoff.pl\/work\/pl\/articles\/article-2020-in-hospital-mortality-pl\/\">\n\t\t\t\t\t\t<span class=\"elementor-button-content-wrapper\">\n\t\t\t\t\t\t\t\t\t<span class=\"elementor-button-text\">Ver m\u00e1s<\/span>\n\t\t\t\t\t<\/span>\n\t\t\t\t\t<\/a>\n\t\t\t\t\t\t\t\t<\/div>\n\t\t\t\t\t<\/div>\n\t\t\t\t<\/div>\n\t\t\t\t<\/div>\n\t\t<style id=\"loop-dynamic-4715\">.e-loop-item-4334 .elementor-element.elementor-element-6e55af1:not(.elementor-motion-effects-element-type-background), .e-loop-item-4334 .elementor-element.elementor-element-6e55af1 > .elementor-motion-effects-container > .elementor-motion-effects-layer{background-image:url(\"https:\/\/pawel.stefanoff.pl\/work\/wp-content\/uploads\/2026\/01\/Lineas-abstractas.avif\");}<\/style>\t\t<div data-elementor-type=\"loop-item\" data-elementor-id=\"4715\" class=\"elementor elementor-4715 e-loop-item e-loop-item-4334 post-4334 publikacje type-publikacje status-publish has-post-thumbnail hentry\" data-elementor-post-type=\"elementor_library\" data-custom-edit-handle=\"1\">\n\t\t\t<div class=\"elementor-element elementor-element-6e55af1 e-flex e-con-boxed e-con e-parent\" data-id=\"6e55af1\" data-element_type=\"container\" data-e-type=\"container\" data-settings=\"{&quot;background_background&quot;:&quot;classic&quot;}\">\n\t\t\t\t\t<div class=\"e-con-inner\">\n\t\t\t\t<div class=\"elementor-element elementor-element-1ff8dc0 elementor-widget elementor-widget-theme-post-title elementor-page-title elementor-widget-heading\" data-id=\"1ff8dc0\" data-element_type=\"widget\" data-e-type=\"widget\" data-widget_type=\"theme-post-title.default\">\n\t\t\t\t\t<h1 class=\"elementor-heading-title elementor-size-default\">Diversidad gen\u00e9tica de Francisella tularensis en Polonia con comentarios sobre la genotipificaci\u00f3n MLVA y una propuesta de una nueva genotipificaci\u00f3n r\u00e1pida v4.<\/h1>\t\t\t\t<\/div>\n\t\t\t\t<div class=\"elementor-element elementor-element-34d9c11 elementor-widget elementor-widget-theme-post-excerpt\" data-id=\"34d9c11\" data-element_type=\"widget\" data-e-type=\"widget\" data-widget_type=\"theme-post-excerpt.default\">\n\t\t\t\t\tArt\u00edculo en ingl\u00e9s publicado en la revista Ticks and Tick-borne Diseases\t\t\t\t<\/div>\n\t\t\t\t<div class=\"elementor-element elementor-element-fe5308e elementor-align-justify elementor-widget elementor-widget-button\" data-id=\"fe5308e\" data-element_type=\"widget\" data-e-type=\"widget\" data-widget_type=\"button.default\">\n\t\t\t\t\t\t\t\t\t\t<a class=\"elementor-button elementor-button-link elementor-size-sm\" href=\"https:\/\/pawel.stefanoff.pl\/work\/es\/articles\/article-2020-tularemia-es\/\">\n\t\t\t\t\t\t<span class=\"elementor-button-content-wrapper\">\n\t\t\t\t\t\t\t\t\t<span class=\"elementor-button-text\">Ver m\u00e1s<\/span>\n\t\t\t\t\t<\/span>\n\t\t\t\t\t<\/a>\n\t\t\t\t\t\t\t\t<\/div>\n\t\t\t\t\t<\/div>\n\t\t\t\t<\/div>\n\t\t\t\t<\/div>\n\t\t<style id=\"loop-dynamic-4715\">.e-loop-item-910 .elementor-element.elementor-element-6e55af1:not(.elementor-motion-effects-element-type-background), .e-loop-item-910 .elementor-element.elementor-element-6e55af1 > .elementor-motion-effects-container > .elementor-motion-effects-layer{background-image:url(\"https:\/\/pawel.stefanoff.pl\/work\/wp-content\/uploads\/2026\/01\/Lineas-abstractas.avif\");}<\/style>\t\t<div data-elementor-type=\"loop-item\" data-elementor-id=\"4715\" class=\"elementor elementor-4715 e-loop-item e-loop-item-910 post-910 publikacje type-publikacje status-publish has-post-thumbnail hentry\" data-elementor-post-type=\"elementor_library\" data-custom-edit-handle=\"1\">\n\t\t\t<div class=\"elementor-element elementor-element-6e55af1 e-flex e-con-boxed e-con e-parent\" data-id=\"6e55af1\" data-element_type=\"container\" data-e-type=\"container\" data-settings=\"{&quot;background_background&quot;:&quot;classic&quot;}\">\n\t\t\t\t\t<div class=\"e-con-inner\">\n\t\t\t\t<div class=\"elementor-element elementor-element-1ff8dc0 elementor-widget elementor-widget-theme-post-title elementor-page-title elementor-widget-heading\" data-id=\"1ff8dc0\" data-element_type=\"widget\" data-e-type=\"widget\" data-widget_type=\"theme-post-title.default\">\n\t\t\t\t\t<h1 class=\"elementor-heading-title elementor-size-default\">Genetic diversity of Francisella tularensis in Poland with comments on MLVA genotyping and a proposition of a novel rapid v4-genotyping<\/h1>\t\t\t\t<\/div>\n\t\t\t\t<div class=\"elementor-element elementor-element-34d9c11 elementor-widget elementor-widget-theme-post-excerpt\" data-id=\"34d9c11\" data-element_type=\"widget\" data-e-type=\"widget\" data-widget_type=\"theme-post-excerpt.default\">\n\t\t\t\t\tArticle in English published in the journal Ticks and Tick-borne Diseases\t\t\t\t<\/div>\n\t\t\t\t<div class=\"elementor-element elementor-element-fe5308e elementor-align-justify elementor-widget elementor-widget-button\" data-id=\"fe5308e\" data-element_type=\"widget\" data-e-type=\"widget\" data-widget_type=\"button.default\">\n\t\t\t\t\t\t\t\t\t\t<a class=\"elementor-button elementor-button-link elementor-size-sm\" href=\"https:\/\/pawel.stefanoff.pl\/work\/articles\/article-2020-tularemia-en\/\">\n\t\t\t\t\t\t<span class=\"elementor-button-content-wrapper\">\n\t\t\t\t\t\t\t\t\t<span class=\"elementor-button-text\">Ver m\u00e1s<\/span>\n\t\t\t\t\t<\/span>\n\t\t\t\t\t<\/a>\n\t\t\t\t\t\t\t\t<\/div>\n\t\t\t\t\t<\/div>\n\t\t\t\t<\/div>\n\t\t\t\t<\/div>\n\t\t<style id=\"loop-dynamic-4715\">.e-loop-item-903 .elementor-element.elementor-element-6e55af1:not(.elementor-motion-effects-element-type-background), .e-loop-item-903 .elementor-element.elementor-element-6e55af1 > .elementor-motion-effects-container > .elementor-motion-effects-layer{background-image:url(\"https:\/\/pawel.stefanoff.pl\/work\/wp-content\/uploads\/2026\/01\/Lineas-abstractas.avif\");}<\/style>\t\t<div data-elementor-type=\"loop-item\" data-elementor-id=\"4715\" class=\"elementor elementor-4715 e-loop-item e-loop-item-903 post-903 publikacje type-publikacje status-publish has-post-thumbnail hentry\" data-elementor-post-type=\"elementor_library\" data-custom-edit-handle=\"1\">\n\t\t\t<div class=\"elementor-element elementor-element-6e55af1 e-flex e-con-boxed e-con e-parent\" data-id=\"6e55af1\" data-element_type=\"container\" data-e-type=\"container\" data-settings=\"{&quot;background_background&quot;:&quot;classic&quot;}\">\n\t\t\t\t\t<div class=\"e-con-inner\">\n\t\t\t\t<div class=\"elementor-element elementor-element-1ff8dc0 elementor-widget elementor-widget-theme-post-title elementor-page-title elementor-widget-heading\" data-id=\"1ff8dc0\" data-element_type=\"widget\" data-e-type=\"widget\" data-widget_type=\"theme-post-title.default\">\n\t\t\t\t\t<h1 class=\"elementor-heading-title elementor-size-default\">R\u00f3\u017cnorodno\u015b\u0107 genetyczna Francisella tularensis w Polsce z komentarzami dotycz\u0105cymi genotypowania MLVA i propozycj\u0105 nowej szybkiej metody genotypowania v4<\/h1>\t\t\t\t<\/div>\n\t\t\t\t<div class=\"elementor-element elementor-element-34d9c11 elementor-widget elementor-widget-theme-post-excerpt\" data-id=\"34d9c11\" data-element_type=\"widget\" data-e-type=\"widget\" data-widget_type=\"theme-post-excerpt.default\">\n\t\t\t\t\tArtyku\u0142 w j\u0119zyku angielskim opublikowany w czasopi\u015bmie Ticks and Tick-borne Diseases\t\t\t\t<\/div>\n\t\t\t\t<div class=\"elementor-element elementor-element-fe5308e elementor-align-justify elementor-widget elementor-widget-button\" data-id=\"fe5308e\" data-element_type=\"widget\" data-e-type=\"widget\" data-widget_type=\"button.default\">\n\t\t\t\t\t\t\t\t\t\t<a class=\"elementor-button elementor-button-link elementor-size-sm\" href=\"https:\/\/pawel.stefanoff.pl\/work\/pl\/articles\/article-2020-tularemia-pl\/\">\n\t\t\t\t\t\t<span class=\"elementor-button-content-wrapper\">\n\t\t\t\t\t\t\t\t\t<span class=\"elementor-button-text\">Ver m\u00e1s<\/span>\n\t\t\t\t\t<\/span>\n\t\t\t\t\t<\/a>\n\t\t\t\t\t\t\t\t<\/div>\n\t\t\t\t\t<\/div>\n\t\t\t\t<\/div>\n\t\t\t\t<\/div>\n\t\t<style id=\"loop-dynamic-4715\">.e-loop-item-4336 .elementor-element.elementor-element-6e55af1:not(.elementor-motion-effects-element-type-background), .e-loop-item-4336 .elementor-element.elementor-element-6e55af1 > .elementor-motion-effects-container > .elementor-motion-effects-layer{background-image:url(\"https:\/\/pawel.stefanoff.pl\/work\/wp-content\/uploads\/2026\/01\/Lineas-abstractas.avif\");}<\/style>\t\t<div data-elementor-type=\"loop-item\" data-elementor-id=\"4715\" class=\"elementor elementor-4715 e-loop-item e-loop-item-4336 post-4336 publikacje type-publikacje status-publish has-post-thumbnail hentry\" data-elementor-post-type=\"elementor_library\" data-custom-edit-handle=\"1\">\n\t\t\t<div class=\"elementor-element elementor-element-6e55af1 e-flex e-con-boxed e-con e-parent\" data-id=\"6e55af1\" data-element_type=\"container\" data-e-type=\"container\" data-settings=\"{&quot;background_background&quot;:&quot;classic&quot;}\">\n\t\t\t\t\t<div class=\"e-con-inner\">\n\t\t\t\t<div class=\"elementor-element elementor-element-1ff8dc0 elementor-widget elementor-widget-theme-post-title elementor-page-title elementor-widget-heading\" data-id=\"1ff8dc0\" data-element_type=\"widget\" data-e-type=\"widget\" data-widget_type=\"theme-post-title.default\">\n\t\t\t\t\t<h1 class=\"elementor-heading-title elementor-size-default\">En Noruega existe una alta confianza general en la vacunaci\u00f3n infantil, aunque algo menor entre los desempleados y las personas con un menor nivel educativo<\/h1>\t\t\t\t<\/div>\n\t\t\t\t<div class=\"elementor-element elementor-element-34d9c11 elementor-widget elementor-widget-theme-post-excerpt\" data-id=\"34d9c11\" data-element_type=\"widget\" data-e-type=\"widget\" data-widget_type=\"theme-post-excerpt.default\">\n\t\t\t\t\tArt\u00edculo en ingl\u00e9s publicado en la revista Vaccine\t\t\t\t<\/div>\n\t\t\t\t<div class=\"elementor-element elementor-element-fe5308e elementor-align-justify elementor-widget elementor-widget-button\" data-id=\"fe5308e\" data-element_type=\"widget\" data-e-type=\"widget\" data-widget_type=\"button.default\">\n\t\t\t\t\t\t\t\t\t\t<a class=\"elementor-button elementor-button-link elementor-size-sm\" href=\"https:\/\/pawel.stefanoff.pl\/work\/es\/articles\/article-2020-vacc-confid-es\/\">\n\t\t\t\t\t\t<span class=\"elementor-button-content-wrapper\">\n\t\t\t\t\t\t\t\t\t<span class=\"elementor-button-text\">Ver m\u00e1s<\/span>\n\t\t\t\t\t<\/span>\n\t\t\t\t\t<\/a>\n\t\t\t\t\t\t\t\t<\/div>\n\t\t\t\t\t<\/div>\n\t\t\t\t<\/div>\n\t\t\t\t<\/div>\n\t\t<style id=\"loop-dynamic-4715\">.e-loop-item-891 .elementor-element.elementor-element-6e55af1:not(.elementor-motion-effects-element-type-background), .e-loop-item-891 .elementor-element.elementor-element-6e55af1 > .elementor-motion-effects-container > .elementor-motion-effects-layer{background-image:url(\"https:\/\/pawel.stefanoff.pl\/work\/wp-content\/uploads\/2026\/01\/Lineas-abstractas.avif\");}<\/style>\t\t<div data-elementor-type=\"loop-item\" data-elementor-id=\"4715\" class=\"elementor elementor-4715 e-loop-item e-loop-item-891 post-891 publikacje type-publikacje status-publish has-post-thumbnail hentry\" data-elementor-post-type=\"elementor_library\" data-custom-edit-handle=\"1\">\n\t\t\t<div class=\"elementor-element elementor-element-6e55af1 e-flex e-con-boxed e-con e-parent\" data-id=\"6e55af1\" data-element_type=\"container\" data-e-type=\"container\" data-settings=\"{&quot;background_background&quot;:&quot;classic&quot;}\">\n\t\t\t\t\t<div class=\"e-con-inner\">\n\t\t\t\t<div class=\"elementor-element elementor-element-1ff8dc0 elementor-widget elementor-widget-theme-post-title elementor-page-title elementor-widget-heading\" data-id=\"1ff8dc0\" data-element_type=\"widget\" data-e-type=\"widget\" data-widget_type=\"theme-post-title.default\">\n\t\t\t\t\t<h1 class=\"elementor-heading-title elementor-size-default\">High overall confidence in childhood vaccination in Norway, slightly lower among the unemployed and those with a lower level of education<\/h1>\t\t\t\t<\/div>\n\t\t\t\t<div class=\"elementor-element elementor-element-34d9c11 elementor-widget elementor-widget-theme-post-excerpt\" data-id=\"34d9c11\" data-element_type=\"widget\" data-e-type=\"widget\" data-widget_type=\"theme-post-excerpt.default\">\n\t\t\t\t\tArticle in English published in the journal Vaccine\t\t\t\t<\/div>\n\t\t\t\t<div class=\"elementor-element elementor-element-fe5308e elementor-align-justify elementor-widget elementor-widget-button\" data-id=\"fe5308e\" data-element_type=\"widget\" data-e-type=\"widget\" data-widget_type=\"button.default\">\n\t\t\t\t\t\t\t\t\t\t<a class=\"elementor-button elementor-button-link elementor-size-sm\" href=\"https:\/\/pawel.stefanoff.pl\/work\/articles\/article-2020-vacc-confid-en\/\">\n\t\t\t\t\t\t<span class=\"elementor-button-content-wrapper\">\n\t\t\t\t\t\t\t\t\t<span class=\"elementor-button-text\">Ver m\u00e1s<\/span>\n\t\t\t\t\t<\/span>\n\t\t\t\t\t<\/a>\n\t\t\t\t\t\t\t\t<\/div>\n\t\t\t\t\t<\/div>\n\t\t\t\t<\/div>\n\t\t\t\t<\/div>\n\t\t<style id=\"loop-dynamic-4715\">.e-loop-item-889 .elementor-element.elementor-element-6e55af1:not(.elementor-motion-effects-element-type-background), .e-loop-item-889 .elementor-element.elementor-element-6e55af1 > .elementor-motion-effects-container > .elementor-motion-effects-layer{background-image:url(\"https:\/\/pawel.stefanoff.pl\/work\/wp-content\/uploads\/2026\/01\/Lineas-abstractas.avif\");}<\/style>\t\t<div data-elementor-type=\"loop-item\" data-elementor-id=\"4715\" class=\"elementor elementor-4715 e-loop-item e-loop-item-889 post-889 publikacje type-publikacje status-publish has-post-thumbnail hentry\" data-elementor-post-type=\"elementor_library\" data-custom-edit-handle=\"1\">\n\t\t\t<div class=\"elementor-element elementor-element-6e55af1 e-flex e-con-boxed e-con e-parent\" data-id=\"6e55af1\" data-element_type=\"container\" data-e-type=\"container\" data-settings=\"{&quot;background_background&quot;:&quot;classic&quot;}\">\n\t\t\t\t\t<div class=\"e-con-inner\">\n\t\t\t\t<div class=\"elementor-element elementor-element-1ff8dc0 elementor-widget elementor-widget-theme-post-title elementor-page-title elementor-widget-heading\" data-id=\"1ff8dc0\" data-element_type=\"widget\" data-e-type=\"widget\" data-widget_type=\"theme-post-title.default\">\n\t\t\t\t\t<h1 class=\"elementor-heading-title elementor-size-default\">Wysoki og\u00f3lny poziom zaufania do szczepie\u0144 dzieci w Norwegii, nieco ni\u017cszy w\u015br\u00f3d bezrobotnych i os\u00f3b o ni\u017cszym poziomie wykszta\u0142cenia<\/h1>\t\t\t\t<\/div>\n\t\t\t\t<div class=\"elementor-element elementor-element-34d9c11 elementor-widget elementor-widget-theme-post-excerpt\" data-id=\"34d9c11\" data-element_type=\"widget\" data-e-type=\"widget\" data-widget_type=\"theme-post-excerpt.default\">\n\t\t\t\t\tArtyku\u0142 w j\u0119zyku angielskim opublikowany w czasopi\u015bmie Vaccine\t\t\t\t<\/div>\n\t\t\t\t<div class=\"elementor-element elementor-element-fe5308e elementor-align-justify elementor-widget elementor-widget-button\" data-id=\"fe5308e\" data-element_type=\"widget\" data-e-type=\"widget\" data-widget_type=\"button.default\">\n\t\t\t\t\t\t\t\t\t\t<a class=\"elementor-button elementor-button-link elementor-size-sm\" href=\"https:\/\/pawel.stefanoff.pl\/work\/pl\/articles\/article-2020-vacc-confid-pl\/\">\n\t\t\t\t\t\t<span class=\"elementor-button-content-wrapper\">\n\t\t\t\t\t\t\t\t\t<span class=\"elementor-button-text\">Ver m\u00e1s<\/span>\n\t\t\t\t\t<\/span>\n\t\t\t\t\t<\/a>\n\t\t\t\t\t\t\t\t<\/div>\n\t\t\t\t\t<\/div>\n\t\t\t\t<\/div>\n\t\t\t\t<\/div>\n\t\t<style id=\"loop-dynamic-4715\">.e-loop-item-4337 .elementor-element.elementor-element-6e55af1:not(.elementor-motion-effects-element-type-background), .e-loop-item-4337 .elementor-element.elementor-element-6e55af1 > .elementor-motion-effects-container > .elementor-motion-effects-layer{background-image:url(\"https:\/\/pawel.stefanoff.pl\/work\/wp-content\/uploads\/2026\/01\/Lineas-abstractas.avif\");}<\/style>\t\t<div data-elementor-type=\"loop-item\" data-elementor-id=\"4715\" class=\"elementor elementor-4715 e-loop-item e-loop-item-4337 post-4337 publikacje type-publikacje status-publish has-post-thumbnail hentry\" data-elementor-post-type=\"elementor_library\" data-custom-edit-handle=\"1\">\n\t\t\t<div class=\"elementor-element elementor-element-6e55af1 e-flex e-con-boxed e-con e-parent\" data-id=\"6e55af1\" data-element_type=\"container\" data-e-type=\"container\" data-settings=\"{&quot;background_background&quot;:&quot;classic&quot;}\">\n\t\t\t\t\t<div class=\"e-con-inner\">\n\t\t\t\t<div class=\"elementor-element elementor-element-1ff8dc0 elementor-widget elementor-widget-theme-post-title elementor-page-title elementor-widget-heading\" data-id=\"1ff8dc0\" data-element_type=\"widget\" data-e-type=\"widget\" data-widget_type=\"theme-post-title.default\">\n\t\t\t\t\t<h1 class=\"elementor-heading-title elementor-size-default\">Exploraci\u00f3n de los factores que mejoran el apoyo a las vacunas entre los m\u00e9dicos de atenci\u00f3n primaria en Polonia<\/h1>\t\t\t\t<\/div>\n\t\t\t\t<div class=\"elementor-element elementor-element-34d9c11 elementor-widget elementor-widget-theme-post-excerpt\" data-id=\"34d9c11\" data-element_type=\"widget\" data-e-type=\"widget\" data-widget_type=\"theme-post-excerpt.default\">\n\t\t\t\t\tArt\u00edculo en ingl\u00e9s publicado en la revista PloS One\t\t\t\t<\/div>\n\t\t\t\t<div class=\"elementor-element elementor-element-fe5308e elementor-align-justify elementor-widget elementor-widget-button\" data-id=\"fe5308e\" data-element_type=\"widget\" data-e-type=\"widget\" data-widget_type=\"button.default\">\n\t\t\t\t\t\t\t\t\t\t<a class=\"elementor-button elementor-button-link elementor-size-sm\" href=\"https:\/\/pawel.stefanoff.pl\/work\/es\/articles\/article-2020-gp-support-vacc-es\/\">\n\t\t\t\t\t\t<span class=\"elementor-button-content-wrapper\">\n\t\t\t\t\t\t\t\t\t<span class=\"elementor-button-text\">Ver m\u00e1s<\/span>\n\t\t\t\t\t<\/span>\n\t\t\t\t\t<\/a>\n\t\t\t\t\t\t\t\t<\/div>\n\t\t\t\t\t<\/div>\n\t\t\t\t<\/div>\n\t\t\t\t<\/div>\n\t\t<style id=\"loop-dynamic-4715\">.e-loop-item-896 .elementor-element.elementor-element-6e55af1:not(.elementor-motion-effects-element-type-background), .e-loop-item-896 .elementor-element.elementor-element-6e55af1 > .elementor-motion-effects-container > .elementor-motion-effects-layer{background-image:url(\"https:\/\/pawel.stefanoff.pl\/work\/wp-content\/uploads\/2026\/01\/Lineas-abstractas.avif\");}<\/style>\t\t<div data-elementor-type=\"loop-item\" data-elementor-id=\"4715\" class=\"elementor elementor-4715 e-loop-item e-loop-item-896 post-896 publikacje type-publikacje status-publish has-post-thumbnail hentry\" data-elementor-post-type=\"elementor_library\" data-custom-edit-handle=\"1\">\n\t\t\t<div class=\"elementor-element elementor-element-6e55af1 e-flex e-con-boxed e-con e-parent\" data-id=\"6e55af1\" data-element_type=\"container\" data-e-type=\"container\" data-settings=\"{&quot;background_background&quot;:&quot;classic&quot;}\">\n\t\t\t\t\t<div class=\"e-con-inner\">\n\t\t\t\t<div class=\"elementor-element elementor-element-1ff8dc0 elementor-widget elementor-widget-theme-post-title elementor-page-title elementor-widget-heading\" data-id=\"1ff8dc0\" data-element_type=\"widget\" data-e-type=\"widget\" data-widget_type=\"theme-post-title.default\">\n\t\t\t\t\t<h1 class=\"elementor-heading-title elementor-size-default\">Exploring factors improving support for vaccinations among Polish primary care physicians<\/h1>\t\t\t\t<\/div>\n\t\t\t\t<div class=\"elementor-element elementor-element-34d9c11 elementor-widget elementor-widget-theme-post-excerpt\" data-id=\"34d9c11\" data-element_type=\"widget\" data-e-type=\"widget\" data-widget_type=\"theme-post-excerpt.default\">\n\t\t\t\t\tArticle in English published in the journal PLoS One\t\t\t\t<\/div>\n\t\t\t\t<div class=\"elementor-element elementor-element-fe5308e elementor-align-justify elementor-widget elementor-widget-button\" data-id=\"fe5308e\" data-element_type=\"widget\" data-e-type=\"widget\" data-widget_type=\"button.default\">\n\t\t\t\t\t\t\t\t\t\t<a class=\"elementor-button elementor-button-link elementor-size-sm\" href=\"https:\/\/pawel.stefanoff.pl\/work\/articles\/article-2020-gp-support-vacc-en\/\">\n\t\t\t\t\t\t<span class=\"elementor-button-content-wrapper\">\n\t\t\t\t\t\t\t\t\t<span class=\"elementor-button-text\">Ver m\u00e1s<\/span>\n\t\t\t\t\t<\/span>\n\t\t\t\t\t<\/a>\n\t\t\t\t\t\t\t\t<\/div>\n\t\t\t\t\t<\/div>\n\t\t\t\t<\/div>\n\t\t\t\t<\/div>\n\t\t<style id=\"loop-dynamic-4715\">.e-loop-item-892 .elementor-element.elementor-element-6e55af1:not(.elementor-motion-effects-element-type-background), .e-loop-item-892 .elementor-element.elementor-element-6e55af1 > .elementor-motion-effects-container > .elementor-motion-effects-layer{background-image:url(\"https:\/\/pawel.stefanoff.pl\/work\/wp-content\/uploads\/2026\/01\/Lineas-abstractas.avif\");}<\/style>\t\t<div data-elementor-type=\"loop-item\" data-elementor-id=\"4715\" class=\"elementor elementor-4715 e-loop-item e-loop-item-892 post-892 publikacje type-publikacje status-publish has-post-thumbnail hentry\" data-elementor-post-type=\"elementor_library\" data-custom-edit-handle=\"1\">\n\t\t\t<div class=\"elementor-element elementor-element-6e55af1 e-flex e-con-boxed e-con e-parent\" data-id=\"6e55af1\" data-element_type=\"container\" data-e-type=\"container\" data-settings=\"{&quot;background_background&quot;:&quot;classic&quot;}\">\n\t\t\t\t\t<div class=\"e-con-inner\">\n\t\t\t\t<div class=\"elementor-element elementor-element-1ff8dc0 elementor-widget elementor-widget-theme-post-title elementor-page-title elementor-widget-heading\" data-id=\"1ff8dc0\" data-element_type=\"widget\" data-e-type=\"widget\" data-widget_type=\"theme-post-title.default\">\n\t\t\t\t\t<h1 class=\"elementor-heading-title elementor-size-default\">Czynniki wp\u0142ywaj\u0105ce na popraw\u0119 poparcia dla szczepie\u0144 w\u015br\u00f3d polskich lekarzy podstawowej opieki zdrowotnej<\/h1>\t\t\t\t<\/div>\n\t\t\t\t<div class=\"elementor-element elementor-element-34d9c11 elementor-widget elementor-widget-theme-post-excerpt\" data-id=\"34d9c11\" data-element_type=\"widget\" data-e-type=\"widget\" data-widget_type=\"theme-post-excerpt.default\">\n\t\t\t\t\tArtyku\u0142 w j\u0119zyku angielskim opublikowany w czasopi\u015bmie PLoS One\t\t\t\t<\/div>\n\t\t\t\t<div class=\"elementor-element elementor-element-fe5308e elementor-align-justify elementor-widget elementor-widget-button\" data-id=\"fe5308e\" data-element_type=\"widget\" data-e-type=\"widget\" data-widget_type=\"button.default\">\n\t\t\t\t\t\t\t\t\t\t<a class=\"elementor-button elementor-button-link elementor-size-sm\" href=\"https:\/\/pawel.stefanoff.pl\/work\/pl\/articles\/article-2020-gp-support-vacc-pl\/\">\n\t\t\t\t\t\t<span class=\"elementor-button-content-wrapper\">\n\t\t\t\t\t\t\t\t\t<span class=\"elementor-button-text\">Ver m\u00e1s<\/span>\n\t\t\t\t\t<\/span>\n\t\t\t\t\t<\/a>\n\t\t\t\t\t\t\t\t<\/div>\n\t\t\t\t\t<\/div>\n\t\t\t\t<\/div>\n\t\t\t\t<\/div>\n\t\t<style id=\"loop-dynamic-4715\">.e-loop-item-4339 .elementor-element.elementor-element-6e55af1:not(.elementor-motion-effects-element-type-background), .e-loop-item-4339 .elementor-element.elementor-element-6e55af1 > .elementor-motion-effects-container > .elementor-motion-effects-layer{background-image:url(\"https:\/\/pawel.stefanoff.pl\/work\/wp-content\/uploads\/2026\/01\/Lineas-abstractas.avif\");}<\/style>\t\t<div data-elementor-type=\"loop-item\" data-elementor-id=\"4715\" class=\"elementor elementor-4715 e-loop-item e-loop-item-4339 post-4339 publikacje type-publikacje status-publish has-post-thumbnail hentry\" data-elementor-post-type=\"elementor_library\" data-custom-edit-handle=\"1\">\n\t\t\t<div class=\"elementor-element elementor-element-6e55af1 e-flex e-con-boxed e-con e-parent\" data-id=\"6e55af1\" data-element_type=\"container\" data-e-type=\"container\" data-settings=\"{&quot;background_background&quot;:&quot;classic&quot;}\">\n\t\t\t\t\t<div class=\"e-con-inner\">\n\t\t\t\t<div class=\"elementor-element elementor-element-1ff8dc0 elementor-widget elementor-widget-theme-post-title elementor-page-title elementor-widget-heading\" data-id=\"1ff8dc0\" data-element_type=\"widget\" data-e-type=\"widget\" data-widget_type=\"theme-post-title.default\">\n\t\t\t\t\t<h1 class=\"elementor-heading-title elementor-size-default\">Meningitis neumoc\u00f3cica antes de la introducci\u00f3n de la vacuna conjugada neumoc\u00f3cica decavalente en el Programa Nacional de Inmunizaci\u00f3n en Polonia.<\/h1>\t\t\t\t<\/div>\n\t\t\t\t<div class=\"elementor-element elementor-element-34d9c11 elementor-widget elementor-widget-theme-post-excerpt\" data-id=\"34d9c11\" data-element_type=\"widget\" data-e-type=\"widget\" data-widget_type=\"theme-post-excerpt.default\">\n\t\t\t\t\tArt\u00edculo en ingl\u00e9s publicado en la revista Vaccine\t\t\t\t<\/div>\n\t\t\t\t<div class=\"elementor-element elementor-element-fe5308e elementor-align-justify elementor-widget elementor-widget-button\" data-id=\"fe5308e\" data-element_type=\"widget\" data-e-type=\"widget\" data-widget_type=\"button.default\">\n\t\t\t\t\t\t\t\t\t\t<a class=\"elementor-button elementor-button-link elementor-size-sm\" href=\"https:\/\/pawel.stefanoff.pl\/work\/es\/articles\/article-2019-pneumo-burden-es\/\">\n\t\t\t\t\t\t<span class=\"elementor-button-content-wrapper\">\n\t\t\t\t\t\t\t\t\t<span class=\"elementor-button-text\">Ver m\u00e1s<\/span>\n\t\t\t\t\t<\/span>\n\t\t\t\t\t<\/a>\n\t\t\t\t\t\t\t\t<\/div>\n\t\t\t\t\t<\/div>\n\t\t\t\t<\/div>\n\t\t\t\t<\/div>\n\t\t<style id=\"loop-dynamic-4715\">.e-loop-item-916 .elementor-element.elementor-element-6e55af1:not(.elementor-motion-effects-element-type-background), .e-loop-item-916 .elementor-element.elementor-element-6e55af1 > .elementor-motion-effects-container > .elementor-motion-effects-layer{background-image:url(\"https:\/\/pawel.stefanoff.pl\/work\/wp-content\/uploads\/2026\/01\/Lineas-abstractas.avif\");}<\/style>\t\t<div data-elementor-type=\"loop-item\" data-elementor-id=\"4715\" class=\"elementor elementor-4715 e-loop-item e-loop-item-916 post-916 publikacje type-publikacje status-publish has-post-thumbnail hentry\" data-elementor-post-type=\"elementor_library\" data-custom-edit-handle=\"1\">\n\t\t\t<div class=\"elementor-element elementor-element-6e55af1 e-flex e-con-boxed e-con e-parent\" data-id=\"6e55af1\" data-element_type=\"container\" data-e-type=\"container\" data-settings=\"{&quot;background_background&quot;:&quot;classic&quot;}\">\n\t\t\t\t\t<div class=\"e-con-inner\">\n\t\t\t\t<div class=\"elementor-element elementor-element-1ff8dc0 elementor-widget elementor-widget-theme-post-title elementor-page-title elementor-widget-heading\" data-id=\"1ff8dc0\" data-element_type=\"widget\" data-e-type=\"widget\" data-widget_type=\"theme-post-title.default\">\n\t\t\t\t\t<h1 class=\"elementor-heading-title elementor-size-default\">Pneumococcal meningitis before the introduction of 10-valent pneumococcal conjugate vaccine into the National Childhood Immunization Program in Poland<\/h1>\t\t\t\t<\/div>\n\t\t\t\t<div class=\"elementor-element elementor-element-34d9c11 elementor-widget elementor-widget-theme-post-excerpt\" data-id=\"34d9c11\" data-element_type=\"widget\" data-e-type=\"widget\" data-widget_type=\"theme-post-excerpt.default\">\n\t\t\t\t\tArticle in English published in the journal Vaccine\t\t\t\t<\/div>\n\t\t\t\t<div class=\"elementor-element elementor-element-fe5308e elementor-align-justify elementor-widget elementor-widget-button\" data-id=\"fe5308e\" data-element_type=\"widget\" data-e-type=\"widget\" data-widget_type=\"button.default\">\n\t\t\t\t\t\t\t\t\t\t<a class=\"elementor-button elementor-button-link elementor-size-sm\" href=\"https:\/\/pawel.stefanoff.pl\/work\/articles\/article-2019-pneumo-burden-en\/\">\n\t\t\t\t\t\t<span class=\"elementor-button-content-wrapper\">\n\t\t\t\t\t\t\t\t\t<span class=\"elementor-button-text\">Ver m\u00e1s<\/span>\n\t\t\t\t\t<\/span>\n\t\t\t\t\t<\/a>\n\t\t\t\t\t\t\t\t<\/div>\n\t\t\t\t\t<\/div>\n\t\t\t\t<\/div>\n\t\t\t\t<\/div>\n\t\t<style id=\"loop-dynamic-4715\">.e-loop-item-914 .elementor-element.elementor-element-6e55af1:not(.elementor-motion-effects-element-type-background), .e-loop-item-914 .elementor-element.elementor-element-6e55af1 > .elementor-motion-effects-container > .elementor-motion-effects-layer{background-image:url(\"https:\/\/pawel.stefanoff.pl\/work\/wp-content\/uploads\/2026\/01\/Lineas-abstractas.avif\");}<\/style>\t\t<div data-elementor-type=\"loop-item\" data-elementor-id=\"4715\" class=\"elementor elementor-4715 e-loop-item e-loop-item-914 post-914 publikacje type-publikacje status-publish has-post-thumbnail hentry\" data-elementor-post-type=\"elementor_library\" data-custom-edit-handle=\"1\">\n\t\t\t<div class=\"elementor-element elementor-element-6e55af1 e-flex e-con-boxed e-con e-parent\" data-id=\"6e55af1\" data-element_type=\"container\" data-e-type=\"container\" data-settings=\"{&quot;background_background&quot;:&quot;classic&quot;}\">\n\t\t\t\t\t<div class=\"e-con-inner\">\n\t\t\t\t<div class=\"elementor-element elementor-element-1ff8dc0 elementor-widget elementor-widget-theme-post-title elementor-page-title elementor-widget-heading\" data-id=\"1ff8dc0\" data-element_type=\"widget\" data-e-type=\"widget\" data-widget_type=\"theme-post-title.default\">\n\t\t\t\t\t<h1 class=\"elementor-heading-title elementor-size-default\">Pneumokokowe zapalenie opon m\u00f3zgowo-rdzeniowych przed wprowadzeniem 10-walentnej skoniugowanej szczepionki przeciw pneumokokom do Narodowego Programu Szczepie\u0144 Ochronnych w Polsce<\/h1>\t\t\t\t<\/div>\n\t\t\t\t<div class=\"elementor-element elementor-element-34d9c11 elementor-widget elementor-widget-theme-post-excerpt\" data-id=\"34d9c11\" data-element_type=\"widget\" data-e-type=\"widget\" data-widget_type=\"theme-post-excerpt.default\">\n\t\t\t\t\tArtyku\u0142 w j\u0119zyku angielskim opublikowany w czasopi\u015bmie Vaccine\t\t\t\t<\/div>\n\t\t\t\t<div class=\"elementor-element elementor-element-fe5308e elementor-align-justify elementor-widget elementor-widget-button\" data-id=\"fe5308e\" data-element_type=\"widget\" data-e-type=\"widget\" data-widget_type=\"button.default\">\n\t\t\t\t\t\t\t\t\t\t<a class=\"elementor-button elementor-button-link elementor-size-sm\" href=\"https:\/\/pawel.stefanoff.pl\/work\/pl\/articles\/article-2019-pneumo-burden-pl\/\">\n\t\t\t\t\t\t<span class=\"elementor-button-content-wrapper\">\n\t\t\t\t\t\t\t\t\t<span class=\"elementor-button-text\">Ver m\u00e1s<\/span>\n\t\t\t\t\t<\/span>\n\t\t\t\t\t<\/a>\n\t\t\t\t\t\t\t\t<\/div>\n\t\t\t\t\t<\/div>\n\t\t\t\t<\/div>\n\t\t\t\t<\/div>\n\t\t<style id=\"loop-dynamic-4715\">.e-loop-item-4341 .elementor-element.elementor-element-6e55af1:not(.elementor-motion-effects-element-type-background), .e-loop-item-4341 .elementor-element.elementor-element-6e55af1 > .elementor-motion-effects-container > .elementor-motion-effects-layer{background-image:url(\"https:\/\/pawel.stefanoff.pl\/work\/wp-content\/uploads\/2026\/01\/Lineas-abstractas.avif\");}<\/style>\t\t<div data-elementor-type=\"loop-item\" data-elementor-id=\"4715\" class=\"elementor elementor-4715 e-loop-item e-loop-item-4341 post-4341 publikacje type-publikacje status-publish has-post-thumbnail hentry\" data-elementor-post-type=\"elementor_library\" data-custom-edit-handle=\"1\">\n\t\t\t<div class=\"elementor-element elementor-element-6e55af1 e-flex e-con-boxed e-con e-parent\" data-id=\"6e55af1\" data-element_type=\"container\" data-e-type=\"container\" data-settings=\"{&quot;background_background&quot;:&quot;classic&quot;}\">\n\t\t\t\t\t<div class=\"e-con-inner\">\n\t\t\t\t<div class=\"elementor-element elementor-element-1ff8dc0 elementor-widget elementor-widget-theme-post-title elementor-page-title elementor-widget-heading\" data-id=\"1ff8dc0\" data-element_type=\"widget\" data-e-type=\"widget\" data-widget_type=\"theme-post-title.default\">\n\t\t\t\t\t<h1 class=\"elementor-heading-title elementor-size-default\">Aumento de las infestaciones de sarna en Noruega, de 2006 a 2018<\/h1>\t\t\t\t<\/div>\n\t\t\t\t<div class=\"elementor-element elementor-element-34d9c11 elementor-widget elementor-widget-theme-post-excerpt\" data-id=\"34d9c11\" data-element_type=\"widget\" data-e-type=\"widget\" data-widget_type=\"theme-post-excerpt.default\">\n\t\t\t\t\tArt\u00edculo en ingl\u00e9s publicado en la revista Eurosurveillance\t\t\t\t<\/div>\n\t\t\t\t<div class=\"elementor-element elementor-element-fe5308e elementor-align-justify elementor-widget elementor-widget-button\" data-id=\"fe5308e\" data-element_type=\"widget\" data-e-type=\"widget\" data-widget_type=\"button.default\">\n\t\t\t\t\t\t\t\t\t\t<a class=\"elementor-button elementor-button-link elementor-size-sm\" href=\"https:\/\/pawel.stefanoff.pl\/work\/es\/articles\/article-2019-scabies-es\/\">\n\t\t\t\t\t\t<span class=\"elementor-button-content-wrapper\">\n\t\t\t\t\t\t\t\t\t<span class=\"elementor-button-text\">Ver m\u00e1s<\/span>\n\t\t\t\t\t<\/span>\n\t\t\t\t\t<\/a>\n\t\t\t\t\t\t\t\t<\/div>\n\t\t\t\t\t<\/div>\n\t\t\t\t<\/div>\n\t\t\t\t<\/div>\n\t\t<style id=\"loop-dynamic-4715\">.e-loop-item-959 .elementor-element.elementor-element-6e55af1:not(.elementor-motion-effects-element-type-background), .e-loop-item-959 .elementor-element.elementor-element-6e55af1 > .elementor-motion-effects-container > .elementor-motion-effects-layer{background-image:url(\"https:\/\/pawel.stefanoff.pl\/work\/wp-content\/uploads\/2026\/01\/Lineas-abstractas.avif\");}<\/style>\t\t<div data-elementor-type=\"loop-item\" data-elementor-id=\"4715\" class=\"elementor elementor-4715 e-loop-item e-loop-item-959 post-959 publikacje type-publikacje status-publish has-post-thumbnail hentry\" data-elementor-post-type=\"elementor_library\" data-custom-edit-handle=\"1\">\n\t\t\t<div class=\"elementor-element elementor-element-6e55af1 e-flex e-con-boxed e-con e-parent\" data-id=\"6e55af1\" data-element_type=\"container\" data-e-type=\"container\" data-settings=\"{&quot;background_background&quot;:&quot;classic&quot;}\">\n\t\t\t\t\t<div class=\"e-con-inner\">\n\t\t\t\t<div class=\"elementor-element elementor-element-1ff8dc0 elementor-widget elementor-widget-theme-post-title elementor-page-title elementor-widget-heading\" data-id=\"1ff8dc0\" data-element_type=\"widget\" data-e-type=\"widget\" data-widget_type=\"theme-post-title.default\">\n\t\t\t\t\t<h1 class=\"elementor-heading-title elementor-size-default\">Increase of scabies infestations, Norway, 2006 to 2018<\/h1>\t\t\t\t<\/div>\n\t\t\t\t<div class=\"elementor-element elementor-element-34d9c11 elementor-widget elementor-widget-theme-post-excerpt\" data-id=\"34d9c11\" data-element_type=\"widget\" data-e-type=\"widget\" data-widget_type=\"theme-post-excerpt.default\">\n\t\t\t\t\tArticle in English published in the journal Eurosurveillance\t\t\t\t<\/div>\n\t\t\t\t<div class=\"elementor-element elementor-element-fe5308e elementor-align-justify elementor-widget elementor-widget-button\" data-id=\"fe5308e\" data-element_type=\"widget\" data-e-type=\"widget\" data-widget_type=\"button.default\">\n\t\t\t\t\t\t\t\t\t\t<a class=\"elementor-button elementor-button-link elementor-size-sm\" href=\"https:\/\/pawel.stefanoff.pl\/work\/articles\/article-2019-scabies-en\/\">\n\t\t\t\t\t\t<span class=\"elementor-button-content-wrapper\">\n\t\t\t\t\t\t\t\t\t<span class=\"elementor-button-text\">Ver m\u00e1s<\/span>\n\t\t\t\t\t<\/span>\n\t\t\t\t\t<\/a>\n\t\t\t\t\t\t\t\t<\/div>\n\t\t\t\t\t<\/div>\n\t\t\t\t<\/div>\n\t\t\t\t<\/div>\n\t\t<style id=\"loop-dynamic-4715\">.e-loop-item-943 .elementor-element.elementor-element-6e55af1:not(.elementor-motion-effects-element-type-background), .e-loop-item-943 .elementor-element.elementor-element-6e55af1 > .elementor-motion-effects-container > .elementor-motion-effects-layer{background-image:url(\"https:\/\/pawel.stefanoff.pl\/work\/wp-content\/uploads\/2026\/01\/Lineas-abstractas.avif\");}<\/style>\t\t<div data-elementor-type=\"loop-item\" data-elementor-id=\"4715\" class=\"elementor elementor-4715 e-loop-item e-loop-item-943 post-943 publikacje type-publikacje status-publish has-post-thumbnail hentry\" data-elementor-post-type=\"elementor_library\" data-custom-edit-handle=\"1\">\n\t\t\t<div class=\"elementor-element elementor-element-6e55af1 e-flex e-con-boxed e-con e-parent\" data-id=\"6e55af1\" data-element_type=\"container\" data-e-type=\"container\" data-settings=\"{&quot;background_background&quot;:&quot;classic&quot;}\">\n\t\t\t\t\t<div class=\"e-con-inner\">\n\t\t\t\t<div class=\"elementor-element elementor-element-1ff8dc0 elementor-widget elementor-widget-theme-post-title elementor-page-title elementor-widget-heading\" data-id=\"1ff8dc0\" data-element_type=\"widget\" data-e-type=\"widget\" data-widget_type=\"theme-post-title.default\">\n\t\t\t\t\t<h1 class=\"elementor-heading-title elementor-size-default\">Wzrost zachorowa\u0144 na \u015bwierzb w Norwegii w latach 2006\u20132018<\/h1>\t\t\t\t<\/div>\n\t\t\t\t<div class=\"elementor-element elementor-element-34d9c11 elementor-widget elementor-widget-theme-post-excerpt\" data-id=\"34d9c11\" data-element_type=\"widget\" data-e-type=\"widget\" data-widget_type=\"theme-post-excerpt.default\">\n\t\t\t\t\tArtyku\u0142 w j\u0119zyku angielskim opublikowany w czasopi\u015bmie Eurosurveillance\t\t\t\t<\/div>\n\t\t\t\t<div class=\"elementor-element elementor-element-fe5308e elementor-align-justify elementor-widget elementor-widget-button\" data-id=\"fe5308e\" data-element_type=\"widget\" data-e-type=\"widget\" data-widget_type=\"button.default\">\n\t\t\t\t\t\t\t\t\t\t<a class=\"elementor-button elementor-button-link elementor-size-sm\" href=\"https:\/\/pawel.stefanoff.pl\/work\/pl\/articles\/article-2019-scabies-pl\/\">\n\t\t\t\t\t\t<span class=\"elementor-button-content-wrapper\">\n\t\t\t\t\t\t\t\t\t<span class=\"elementor-button-text\">Ver m\u00e1s<\/span>\n\t\t\t\t\t<\/span>\n\t\t\t\t\t<\/a>\n\t\t\t\t\t\t\t\t<\/div>\n\t\t\t\t\t<\/div>\n\t\t\t\t<\/div>\n\t\t\t\t<\/div>\n\t\t<style id=\"loop-dynamic-4715\">.e-loop-item-4342 .elementor-element.elementor-element-6e55af1:not(.elementor-motion-effects-element-type-background), .e-loop-item-4342 .elementor-element.elementor-element-6e55af1 > .elementor-motion-effects-container > .elementor-motion-effects-layer{background-image:url(\"https:\/\/pawel.stefanoff.pl\/work\/wp-content\/uploads\/2026\/01\/Lineas-abstractas.avif\");}<\/style>\t\t<div data-elementor-type=\"loop-item\" data-elementor-id=\"4715\" class=\"elementor elementor-4715 e-loop-item e-loop-item-4342 post-4342 publikacje type-publikacje status-publish has-post-thumbnail hentry\" data-elementor-post-type=\"elementor_library\" data-custom-edit-handle=\"1\">\n\t\t\t<div class=\"elementor-element elementor-element-6e55af1 e-flex e-con-boxed e-con e-parent\" data-id=\"6e55af1\" data-element_type=\"container\" data-e-type=\"container\" data-settings=\"{&quot;background_background&quot;:&quot;classic&quot;}\">\n\t\t\t\t\t<div class=\"e-con-inner\">\n\t\t\t\t<div class=\"elementor-element elementor-element-1ff8dc0 elementor-widget elementor-widget-theme-post-title elementor-page-title elementor-widget-heading\" data-id=\"1ff8dc0\" data-element_type=\"widget\" data-e-type=\"widget\" data-widget_type=\"theme-post-title.default\">\n\t\t\t\t\t<h1 class=\"elementor-heading-title elementor-size-default\">Asociaci\u00f3n entre la exposici\u00f3n a una mezcla de fenoles, pesticidas y ftalatos y la obesidad: comparaci\u00f3n de tres modelos estad\u00edsticos.<\/h1>\t\t\t\t<\/div>\n\t\t\t\t<div class=\"elementor-element elementor-element-34d9c11 elementor-widget elementor-widget-theme-post-excerpt\" data-id=\"34d9c11\" data-element_type=\"widget\" data-e-type=\"widget\" data-widget_type=\"theme-post-excerpt.default\">\n\t\t\t\t\tArt\u00edculo en ingl\u00e9s publicado en la revista Environment International\t\t\t\t<\/div>\n\t\t\t\t<div class=\"elementor-element elementor-element-fe5308e elementor-align-justify elementor-widget elementor-widget-button\" data-id=\"fe5308e\" data-element_type=\"widget\" data-e-type=\"widget\" data-widget_type=\"button.default\">\n\t\t\t\t\t\t\t\t\t\t<a class=\"elementor-button elementor-button-link elementor-size-sm\" href=\"https:\/\/pawel.stefanoff.pl\/work\/es\/articles\/article-2019-exposure-phenols-es\/\">\n\t\t\t\t\t\t<span class=\"elementor-button-content-wrapper\">\n\t\t\t\t\t\t\t\t\t<span class=\"elementor-button-text\">Ver m\u00e1s<\/span>\n\t\t\t\t\t<\/span>\n\t\t\t\t\t<\/a>\n\t\t\t\t\t\t\t\t<\/div>\n\t\t\t\t\t<\/div>\n\t\t\t\t<\/div>\n\t\t\t\t<\/div>\n\t\t<style id=\"loop-dynamic-4715\">.e-loop-item-939 .elementor-element.elementor-element-6e55af1:not(.elementor-motion-effects-element-type-background), .e-loop-item-939 .elementor-element.elementor-element-6e55af1 > .elementor-motion-effects-container > .elementor-motion-effects-layer{background-image:url(\"https:\/\/pawel.stefanoff.pl\/work\/wp-content\/uploads\/2026\/01\/Lineas-abstractas.avif\");}<\/style>\t\t<div data-elementor-type=\"loop-item\" data-elementor-id=\"4715\" class=\"elementor elementor-4715 e-loop-item e-loop-item-939 post-939 publikacje type-publikacje status-publish has-post-thumbnail hentry\" data-elementor-post-type=\"elementor_library\" data-custom-edit-handle=\"1\">\n\t\t\t<div class=\"elementor-element elementor-element-6e55af1 e-flex e-con-boxed e-con e-parent\" data-id=\"6e55af1\" data-element_type=\"container\" data-e-type=\"container\" data-settings=\"{&quot;background_background&quot;:&quot;classic&quot;}\">\n\t\t\t\t\t<div class=\"e-con-inner\">\n\t\t\t\t<div class=\"elementor-element elementor-element-1ff8dc0 elementor-widget elementor-widget-theme-post-title elementor-page-title elementor-widget-heading\" data-id=\"1ff8dc0\" data-element_type=\"widget\" data-e-type=\"widget\" data-widget_type=\"theme-post-title.default\">\n\t\t\t\t\t<h1 class=\"elementor-heading-title elementor-size-default\">Association between exposure to a mixture of phenols, pesticides, and phthalates and obesity: Comparison of three statistical models<\/h1>\t\t\t\t<\/div>\n\t\t\t\t<div class=\"elementor-element elementor-element-34d9c11 elementor-widget elementor-widget-theme-post-excerpt\" data-id=\"34d9c11\" data-element_type=\"widget\" data-e-type=\"widget\" data-widget_type=\"theme-post-excerpt.default\">\n\t\t\t\t\tArticle in English published in the journal Environment International\t\t\t\t<\/div>\n\t\t\t\t<div class=\"elementor-element elementor-element-fe5308e elementor-align-justify elementor-widget elementor-widget-button\" data-id=\"fe5308e\" data-element_type=\"widget\" data-e-type=\"widget\" data-widget_type=\"button.default\">\n\t\t\t\t\t\t\t\t\t\t<a class=\"elementor-button elementor-button-link elementor-size-sm\" href=\"https:\/\/pawel.stefanoff.pl\/work\/articles\/article-2019-exposure-phenols-en\/\">\n\t\t\t\t\t\t<span class=\"elementor-button-content-wrapper\">\n\t\t\t\t\t\t\t\t\t<span class=\"elementor-button-text\">Ver m\u00e1s<\/span>\n\t\t\t\t\t<\/span>\n\t\t\t\t\t<\/a>\n\t\t\t\t\t\t\t\t<\/div>\n\t\t\t\t\t<\/div>\n\t\t\t\t<\/div>\n\t\t\t\t<\/div>\n\t\t<style id=\"loop-dynamic-4715\">.e-loop-item-920 .elementor-element.elementor-element-6e55af1:not(.elementor-motion-effects-element-type-background), .e-loop-item-920 .elementor-element.elementor-element-6e55af1 > .elementor-motion-effects-container > .elementor-motion-effects-layer{background-image:url(\"https:\/\/pawel.stefanoff.pl\/work\/wp-content\/uploads\/2026\/01\/Lineas-abstractas.avif\");}<\/style>\t\t<div data-elementor-type=\"loop-item\" data-elementor-id=\"4715\" class=\"elementor elementor-4715 e-loop-item e-loop-item-920 post-920 publikacje type-publikacje status-publish has-post-thumbnail hentry\" data-elementor-post-type=\"elementor_library\" data-custom-edit-handle=\"1\">\n\t\t\t<div class=\"elementor-element elementor-element-6e55af1 e-flex e-con-boxed e-con e-parent\" data-id=\"6e55af1\" data-element_type=\"container\" data-e-type=\"container\" data-settings=\"{&quot;background_background&quot;:&quot;classic&quot;}\">\n\t\t\t\t\t<div class=\"e-con-inner\">\n\t\t\t\t<div class=\"elementor-element elementor-element-1ff8dc0 elementor-widget elementor-widget-theme-post-title elementor-page-title elementor-widget-heading\" data-id=\"1ff8dc0\" data-element_type=\"widget\" data-e-type=\"widget\" data-widget_type=\"theme-post-title.default\">\n\t\t\t\t\t<h1 class=\"elementor-heading-title elementor-size-default\">Zwi\u0105zek mi\u0119dzy nara\u017ceniem na mieszank\u0119 fenoli, pestycyd\u00f3w i ftalan\u00f3w a oty\u0142o\u015bci\u0105: por\u00f3wnanie trzech modeli statystycznych<\/h1>\t\t\t\t<\/div>\n\t\t\t\t<div class=\"elementor-element elementor-element-34d9c11 elementor-widget elementor-widget-theme-post-excerpt\" data-id=\"34d9c11\" data-element_type=\"widget\" data-e-type=\"widget\" data-widget_type=\"theme-post-excerpt.default\">\n\t\t\t\t\tArtyku\u0142 w j\u0119zyku angielskim opublikowany w czasopi\u015bmie Environment International\t\t\t\t<\/div>\n\t\t\t\t<div class=\"elementor-element elementor-element-fe5308e elementor-align-justify elementor-widget elementor-widget-button\" data-id=\"fe5308e\" data-element_type=\"widget\" data-e-type=\"widget\" data-widget_type=\"button.default\">\n\t\t\t\t\t\t\t\t\t\t<a class=\"elementor-button elementor-button-link elementor-size-sm\" href=\"https:\/\/pawel.stefanoff.pl\/work\/pl\/articles\/article-2019-exposure-phenols-pl\/\">\n\t\t\t\t\t\t<span class=\"elementor-button-content-wrapper\">\n\t\t\t\t\t\t\t\t\t<span class=\"elementor-button-text\">Ver m\u00e1s<\/span>\n\t\t\t\t\t<\/span>\n\t\t\t\t\t<\/a>\n\t\t\t\t\t\t\t\t<\/div>\n\t\t\t\t\t<\/div>\n\t\t\t\t<\/div>\n\t\t\t\t<\/div>\n\t\t<style id=\"loop-dynamic-4715\">.e-loop-item-4344 .elementor-element.elementor-element-6e55af1:not(.elementor-motion-effects-element-type-background), .e-loop-item-4344 .elementor-element.elementor-element-6e55af1 > .elementor-motion-effects-container > .elementor-motion-effects-layer{background-image:url(\"https:\/\/pawel.stefanoff.pl\/work\/wp-content\/uploads\/2026\/01\/Lineas-abstractas.avif\");}<\/style>\t\t<div data-elementor-type=\"loop-item\" data-elementor-id=\"4715\" class=\"elementor elementor-4715 e-loop-item e-loop-item-4344 post-4344 publikacje type-publikacje status-publish has-post-thumbnail hentry\" data-elementor-post-type=\"elementor_library\" data-custom-edit-handle=\"1\">\n\t\t\t<div class=\"elementor-element elementor-element-6e55af1 e-flex e-con-boxed e-con e-parent\" data-id=\"6e55af1\" data-element_type=\"container\" data-e-type=\"container\" data-settings=\"{&quot;background_background&quot;:&quot;classic&quot;}\">\n\t\t\t\t\t<div class=\"e-con-inner\">\n\t\t\t\t<div class=\"elementor-element elementor-element-1ff8dc0 elementor-widget elementor-widget-theme-post-title elementor-page-title elementor-widget-heading\" data-id=\"1ff8dc0\" data-element_type=\"widget\" data-e-type=\"widget\" data-widget_type=\"theme-post-title.default\">\n\t\t\t\t\t<h1 class=\"elementor-heading-title elementor-size-default\">Un modelo predictivo ha identificado zonas de alto riesgo de encefalitis transmitida por garrapatas en regiones donde no se hab\u00edan notificado casos previamente, Polonia, 1999-2012<\/h1>\t\t\t\t<\/div>\n\t\t\t\t<div class=\"elementor-element elementor-element-34d9c11 elementor-widget elementor-widget-theme-post-excerpt\" data-id=\"34d9c11\" data-element_type=\"widget\" data-e-type=\"widget\" data-widget_type=\"theme-post-excerpt.default\">\n\t\t\t\t\tArt\u00edculo en ingl\u00e9s publicado en la revista International Journal of Environmental Research and Public Health\t\t\t\t<\/div>\n\t\t\t\t<div class=\"elementor-element elementor-element-fe5308e elementor-align-justify elementor-widget elementor-widget-button\" data-id=\"fe5308e\" data-element_type=\"widget\" data-e-type=\"widget\" data-widget_type=\"button.default\">\n\t\t\t\t\t\t\t\t\t\t<a class=\"elementor-button elementor-button-link elementor-size-sm\" href=\"https:\/\/pawel.stefanoff.pl\/work\/es\/articles\/article-2018-tbe-model-es\/\">\n\t\t\t\t\t\t<span class=\"elementor-button-content-wrapper\">\n\t\t\t\t\t\t\t\t\t<span class=\"elementor-button-text\">Ver m\u00e1s<\/span>\n\t\t\t\t\t<\/span>\n\t\t\t\t\t<\/a>\n\t\t\t\t\t\t\t\t<\/div>\n\t\t\t\t\t<\/div>\n\t\t\t\t<\/div>\n\t\t\t\t<\/div>\n\t\t<style id=\"loop-dynamic-4715\">.e-loop-item-975 .elementor-element.elementor-element-6e55af1:not(.elementor-motion-effects-element-type-background), .e-loop-item-975 .elementor-element.elementor-element-6e55af1 > .elementor-motion-effects-container > .elementor-motion-effects-layer{background-image:url(\"https:\/\/pawel.stefanoff.pl\/work\/wp-content\/uploads\/2026\/01\/Lineas-abstractas.avif\");}<\/style>\t\t<div data-elementor-type=\"loop-item\" data-elementor-id=\"4715\" class=\"elementor elementor-4715 e-loop-item e-loop-item-975 post-975 publikacje type-publikacje status-publish has-post-thumbnail hentry\" data-elementor-post-type=\"elementor_library\" data-custom-edit-handle=\"1\">\n\t\t\t<div class=\"elementor-element elementor-element-6e55af1 e-flex e-con-boxed e-con e-parent\" data-id=\"6e55af1\" data-element_type=\"container\" data-e-type=\"container\" data-settings=\"{&quot;background_background&quot;:&quot;classic&quot;}\">\n\t\t\t\t\t<div class=\"e-con-inner\">\n\t\t\t\t<div class=\"elementor-element elementor-element-1ff8dc0 elementor-widget elementor-widget-theme-post-title elementor-page-title elementor-widget-heading\" data-id=\"1ff8dc0\" data-element_type=\"widget\" data-e-type=\"widget\" data-widget_type=\"theme-post-title.default\">\n\t\t\t\t\t<h1 class=\"elementor-heading-title elementor-size-default\">A predictive model has identified tick-borne encephalitis high-risk areas in regions where no cases were reported previously, Poland, 1999-2012<\/h1>\t\t\t\t<\/div>\n\t\t\t\t<div class=\"elementor-element elementor-element-34d9c11 elementor-widget elementor-widget-theme-post-excerpt\" data-id=\"34d9c11\" data-element_type=\"widget\" data-e-type=\"widget\" data-widget_type=\"theme-post-excerpt.default\">\n\t\t\t\t\tArticle in English published in the journal International Journal of Environmental Research and Public Health\t\t\t\t<\/div>\n\t\t\t\t<div class=\"elementor-element elementor-element-fe5308e elementor-align-justify elementor-widget elementor-widget-button\" data-id=\"fe5308e\" data-element_type=\"widget\" data-e-type=\"widget\" data-widget_type=\"button.default\">\n\t\t\t\t\t\t\t\t\t\t<a class=\"elementor-button elementor-button-link elementor-size-sm\" href=\"https:\/\/pawel.stefanoff.pl\/work\/articles\/article-2018-tbe-model-en\/\">\n\t\t\t\t\t\t<span class=\"elementor-button-content-wrapper\">\n\t\t\t\t\t\t\t\t\t<span class=\"elementor-button-text\">Ver m\u00e1s<\/span>\n\t\t\t\t\t<\/span>\n\t\t\t\t\t<\/a>\n\t\t\t\t\t\t\t\t<\/div>\n\t\t\t\t\t<\/div>\n\t\t\t\t<\/div>\n\t\t\t\t<\/div>\n\t\t<style id=\"loop-dynamic-4715\">.e-loop-item-964 .elementor-element.elementor-element-6e55af1:not(.elementor-motion-effects-element-type-background), .e-loop-item-964 .elementor-element.elementor-element-6e55af1 > .elementor-motion-effects-container > .elementor-motion-effects-layer{background-image:url(\"https:\/\/pawel.stefanoff.pl\/work\/wp-content\/uploads\/2026\/01\/Lineas-abstractas.avif\");}<\/style>\t\t<div data-elementor-type=\"loop-item\" data-elementor-id=\"4715\" class=\"elementor elementor-4715 e-loop-item e-loop-item-964 post-964 publikacje type-publikacje status-publish has-post-thumbnail hentry\" data-elementor-post-type=\"elementor_library\" data-custom-edit-handle=\"1\">\n\t\t\t<div class=\"elementor-element elementor-element-6e55af1 e-flex e-con-boxed e-con e-parent\" data-id=\"6e55af1\" data-element_type=\"container\" data-e-type=\"container\" data-settings=\"{&quot;background_background&quot;:&quot;classic&quot;}\">\n\t\t\t\t\t<div class=\"e-con-inner\">\n\t\t\t\t<div class=\"elementor-element elementor-element-1ff8dc0 elementor-widget elementor-widget-theme-post-title elementor-page-title elementor-widget-heading\" data-id=\"1ff8dc0\" data-element_type=\"widget\" data-e-type=\"widget\" data-widget_type=\"theme-post-title.default\">\n\t\t\t\t\t<h1 class=\"elementor-heading-title elementor-size-default\">Model predykcyjny zidentyfikowa\u0142 obszary wysokiego ryzyka kleszczowego zapalenia m\u00f3zgu w regionach, w kt\u00f3rych wcze\u015bniej nie odnotowano \u017cadnych przypadk\u00f3w, Polska, 1999-2012<\/h1>\t\t\t\t<\/div>\n\t\t\t\t<div class=\"elementor-element elementor-element-34d9c11 elementor-widget elementor-widget-theme-post-excerpt\" data-id=\"34d9c11\" data-element_type=\"widget\" data-e-type=\"widget\" data-widget_type=\"theme-post-excerpt.default\">\n\t\t\t\t\tArtyku\u0142 w j\u0119zyku angielskim opublikowany w czasopi\u015bmie International Journal of Environmental Research and Public Health\t\t\t\t<\/div>\n\t\t\t\t<div class=\"elementor-element elementor-element-fe5308e elementor-align-justify elementor-widget elementor-widget-button\" data-id=\"fe5308e\" data-element_type=\"widget\" data-e-type=\"widget\" data-widget_type=\"button.default\">\n\t\t\t\t\t\t\t\t\t\t<a class=\"elementor-button elementor-button-link elementor-size-sm\" href=\"https:\/\/pawel.stefanoff.pl\/work\/pl\/articles\/article-2018-tbe-model-pl\/\">\n\t\t\t\t\t\t<span class=\"elementor-button-content-wrapper\">\n\t\t\t\t\t\t\t\t\t<span class=\"elementor-button-text\">Ver m\u00e1s<\/span>\n\t\t\t\t\t<\/span>\n\t\t\t\t\t<\/a>\n\t\t\t\t\t\t\t\t<\/div>\n\t\t\t\t\t<\/div>\n\t\t\t\t<\/div>\n\t\t\t\t<\/div>\n\t\t<style id=\"loop-dynamic-4715\">.e-loop-item-4345 .elementor-element.elementor-element-6e55af1:not(.elementor-motion-effects-element-type-background), .e-loop-item-4345 .elementor-element.elementor-element-6e55af1 > .elementor-motion-effects-container > .elementor-motion-effects-layer{background-image:url(\"https:\/\/pawel.stefanoff.pl\/work\/wp-content\/uploads\/2026\/01\/Lineas-abstractas.avif\");}<\/style>\t\t<div data-elementor-type=\"loop-item\" data-elementor-id=\"4715\" class=\"elementor elementor-4715 e-loop-item e-loop-item-4345 post-4345 publikacje type-publikacje status-publish has-post-thumbnail hentry\" data-elementor-post-type=\"elementor_library\" data-custom-edit-handle=\"1\">\n\t\t\t<div class=\"elementor-element elementor-element-6e55af1 e-flex e-con-boxed e-con e-parent\" data-id=\"6e55af1\" data-element_type=\"container\" data-e-type=\"container\" data-settings=\"{&quot;background_background&quot;:&quot;classic&quot;}\">\n\t\t\t\t\t<div class=\"e-con-inner\">\n\t\t\t\t<div class=\"elementor-element elementor-element-1ff8dc0 elementor-widget elementor-widget-theme-post-title elementor-page-title elementor-widget-heading\" data-id=\"1ff8dc0\" data-element_type=\"widget\" data-e-type=\"widget\" data-widget_type=\"theme-post-title.default\">\n\t\t\t\t\t<h1 class=\"elementor-heading-title elementor-size-default\">\u00bfSon adecuados los criterios de notificaci\u00f3n actuales para la borreliosis de Lyme en Noruega? Resultados de una evaluaci\u00f3n de la vigilancia de la borreliosis de Lyme en Noruega, 1995-2013<\/h1>\t\t\t\t<\/div>\n\t\t\t\t<div class=\"elementor-element elementor-element-34d9c11 elementor-widget elementor-widget-theme-post-excerpt\" data-id=\"34d9c11\" data-element_type=\"widget\" data-e-type=\"widget\" data-widget_type=\"theme-post-excerpt.default\">\n\t\t\t\t\tArt\u00edculo en ingl\u00e9s publicado en la revista BMC Public Health\t\t\t\t<\/div>\n\t\t\t\t<div class=\"elementor-element elementor-element-fe5308e elementor-align-justify elementor-widget elementor-widget-button\" data-id=\"fe5308e\" data-element_type=\"widget\" data-e-type=\"widget\" data-widget_type=\"button.default\">\n\t\t\t\t\t\t\t\t\t\t<a class=\"elementor-button elementor-button-link elementor-size-sm\" href=\"https:\/\/pawel.stefanoff.pl\/work\/es\/articles\/article-2016-borreliosis-es\/\">\n\t\t\t\t\t\t<span class=\"elementor-button-content-wrapper\">\n\t\t\t\t\t\t\t\t\t<span class=\"elementor-button-text\">Ver m\u00e1s<\/span>\n\t\t\t\t\t<\/span>\n\t\t\t\t\t<\/a>\n\t\t\t\t\t\t\t\t<\/div>\n\t\t\t\t\t<\/div>\n\t\t\t\t<\/div>\n\t\t\t\t<\/div>\n\t\t<style id=\"loop-dynamic-4715\">.e-loop-item-984 .elementor-element.elementor-element-6e55af1:not(.elementor-motion-effects-element-type-background), .e-loop-item-984 .elementor-element.elementor-element-6e55af1 > .elementor-motion-effects-container > .elementor-motion-effects-layer{background-image:url(\"https:\/\/pawel.stefanoff.pl\/work\/wp-content\/uploads\/2026\/01\/Lineas-abstractas.avif\");}<\/style>\t\t<div data-elementor-type=\"loop-item\" data-elementor-id=\"4715\" class=\"elementor elementor-4715 e-loop-item e-loop-item-984 post-984 publikacje type-publikacje status-publish has-post-thumbnail hentry\" data-elementor-post-type=\"elementor_library\" data-custom-edit-handle=\"1\">\n\t\t\t<div class=\"elementor-element elementor-element-6e55af1 e-flex e-con-boxed e-con e-parent\" data-id=\"6e55af1\" data-element_type=\"container\" data-e-type=\"container\" data-settings=\"{&quot;background_background&quot;:&quot;classic&quot;}\">\n\t\t\t\t\t<div class=\"e-con-inner\">\n\t\t\t\t<div class=\"elementor-element elementor-element-1ff8dc0 elementor-widget elementor-widget-theme-post-title elementor-page-title elementor-widget-heading\" data-id=\"1ff8dc0\" data-element_type=\"widget\" data-e-type=\"widget\" data-widget_type=\"theme-post-title.default\">\n\t\t\t\t\t<h1 class=\"elementor-heading-title elementor-size-default\">Are the current notification criteria for Lyme borreliosis in Norway suitable? Results of an evaluation of Lyme borreliosis surveillance in Norway, 1995-2013<\/h1>\t\t\t\t<\/div>\n\t\t\t\t<div class=\"elementor-element elementor-element-34d9c11 elementor-widget elementor-widget-theme-post-excerpt\" data-id=\"34d9c11\" data-element_type=\"widget\" data-e-type=\"widget\" data-widget_type=\"theme-post-excerpt.default\">\n\t\t\t\t\tArticle in English published in the journal BMC Public Health\t\t\t\t<\/div>\n\t\t\t\t<div class=\"elementor-element elementor-element-fe5308e elementor-align-justify elementor-widget elementor-widget-button\" data-id=\"fe5308e\" data-element_type=\"widget\" data-e-type=\"widget\" data-widget_type=\"button.default\">\n\t\t\t\t\t\t\t\t\t\t<a class=\"elementor-button elementor-button-link elementor-size-sm\" href=\"https:\/\/pawel.stefanoff.pl\/work\/articles\/article-2016-borreliosis-en\/\">\n\t\t\t\t\t\t<span class=\"elementor-button-content-wrapper\">\n\t\t\t\t\t\t\t\t\t<span class=\"elementor-button-text\">Ver m\u00e1s<\/span>\n\t\t\t\t\t<\/span>\n\t\t\t\t\t<\/a>\n\t\t\t\t\t\t\t\t<\/div>\n\t\t\t\t\t<\/div>\n\t\t\t\t<\/div>\n\t\t\t\t<\/div>\n\t\t<style id=\"loop-dynamic-4715\">.e-loop-item-982 .elementor-element.elementor-element-6e55af1:not(.elementor-motion-effects-element-type-background), .e-loop-item-982 .elementor-element.elementor-element-6e55af1 > .elementor-motion-effects-container > .elementor-motion-effects-layer{background-image:url(\"https:\/\/pawel.stefanoff.pl\/work\/wp-content\/uploads\/2026\/01\/Lineas-abstractas.avif\");}<\/style>\t\t<div data-elementor-type=\"loop-item\" data-elementor-id=\"4715\" class=\"elementor elementor-4715 e-loop-item e-loop-item-982 post-982 publikacje type-publikacje status-publish has-post-thumbnail hentry\" data-elementor-post-type=\"elementor_library\" data-custom-edit-handle=\"1\">\n\t\t\t<div class=\"elementor-element elementor-element-6e55af1 e-flex e-con-boxed e-con e-parent\" data-id=\"6e55af1\" data-element_type=\"container\" data-e-type=\"container\" data-settings=\"{&quot;background_background&quot;:&quot;classic&quot;}\">\n\t\t\t\t\t<div class=\"e-con-inner\">\n\t\t\t\t<div class=\"elementor-element elementor-element-1ff8dc0 elementor-widget elementor-widget-theme-post-title elementor-page-title elementor-widget-heading\" data-id=\"1ff8dc0\" data-element_type=\"widget\" data-e-type=\"widget\" data-widget_type=\"theme-post-title.default\">\n\t\t\t\t\t<h1 class=\"elementor-heading-title elementor-size-default\">Czy obecne kryteria zg\u0142aszania boreliozy z Lyme w Norwegii s\u0105 w\u0142a\u015bciwe? Wyniki oceny nadzoru nad borelioz\u0105 z Lyme w Norwegii w latach 1995\u20132013<\/h1>\t\t\t\t<\/div>\n\t\t\t\t<div class=\"elementor-element elementor-element-34d9c11 elementor-widget elementor-widget-theme-post-excerpt\" data-id=\"34d9c11\" data-element_type=\"widget\" data-e-type=\"widget\" data-widget_type=\"theme-post-excerpt.default\">\n\t\t\t\t\tArtyku\u0142 w j\u0119zyku angielskim opublikowany w czasopi\u015bmie BMC Public Health\t\t\t\t<\/div>\n\t\t\t\t<div class=\"elementor-element elementor-element-fe5308e elementor-align-justify elementor-widget elementor-widget-button\" data-id=\"fe5308e\" data-element_type=\"widget\" data-e-type=\"widget\" data-widget_type=\"button.default\">\n\t\t\t\t\t\t\t\t\t\t<a class=\"elementor-button elementor-button-link elementor-size-sm\" href=\"https:\/\/pawel.stefanoff.pl\/work\/pl\/articles\/article-2016-borreliosis-pl\/\">\n\t\t\t\t\t\t<span class=\"elementor-button-content-wrapper\">\n\t\t\t\t\t\t\t\t\t<span class=\"elementor-button-text\">Ver m\u00e1s<\/span>\n\t\t\t\t\t<\/span>\n\t\t\t\t\t<\/a>\n\t\t\t\t\t\t\t\t<\/div>\n\t\t\t\t\t<\/div>\n\t\t\t\t<\/div>\n\t\t\t\t<\/div>\n\t\t<style id=\"loop-dynamic-4715\">.e-loop-item-4347 .elementor-element.elementor-element-6e55af1:not(.elementor-motion-effects-element-type-background), .e-loop-item-4347 .elementor-element.elementor-element-6e55af1 > .elementor-motion-effects-container > .elementor-motion-effects-layer{background-image:url(\"https:\/\/pawel.stefanoff.pl\/work\/wp-content\/uploads\/2026\/01\/Lineas-abstractas.avif\");}<\/style>\t\t<div data-elementor-type=\"loop-item\" data-elementor-id=\"4715\" class=\"elementor elementor-4715 e-loop-item e-loop-item-4347 post-4347 publikacje type-publikacje status-publish has-post-thumbnail hentry\" data-elementor-post-type=\"elementor_library\" data-custom-edit-handle=\"1\">\n\t\t\t<div class=\"elementor-element elementor-element-6e55af1 e-flex e-con-boxed e-con e-parent\" data-id=\"6e55af1\" data-element_type=\"container\" data-e-type=\"container\" data-settings=\"{&quot;background_background&quot;:&quot;classic&quot;}\">\n\t\t\t\t\t<div class=\"e-con-inner\">\n\t\t\t\t<div class=\"elementor-element elementor-element-1ff8dc0 elementor-widget elementor-widget-theme-post-title elementor-page-title elementor-widget-heading\" data-id=\"1ff8dc0\" data-element_type=\"widget\" data-e-type=\"widget\" data-widget_type=\"theme-post-title.default\">\n\t\t\t\t\t<h1 class=\"elementor-heading-title elementor-size-default\">Las pol\u00edticas sanitarias europeas para la gesti\u00f3n de contactos de casos de enfermedad meningoc\u00f3cica invasiva estaban mejor armonizadas en 2013 que en 2007<\/h1>\t\t\t\t<\/div>\n\t\t\t\t<div class=\"elementor-element elementor-element-34d9c11 elementor-widget elementor-widget-theme-post-excerpt\" data-id=\"34d9c11\" data-element_type=\"widget\" data-e-type=\"widget\" data-widget_type=\"theme-post-excerpt.default\">\n\t\t\t\t\tArt\u00edculo en ingl\u00e9s publicado en la revista Eurosurveillance\t\t\t\t<\/div>\n\t\t\t\t<div class=\"elementor-element elementor-element-fe5308e elementor-align-justify elementor-widget elementor-widget-button\" data-id=\"fe5308e\" data-element_type=\"widget\" data-e-type=\"widget\" data-widget_type=\"button.default\">\n\t\t\t\t\t\t\t\t\t\t<a class=\"elementor-button elementor-button-link elementor-size-sm\" href=\"https:\/\/pawel.stefanoff.pl\/work\/es\/articles\/article-2016-imd-policies-es\/\">\n\t\t\t\t\t\t<span class=\"elementor-button-content-wrapper\">\n\t\t\t\t\t\t\t\t\t<span class=\"elementor-button-text\">Ver m\u00e1s<\/span>\n\t\t\t\t\t<\/span>\n\t\t\t\t\t<\/a>\n\t\t\t\t\t\t\t\t<\/div>\n\t\t\t\t\t<\/div>\n\t\t\t\t<\/div>\n\t\t\t\t<\/div>\n\t\t<style id=\"loop-dynamic-4715\">.e-loop-item-993 .elementor-element.elementor-element-6e55af1:not(.elementor-motion-effects-element-type-background), .e-loop-item-993 .elementor-element.elementor-element-6e55af1 > .elementor-motion-effects-container > .elementor-motion-effects-layer{background-image:url(\"https:\/\/pawel.stefanoff.pl\/work\/wp-content\/uploads\/2026\/01\/Lineas-abstractas.avif\");}<\/style>\t\t<div data-elementor-type=\"loop-item\" data-elementor-id=\"4715\" class=\"elementor elementor-4715 e-loop-item e-loop-item-993 post-993 publikacje type-publikacje status-publish has-post-thumbnail hentry\" data-elementor-post-type=\"elementor_library\" data-custom-edit-handle=\"1\">\n\t\t\t<div class=\"elementor-element elementor-element-6e55af1 e-flex e-con-boxed e-con e-parent\" data-id=\"6e55af1\" data-element_type=\"container\" data-e-type=\"container\" data-settings=\"{&quot;background_background&quot;:&quot;classic&quot;}\">\n\t\t\t\t\t<div class=\"e-con-inner\">\n\t\t\t\t<div class=\"elementor-element elementor-element-1ff8dc0 elementor-widget elementor-widget-theme-post-title elementor-page-title elementor-widget-heading\" data-id=\"1ff8dc0\" data-element_type=\"widget\" data-e-type=\"widget\" data-widget_type=\"theme-post-title.default\">\n\t\t\t\t\t<h1 class=\"elementor-heading-title elementor-size-default\">European public health policies for managing contacts of invasive meningococcal disease cases better harmonised in 2013 than in 2007<\/h1>\t\t\t\t<\/div>\n\t\t\t\t<div class=\"elementor-element elementor-element-34d9c11 elementor-widget elementor-widget-theme-post-excerpt\" data-id=\"34d9c11\" data-element_type=\"widget\" data-e-type=\"widget\" data-widget_type=\"theme-post-excerpt.default\">\n\t\t\t\t\tArticle in English published in the journal Eurosurveillance\n\t\t\t\t<\/div>\n\t\t\t\t<div class=\"elementor-element elementor-element-fe5308e elementor-align-justify elementor-widget elementor-widget-button\" data-id=\"fe5308e\" data-element_type=\"widget\" data-e-type=\"widget\" data-widget_type=\"button.default\">\n\t\t\t\t\t\t\t\t\t\t<a class=\"elementor-button elementor-button-link elementor-size-sm\" href=\"https:\/\/pawel.stefanoff.pl\/work\/articles\/article-2016-imd-policies-en\/\">\n\t\t\t\t\t\t<span class=\"elementor-button-content-wrapper\">\n\t\t\t\t\t\t\t\t\t<span class=\"elementor-button-text\">Ver m\u00e1s<\/span>\n\t\t\t\t\t<\/span>\n\t\t\t\t\t<\/a>\n\t\t\t\t\t\t\t\t<\/div>\n\t\t\t\t\t<\/div>\n\t\t\t\t<\/div>\n\t\t\t\t<\/div>\n\t\t<style id=\"loop-dynamic-4715\">.e-loop-item-985 .elementor-element.elementor-element-6e55af1:not(.elementor-motion-effects-element-type-background), .e-loop-item-985 .elementor-element.elementor-element-6e55af1 > .elementor-motion-effects-container > .elementor-motion-effects-layer{background-image:url(\"https:\/\/pawel.stefanoff.pl\/work\/wp-content\/uploads\/2026\/01\/Lineas-abstractas.avif\");}<\/style>\t\t<div data-elementor-type=\"loop-item\" data-elementor-id=\"4715\" class=\"elementor elementor-4715 e-loop-item e-loop-item-985 post-985 publikacje type-publikacje status-publish has-post-thumbnail hentry\" data-elementor-post-type=\"elementor_library\" data-custom-edit-handle=\"1\">\n\t\t\t<div class=\"elementor-element elementor-element-6e55af1 e-flex e-con-boxed e-con e-parent\" data-id=\"6e55af1\" data-element_type=\"container\" data-e-type=\"container\" data-settings=\"{&quot;background_background&quot;:&quot;classic&quot;}\">\n\t\t\t\t\t<div class=\"e-con-inner\">\n\t\t\t\t<div class=\"elementor-element elementor-element-1ff8dc0 elementor-widget elementor-widget-theme-post-title elementor-page-title elementor-widget-heading\" data-id=\"1ff8dc0\" data-element_type=\"widget\" data-e-type=\"widget\" data-widget_type=\"theme-post-title.default\">\n\t\t\t\t\t<h1 class=\"elementor-heading-title elementor-size-default\">Post\u0119powanie z kontaktami zachorowa\u0144 na inwazyjn\u0105 chorob\u0119 meningokokow\u0105 w krajach Unii Europejskiej by\u0142o lepiej zharmonizowane w 2013 r. ni\u017c w 2007 r.<\/h1>\t\t\t\t<\/div>\n\t\t\t\t<div class=\"elementor-element elementor-element-34d9c11 elementor-widget elementor-widget-theme-post-excerpt\" data-id=\"34d9c11\" data-element_type=\"widget\" data-e-type=\"widget\" data-widget_type=\"theme-post-excerpt.default\">\n\t\t\t\t\tArtyku\u0142 w j\u0119zyku angielskim opublikowany w czasopi\u015bmie Eurosurveillance\t\t\t\t<\/div>\n\t\t\t\t<div class=\"elementor-element elementor-element-fe5308e elementor-align-justify elementor-widget elementor-widget-button\" data-id=\"fe5308e\" data-element_type=\"widget\" data-e-type=\"widget\" data-widget_type=\"button.default\">\n\t\t\t\t\t\t\t\t\t\t<a class=\"elementor-button elementor-button-link elementor-size-sm\" href=\"https:\/\/pawel.stefanoff.pl\/work\/pl\/articles\/article-2016-imd-policies-pl\/\">\n\t\t\t\t\t\t<span class=\"elementor-button-content-wrapper\">\n\t\t\t\t\t\t\t\t\t<span class=\"elementor-button-text\">Ver m\u00e1s<\/span>\n\t\t\t\t\t<\/span>\n\t\t\t\t\t<\/a>\n\t\t\t\t\t\t\t\t<\/div>\n\t\t\t\t\t<\/div>\n\t\t\t\t<\/div>\n\t\t\t\t<\/div>\n\t\t<style id=\"loop-dynamic-4715\">.e-loop-item-4349 .elementor-element.elementor-element-6e55af1:not(.elementor-motion-effects-element-type-background), .e-loop-item-4349 .elementor-element.elementor-element-6e55af1 > .elementor-motion-effects-container > .elementor-motion-effects-layer{background-image:url(\"https:\/\/pawel.stefanoff.pl\/work\/wp-content\/uploads\/2026\/01\/11062b_6856f2dda2bb4b679834f24c8a8f72famv2.avif\");}<\/style>\t\t<div data-elementor-type=\"loop-item\" data-elementor-id=\"4715\" class=\"elementor elementor-4715 e-loop-item e-loop-item-4349 post-4349 publikacje type-publikacje status-publish has-post-thumbnail hentry\" data-elementor-post-type=\"elementor_library\" data-custom-edit-handle=\"1\">\n\t\t\t<div class=\"elementor-element elementor-element-6e55af1 e-flex e-con-boxed e-con e-parent\" data-id=\"6e55af1\" data-element_type=\"container\" data-e-type=\"container\" data-settings=\"{&quot;background_background&quot;:&quot;classic&quot;}\">\n\t\t\t\t\t<div class=\"e-con-inner\">\n\t\t\t\t<div class=\"elementor-element elementor-element-1ff8dc0 elementor-widget elementor-widget-theme-post-title elementor-page-title elementor-widget-heading\" data-id=\"1ff8dc0\" data-element_type=\"widget\" data-e-type=\"widget\" data-widget_type=\"theme-post-title.default\">\n\t\t\t\t\t<h1 class=\"elementor-heading-title elementor-size-default\">\u00bfRecomendaciones contundentes de salud p\u00fablica basadas en evidencia d\u00e9bil? Lecciones aprendidas en el desarrollo de gu\u00edas para la gesti\u00f3n de contactos de casos de enfermedad meningoc\u00f3cica invasiva<\/h1>\t\t\t\t<\/div>\n\t\t\t\t<div class=\"elementor-element elementor-element-34d9c11 elementor-widget elementor-widget-theme-post-excerpt\" data-id=\"34d9c11\" data-element_type=\"widget\" data-e-type=\"widget\" data-widget_type=\"theme-post-excerpt.default\">\n\t\t\t\t\tArt\u00edculo en ingl\u00e9s publicado en la revista BioMed Research International\t\t\t\t<\/div>\n\t\t\t\t<div class=\"elementor-element elementor-element-fe5308e elementor-align-justify elementor-widget elementor-widget-button\" data-id=\"fe5308e\" data-element_type=\"widget\" data-e-type=\"widget\" data-widget_type=\"button.default\">\n\t\t\t\t\t\t\t\t\t\t<a class=\"elementor-button elementor-button-link elementor-size-sm\" href=\"https:\/\/pawel.stefanoff.pl\/work\/es\/articles\/article-2015-strong-recomm-es\/\">\n\t\t\t\t\t\t<span class=\"elementor-button-content-wrapper\">\n\t\t\t\t\t\t\t\t\t<span class=\"elementor-button-text\">Ver m\u00e1s<\/span>\n\t\t\t\t\t<\/span>\n\t\t\t\t\t<\/a>\n\t\t\t\t\t\t\t\t<\/div>\n\t\t\t\t\t<\/div>\n\t\t\t\t<\/div>\n\t\t\t\t<\/div>\n\t\t<style id=\"loop-dynamic-4715\">.e-loop-item-1076 .elementor-element.elementor-element-6e55af1:not(.elementor-motion-effects-element-type-background), .e-loop-item-1076 .elementor-element.elementor-element-6e55af1 > .elementor-motion-effects-container > .elementor-motion-effects-layer{background-image:url(\"https:\/\/pawel.stefanoff.pl\/work\/wp-content\/uploads\/2026\/01\/11062b_6856f2dda2bb4b679834f24c8a8f72famv2.avif\");}<\/style>\t\t<div data-elementor-type=\"loop-item\" data-elementor-id=\"4715\" class=\"elementor elementor-4715 e-loop-item e-loop-item-1076 post-1076 publikacje type-publikacje status-publish has-post-thumbnail hentry\" data-elementor-post-type=\"elementor_library\" data-custom-edit-handle=\"1\">\n\t\t\t<div class=\"elementor-element elementor-element-6e55af1 e-flex e-con-boxed e-con e-parent\" data-id=\"6e55af1\" data-element_type=\"container\" data-e-type=\"container\" data-settings=\"{&quot;background_background&quot;:&quot;classic&quot;}\">\n\t\t\t\t\t<div class=\"e-con-inner\">\n\t\t\t\t<div class=\"elementor-element elementor-element-1ff8dc0 elementor-widget elementor-widget-theme-post-title elementor-page-title elementor-widget-heading\" data-id=\"1ff8dc0\" data-element_type=\"widget\" data-e-type=\"widget\" data-widget_type=\"theme-post-title.default\">\n\t\t\t\t\t<h1 class=\"elementor-heading-title elementor-size-default\">Strong Public Health recommendations from weak evidence? Lessons learned in developing guidance on the Public Health management of meningococcal disease<\/h1>\t\t\t\t<\/div>\n\t\t\t\t<div class=\"elementor-element elementor-element-34d9c11 elementor-widget elementor-widget-theme-post-excerpt\" data-id=\"34d9c11\" data-element_type=\"widget\" data-e-type=\"widget\" data-widget_type=\"theme-post-excerpt.default\">\n\t\t\t\t\tArticle in English published in the journal BioMed Research International\t\t\t\t<\/div>\n\t\t\t\t<div class=\"elementor-element elementor-element-fe5308e elementor-align-justify elementor-widget elementor-widget-button\" data-id=\"fe5308e\" data-element_type=\"widget\" data-e-type=\"widget\" data-widget_type=\"button.default\">\n\t\t\t\t\t\t\t\t\t\t<a class=\"elementor-button elementor-button-link elementor-size-sm\" href=\"https:\/\/pawel.stefanoff.pl\/work\/articles\/article-2015-strong-recomm-en\/\">\n\t\t\t\t\t\t<span class=\"elementor-button-content-wrapper\">\n\t\t\t\t\t\t\t\t\t<span class=\"elementor-button-text\">Ver m\u00e1s<\/span>\n\t\t\t\t\t<\/span>\n\t\t\t\t\t<\/a>\n\t\t\t\t\t\t\t\t<\/div>\n\t\t\t\t\t<\/div>\n\t\t\t\t<\/div>\n\t\t\t\t<\/div>\n\t\t<style id=\"loop-dynamic-4715\">.e-loop-item-1073 .elementor-element.elementor-element-6e55af1:not(.elementor-motion-effects-element-type-background), .e-loop-item-1073 .elementor-element.elementor-element-6e55af1 > .elementor-motion-effects-container > .elementor-motion-effects-layer{background-image:url(\"https:\/\/pawel.stefanoff.pl\/work\/wp-content\/uploads\/2026\/01\/11062b_6856f2dda2bb4b679834f24c8a8f72famv2.avif\");}<\/style>\t\t<div data-elementor-type=\"loop-item\" data-elementor-id=\"4715\" class=\"elementor elementor-4715 e-loop-item e-loop-item-1073 post-1073 publikacje type-publikacje status-publish has-post-thumbnail hentry\" data-elementor-post-type=\"elementor_library\" data-custom-edit-handle=\"1\">\n\t\t\t<div class=\"elementor-element elementor-element-6e55af1 e-flex e-con-boxed e-con e-parent\" data-id=\"6e55af1\" data-element_type=\"container\" data-e-type=\"container\" data-settings=\"{&quot;background_background&quot;:&quot;classic&quot;}\">\n\t\t\t\t\t<div class=\"e-con-inner\">\n\t\t\t\t<div class=\"elementor-element elementor-element-1ff8dc0 elementor-widget elementor-widget-theme-post-title elementor-page-title elementor-widget-heading\" data-id=\"1ff8dc0\" data-element_type=\"widget\" data-e-type=\"widget\" data-widget_type=\"theme-post-title.default\">\n\t\t\t\t\t<h1 class=\"elementor-heading-title elementor-size-default\">Silne rekomendacje na podstawie s\u0142abych dowod\u00f3w? Wnioski z opracowywania wytycznych dotycz\u0105cych post\u0119powania profilaktycznego zachorowa\u0144 na chorob\u0119 meningokokow\u0105<\/h1>\t\t\t\t<\/div>\n\t\t\t\t<div class=\"elementor-element elementor-element-34d9c11 elementor-widget elementor-widget-theme-post-excerpt\" data-id=\"34d9c11\" data-element_type=\"widget\" data-e-type=\"widget\" data-widget_type=\"theme-post-excerpt.default\">\n\t\t\t\t\tArtyku\u0142 w j\u0119zyku angielskim opublikowany w czasopi\u015bmie BioMed Research International\t\t\t\t<\/div>\n\t\t\t\t<div class=\"elementor-element elementor-element-fe5308e elementor-align-justify elementor-widget elementor-widget-button\" data-id=\"fe5308e\" data-element_type=\"widget\" data-e-type=\"widget\" data-widget_type=\"button.default\">\n\t\t\t\t\t\t\t\t\t\t<a class=\"elementor-button elementor-button-link elementor-size-sm\" href=\"https:\/\/pawel.stefanoff.pl\/work\/pl\/articles\/article-2015-strong-recomm-pl\/\">\n\t\t\t\t\t\t<span class=\"elementor-button-content-wrapper\">\n\t\t\t\t\t\t\t\t\t<span class=\"elementor-button-text\">Ver m\u00e1s<\/span>\n\t\t\t\t\t<\/span>\n\t\t\t\t\t<\/a>\n\t\t\t\t\t\t\t\t<\/div>\n\t\t\t\t\t<\/div>\n\t\t\t\t<\/div>\n\t\t\t\t<\/div>\n\t\t<style id=\"loop-dynamic-4715\">.e-loop-item-4351 .elementor-element.elementor-element-6e55af1:not(.elementor-motion-effects-element-type-background), .e-loop-item-4351 .elementor-element.elementor-element-6e55af1 > .elementor-motion-effects-container > .elementor-motion-effects-layer{background-image:url(\"https:\/\/pawel.stefanoff.pl\/work\/wp-content\/uploads\/2026\/01\/11062b_6856f2dda2bb4b679834f24c8a8f72famv2.avif\");}<\/style>\t\t<div data-elementor-type=\"loop-item\" data-elementor-id=\"4715\" class=\"elementor elementor-4715 e-loop-item e-loop-item-4351 post-4351 publikacje type-publikacje status-publish has-post-thumbnail hentry\" data-elementor-post-type=\"elementor_library\" data-custom-edit-handle=\"1\">\n\t\t\t<div class=\"elementor-element elementor-element-6e55af1 e-flex e-con-boxed e-con e-parent\" data-id=\"6e55af1\" data-element_type=\"container\" data-e-type=\"container\" data-settings=\"{&quot;background_background&quot;:&quot;classic&quot;}\">\n\t\t\t\t\t<div class=\"e-con-inner\">\n\t\t\t\t<div class=\"elementor-element elementor-element-1ff8dc0 elementor-widget elementor-widget-theme-post-title elementor-page-title elementor-widget-heading\" data-id=\"1ff8dc0\" data-element_type=\"widget\" data-e-type=\"widget\" data-widget_type=\"theme-post-title.default\">\n\t\t\t\t\t<h1 class=\"elementor-heading-title elementor-size-default\">Factores predictivos para el diagn\u00f3stico de encefalitis transmitida por garrapatas en Polonia, 2009-2010<\/h1>\t\t\t\t<\/div>\n\t\t\t\t<div class=\"elementor-element elementor-element-34d9c11 elementor-widget elementor-widget-theme-post-excerpt\" data-id=\"34d9c11\" data-element_type=\"widget\" data-e-type=\"widget\" data-widget_type=\"theme-post-excerpt.default\">\n\t\t\t\t\tArt\u00edculo en ingl\u00e9s publicado en la revista Infectious Diseases (Anteriormente Scandinavian Journal of Infectious Diseases)\t\t\t\t<\/div>\n\t\t\t\t<div class=\"elementor-element elementor-element-fe5308e elementor-align-justify elementor-widget elementor-widget-button\" data-id=\"fe5308e\" data-element_type=\"widget\" data-e-type=\"widget\" data-widget_type=\"button.default\">\n\t\t\t\t\t\t\t\t\t\t<a class=\"elementor-button elementor-button-link elementor-size-sm\" href=\"https:\/\/pawel.stefanoff.pl\/work\/es\/articles\/article-2015-tbe-predictors-es\/\">\n\t\t\t\t\t\t<span class=\"elementor-button-content-wrapper\">\n\t\t\t\t\t\t\t\t\t<span class=\"elementor-button-text\">Ver m\u00e1s<\/span>\n\t\t\t\t\t<\/span>\n\t\t\t\t\t<\/a>\n\t\t\t\t\t\t\t\t<\/div>\n\t\t\t\t\t<\/div>\n\t\t\t\t<\/div>\n\t\t\t\t<\/div>\n\t\t<style id=\"loop-dynamic-4715\">.e-loop-item-1083 .elementor-element.elementor-element-6e55af1:not(.elementor-motion-effects-element-type-background), .e-loop-item-1083 .elementor-element.elementor-element-6e55af1 > .elementor-motion-effects-container > .elementor-motion-effects-layer{background-image:url(\"https:\/\/pawel.stefanoff.pl\/work\/wp-content\/uploads\/2026\/01\/11062b_6856f2dda2bb4b679834f24c8a8f72famv2.avif\");}<\/style>\t\t<div data-elementor-type=\"loop-item\" data-elementor-id=\"4715\" class=\"elementor elementor-4715 e-loop-item e-loop-item-1083 post-1083 publikacje type-publikacje status-publish has-post-thumbnail hentry\" data-elementor-post-type=\"elementor_library\" data-custom-edit-handle=\"1\">\n\t\t\t<div class=\"elementor-element elementor-element-6e55af1 e-flex e-con-boxed e-con e-parent\" data-id=\"6e55af1\" data-element_type=\"container\" data-e-type=\"container\" data-settings=\"{&quot;background_background&quot;:&quot;classic&quot;}\">\n\t\t\t\t\t<div class=\"e-con-inner\">\n\t\t\t\t<div class=\"elementor-element elementor-element-1ff8dc0 elementor-widget elementor-widget-theme-post-title elementor-page-title elementor-widget-heading\" data-id=\"1ff8dc0\" data-element_type=\"widget\" data-e-type=\"widget\" data-widget_type=\"theme-post-title.default\">\n\t\t\t\t\t<h1 class=\"elementor-heading-title elementor-size-default\">Predictors for diagnosis of tick-borne encephalitis infection in Poland, 2009-2010<\/h1>\t\t\t\t<\/div>\n\t\t\t\t<div class=\"elementor-element elementor-element-34d9c11 elementor-widget elementor-widget-theme-post-excerpt\" data-id=\"34d9c11\" data-element_type=\"widget\" data-e-type=\"widget\" data-widget_type=\"theme-post-excerpt.default\">\n\t\t\t\t\tArticle in English published in the journal Infectious Diseases (formerly Scandinavian Journal of Infectious Diseases)\t\t\t\t<\/div>\n\t\t\t\t<div class=\"elementor-element elementor-element-fe5308e elementor-align-justify elementor-widget elementor-widget-button\" data-id=\"fe5308e\" data-element_type=\"widget\" data-e-type=\"widget\" data-widget_type=\"button.default\">\n\t\t\t\t\t\t\t\t\t\t<a class=\"elementor-button elementor-button-link elementor-size-sm\" href=\"https:\/\/pawel.stefanoff.pl\/work\/articles\/article-2015-tbe-predictors-en\/\">\n\t\t\t\t\t\t<span class=\"elementor-button-content-wrapper\">\n\t\t\t\t\t\t\t\t\t<span class=\"elementor-button-text\">Ver m\u00e1s<\/span>\n\t\t\t\t\t<\/span>\n\t\t\t\t\t<\/a>\n\t\t\t\t\t\t\t\t<\/div>\n\t\t\t\t\t<\/div>\n\t\t\t\t<\/div>\n\t\t\t\t<\/div>\n\t\t<style id=\"loop-dynamic-4715\">.e-loop-item-1082 .elementor-element.elementor-element-6e55af1:not(.elementor-motion-effects-element-type-background), .e-loop-item-1082 .elementor-element.elementor-element-6e55af1 > .elementor-motion-effects-container > .elementor-motion-effects-layer{background-image:url(\"https:\/\/pawel.stefanoff.pl\/work\/wp-content\/uploads\/2026\/01\/11062b_6856f2dda2bb4b679834f24c8a8f72famv2.avif\");}<\/style>\t\t<div data-elementor-type=\"loop-item\" data-elementor-id=\"4715\" class=\"elementor elementor-4715 e-loop-item e-loop-item-1082 post-1082 publikacje type-publikacje status-publish has-post-thumbnail hentry\" data-elementor-post-type=\"elementor_library\" data-custom-edit-handle=\"1\">\n\t\t\t<div class=\"elementor-element elementor-element-6e55af1 e-flex e-con-boxed e-con e-parent\" data-id=\"6e55af1\" data-element_type=\"container\" data-e-type=\"container\" data-settings=\"{&quot;background_background&quot;:&quot;classic&quot;}\">\n\t\t\t\t\t<div class=\"e-con-inner\">\n\t\t\t\t<div class=\"elementor-element elementor-element-1ff8dc0 elementor-widget elementor-widget-theme-post-title elementor-page-title elementor-widget-heading\" data-id=\"1ff8dc0\" data-element_type=\"widget\" data-e-type=\"widget\" data-widget_type=\"theme-post-title.default\">\n\t\t\t\t\t<h1 class=\"elementor-heading-title elementor-size-default\">Czynniki predykcyjne rozpoznania kleszczowego zapalenia m\u00f3zgu w Polsce w latach 2009-2010<\/h1>\t\t\t\t<\/div>\n\t\t\t\t<div class=\"elementor-element elementor-element-34d9c11 elementor-widget elementor-widget-theme-post-excerpt\" data-id=\"34d9c11\" data-element_type=\"widget\" data-e-type=\"widget\" data-widget_type=\"theme-post-excerpt.default\">\n\t\t\t\t\tArtyku\u0142 w j\u0119zyku angielskim opublikowany w czasopi\u015bmie Infectious Diseases (poprzednio Scandinavian Journal of Infectious Diseases)\t\t\t\t<\/div>\n\t\t\t\t<div class=\"elementor-element elementor-element-fe5308e elementor-align-justify elementor-widget elementor-widget-button\" data-id=\"fe5308e\" data-element_type=\"widget\" data-e-type=\"widget\" data-widget_type=\"button.default\">\n\t\t\t\t\t\t\t\t\t\t<a class=\"elementor-button elementor-button-link elementor-size-sm\" href=\"https:\/\/pawel.stefanoff.pl\/work\/pl\/articles\/article-2015-tbe-predictors-pl\/\">\n\t\t\t\t\t\t<span class=\"elementor-button-content-wrapper\">\n\t\t\t\t\t\t\t\t\t<span class=\"elementor-button-text\">Ver m\u00e1s<\/span>\n\t\t\t\t\t<\/span>\n\t\t\t\t\t<\/a>\n\t\t\t\t\t\t\t\t<\/div>\n\t\t\t\t\t<\/div>\n\t\t\t\t<\/div>\n\t\t\t\t<\/div>\n\t\t<style id=\"loop-dynamic-4715\">.e-loop-item-4353 .elementor-element.elementor-element-6e55af1:not(.elementor-motion-effects-element-type-background), .e-loop-item-4353 .elementor-element.elementor-element-6e55af1 > .elementor-motion-effects-container > .elementor-motion-effects-layer{background-image:url(\"https:\/\/pawel.stefanoff.pl\/work\/wp-content\/uploads\/2026\/01\/11062b_6856f2dda2bb4b679834f24c8a8f72famv2.avif\");}<\/style>\t\t<div data-elementor-type=\"loop-item\" data-elementor-id=\"4715\" class=\"elementor elementor-4715 e-loop-item e-loop-item-4353 post-4353 publikacje type-publikacje status-publish has-post-thumbnail hentry\" data-elementor-post-type=\"elementor_library\" data-custom-edit-handle=\"1\">\n\t\t\t<div class=\"elementor-element elementor-element-6e55af1 e-flex e-con-boxed e-con e-parent\" data-id=\"6e55af1\" data-element_type=\"container\" data-e-type=\"container\" data-settings=\"{&quot;background_background&quot;:&quot;classic&quot;}\">\n\t\t\t\t\t<div class=\"e-con-inner\">\n\t\t\t\t<div class=\"elementor-element elementor-element-1ff8dc0 elementor-widget elementor-widget-theme-post-title elementor-page-title elementor-widget-heading\" data-id=\"1ff8dc0\" data-element_type=\"widget\" data-e-type=\"widget\" data-widget_type=\"theme-post-title.default\">\n\t\t\t\t\t<h1 class=\"elementor-heading-title elementor-size-default\">Encuesta sobre la cobertura de vacunaci\u00f3n contra el sarampi\u00f3n en Moba, Katanga, Rep\u00fablica Democr\u00e1tica del Congo, 2013: necesidad de adaptar las campa\u00f1as de vacunaci\u00f3n para llegar a las poblaciones no alcanzadas.<\/h1>\t\t\t\t<\/div>\n\t\t\t\t<div class=\"elementor-element elementor-element-34d9c11 elementor-widget elementor-widget-theme-post-excerpt\" data-id=\"34d9c11\" data-element_type=\"widget\" data-e-type=\"widget\" data-widget_type=\"theme-post-excerpt.default\">\n\t\t\t\t\tArt\u00edculo en ingl\u00e9s publicado en la revista PloS Currents Outbreaks (que ya dej\u00f3 de publicar)\t\t\t\t<\/div>\n\t\t\t\t<div class=\"elementor-element elementor-element-fe5308e elementor-align-justify elementor-widget elementor-widget-button\" data-id=\"fe5308e\" data-element_type=\"widget\" data-e-type=\"widget\" data-widget_type=\"button.default\">\n\t\t\t\t\t\t\t\t\t\t<a class=\"elementor-button elementor-button-link elementor-size-sm\" href=\"https:\/\/pawel.stefanoff.pl\/work\/es\/articles\/article-2015-measles-coverage-moba-es\/\">\n\t\t\t\t\t\t<span class=\"elementor-button-content-wrapper\">\n\t\t\t\t\t\t\t\t\t<span class=\"elementor-button-text\">Ver m\u00e1s<\/span>\n\t\t\t\t\t<\/span>\n\t\t\t\t\t<\/a>\n\t\t\t\t\t\t\t\t<\/div>\n\t\t\t\t\t<\/div>\n\t\t\t\t<\/div>\n\t\t\t\t<\/div>\n\t\t<style id=\"loop-dynamic-4715\">.e-loop-item-1081 .elementor-element.elementor-element-6e55af1:not(.elementor-motion-effects-element-type-background), .e-loop-item-1081 .elementor-element.elementor-element-6e55af1 > .elementor-motion-effects-container > .elementor-motion-effects-layer{background-image:url(\"https:\/\/pawel.stefanoff.pl\/work\/wp-content\/uploads\/2026\/01\/11062b_6856f2dda2bb4b679834f24c8a8f72famv2.avif\");}<\/style>\t\t<div data-elementor-type=\"loop-item\" data-elementor-id=\"4715\" class=\"elementor elementor-4715 e-loop-item e-loop-item-1081 post-1081 publikacje type-publikacje status-publish has-post-thumbnail hentry\" data-elementor-post-type=\"elementor_library\" data-custom-edit-handle=\"1\">\n\t\t\t<div class=\"elementor-element elementor-element-6e55af1 e-flex e-con-boxed e-con e-parent\" data-id=\"6e55af1\" data-element_type=\"container\" data-e-type=\"container\" data-settings=\"{&quot;background_background&quot;:&quot;classic&quot;}\">\n\t\t\t\t\t<div class=\"e-con-inner\">\n\t\t\t\t<div class=\"elementor-element elementor-element-1ff8dc0 elementor-widget elementor-widget-theme-post-title elementor-page-title elementor-widget-heading\" data-id=\"1ff8dc0\" data-element_type=\"widget\" data-e-type=\"widget\" data-widget_type=\"theme-post-title.default\">\n\t\t\t\t\t<h1 class=\"elementor-heading-title elementor-size-default\">Measles vaccination coverage survey in Moba, Katanga, Democratic Republic of Congo, 2013: need to adapt routine and mass vaccination campaigns to reach the unreached<\/h1>\t\t\t\t<\/div>\n\t\t\t\t<div class=\"elementor-element elementor-element-34d9c11 elementor-widget elementor-widget-theme-post-excerpt\" data-id=\"34d9c11\" data-element_type=\"widget\" data-e-type=\"widget\" data-widget_type=\"theme-post-excerpt.default\">\n\t\t\t\t\tArticle in English published in the journal PLoS Currents Outbreaks (that ceased to published)\t\t\t\t<\/div>\n\t\t\t\t<div class=\"elementor-element elementor-element-fe5308e elementor-align-justify elementor-widget elementor-widget-button\" data-id=\"fe5308e\" data-element_type=\"widget\" data-e-type=\"widget\" data-widget_type=\"button.default\">\n\t\t\t\t\t\t\t\t\t\t<a class=\"elementor-button elementor-button-link elementor-size-sm\" href=\"https:\/\/pawel.stefanoff.pl\/work\/articles\/article-2015-measles-coverage-moba-en\/\">\n\t\t\t\t\t\t<span class=\"elementor-button-content-wrapper\">\n\t\t\t\t\t\t\t\t\t<span class=\"elementor-button-text\">Ver m\u00e1s<\/span>\n\t\t\t\t\t<\/span>\n\t\t\t\t\t<\/a>\n\t\t\t\t\t\t\t\t<\/div>\n\t\t\t\t\t<\/div>\n\t\t\t\t<\/div>\n\t\t\t\t<\/div>\n\t\t<style id=\"loop-dynamic-4715\">.e-loop-item-1079 .elementor-element.elementor-element-6e55af1:not(.elementor-motion-effects-element-type-background), .e-loop-item-1079 .elementor-element.elementor-element-6e55af1 > .elementor-motion-effects-container > .elementor-motion-effects-layer{background-image:url(\"https:\/\/pawel.stefanoff.pl\/work\/wp-content\/uploads\/2026\/01\/11062b_6856f2dda2bb4b679834f24c8a8f72famv2.avif\");}<\/style>\t\t<div data-elementor-type=\"loop-item\" data-elementor-id=\"4715\" class=\"elementor elementor-4715 e-loop-item e-loop-item-1079 post-1079 publikacje type-publikacje status-publish has-post-thumbnail hentry\" data-elementor-post-type=\"elementor_library\" data-custom-edit-handle=\"1\">\n\t\t\t<div class=\"elementor-element elementor-element-6e55af1 e-flex e-con-boxed e-con e-parent\" data-id=\"6e55af1\" data-element_type=\"container\" data-e-type=\"container\" data-settings=\"{&quot;background_background&quot;:&quot;classic&quot;}\">\n\t\t\t\t\t<div class=\"e-con-inner\">\n\t\t\t\t<div class=\"elementor-element elementor-element-1ff8dc0 elementor-widget elementor-widget-theme-post-title elementor-page-title elementor-widget-heading\" data-id=\"1ff8dc0\" data-element_type=\"widget\" data-e-type=\"widget\" data-widget_type=\"theme-post-title.default\">\n\t\t\t\t\t<h1 class=\"elementor-heading-title elementor-size-default\">Badanie stanu zaszczepienia przeciwko odrze w Moba, Katandze, Demokratycznej Republice Konga, 2013 r.: konieczno\u015b\u0107 dostosowania rutynowych i masowych kampanii szczepie\u0144 w celu dotarcia do niezaszczepionych<\/h1>\t\t\t\t<\/div>\n\t\t\t\t<div class=\"elementor-element elementor-element-34d9c11 elementor-widget elementor-widget-theme-post-excerpt\" data-id=\"34d9c11\" data-element_type=\"widget\" data-e-type=\"widget\" data-widget_type=\"theme-post-excerpt.default\">\n\t\t\t\t\tArtyku\u0142 w j\u0119zyku angielskim opublikowany w czasopi\u015bmie PLoS Currents Outbreaks (ju\u017c nie istniej\u0105cym)\t\t\t\t<\/div>\n\t\t\t\t<div class=\"elementor-element elementor-element-fe5308e elementor-align-justify elementor-widget elementor-widget-button\" data-id=\"fe5308e\" data-element_type=\"widget\" data-e-type=\"widget\" data-widget_type=\"button.default\">\n\t\t\t\t\t\t\t\t\t\t<a class=\"elementor-button elementor-button-link elementor-size-sm\" href=\"https:\/\/pawel.stefanoff.pl\/work\/pl\/articles\/article-2015-measles-coverage-moba-pl\/\">\n\t\t\t\t\t\t<span class=\"elementor-button-content-wrapper\">\n\t\t\t\t\t\t\t\t\t<span class=\"elementor-button-text\">Ver m\u00e1s<\/span>\n\t\t\t\t\t<\/span>\n\t\t\t\t\t<\/a>\n\t\t\t\t\t\t\t\t<\/div>\n\t\t\t\t\t<\/div>\n\t\t\t\t<\/div>\n\t\t\t\t<\/div>\n\t\t<style id=\"loop-dynamic-4715\">.e-loop-item-4356 .elementor-element.elementor-element-6e55af1:not(.elementor-motion-effects-element-type-background), .e-loop-item-4356 .elementor-element.elementor-element-6e55af1 > .elementor-motion-effects-container > .elementor-motion-effects-layer{background-image:url(\"https:\/\/pawel.stefanoff.pl\/work\/wp-content\/uploads\/2026\/01\/11062b_6856f2dda2bb4b679834f24c8a8f72famv2.avif\");}<\/style>\t\t<div data-elementor-type=\"loop-item\" data-elementor-id=\"4715\" class=\"elementor elementor-4715 e-loop-item e-loop-item-4356 post-4356 publikacje type-publikacje status-publish has-post-thumbnail hentry\" data-elementor-post-type=\"elementor_library\" data-custom-edit-handle=\"1\">\n\t\t\t<div class=\"elementor-element elementor-element-6e55af1 e-flex e-con-boxed e-con e-parent\" data-id=\"6e55af1\" data-element_type=\"container\" data-e-type=\"container\" data-settings=\"{&quot;background_background&quot;:&quot;classic&quot;}\">\n\t\t\t\t\t<div class=\"e-con-inner\">\n\t\t\t\t<div class=\"elementor-element elementor-element-1ff8dc0 elementor-widget elementor-widget-theme-post-title elementor-page-title elementor-widget-heading\" data-id=\"1ff8dc0\" data-element_type=\"widget\" data-e-type=\"widget\" data-widget_type=\"theme-post-title.default\">\n\t\t\t\t\t<h1 class=\"elementor-heading-title elementor-size-default\">Incidencia y factores predictivos de tos ferina debida al diagn\u00f3stico de parapertussis en pacientes derivados a m\u00e9dicos generales, Polonia, 2009-2011<\/h1>\t\t\t\t<\/div>\n\t\t\t\t<div class=\"elementor-element elementor-element-34d9c11 elementor-widget elementor-widget-theme-post-excerpt\" data-id=\"34d9c11\" data-element_type=\"widget\" data-e-type=\"widget\" data-widget_type=\"theme-post-excerpt.default\">\n\t\t\t\t\tArt\u00edculo en ingl\u00e9s publicado en la revista European Journal of Clinical Microbiology &amp; Infectious Diseases \t\t\t\t<\/div>\n\t\t\t\t<div class=\"elementor-element elementor-element-fe5308e elementor-align-justify elementor-widget elementor-widget-button\" data-id=\"fe5308e\" data-element_type=\"widget\" data-e-type=\"widget\" data-widget_type=\"button.default\">\n\t\t\t\t\t\t\t\t\t\t<a class=\"elementor-button elementor-button-link elementor-size-sm\" href=\"https:\/\/pawel.stefanoff.pl\/work\/es\/articles\/article-2015-parapertussis-es\/\">\n\t\t\t\t\t\t<span class=\"elementor-button-content-wrapper\">\n\t\t\t\t\t\t\t\t\t<span class=\"elementor-button-text\">Ver m\u00e1s<\/span>\n\t\t\t\t\t<\/span>\n\t\t\t\t\t<\/a>\n\t\t\t\t\t\t\t\t<\/div>\n\t\t\t\t\t<\/div>\n\t\t\t\t<\/div>\n\t\t\t\t<\/div>\n\t\t<style id=\"loop-dynamic-4715\">.e-loop-item-1078 .elementor-element.elementor-element-6e55af1:not(.elementor-motion-effects-element-type-background), .e-loop-item-1078 .elementor-element.elementor-element-6e55af1 > .elementor-motion-effects-container > .elementor-motion-effects-layer{background-image:url(\"https:\/\/pawel.stefanoff.pl\/work\/wp-content\/uploads\/2026\/01\/11062b_6856f2dda2bb4b679834f24c8a8f72famv2.avif\");}<\/style>\t\t<div data-elementor-type=\"loop-item\" data-elementor-id=\"4715\" class=\"elementor elementor-4715 e-loop-item e-loop-item-1078 post-1078 publikacje type-publikacje status-publish has-post-thumbnail hentry\" data-elementor-post-type=\"elementor_library\" data-custom-edit-handle=\"1\">\n\t\t\t<div class=\"elementor-element elementor-element-6e55af1 e-flex e-con-boxed e-con e-parent\" data-id=\"6e55af1\" data-element_type=\"container\" data-e-type=\"container\" data-settings=\"{&quot;background_background&quot;:&quot;classic&quot;}\">\n\t\t\t\t\t<div class=\"e-con-inner\">\n\t\t\t\t<div class=\"elementor-element elementor-element-1ff8dc0 elementor-widget elementor-widget-theme-post-title elementor-page-title elementor-widget-heading\" data-id=\"1ff8dc0\" data-element_type=\"widget\" data-e-type=\"widget\" data-widget_type=\"theme-post-title.default\">\n\t\t\t\t\t<h1 class=\"elementor-heading-title elementor-size-default\">Incidence and factors predicting whooping cough due to parapertussis diagnosis among patients referred to general practitioners, Poland, 2009-2011<\/h1>\t\t\t\t<\/div>\n\t\t\t\t<div class=\"elementor-element elementor-element-34d9c11 elementor-widget elementor-widget-theme-post-excerpt\" data-id=\"34d9c11\" data-element_type=\"widget\" data-e-type=\"widget\" data-widget_type=\"theme-post-excerpt.default\">\n\t\t\t\t\tArticle in English published in the journal European Journal of Clinical Microbiology &amp; Infectious Diseases\t\t\t\t<\/div>\n\t\t\t\t<div class=\"elementor-element elementor-element-fe5308e elementor-align-justify elementor-widget elementor-widget-button\" data-id=\"fe5308e\" data-element_type=\"widget\" data-e-type=\"widget\" data-widget_type=\"button.default\">\n\t\t\t\t\t\t\t\t\t\t<a class=\"elementor-button elementor-button-link elementor-size-sm\" href=\"https:\/\/pawel.stefanoff.pl\/work\/articles\/article-2015-parapertussis-en\/\">\n\t\t\t\t\t\t<span class=\"elementor-button-content-wrapper\">\n\t\t\t\t\t\t\t\t\t<span class=\"elementor-button-text\">Ver m\u00e1s<\/span>\n\t\t\t\t\t<\/span>\n\t\t\t\t\t<\/a>\n\t\t\t\t\t\t\t\t<\/div>\n\t\t\t\t\t<\/div>\n\t\t\t\t<\/div>\n\t\t\t\t<\/div>\n\t\t<style id=\"loop-dynamic-4715\">.e-loop-item-1077 .elementor-element.elementor-element-6e55af1:not(.elementor-motion-effects-element-type-background), .e-loop-item-1077 .elementor-element.elementor-element-6e55af1 > .elementor-motion-effects-container > .elementor-motion-effects-layer{background-image:url(\"https:\/\/pawel.stefanoff.pl\/work\/wp-content\/uploads\/2026\/01\/11062b_6856f2dda2bb4b679834f24c8a8f72famv2.avif\");}<\/style>\t\t<div data-elementor-type=\"loop-item\" data-elementor-id=\"4715\" class=\"elementor elementor-4715 e-loop-item e-loop-item-1077 post-1077 publikacje type-publikacje status-publish has-post-thumbnail hentry\" data-elementor-post-type=\"elementor_library\" data-custom-edit-handle=\"1\">\n\t\t\t<div class=\"elementor-element elementor-element-6e55af1 e-flex e-con-boxed e-con e-parent\" data-id=\"6e55af1\" data-element_type=\"container\" data-e-type=\"container\" data-settings=\"{&quot;background_background&quot;:&quot;classic&quot;}\">\n\t\t\t\t\t<div class=\"e-con-inner\">\n\t\t\t\t<div class=\"elementor-element elementor-element-1ff8dc0 elementor-widget elementor-widget-theme-post-title elementor-page-title elementor-widget-heading\" data-id=\"1ff8dc0\" data-element_type=\"widget\" data-e-type=\"widget\" data-widget_type=\"theme-post-title.default\">\n\t\t\t\t\t<h1 class=\"elementor-heading-title elementor-size-default\">Cz\u0119sto\u015b\u0107 wyst\u0119powania i czynniki predykcyjne parakrztu\u015bca u pacjent\u00f3w z przewlek\u0142ym kaszlem kierowanych do lekarzy rodzinnych w Polsce w latach 2009\u20132011<\/h1>\t\t\t\t<\/div>\n\t\t\t\t<div class=\"elementor-element elementor-element-34d9c11 elementor-widget elementor-widget-theme-post-excerpt\" data-id=\"34d9c11\" data-element_type=\"widget\" data-e-type=\"widget\" data-widget_type=\"theme-post-excerpt.default\">\n\t\t\t\t\tArtyku\u0142 w j\u0119zyku angielskim opublikowany w czasopi\u015bmie European Journal of Clinical Microbiology &amp; Infectious Diseases\t\t\t\t<\/div>\n\t\t\t\t<div class=\"elementor-element elementor-element-fe5308e elementor-align-justify elementor-widget elementor-widget-button\" data-id=\"fe5308e\" data-element_type=\"widget\" data-e-type=\"widget\" data-widget_type=\"button.default\">\n\t\t\t\t\t\t\t\t\t\t<a class=\"elementor-button elementor-button-link elementor-size-sm\" href=\"https:\/\/pawel.stefanoff.pl\/work\/pl\/articles\/article-2015-parapertussis-pl\/\">\n\t\t\t\t\t\t<span class=\"elementor-button-content-wrapper\">\n\t\t\t\t\t\t\t\t\t<span class=\"elementor-button-text\">Ver m\u00e1s<\/span>\n\t\t\t\t\t<\/span>\n\t\t\t\t\t<\/a>\n\t\t\t\t\t\t\t\t<\/div>\n\t\t\t\t\t<\/div>\n\t\t\t\t<\/div>\n\t\t\t\t<\/div>\n\t\t<style id=\"loop-dynamic-4715\">.e-loop-item-4358 .elementor-element.elementor-element-6e55af1:not(.elementor-motion-effects-element-type-background), .e-loop-item-4358 .elementor-element.elementor-element-6e55af1 > .elementor-motion-effects-container > .elementor-motion-effects-layer{background-image:url(\"https:\/\/pawel.stefanoff.pl\/work\/wp-content\/uploads\/2026\/01\/11062b_6856f2dda2bb4b679834f24c8a8f72famv2.avif\");}<\/style>\t\t<div data-elementor-type=\"loop-item\" data-elementor-id=\"4715\" class=\"elementor elementor-4715 e-loop-item e-loop-item-4358 post-4358 publikacje type-publikacje status-publish has-post-thumbnail hentry\" data-elementor-post-type=\"elementor_library\" data-custom-edit-handle=\"1\">\n\t\t\t<div class=\"elementor-element elementor-element-6e55af1 e-flex e-con-boxed e-con e-parent\" data-id=\"6e55af1\" data-element_type=\"container\" data-e-type=\"container\" data-settings=\"{&quot;background_background&quot;:&quot;classic&quot;}\">\n\t\t\t\t\t<div class=\"e-con-inner\">\n\t\t\t\t<div class=\"elementor-element elementor-element-1ff8dc0 elementor-widget elementor-widget-theme-post-title elementor-page-title elementor-widget-heading\" data-id=\"1ff8dc0\" data-element_type=\"widget\" data-e-type=\"widget\" data-widget_type=\"theme-post-title.default\">\n\t\t\t\t\t<h1 class=\"elementor-heading-title elementor-size-default\">Incidencia de tos ferina en pacientes de m\u00e9dicos generales en Polonia<\/h1>\t\t\t\t<\/div>\n\t\t\t\t<div class=\"elementor-element elementor-element-34d9c11 elementor-widget elementor-widget-theme-post-excerpt\" data-id=\"34d9c11\" data-element_type=\"widget\" data-e-type=\"widget\" data-widget_type=\"theme-post-excerpt.default\">\n\t\t\t\t\tArt\u00edculo en ingl\u00e9s publicado en la revista Epidemiology and Infection\t\t\t\t<\/div>\n\t\t\t\t<div class=\"elementor-element elementor-element-fe5308e elementor-align-justify elementor-widget elementor-widget-button\" data-id=\"fe5308e\" data-element_type=\"widget\" data-e-type=\"widget\" data-widget_type=\"button.default\">\n\t\t\t\t\t\t\t\t\t\t<a class=\"elementor-button elementor-button-link elementor-size-sm\" href=\"https:\/\/pawel.stefanoff.pl\/work\/es\/articles\/article-2014-pertussis-inc-es\/\">\n\t\t\t\t\t\t<span class=\"elementor-button-content-wrapper\">\n\t\t\t\t\t\t\t\t\t<span class=\"elementor-button-text\">Ver m\u00e1s<\/span>\n\t\t\t\t\t<\/span>\n\t\t\t\t\t<\/a>\n\t\t\t\t\t\t\t\t<\/div>\n\t\t\t\t\t<\/div>\n\t\t\t\t<\/div>\n\t\t\t\t<\/div>\n\t\t<style id=\"loop-dynamic-4715\">.e-loop-item-1099 .elementor-element.elementor-element-6e55af1:not(.elementor-motion-effects-element-type-background), .e-loop-item-1099 .elementor-element.elementor-element-6e55af1 > .elementor-motion-effects-container > .elementor-motion-effects-layer{background-image:url(\"https:\/\/pawel.stefanoff.pl\/work\/wp-content\/uploads\/2026\/01\/11062b_6856f2dda2bb4b679834f24c8a8f72famv2.avif\");}<\/style>\t\t<div data-elementor-type=\"loop-item\" data-elementor-id=\"4715\" class=\"elementor elementor-4715 e-loop-item e-loop-item-1099 post-1099 publikacje type-publikacje status-publish has-post-thumbnail hentry\" data-elementor-post-type=\"elementor_library\" data-custom-edit-handle=\"1\">\n\t\t\t<div class=\"elementor-element elementor-element-6e55af1 e-flex e-con-boxed e-con e-parent\" data-id=\"6e55af1\" data-element_type=\"container\" data-e-type=\"container\" data-settings=\"{&quot;background_background&quot;:&quot;classic&quot;}\">\n\t\t\t\t\t<div class=\"e-con-inner\">\n\t\t\t\t<div class=\"elementor-element elementor-element-1ff8dc0 elementor-widget elementor-widget-theme-post-title elementor-page-title elementor-widget-heading\" data-id=\"1ff8dc0\" data-element_type=\"widget\" data-e-type=\"widget\" data-widget_type=\"theme-post-title.default\">\n\t\t\t\t\t<h1 class=\"elementor-heading-title elementor-size-default\">Incidence of pertussis in patients of general practitioners in Poland<\/h1>\t\t\t\t<\/div>\n\t\t\t\t<div class=\"elementor-element elementor-element-34d9c11 elementor-widget elementor-widget-theme-post-excerpt\" data-id=\"34d9c11\" data-element_type=\"widget\" data-e-type=\"widget\" data-widget_type=\"theme-post-excerpt.default\">\n\t\t\t\t\tArticle in English published in the journal Epidemiology and Infection\t\t\t\t<\/div>\n\t\t\t\t<div class=\"elementor-element elementor-element-fe5308e elementor-align-justify elementor-widget elementor-widget-button\" data-id=\"fe5308e\" data-element_type=\"widget\" data-e-type=\"widget\" data-widget_type=\"button.default\">\n\t\t\t\t\t\t\t\t\t\t<a class=\"elementor-button elementor-button-link elementor-size-sm\" href=\"https:\/\/pawel.stefanoff.pl\/work\/articles\/article-2014-pertussis-inc-en\/\">\n\t\t\t\t\t\t<span class=\"elementor-button-content-wrapper\">\n\t\t\t\t\t\t\t\t\t<span class=\"elementor-button-text\">Ver m\u00e1s<\/span>\n\t\t\t\t\t<\/span>\n\t\t\t\t\t<\/a>\n\t\t\t\t\t\t\t\t<\/div>\n\t\t\t\t\t<\/div>\n\t\t\t\t<\/div>\n\t\t\t\t<\/div>\n\t\t<style id=\"loop-dynamic-4715\">.e-loop-item-1097 .elementor-element.elementor-element-6e55af1:not(.elementor-motion-effects-element-type-background), .e-loop-item-1097 .elementor-element.elementor-element-6e55af1 > .elementor-motion-effects-container > .elementor-motion-effects-layer{background-image:url(\"https:\/\/pawel.stefanoff.pl\/work\/wp-content\/uploads\/2026\/01\/11062b_6856f2dda2bb4b679834f24c8a8f72famv2.avif\");}<\/style>\t\t<div data-elementor-type=\"loop-item\" data-elementor-id=\"4715\" class=\"elementor elementor-4715 e-loop-item e-loop-item-1097 post-1097 publikacje type-publikacje status-publish has-post-thumbnail hentry\" data-elementor-post-type=\"elementor_library\" data-custom-edit-handle=\"1\">\n\t\t\t<div class=\"elementor-element elementor-element-6e55af1 e-flex e-con-boxed e-con e-parent\" data-id=\"6e55af1\" data-element_type=\"container\" data-e-type=\"container\" data-settings=\"{&quot;background_background&quot;:&quot;classic&quot;}\">\n\t\t\t\t\t<div class=\"e-con-inner\">\n\t\t\t\t<div class=\"elementor-element elementor-element-1ff8dc0 elementor-widget elementor-widget-theme-post-title elementor-page-title elementor-widget-heading\" data-id=\"1ff8dc0\" data-element_type=\"widget\" data-e-type=\"widget\" data-widget_type=\"theme-post-title.default\">\n\t\t\t\t\t<h1 class=\"elementor-heading-title elementor-size-default\">Zapadalno\u015b\u0107 krztu\u015bca w\u015br\u00f3d pacjent\u00f3w lekarzy rodzinnych w Polsce<\/h1>\t\t\t\t<\/div>\n\t\t\t\t<div class=\"elementor-element elementor-element-34d9c11 elementor-widget elementor-widget-theme-post-excerpt\" data-id=\"34d9c11\" data-element_type=\"widget\" data-e-type=\"widget\" data-widget_type=\"theme-post-excerpt.default\">\n\t\t\t\t\tArtyku\u0142 w j\u0119zyku angielskim opublikowany w czasopi\u015bmie Epidemiology and Infection\t\t\t\t<\/div>\n\t\t\t\t<div class=\"elementor-element elementor-element-fe5308e elementor-align-justify elementor-widget elementor-widget-button\" data-id=\"fe5308e\" data-element_type=\"widget\" data-e-type=\"widget\" data-widget_type=\"button.default\">\n\t\t\t\t\t\t\t\t\t\t<a class=\"elementor-button elementor-button-link elementor-size-sm\" href=\"https:\/\/pawel.stefanoff.pl\/work\/pl\/articles\/article-2014-pertussis-inc-pl\/\">\n\t\t\t\t\t\t<span class=\"elementor-button-content-wrapper\">\n\t\t\t\t\t\t\t\t\t<span class=\"elementor-button-text\">Ver m\u00e1s<\/span>\n\t\t\t\t\t<\/span>\n\t\t\t\t\t<\/a>\n\t\t\t\t\t\t\t\t<\/div>\n\t\t\t\t\t<\/div>\n\t\t\t\t<\/div>\n\t\t\t\t<\/div>\n\t\t<style id=\"loop-dynamic-4715\">.e-loop-item-4360 .elementor-element.elementor-element-6e55af1:not(.elementor-motion-effects-element-type-background), .e-loop-item-4360 .elementor-element.elementor-element-6e55af1 > .elementor-motion-effects-container > .elementor-motion-effects-layer{background-image:url(\"https:\/\/pawel.stefanoff.pl\/work\/wp-content\/uploads\/2026\/01\/11062b_6856f2dda2bb4b679834f24c8a8f72famv2.avif\");}<\/style>\t\t<div data-elementor-type=\"loop-item\" data-elementor-id=\"4715\" class=\"elementor elementor-4715 e-loop-item e-loop-item-4360 post-4360 publikacje type-publikacje status-publish has-post-thumbnail hentry\" data-elementor-post-type=\"elementor_library\" data-custom-edit-handle=\"1\">\n\t\t\t<div class=\"elementor-element elementor-element-6e55af1 e-flex e-con-boxed e-con e-parent\" data-id=\"6e55af1\" data-element_type=\"container\" data-e-type=\"container\" data-settings=\"{&quot;background_background&quot;:&quot;classic&quot;}\">\n\t\t\t\t\t<div class=\"e-con-inner\">\n\t\t\t\t<div class=\"elementor-element elementor-element-1ff8dc0 elementor-widget elementor-widget-theme-post-title elementor-page-title elementor-widget-heading\" data-id=\"1ff8dc0\" data-element_type=\"widget\" data-e-type=\"widget\" data-widget_type=\"theme-post-title.default\">\n\t\t\t\t\t<h1 class=\"elementor-heading-title elementor-size-default\">Diferencias en la vigilancia transfronteriza: encefalitis transmitida por garrapatas y borreliosis de Lyme en la Rep\u00fablica Checa y Polonia, 1999-2008.<\/h1>\t\t\t\t<\/div>\n\t\t\t\t<div class=\"elementor-element elementor-element-34d9c11 elementor-widget elementor-widget-theme-post-excerpt\" data-id=\"34d9c11\" data-element_type=\"widget\" data-e-type=\"widget\" data-widget_type=\"theme-post-excerpt.default\">\n\t\t\t\t\tArt\u00edculo en ingl\u00e9s publicado en la revista Central European Journal of Public Health\t\t\t\t<\/div>\n\t\t\t\t<div class=\"elementor-element elementor-element-fe5308e elementor-align-justify elementor-widget elementor-widget-button\" data-id=\"fe5308e\" data-element_type=\"widget\" data-e-type=\"widget\" data-widget_type=\"button.default\">\n\t\t\t\t\t\t\t\t\t\t<a class=\"elementor-button elementor-button-link elementor-size-sm\" href=\"https:\/\/pawel.stefanoff.pl\/work\/es\/articles\/article-2014-tbe-crossborder-es\/\">\n\t\t\t\t\t\t<span class=\"elementor-button-content-wrapper\">\n\t\t\t\t\t\t\t\t\t<span class=\"elementor-button-text\">Ver m\u00e1s<\/span>\n\t\t\t\t\t<\/span>\n\t\t\t\t\t<\/a>\n\t\t\t\t\t\t\t\t<\/div>\n\t\t\t\t\t<\/div>\n\t\t\t\t<\/div>\n\t\t\t\t<\/div>\n\t\t<style id=\"loop-dynamic-4715\">.e-loop-item-1094 .elementor-element.elementor-element-6e55af1:not(.elementor-motion-effects-element-type-background), .e-loop-item-1094 .elementor-element.elementor-element-6e55af1 > .elementor-motion-effects-container > .elementor-motion-effects-layer{background-image:url(\"https:\/\/pawel.stefanoff.pl\/work\/wp-content\/uploads\/2026\/01\/11062b_6856f2dda2bb4b679834f24c8a8f72famv2.avif\");}<\/style>\t\t<div data-elementor-type=\"loop-item\" data-elementor-id=\"4715\" class=\"elementor elementor-4715 e-loop-item e-loop-item-1094 post-1094 publikacje type-publikacje status-publish has-post-thumbnail hentry\" data-elementor-post-type=\"elementor_library\" data-custom-edit-handle=\"1\">\n\t\t\t<div class=\"elementor-element elementor-element-6e55af1 e-flex e-con-boxed e-con e-parent\" data-id=\"6e55af1\" data-element_type=\"container\" data-e-type=\"container\" data-settings=\"{&quot;background_background&quot;:&quot;classic&quot;}\">\n\t\t\t\t\t<div class=\"e-con-inner\">\n\t\t\t\t<div class=\"elementor-element elementor-element-1ff8dc0 elementor-widget elementor-widget-theme-post-title elementor-page-title elementor-widget-heading\" data-id=\"1ff8dc0\" data-element_type=\"widget\" data-e-type=\"widget\" data-widget_type=\"theme-post-title.default\">\n\t\t\t\t\t<h1 class=\"elementor-heading-title elementor-size-default\">Cross-border surveillance differences: tick-borne encephalitis and Lyme borreliosis in the Czech Republic and Poland, 1999-2008<\/h1>\t\t\t\t<\/div>\n\t\t\t\t<div class=\"elementor-element elementor-element-34d9c11 elementor-widget elementor-widget-theme-post-excerpt\" data-id=\"34d9c11\" data-element_type=\"widget\" data-e-type=\"widget\" data-widget_type=\"theme-post-excerpt.default\">\n\t\t\t\t\tArticle in English published in the journal Central European Journal of Public Health\t\t\t\t<\/div>\n\t\t\t\t<div class=\"elementor-element elementor-element-fe5308e elementor-align-justify elementor-widget elementor-widget-button\" data-id=\"fe5308e\" data-element_type=\"widget\" data-e-type=\"widget\" data-widget_type=\"button.default\">\n\t\t\t\t\t\t\t\t\t\t<a class=\"elementor-button elementor-button-link elementor-size-sm\" href=\"https:\/\/pawel.stefanoff.pl\/work\/articles\/article-2014-tbe-crossborder-en\/\">\n\t\t\t\t\t\t<span class=\"elementor-button-content-wrapper\">\n\t\t\t\t\t\t\t\t\t<span class=\"elementor-button-text\">Ver m\u00e1s<\/span>\n\t\t\t\t\t<\/span>\n\t\t\t\t\t<\/a>\n\t\t\t\t\t\t\t\t<\/div>\n\t\t\t\t\t<\/div>\n\t\t\t\t<\/div>\n\t\t\t\t<\/div>\n\t\t<style id=\"loop-dynamic-4715\">.e-loop-item-1087 .elementor-element.elementor-element-6e55af1:not(.elementor-motion-effects-element-type-background), .e-loop-item-1087 .elementor-element.elementor-element-6e55af1 > .elementor-motion-effects-container > .elementor-motion-effects-layer{background-image:url(\"https:\/\/pawel.stefanoff.pl\/work\/wp-content\/uploads\/2026\/01\/11062b_6856f2dda2bb4b679834f24c8a8f72famv2.avif\");}<\/style>\t\t<div data-elementor-type=\"loop-item\" data-elementor-id=\"4715\" class=\"elementor elementor-4715 e-loop-item e-loop-item-1087 post-1087 publikacje type-publikacje status-publish has-post-thumbnail hentry\" data-elementor-post-type=\"elementor_library\" data-custom-edit-handle=\"1\">\n\t\t\t<div class=\"elementor-element elementor-element-6e55af1 e-flex e-con-boxed e-con e-parent\" data-id=\"6e55af1\" data-element_type=\"container\" data-e-type=\"container\" data-settings=\"{&quot;background_background&quot;:&quot;classic&quot;}\">\n\t\t\t\t\t<div class=\"e-con-inner\">\n\t\t\t\t<div class=\"elementor-element elementor-element-1ff8dc0 elementor-widget elementor-widget-theme-post-title elementor-page-title elementor-widget-heading\" data-id=\"1ff8dc0\" data-element_type=\"widget\" data-e-type=\"widget\" data-widget_type=\"theme-post-title.default\">\n\t\t\t\t\t<h1 class=\"elementor-heading-title elementor-size-default\">R\u00f3\u017cnice w nadzorze transgranicznym: kleszczowe zapalenie m\u00f3zgu i borelioza z Lyme w Czechach i Polsce w latach 1999\u20132008<\/h1>\t\t\t\t<\/div>\n\t\t\t\t<div class=\"elementor-element elementor-element-34d9c11 elementor-widget elementor-widget-theme-post-excerpt\" data-id=\"34d9c11\" data-element_type=\"widget\" data-e-type=\"widget\" data-widget_type=\"theme-post-excerpt.default\">\n\t\t\t\t\tArtyku\u0142 w j\u0119zyku angielskim opublikowany w czasopi\u015bmie Central European Journal of Public Health\t\t\t\t<\/div>\n\t\t\t\t<div class=\"elementor-element elementor-element-fe5308e elementor-align-justify elementor-widget elementor-widget-button\" data-id=\"fe5308e\" data-element_type=\"widget\" data-e-type=\"widget\" data-widget_type=\"button.default\">\n\t\t\t\t\t\t\t\t\t\t<a class=\"elementor-button elementor-button-link elementor-size-sm\" href=\"https:\/\/pawel.stefanoff.pl\/work\/pl\/articles\/article-2014-tbe-crossborder-pl\/\">\n\t\t\t\t\t\t<span class=\"elementor-button-content-wrapper\">\n\t\t\t\t\t\t\t\t\t<span class=\"elementor-button-text\">Ver m\u00e1s<\/span>\n\t\t\t\t\t<\/span>\n\t\t\t\t\t<\/a>\n\t\t\t\t\t\t\t\t<\/div>\n\t\t\t\t\t<\/div>\n\t\t\t\t<\/div>\n\t\t\t\t<\/div>\n\t\t<style id=\"loop-dynamic-4715\">.e-loop-item-4361 .elementor-element.elementor-element-6e55af1:not(.elementor-motion-effects-element-type-background), .e-loop-item-4361 .elementor-element.elementor-element-6e55af1 > .elementor-motion-effects-container > .elementor-motion-effects-layer{background-image:url(\"https:\/\/pawel.stefanoff.pl\/work\/wp-content\/uploads\/2026\/01\/11062b_6856f2dda2bb4b679834f24c8a8f72famv2.avif\");}<\/style>\t\t<div data-elementor-type=\"loop-item\" data-elementor-id=\"4715\" class=\"elementor elementor-4715 e-loop-item e-loop-item-4361 post-4361 publikacje type-publikacje status-publish has-post-thumbnail hentry\" data-elementor-post-type=\"elementor_library\" data-custom-edit-handle=\"1\">\n\t\t\t<div class=\"elementor-element elementor-element-6e55af1 e-flex e-con-boxed e-con e-parent\" data-id=\"6e55af1\" data-element_type=\"container\" data-e-type=\"container\" data-settings=\"{&quot;background_background&quot;:&quot;classic&quot;}\">\n\t\t\t\t\t<div class=\"e-con-inner\">\n\t\t\t\t<div class=\"elementor-element elementor-element-1ff8dc0 elementor-widget elementor-widget-theme-post-title elementor-page-title elementor-widget-heading\" data-id=\"1ff8dc0\" data-element_type=\"widget\" data-e-type=\"widget\" data-widget_type=\"theme-post-title.default\">\n\t\t\t\t\t<h1 class=\"elementor-heading-title elementor-size-default\">Prescripciones de antibi\u00f3ticos para tratamiento de infecciones gastrointestinales agudas: Descubriendo el iceberg sumergido<\/h1>\t\t\t\t<\/div>\n\t\t\t\t<div class=\"elementor-element elementor-element-34d9c11 elementor-widget elementor-widget-theme-post-excerpt\" data-id=\"34d9c11\" data-element_type=\"widget\" data-e-type=\"widget\" data-widget_type=\"theme-post-excerpt.default\">\n\t\t\t\t\tArt\u00edculo en ingl\u00e9s publicado en la revista Epidemiology and Infection\t\t\t\t<\/div>\n\t\t\t\t<div class=\"elementor-element elementor-element-fe5308e elementor-align-justify elementor-widget elementor-widget-button\" data-id=\"fe5308e\" data-element_type=\"widget\" data-e-type=\"widget\" data-widget_type=\"button.default\">\n\t\t\t\t\t\t\t\t\t\t<a class=\"elementor-button elementor-button-link elementor-size-sm\" href=\"https:\/\/pawel.stefanoff.pl\/work\/es\/articles\/article-2013-gi-antibacterials-es\/\">\n\t\t\t\t\t\t<span class=\"elementor-button-content-wrapper\">\n\t\t\t\t\t\t\t\t\t<span class=\"elementor-button-text\">Ver m\u00e1s<\/span>\n\t\t\t\t\t<\/span>\n\t\t\t\t\t<\/a>\n\t\t\t\t\t\t\t\t<\/div>\n\t\t\t\t\t<\/div>\n\t\t\t\t<\/div>\n\t\t\t\t<\/div>\n\t\t<style id=\"loop-dynamic-4715\">.e-loop-item-1139 .elementor-element.elementor-element-6e55af1:not(.elementor-motion-effects-element-type-background), .e-loop-item-1139 .elementor-element.elementor-element-6e55af1 > .elementor-motion-effects-container > .elementor-motion-effects-layer{background-image:url(\"https:\/\/pawel.stefanoff.pl\/work\/wp-content\/uploads\/2026\/01\/11062b_6856f2dda2bb4b679834f24c8a8f72famv2.avif\");}<\/style>\t\t<div data-elementor-type=\"loop-item\" data-elementor-id=\"4715\" class=\"elementor elementor-4715 e-loop-item e-loop-item-1139 post-1139 publikacje type-publikacje status-publish has-post-thumbnail hentry\" data-elementor-post-type=\"elementor_library\" data-custom-edit-handle=\"1\">\n\t\t\t<div class=\"elementor-element elementor-element-6e55af1 e-flex e-con-boxed e-con e-parent\" data-id=\"6e55af1\" data-element_type=\"container\" data-e-type=\"container\" data-settings=\"{&quot;background_background&quot;:&quot;classic&quot;}\">\n\t\t\t\t\t<div class=\"e-con-inner\">\n\t\t\t\t<div class=\"elementor-element elementor-element-1ff8dc0 elementor-widget elementor-widget-theme-post-title elementor-page-title elementor-widget-heading\" data-id=\"1ff8dc0\" data-element_type=\"widget\" data-e-type=\"widget\" data-widget_type=\"theme-post-title.default\">\n\t\t\t\t\t<h1 class=\"elementor-heading-title elementor-size-default\">Antibacterial prescriptions for acute gastrointestinal infections: uncovering the iceberg<\/h1>\t\t\t\t<\/div>\n\t\t\t\t<div class=\"elementor-element elementor-element-34d9c11 elementor-widget elementor-widget-theme-post-excerpt\" data-id=\"34d9c11\" data-element_type=\"widget\" data-e-type=\"widget\" data-widget_type=\"theme-post-excerpt.default\">\n\t\t\t\t\tArticle in English published in the journal Epidemiology and Infection\t\t\t\t<\/div>\n\t\t\t\t<div class=\"elementor-element elementor-element-fe5308e elementor-align-justify elementor-widget elementor-widget-button\" data-id=\"fe5308e\" data-element_type=\"widget\" data-e-type=\"widget\" data-widget_type=\"button.default\">\n\t\t\t\t\t\t\t\t\t\t<a class=\"elementor-button elementor-button-link elementor-size-sm\" href=\"https:\/\/pawel.stefanoff.pl\/work\/articles\/article-2013-gi-antibacterials-en\/\">\n\t\t\t\t\t\t<span class=\"elementor-button-content-wrapper\">\n\t\t\t\t\t\t\t\t\t<span class=\"elementor-button-text\">Ver m\u00e1s<\/span>\n\t\t\t\t\t<\/span>\n\t\t\t\t\t<\/a>\n\t\t\t\t\t\t\t\t<\/div>\n\t\t\t\t\t<\/div>\n\t\t\t\t<\/div>\n\t\t\t\t<\/div>\n\t\t<style id=\"loop-dynamic-4715\">.e-loop-item-1135 .elementor-element.elementor-element-6e55af1:not(.elementor-motion-effects-element-type-background), .e-loop-item-1135 .elementor-element.elementor-element-6e55af1 > .elementor-motion-effects-container > .elementor-motion-effects-layer{background-image:url(\"https:\/\/pawel.stefanoff.pl\/work\/wp-content\/uploads\/2026\/01\/11062b_6856f2dda2bb4b679834f24c8a8f72famv2.avif\");}<\/style>\t\t<div data-elementor-type=\"loop-item\" data-elementor-id=\"4715\" class=\"elementor elementor-4715 e-loop-item e-loop-item-1135 post-1135 publikacje type-publikacje status-publish has-post-thumbnail hentry\" data-elementor-post-type=\"elementor_library\" data-custom-edit-handle=\"1\">\n\t\t\t<div class=\"elementor-element elementor-element-6e55af1 e-flex e-con-boxed e-con e-parent\" data-id=\"6e55af1\" data-element_type=\"container\" data-e-type=\"container\" data-settings=\"{&quot;background_background&quot;:&quot;classic&quot;}\">\n\t\t\t\t\t<div class=\"e-con-inner\">\n\t\t\t\t<div class=\"elementor-element elementor-element-1ff8dc0 elementor-widget elementor-widget-theme-post-title elementor-page-title elementor-widget-heading\" data-id=\"1ff8dc0\" data-element_type=\"widget\" data-e-type=\"widget\" data-widget_type=\"theme-post-title.default\">\n\t\t\t\t\t<h1 class=\"elementor-heading-title elementor-size-default\">Przepisywanie antybiotyk\u00f3w w leczeniu ostrych infekcji przewodu pokarmowego: odkrywanie zanurzonej cz\u0119\u015bci g\u00f3ry lodowej<\/h1>\t\t\t\t<\/div>\n\t\t\t\t<div class=\"elementor-element elementor-element-34d9c11 elementor-widget elementor-widget-theme-post-excerpt\" data-id=\"34d9c11\" data-element_type=\"widget\" data-e-type=\"widget\" data-widget_type=\"theme-post-excerpt.default\">\n\t\t\t\t\tArtyku\u0142 w j\u0119zyku angielskim opublikowany w czasopi\u015bmie Epidemiology and Infection\t\t\t\t<\/div>\n\t\t\t\t<div class=\"elementor-element elementor-element-fe5308e elementor-align-justify elementor-widget elementor-widget-button\" data-id=\"fe5308e\" data-element_type=\"widget\" data-e-type=\"widget\" data-widget_type=\"button.default\">\n\t\t\t\t\t\t\t\t\t\t<a class=\"elementor-button elementor-button-link elementor-size-sm\" href=\"https:\/\/pawel.stefanoff.pl\/work\/pl\/articles\/article-2013-gi-antibacterials-pl\/\">\n\t\t\t\t\t\t<span class=\"elementor-button-content-wrapper\">\n\t\t\t\t\t\t\t\t\t<span class=\"elementor-button-text\">Ver m\u00e1s<\/span>\n\t\t\t\t\t<\/span>\n\t\t\t\t\t<\/a>\n\t\t\t\t\t\t\t\t<\/div>\n\t\t\t\t\t<\/div>\n\t\t\t\t<\/div>\n\t\t\t\t<\/div>\n\t\t<style id=\"loop-dynamic-4715\">.e-loop-item-4363 .elementor-element.elementor-element-6e55af1:not(.elementor-motion-effects-element-type-background), .e-loop-item-4363 .elementor-element.elementor-element-6e55af1 > .elementor-motion-effects-container > .elementor-motion-effects-layer{background-image:url(\"https:\/\/pawel.stefanoff.pl\/work\/wp-content\/uploads\/2026\/01\/11062b_6856f2dda2bb4b679834f24c8a8f72famv2.avif\");}<\/style>\t\t<div data-elementor-type=\"loop-item\" data-elementor-id=\"4715\" class=\"elementor elementor-4715 e-loop-item e-loop-item-4363 post-4363 publikacje type-publikacje status-publish has-post-thumbnail hentry\" data-elementor-post-type=\"elementor_library\" data-custom-edit-handle=\"1\">\n\t\t\t<div class=\"elementor-element elementor-element-6e55af1 e-flex e-con-boxed e-con e-parent\" data-id=\"6e55af1\" data-element_type=\"container\" data-e-type=\"container\" data-settings=\"{&quot;background_background&quot;:&quot;classic&quot;}\">\n\t\t\t\t\t<div class=\"e-con-inner\">\n\t\t\t\t<div class=\"elementor-element elementor-element-1ff8dc0 elementor-widget elementor-widget-theme-post-title elementor-page-title elementor-widget-heading\" data-id=\"1ff8dc0\" data-element_type=\"widget\" data-e-type=\"widget\" data-widget_type=\"theme-post-title.default\">\n\t\t\t\t\t<h1 class=\"elementor-heading-title elementor-size-default\">La detecci\u00f3n de virus en garrapatas en busca de hu\u00e9sped no es un indicador sensible para la evaluaci\u00f3n del riesgo de encefalitis transmitida por garrapatas en humanos.<\/h1>\t\t\t\t<\/div>\n\t\t\t\t<div class=\"elementor-element elementor-element-34d9c11 elementor-widget elementor-widget-theme-post-excerpt\" data-id=\"34d9c11\" data-element_type=\"widget\" data-e-type=\"widget\" data-widget_type=\"theme-post-excerpt.default\">\n\t\t\t\t\tArt\u00edculo en ingl\u00e9s publicado en la revista Zoonoses and Public Health\t\t\t\t<\/div>\n\t\t\t\t<div class=\"elementor-element elementor-element-fe5308e elementor-align-justify elementor-widget elementor-widget-button\" data-id=\"fe5308e\" data-element_type=\"widget\" data-e-type=\"widget\" data-widget_type=\"button.default\">\n\t\t\t\t\t\t\t\t\t\t<a class=\"elementor-button elementor-button-link elementor-size-sm\" href=\"https:\/\/pawel.stefanoff.pl\/work\/es\/articles\/article-2013-tbev-ticks-es\/\">\n\t\t\t\t\t\t<span class=\"elementor-button-content-wrapper\">\n\t\t\t\t\t\t\t\t\t<span class=\"elementor-button-text\">Ver m\u00e1s<\/span>\n\t\t\t\t\t<\/span>\n\t\t\t\t\t<\/a>\n\t\t\t\t\t\t\t\t<\/div>\n\t\t\t\t\t<\/div>\n\t\t\t\t<\/div>\n\t\t\t\t<\/div>\n\t\t<style id=\"loop-dynamic-4715\">.e-loop-item-1126 .elementor-element.elementor-element-6e55af1:not(.elementor-motion-effects-element-type-background), .e-loop-item-1126 .elementor-element.elementor-element-6e55af1 > .elementor-motion-effects-container > .elementor-motion-effects-layer{background-image:url(\"https:\/\/pawel.stefanoff.pl\/work\/wp-content\/uploads\/2026\/01\/11062b_6856f2dda2bb4b679834f24c8a8f72famv2.avif\");}<\/style>\t\t<div data-elementor-type=\"loop-item\" data-elementor-id=\"4715\" class=\"elementor elementor-4715 e-loop-item e-loop-item-1126 post-1126 publikacje type-publikacje status-publish has-post-thumbnail hentry\" data-elementor-post-type=\"elementor_library\" data-custom-edit-handle=\"1\">\n\t\t\t<div class=\"elementor-element elementor-element-6e55af1 e-flex e-con-boxed e-con e-parent\" data-id=\"6e55af1\" data-element_type=\"container\" data-e-type=\"container\" data-settings=\"{&quot;background_background&quot;:&quot;classic&quot;}\">\n\t\t\t\t\t<div class=\"e-con-inner\">\n\t\t\t\t<div class=\"elementor-element elementor-element-1ff8dc0 elementor-widget elementor-widget-theme-post-title elementor-page-title elementor-widget-heading\" data-id=\"1ff8dc0\" data-element_type=\"widget\" data-e-type=\"widget\" data-widget_type=\"theme-post-title.default\">\n\t\t\t\t\t<h1 class=\"elementor-heading-title elementor-size-default\">Virus Detection in Questing Ticks is not a Sensitive Indicator for Risk Assessment of Tick-Borne Encephalitis in Humans<\/h1>\t\t\t\t<\/div>\n\t\t\t\t<div class=\"elementor-element elementor-element-34d9c11 elementor-widget elementor-widget-theme-post-excerpt\" data-id=\"34d9c11\" data-element_type=\"widget\" data-e-type=\"widget\" data-widget_type=\"theme-post-excerpt.default\">\n\t\t\t\t\tArticle in English published in the journal Zoonoses and Public Health \t\t\t\t<\/div>\n\t\t\t\t<div class=\"elementor-element elementor-element-fe5308e elementor-align-justify elementor-widget elementor-widget-button\" data-id=\"fe5308e\" data-element_type=\"widget\" data-e-type=\"widget\" data-widget_type=\"button.default\">\n\t\t\t\t\t\t\t\t\t\t<a class=\"elementor-button elementor-button-link elementor-size-sm\" href=\"https:\/\/pawel.stefanoff.pl\/work\/articles\/article-2013-tbev-ticks-en\/\">\n\t\t\t\t\t\t<span class=\"elementor-button-content-wrapper\">\n\t\t\t\t\t\t\t\t\t<span class=\"elementor-button-text\">Ver m\u00e1s<\/span>\n\t\t\t\t\t<\/span>\n\t\t\t\t\t<\/a>\n\t\t\t\t\t\t\t\t<\/div>\n\t\t\t\t\t<\/div>\n\t\t\t\t<\/div>\n\t\t\t\t<\/div>\n\t\t<style id=\"loop-dynamic-4715\">.e-loop-item-1124 .elementor-element.elementor-element-6e55af1:not(.elementor-motion-effects-element-type-background), .e-loop-item-1124 .elementor-element.elementor-element-6e55af1 > .elementor-motion-effects-container > .elementor-motion-effects-layer{background-image:url(\"https:\/\/pawel.stefanoff.pl\/work\/wp-content\/uploads\/2026\/01\/11062b_6856f2dda2bb4b679834f24c8a8f72famv2.avif\");}<\/style>\t\t<div data-elementor-type=\"loop-item\" data-elementor-id=\"4715\" class=\"elementor elementor-4715 e-loop-item e-loop-item-1124 post-1124 publikacje type-publikacje status-publish has-post-thumbnail hentry\" data-elementor-post-type=\"elementor_library\" data-custom-edit-handle=\"1\">\n\t\t\t<div class=\"elementor-element elementor-element-6e55af1 e-flex e-con-boxed e-con e-parent\" data-id=\"6e55af1\" data-element_type=\"container\" data-e-type=\"container\" data-settings=\"{&quot;background_background&quot;:&quot;classic&quot;}\">\n\t\t\t\t\t<div class=\"e-con-inner\">\n\t\t\t\t<div class=\"elementor-element elementor-element-1ff8dc0 elementor-widget elementor-widget-theme-post-title elementor-page-title elementor-widget-heading\" data-id=\"1ff8dc0\" data-element_type=\"widget\" data-e-type=\"widget\" data-widget_type=\"theme-post-title.default\">\n\t\t\t\t\t<h1 class=\"elementor-heading-title elementor-size-default\">Wykrywanie wirusa w kleszczach nie jest czu\u0142ym wska\u017anikiem oceny ryzyka kleszczowego zapalenia m\u00f3zgu u ludzi<\/h1>\t\t\t\t<\/div>\n\t\t\t\t<div class=\"elementor-element elementor-element-34d9c11 elementor-widget elementor-widget-theme-post-excerpt\" data-id=\"34d9c11\" data-element_type=\"widget\" data-e-type=\"widget\" data-widget_type=\"theme-post-excerpt.default\">\n\t\t\t\t\tArtyku\u0142 w j\u0119zyku angielskim opublikowany w czasopi\u015bmie Zoonoses and Public Health\t\t\t\t<\/div>\n\t\t\t\t<div class=\"elementor-element elementor-element-fe5308e elementor-align-justify elementor-widget elementor-widget-button\" data-id=\"fe5308e\" data-element_type=\"widget\" data-e-type=\"widget\" data-widget_type=\"button.default\">\n\t\t\t\t\t\t\t\t\t\t<a class=\"elementor-button elementor-button-link elementor-size-sm\" href=\"https:\/\/pawel.stefanoff.pl\/work\/pl\/articles\/article-2013-tbev-ticks-pl\/\">\n\t\t\t\t\t\t<span class=\"elementor-button-content-wrapper\">\n\t\t\t\t\t\t\t\t\t<span class=\"elementor-button-text\">Ver m\u00e1s<\/span>\n\t\t\t\t\t<\/span>\n\t\t\t\t\t<\/a>\n\t\t\t\t\t\t\t\t<\/div>\n\t\t\t\t\t<\/div>\n\t\t\t\t<\/div>\n\t\t\t\t<\/div>\n\t\t<style id=\"loop-dynamic-4715\">.e-loop-item-4365 .elementor-element.elementor-element-6e55af1:not(.elementor-motion-effects-element-type-background), .e-loop-item-4365 .elementor-element.elementor-element-6e55af1 > .elementor-motion-effects-container > .elementor-motion-effects-layer{background-image:url(\"https:\/\/pawel.stefanoff.pl\/work\/wp-content\/uploads\/2026\/01\/11062b_6856f2dda2bb4b679834f24c8a8f72famv2.avif\");}<\/style>\t\t<div data-elementor-type=\"loop-item\" data-elementor-id=\"4715\" class=\"elementor elementor-4715 e-loop-item e-loop-item-4365 post-4365 publikacje type-publikacje status-publish has-post-thumbnail hentry\" data-elementor-post-type=\"elementor_library\" data-custom-edit-handle=\"1\">\n\t\t\t<div class=\"elementor-element elementor-element-6e55af1 e-flex e-con-boxed e-con e-parent\" data-id=\"6e55af1\" data-element_type=\"container\" data-e-type=\"container\" data-settings=\"{&quot;background_background&quot;:&quot;classic&quot;}\">\n\t\t\t\t\t<div class=\"e-con-inner\">\n\t\t\t\t<div class=\"elementor-element elementor-element-1ff8dc0 elementor-widget elementor-widget-theme-post-title elementor-page-title elementor-widget-heading\" data-id=\"1ff8dc0\" data-element_type=\"widget\" data-e-type=\"widget\" data-widget_type=\"theme-post-title.default\">\n\t\t\t\t\t<h1 class=\"elementor-heading-title elementor-size-default\">Incidencia comunitaria de gastroenteritis causada por diferentes pat\u00f3genos: reconstrucci\u00f3n de la pir\u00e1mide de vigilancia para siete pat\u00f3genos en siete Estados miembros de la Uni\u00f3n Europea<\/h1>\t\t\t\t<\/div>\n\t\t\t\t<div class=\"elementor-element elementor-element-34d9c11 elementor-widget elementor-widget-theme-post-excerpt\" data-id=\"34d9c11\" data-element_type=\"widget\" data-e-type=\"widget\" data-widget_type=\"theme-post-excerpt.default\">\n\t\t\t\t\tArt\u00edculo en ingl\u00e9s publicado en la revista Epidemiology and Infection\t\t\t\t<\/div>\n\t\t\t\t<div class=\"elementor-element elementor-element-fe5308e elementor-align-justify elementor-widget elementor-widget-button\" data-id=\"fe5308e\" data-element_type=\"widget\" data-e-type=\"widget\" data-widget_type=\"button.default\">\n\t\t\t\t\t\t\t\t\t\t<a class=\"elementor-button elementor-button-link elementor-size-sm\" href=\"https:\/\/pawel.stefanoff.pl\/work\/es\/articles\/article-2013-gi-pyramid-es\/\">\n\t\t\t\t\t\t<span class=\"elementor-button-content-wrapper\">\n\t\t\t\t\t\t\t\t\t<span class=\"elementor-button-text\">Ver m\u00e1s<\/span>\n\t\t\t\t\t<\/span>\n\t\t\t\t\t<\/a>\n\t\t\t\t\t\t\t\t<\/div>\n\t\t\t\t\t<\/div>\n\t\t\t\t<\/div>\n\t\t\t\t<\/div>\n\t\t<style id=\"loop-dynamic-4715\">.e-loop-item-1134 .elementor-element.elementor-element-6e55af1:not(.elementor-motion-effects-element-type-background), .e-loop-item-1134 .elementor-element.elementor-element-6e55af1 > .elementor-motion-effects-container > .elementor-motion-effects-layer{background-image:url(\"https:\/\/pawel.stefanoff.pl\/work\/wp-content\/uploads\/2026\/01\/11062b_6856f2dda2bb4b679834f24c8a8f72famv2.avif\");}<\/style>\t\t<div data-elementor-type=\"loop-item\" data-elementor-id=\"4715\" class=\"elementor elementor-4715 e-loop-item e-loop-item-1134 post-1134 publikacje type-publikacje status-publish has-post-thumbnail hentry\" data-elementor-post-type=\"elementor_library\" data-custom-edit-handle=\"1\">\n\t\t\t<div class=\"elementor-element elementor-element-6e55af1 e-flex e-con-boxed e-con e-parent\" data-id=\"6e55af1\" data-element_type=\"container\" data-e-type=\"container\" data-settings=\"{&quot;background_background&quot;:&quot;classic&quot;}\">\n\t\t\t\t\t<div class=\"e-con-inner\">\n\t\t\t\t<div class=\"elementor-element elementor-element-1ff8dc0 elementor-widget elementor-widget-theme-post-title elementor-page-title elementor-widget-heading\" data-id=\"1ff8dc0\" data-element_type=\"widget\" data-e-type=\"widget\" data-widget_type=\"theme-post-title.default\">\n\t\t\t\t\t<h1 class=\"elementor-heading-title elementor-size-default\">Community incidence of pathogen-specific gastroenteritis: reconstructing the surveillance pyramid for seven pathogens in seven European Union member states<\/h1>\t\t\t\t<\/div>\n\t\t\t\t<div class=\"elementor-element elementor-element-34d9c11 elementor-widget elementor-widget-theme-post-excerpt\" data-id=\"34d9c11\" data-element_type=\"widget\" data-e-type=\"widget\" data-widget_type=\"theme-post-excerpt.default\">\n\t\t\t\t\tArticle in English published in the journal Epidemiology and Infection\t\t\t\t<\/div>\n\t\t\t\t<div class=\"elementor-element elementor-element-fe5308e elementor-align-justify elementor-widget elementor-widget-button\" data-id=\"fe5308e\" data-element_type=\"widget\" data-e-type=\"widget\" data-widget_type=\"button.default\">\n\t\t\t\t\t\t\t\t\t\t<a class=\"elementor-button elementor-button-link elementor-size-sm\" href=\"https:\/\/pawel.stefanoff.pl\/work\/articles\/article-2013-gi-pyramid-en\/\">\n\t\t\t\t\t\t<span class=\"elementor-button-content-wrapper\">\n\t\t\t\t\t\t\t\t\t<span class=\"elementor-button-text\">Ver m\u00e1s<\/span>\n\t\t\t\t\t<\/span>\n\t\t\t\t\t<\/a>\n\t\t\t\t\t\t\t\t<\/div>\n\t\t\t\t\t<\/div>\n\t\t\t\t<\/div>\n\t\t\t\t<\/div>\n\t\t<style id=\"loop-dynamic-4715\">.e-loop-item-1129 .elementor-element.elementor-element-6e55af1:not(.elementor-motion-effects-element-type-background), .e-loop-item-1129 .elementor-element.elementor-element-6e55af1 > .elementor-motion-effects-container > .elementor-motion-effects-layer{background-image:url(\"https:\/\/pawel.stefanoff.pl\/work\/wp-content\/uploads\/2026\/01\/11062b_6856f2dda2bb4b679834f24c8a8f72famv2.avif\");}<\/style>\t\t<div data-elementor-type=\"loop-item\" data-elementor-id=\"4715\" class=\"elementor elementor-4715 e-loop-item e-loop-item-1129 post-1129 publikacje type-publikacje status-publish has-post-thumbnail hentry\" data-elementor-post-type=\"elementor_library\" data-custom-edit-handle=\"1\">\n\t\t\t<div class=\"elementor-element elementor-element-6e55af1 e-flex e-con-boxed e-con e-parent\" data-id=\"6e55af1\" data-element_type=\"container\" data-e-type=\"container\" data-settings=\"{&quot;background_background&quot;:&quot;classic&quot;}\">\n\t\t\t\t\t<div class=\"e-con-inner\">\n\t\t\t\t<div class=\"elementor-element elementor-element-1ff8dc0 elementor-widget elementor-widget-theme-post-title elementor-page-title elementor-widget-heading\" data-id=\"1ff8dc0\" data-element_type=\"widget\" data-e-type=\"widget\" data-widget_type=\"theme-post-title.default\">\n\t\t\t\t\t<h1 class=\"elementor-heading-title elementor-size-default\">Cz\u0119sto\u015b\u0107 wyst\u0119powania zaka\u017ce\u0144 przewodu pokarmowego w zale\u017cno\u015bci od patogenu: rekonstrukcja piramidy nadzoru nad siedmioma patogenami w siedmiu pa\u0144stwach Unii Europejskiej<\/h1>\t\t\t\t<\/div>\n\t\t\t\t<div class=\"elementor-element elementor-element-34d9c11 elementor-widget elementor-widget-theme-post-excerpt\" data-id=\"34d9c11\" data-element_type=\"widget\" data-e-type=\"widget\" data-widget_type=\"theme-post-excerpt.default\">\n\t\t\t\t\tArtyku\u0142 w j\u0119zyku angielskim opublikowany w czasopi\u015bmie Epidemiology and Infection\t\t\t\t<\/div>\n\t\t\t\t<div class=\"elementor-element elementor-element-fe5308e elementor-align-justify elementor-widget elementor-widget-button\" data-id=\"fe5308e\" data-element_type=\"widget\" data-e-type=\"widget\" data-widget_type=\"button.default\">\n\t\t\t\t\t\t\t\t\t\t<a class=\"elementor-button elementor-button-link elementor-size-sm\" href=\"https:\/\/pawel.stefanoff.pl\/work\/pl\/articles\/article-2013-gi-pyramid-pl\/\">\n\t\t\t\t\t\t<span class=\"elementor-button-content-wrapper\">\n\t\t\t\t\t\t\t\t\t<span class=\"elementor-button-text\">Ver m\u00e1s<\/span>\n\t\t\t\t\t<\/span>\n\t\t\t\t\t<\/a>\n\t\t\t\t\t\t\t\t<\/div>\n\t\t\t\t\t<\/div>\n\t\t\t\t<\/div>\n\t\t\t\t<\/div>\n\t\t<style id=\"loop-dynamic-4715\">.e-loop-item-4367 .elementor-element.elementor-element-6e55af1:not(.elementor-motion-effects-element-type-background), .e-loop-item-4367 .elementor-element.elementor-element-6e55af1 > .elementor-motion-effects-container > .elementor-motion-effects-layer{background-image:url(\"https:\/\/pawel.stefanoff.pl\/work\/wp-content\/uploads\/2026\/01\/11062b_6856f2dda2bb4b679834f24c8a8f72famv2.avif\");}<\/style>\t\t<div data-elementor-type=\"loop-item\" data-elementor-id=\"4715\" class=\"elementor elementor-4715 e-loop-item e-loop-item-4367 post-4367 publikacje type-publikacje status-publish has-post-thumbnail hentry\" data-elementor-post-type=\"elementor_library\" data-custom-edit-handle=\"1\">\n\t\t\t<div class=\"elementor-element elementor-element-6e55af1 e-flex e-con-boxed e-con e-parent\" data-id=\"6e55af1\" data-element_type=\"container\" data-e-type=\"container\" data-settings=\"{&quot;background_background&quot;:&quot;classic&quot;}\">\n\t\t\t\t\t<div class=\"e-con-inner\">\n\t\t\t\t<div class=\"elementor-element elementor-element-1ff8dc0 elementor-widget elementor-widget-theme-post-title elementor-page-title elementor-widget-heading\" data-id=\"1ff8dc0\" data-element_type=\"widget\" data-e-type=\"widget\" data-widget_type=\"theme-post-title.default\">\n\t\t\t\t\t<h1 class=\"elementor-heading-title elementor-size-default\">Costos de las infecciones gastrointestinales agudas que requieren atenci\u00f3n m\u00e9dica: la encuesta prospectiva sobre la utilizaci\u00f3n de los recursos sanitarios en Polonia<\/h1>\t\t\t\t<\/div>\n\t\t\t\t<div class=\"elementor-element elementor-element-34d9c11 elementor-widget elementor-widget-theme-post-excerpt\" data-id=\"34d9c11\" data-element_type=\"widget\" data-e-type=\"widget\" data-widget_type=\"theme-post-excerpt.default\">\n\t\t\t\t\tArt\u00edculo en ingl\u00e9s publicado en la revista Value in Health Regional Issues\t\t\t\t<\/div>\n\t\t\t\t<div class=\"elementor-element elementor-element-fe5308e elementor-align-justify elementor-widget elementor-widget-button\" data-id=\"fe5308e\" data-element_type=\"widget\" data-e-type=\"widget\" data-widget_type=\"button.default\">\n\t\t\t\t\t\t\t\t\t\t<a class=\"elementor-button elementor-button-link elementor-size-sm\" href=\"https:\/\/pawel.stefanoff.pl\/work\/es\/articles\/article-2013-agi-costs-es\/\">\n\t\t\t\t\t\t<span class=\"elementor-button-content-wrapper\">\n\t\t\t\t\t\t\t\t\t<span class=\"elementor-button-text\">Ver m\u00e1s<\/span>\n\t\t\t\t\t<\/span>\n\t\t\t\t\t<\/a>\n\t\t\t\t\t\t\t\t<\/div>\n\t\t\t\t\t<\/div>\n\t\t\t\t<\/div>\n\t\t\t\t<\/div>\n\t\t<style id=\"loop-dynamic-4715\">.e-loop-item-1112 .elementor-element.elementor-element-6e55af1:not(.elementor-motion-effects-element-type-background), .e-loop-item-1112 .elementor-element.elementor-element-6e55af1 > .elementor-motion-effects-container > .elementor-motion-effects-layer{background-image:url(\"https:\/\/pawel.stefanoff.pl\/work\/wp-content\/uploads\/2026\/01\/11062b_6856f2dda2bb4b679834f24c8a8f72famv2.avif\");}<\/style>\t\t<div data-elementor-type=\"loop-item\" data-elementor-id=\"4715\" class=\"elementor elementor-4715 e-loop-item e-loop-item-1112 post-1112 publikacje type-publikacje status-publish has-post-thumbnail hentry\" data-elementor-post-type=\"elementor_library\" data-custom-edit-handle=\"1\">\n\t\t\t<div class=\"elementor-element elementor-element-6e55af1 e-flex e-con-boxed e-con e-parent\" data-id=\"6e55af1\" data-element_type=\"container\" data-e-type=\"container\" data-settings=\"{&quot;background_background&quot;:&quot;classic&quot;}\">\n\t\t\t\t\t<div class=\"e-con-inner\">\n\t\t\t\t<div class=\"elementor-element elementor-element-1ff8dc0 elementor-widget elementor-widget-theme-post-title elementor-page-title elementor-widget-heading\" data-id=\"1ff8dc0\" data-element_type=\"widget\" data-e-type=\"widget\" data-widget_type=\"theme-post-title.default\">\n\t\t\t\t\t<h1 class=\"elementor-heading-title elementor-size-default\">Costs of Medically Attended Acute Gastrointestinal Infections: The Polish Prospective Healthcare Utilization Survey<\/h1>\t\t\t\t<\/div>\n\t\t\t\t<div class=\"elementor-element elementor-element-34d9c11 elementor-widget elementor-widget-theme-post-excerpt\" data-id=\"34d9c11\" data-element_type=\"widget\" data-e-type=\"widget\" data-widget_type=\"theme-post-excerpt.default\">\n\t\t\t\t\tArticle in English published in the journal Value in Health Regional Issues\t\t\t\t<\/div>\n\t\t\t\t<div class=\"elementor-element elementor-element-fe5308e elementor-align-justify elementor-widget elementor-widget-button\" data-id=\"fe5308e\" data-element_type=\"widget\" data-e-type=\"widget\" data-widget_type=\"button.default\">\n\t\t\t\t\t\t\t\t\t\t<a class=\"elementor-button elementor-button-link elementor-size-sm\" href=\"https:\/\/pawel.stefanoff.pl\/work\/articles\/article-2013-agi-costs-en\/\">\n\t\t\t\t\t\t<span class=\"elementor-button-content-wrapper\">\n\t\t\t\t\t\t\t\t\t<span class=\"elementor-button-text\">Ver m\u00e1s<\/span>\n\t\t\t\t\t<\/span>\n\t\t\t\t\t<\/a>\n\t\t\t\t\t\t\t\t<\/div>\n\t\t\t\t\t<\/div>\n\t\t\t\t<\/div>\n\t\t\t\t<\/div>\n\t\t<style id=\"loop-dynamic-4715\">.e-loop-item-1109 .elementor-element.elementor-element-6e55af1:not(.elementor-motion-effects-element-type-background), .e-loop-item-1109 .elementor-element.elementor-element-6e55af1 > .elementor-motion-effects-container > .elementor-motion-effects-layer{background-image:url(\"https:\/\/pawel.stefanoff.pl\/work\/wp-content\/uploads\/2026\/01\/11062b_6856f2dda2bb4b679834f24c8a8f72famv2.avif\");}<\/style>\t\t<div data-elementor-type=\"loop-item\" data-elementor-id=\"4715\" class=\"elementor elementor-4715 e-loop-item e-loop-item-1109 post-1109 publikacje type-publikacje status-publish has-post-thumbnail hentry\" data-elementor-post-type=\"elementor_library\" data-custom-edit-handle=\"1\">\n\t\t\t<div class=\"elementor-element elementor-element-6e55af1 e-flex e-con-boxed e-con e-parent\" data-id=\"6e55af1\" data-element_type=\"container\" data-e-type=\"container\" data-settings=\"{&quot;background_background&quot;:&quot;classic&quot;}\">\n\t\t\t\t\t<div class=\"e-con-inner\">\n\t\t\t\t<div class=\"elementor-element elementor-element-1ff8dc0 elementor-widget elementor-widget-theme-post-title elementor-page-title elementor-widget-heading\" data-id=\"1ff8dc0\" data-element_type=\"widget\" data-e-type=\"widget\" data-widget_type=\"theme-post-title.default\">\n\t\t\t\t\t<h1 class=\"elementor-heading-title elementor-size-default\">Koszty leczenia ostrych zaka\u017ce\u0144 przewodu pokarmowego wymagaj\u0105cych opieki medycznej: prospektywne badanie wykorzystania opieki zdrowotnej w Polsce<\/h1>\t\t\t\t<\/div>\n\t\t\t\t<div class=\"elementor-element elementor-element-34d9c11 elementor-widget elementor-widget-theme-post-excerpt\" data-id=\"34d9c11\" data-element_type=\"widget\" data-e-type=\"widget\" data-widget_type=\"theme-post-excerpt.default\">\n\t\t\t\t\tArtyku\u0142 w j\u0119zyku angielskim opublikowany w czasopi\u015bmie Value in Health Regional Issues\t\t\t\t<\/div>\n\t\t\t\t<div class=\"elementor-element elementor-element-fe5308e elementor-align-justify elementor-widget elementor-widget-button\" data-id=\"fe5308e\" data-element_type=\"widget\" data-e-type=\"widget\" data-widget_type=\"button.default\">\n\t\t\t\t\t\t\t\t\t\t<a class=\"elementor-button elementor-button-link elementor-size-sm\" href=\"https:\/\/pawel.stefanoff.pl\/work\/pl\/articles\/article-2013-agi-costs-pl\/\">\n\t\t\t\t\t\t<span class=\"elementor-button-content-wrapper\">\n\t\t\t\t\t\t\t\t\t<span class=\"elementor-button-text\">Ver m\u00e1s<\/span>\n\t\t\t\t\t<\/span>\n\t\t\t\t\t<\/a>\n\t\t\t\t\t\t\t\t<\/div>\n\t\t\t\t\t<\/div>\n\t\t\t\t<\/div>\n\t\t\t\t<\/div>\n\t\t<style id=\"loop-dynamic-4715\">.e-loop-item-4369 .elementor-element.elementor-element-6e55af1:not(.elementor-motion-effects-element-type-background), .e-loop-item-4369 .elementor-element.elementor-element-6e55af1 > .elementor-motion-effects-container > .elementor-motion-effects-layer{background-image:url(\"https:\/\/pawel.stefanoff.pl\/work\/wp-content\/uploads\/2026\/01\/11062b_6856f2dda2bb4b679834f24c8a8f72famv2.avif\");}<\/style>\t\t<div data-elementor-type=\"loop-item\" data-elementor-id=\"4715\" class=\"elementor elementor-4715 e-loop-item e-loop-item-4369 post-4369 publikacje type-publikacje status-publish has-post-thumbnail hentry\" data-elementor-post-type=\"elementor_library\" data-custom-edit-handle=\"1\">\n\t\t\t<div class=\"elementor-element elementor-element-6e55af1 e-flex e-con-boxed e-con e-parent\" data-id=\"6e55af1\" data-element_type=\"container\" data-e-type=\"container\" data-settings=\"{&quot;background_background&quot;:&quot;classic&quot;}\">\n\t\t\t\t\t<div class=\"e-con-inner\">\n\t\t\t\t<div class=\"elementor-element elementor-element-1ff8dc0 elementor-widget elementor-widget-theme-post-title elementor-page-title elementor-widget-heading\" data-id=\"1ff8dc0\" data-element_type=\"widget\" data-e-type=\"widget\" data-widget_type=\"theme-post-title.default\">\n\t\t\t\t\t<h1 class=\"elementor-heading-title elementor-size-default\">Se han identificado nuevos focos end\u00e9micos de encefalitis transmitida por garrapatas (ETG) en distritos de Polonia donde no se dispon\u00eda de pruebas para detectar la TBE antes de 2009.<\/h1>\t\t\t\t<\/div>\n\t\t\t\t<div class=\"elementor-element elementor-element-34d9c11 elementor-widget elementor-widget-theme-post-excerpt\" data-id=\"34d9c11\" data-element_type=\"widget\" data-e-type=\"widget\" data-widget_type=\"theme-post-excerpt.default\">\n\t\t\t\t\tArt\u00edculo en ingl\u00e9s publicado en la revista Parasites &amp; Vectors\t\t\t\t<\/div>\n\t\t\t\t<div class=\"elementor-element elementor-element-fe5308e elementor-align-justify elementor-widget elementor-widget-button\" data-id=\"fe5308e\" data-element_type=\"widget\" data-e-type=\"widget\" data-widget_type=\"button.default\">\n\t\t\t\t\t\t\t\t\t\t<a class=\"elementor-button elementor-button-link elementor-size-sm\" href=\"https:\/\/pawel.stefanoff.pl\/work\/es\/articles\/article-2013-tbe-foci-es\/\">\n\t\t\t\t\t\t<span class=\"elementor-button-content-wrapper\">\n\t\t\t\t\t\t\t\t\t<span class=\"elementor-button-text\">Ver m\u00e1s<\/span>\n\t\t\t\t\t<\/span>\n\t\t\t\t\t<\/a>\n\t\t\t\t\t\t\t\t<\/div>\n\t\t\t\t\t<\/div>\n\t\t\t\t<\/div>\n\t\t\t\t<\/div>\n\t\t<style id=\"loop-dynamic-4715\">.e-loop-item-1102 .elementor-element.elementor-element-6e55af1:not(.elementor-motion-effects-element-type-background), .e-loop-item-1102 .elementor-element.elementor-element-6e55af1 > .elementor-motion-effects-container > .elementor-motion-effects-layer{background-image:url(\"https:\/\/pawel.stefanoff.pl\/work\/wp-content\/uploads\/2026\/01\/11062b_6856f2dda2bb4b679834f24c8a8f72famv2.avif\");}<\/style>\t\t<div data-elementor-type=\"loop-item\" data-elementor-id=\"4715\" class=\"elementor elementor-4715 e-loop-item e-loop-item-1102 post-1102 publikacje type-publikacje status-publish has-post-thumbnail hentry\" data-elementor-post-type=\"elementor_library\" data-custom-edit-handle=\"1\">\n\t\t\t<div class=\"elementor-element elementor-element-6e55af1 e-flex e-con-boxed e-con e-parent\" data-id=\"6e55af1\" data-element_type=\"container\" data-e-type=\"container\" data-settings=\"{&quot;background_background&quot;:&quot;classic&quot;}\">\n\t\t\t\t\t<div class=\"e-con-inner\">\n\t\t\t\t<div class=\"elementor-element elementor-element-1ff8dc0 elementor-widget elementor-widget-theme-post-title elementor-page-title elementor-widget-heading\" data-id=\"1ff8dc0\" data-element_type=\"widget\" data-e-type=\"widget\" data-widget_type=\"theme-post-title.default\">\n\t\t\t\t\t<h1 class=\"elementor-heading-title elementor-size-default\">New endemic foci of tick-borne encephalitis (TBE) identified in districts where testing for TBE was not available before 2009 in Poland<\/h1>\t\t\t\t<\/div>\n\t\t\t\t<div class=\"elementor-element elementor-element-34d9c11 elementor-widget elementor-widget-theme-post-excerpt\" data-id=\"34d9c11\" data-element_type=\"widget\" data-e-type=\"widget\" data-widget_type=\"theme-post-excerpt.default\">\n\t\t\t\t\tArticle in English published in the journal Parasites &amp; Vectors\t\t\t\t<\/div>\n\t\t\t\t<div class=\"elementor-element elementor-element-fe5308e elementor-align-justify elementor-widget elementor-widget-button\" data-id=\"fe5308e\" data-element_type=\"widget\" data-e-type=\"widget\" data-widget_type=\"button.default\">\n\t\t\t\t\t\t\t\t\t\t<a class=\"elementor-button elementor-button-link elementor-size-sm\" href=\"https:\/\/pawel.stefanoff.pl\/work\/articles\/article-2013-tbe-foci-en\/\">\n\t\t\t\t\t\t<span class=\"elementor-button-content-wrapper\">\n\t\t\t\t\t\t\t\t\t<span class=\"elementor-button-text\">Ver m\u00e1s<\/span>\n\t\t\t\t\t<\/span>\n\t\t\t\t\t<\/a>\n\t\t\t\t\t\t\t\t<\/div>\n\t\t\t\t\t<\/div>\n\t\t\t\t<\/div>\n\t\t\t\t<\/div>\n\t\t<style id=\"loop-dynamic-4715\">.e-loop-item-1100 .elementor-element.elementor-element-6e55af1:not(.elementor-motion-effects-element-type-background), .e-loop-item-1100 .elementor-element.elementor-element-6e55af1 > .elementor-motion-effects-container > .elementor-motion-effects-layer{background-image:url(\"https:\/\/pawel.stefanoff.pl\/work\/wp-content\/uploads\/2026\/01\/11062b_6856f2dda2bb4b679834f24c8a8f72famv2.avif\");}<\/style>\t\t<div data-elementor-type=\"loop-item\" data-elementor-id=\"4715\" class=\"elementor elementor-4715 e-loop-item e-loop-item-1100 post-1100 publikacje type-publikacje status-publish has-post-thumbnail hentry\" data-elementor-post-type=\"elementor_library\" data-custom-edit-handle=\"1\">\n\t\t\t<div class=\"elementor-element elementor-element-6e55af1 e-flex e-con-boxed e-con e-parent\" data-id=\"6e55af1\" data-element_type=\"container\" data-e-type=\"container\" data-settings=\"{&quot;background_background&quot;:&quot;classic&quot;}\">\n\t\t\t\t\t<div class=\"e-con-inner\">\n\t\t\t\t<div class=\"elementor-element elementor-element-1ff8dc0 elementor-widget elementor-widget-theme-post-title elementor-page-title elementor-widget-heading\" data-id=\"1ff8dc0\" data-element_type=\"widget\" data-e-type=\"widget\" data-widget_type=\"theme-post-title.default\">\n\t\t\t\t\t<h1 class=\"elementor-heading-title elementor-size-default\">Nowe ogniska kleszczowego zapalenia m\u00f3zgu  (KZM) zidentyfikowane w polskich powiatach, w kt\u00f3rych przed 2009 r. nie by\u0142o dost\u0119pnej diagnostyki<\/h1>\t\t\t\t<\/div>\n\t\t\t\t<div class=\"elementor-element elementor-element-34d9c11 elementor-widget elementor-widget-theme-post-excerpt\" data-id=\"34d9c11\" data-element_type=\"widget\" data-e-type=\"widget\" data-widget_type=\"theme-post-excerpt.default\">\n\t\t\t\t\tArtyku\u0142 w j\u0119zyku angielskim opublikowany w czasopi\u015bmie Parasites &amp; Vectors\t\t\t\t<\/div>\n\t\t\t\t<div class=\"elementor-element elementor-element-fe5308e elementor-align-justify elementor-widget elementor-widget-button\" data-id=\"fe5308e\" data-element_type=\"widget\" data-e-type=\"widget\" data-widget_type=\"button.default\">\n\t\t\t\t\t\t\t\t\t\t<a class=\"elementor-button elementor-button-link elementor-size-sm\" href=\"https:\/\/pawel.stefanoff.pl\/work\/pl\/articles\/article-2013-tbe-foci-pl\/\">\n\t\t\t\t\t\t<span class=\"elementor-button-content-wrapper\">\n\t\t\t\t\t\t\t\t\t<span class=\"elementor-button-text\">Ver m\u00e1s<\/span>\n\t\t\t\t\t<\/span>\n\t\t\t\t\t<\/a>\n\t\t\t\t\t\t\t\t<\/div>\n\t\t\t\t\t<\/div>\n\t\t\t\t<\/div>\n\t\t\t\t<\/div>\n\t\t<style id=\"loop-dynamic-4715\">.e-loop-item-4371 .elementor-element.elementor-element-6e55af1:not(.elementor-motion-effects-element-type-background), .e-loop-item-4371 .elementor-element.elementor-element-6e55af1 > .elementor-motion-effects-container > .elementor-motion-effects-layer{background-image:url(\"https:\/\/pawel.stefanoff.pl\/work\/wp-content\/uploads\/2026\/01\/11062b_6856f2dda2bb4b679834f24c8a8f72famv2.avif\");}<\/style>\t\t<div data-elementor-type=\"loop-item\" data-elementor-id=\"4715\" class=\"elementor elementor-4715 e-loop-item e-loop-item-4371 post-4371 publikacje type-publikacje status-publish has-post-thumbnail hentry\" data-elementor-post-type=\"elementor_library\" data-custom-edit-handle=\"1\">\n\t\t\t<div class=\"elementor-element elementor-element-6e55af1 e-flex e-con-boxed e-con e-parent\" data-id=\"6e55af1\" data-element_type=\"container\" data-e-type=\"container\" data-settings=\"{&quot;background_background&quot;:&quot;classic&quot;}\">\n\t\t\t\t\t<div class=\"e-con-inner\">\n\t\t\t\t<div class=\"elementor-element elementor-element-1ff8dc0 elementor-widget elementor-widget-theme-post-title elementor-page-title elementor-widget-heading\" data-id=\"1ff8dc0\" data-element_type=\"widget\" data-e-type=\"widget\" data-widget_type=\"theme-post-title.default\">\n\t\t\t\t\t<h1 class=\"elementor-heading-title elementor-size-default\">Epidemia de rub\u00e9ola en curso entre hombres j\u00f3venes en Polonia: mayor riesgo de infecciones cong\u00e9nitas por rub\u00e9ola<\/h1>\t\t\t\t<\/div>\n\t\t\t\t<div class=\"elementor-element elementor-element-34d9c11 elementor-widget elementor-widget-theme-post-excerpt\" data-id=\"34d9c11\" data-element_type=\"widget\" data-e-type=\"widget\" data-widget_type=\"theme-post-excerpt.default\">\n\t\t\t\t\tArt\u00edculo en ingl\u00e9s publicado en la revista Eurosurveillance\t\t\t\t<\/div>\n\t\t\t\t<div class=\"elementor-element elementor-element-fe5308e elementor-align-justify elementor-widget elementor-widget-button\" data-id=\"fe5308e\" data-element_type=\"widget\" data-e-type=\"widget\" data-widget_type=\"button.default\">\n\t\t\t\t\t\t\t\t\t\t<a class=\"elementor-button elementor-button-link elementor-size-sm\" href=\"https:\/\/pawel.stefanoff.pl\/work\/es\/articles\/article-2013-rubella-outbreak-es\/\">\n\t\t\t\t\t\t<span class=\"elementor-button-content-wrapper\">\n\t\t\t\t\t\t\t\t\t<span class=\"elementor-button-text\">Ver m\u00e1s<\/span>\n\t\t\t\t\t<\/span>\n\t\t\t\t\t<\/a>\n\t\t\t\t\t\t\t\t<\/div>\n\t\t\t\t\t<\/div>\n\t\t\t\t<\/div>\n\t\t\t\t<\/div>\n\t\t<style id=\"loop-dynamic-4715\">.e-loop-item-1108 .elementor-element.elementor-element-6e55af1:not(.elementor-motion-effects-element-type-background), .e-loop-item-1108 .elementor-element.elementor-element-6e55af1 > .elementor-motion-effects-container > .elementor-motion-effects-layer{background-image:url(\"https:\/\/pawel.stefanoff.pl\/work\/wp-content\/uploads\/2026\/01\/11062b_6856f2dda2bb4b679834f24c8a8f72famv2.avif\");}<\/style>\t\t<div data-elementor-type=\"loop-item\" data-elementor-id=\"4715\" class=\"elementor elementor-4715 e-loop-item e-loop-item-1108 post-1108 publikacje type-publikacje status-publish has-post-thumbnail hentry\" data-elementor-post-type=\"elementor_library\" data-custom-edit-handle=\"1\">\n\t\t\t<div class=\"elementor-element elementor-element-6e55af1 e-flex e-con-boxed e-con e-parent\" data-id=\"6e55af1\" data-element_type=\"container\" data-e-type=\"container\" data-settings=\"{&quot;background_background&quot;:&quot;classic&quot;}\">\n\t\t\t\t\t<div class=\"e-con-inner\">\n\t\t\t\t<div class=\"elementor-element elementor-element-1ff8dc0 elementor-widget elementor-widget-theme-post-title elementor-page-title elementor-widget-heading\" data-id=\"1ff8dc0\" data-element_type=\"widget\" data-e-type=\"widget\" data-widget_type=\"theme-post-title.default\">\n\t\t\t\t\t<h1 class=\"elementor-heading-title elementor-size-default\">Ongoing outbreak of rubella among young male adults in Poland: increased risk of congenital rubella infections<\/h1>\t\t\t\t<\/div>\n\t\t\t\t<div class=\"elementor-element elementor-element-34d9c11 elementor-widget elementor-widget-theme-post-excerpt\" data-id=\"34d9c11\" data-element_type=\"widget\" data-e-type=\"widget\" data-widget_type=\"theme-post-excerpt.default\">\n\t\t\t\t\tArticle in English published in the journal Eurosurveillance\t\t\t\t<\/div>\n\t\t\t\t<div class=\"elementor-element elementor-element-fe5308e elementor-align-justify elementor-widget elementor-widget-button\" data-id=\"fe5308e\" data-element_type=\"widget\" data-e-type=\"widget\" data-widget_type=\"button.default\">\n\t\t\t\t\t\t\t\t\t\t<a class=\"elementor-button elementor-button-link elementor-size-sm\" href=\"https:\/\/pawel.stefanoff.pl\/work\/articles\/article-2013-rubella-outbreak-en\/\">\n\t\t\t\t\t\t<span class=\"elementor-button-content-wrapper\">\n\t\t\t\t\t\t\t\t\t<span class=\"elementor-button-text\">Ver m\u00e1s<\/span>\n\t\t\t\t\t<\/span>\n\t\t\t\t\t<\/a>\n\t\t\t\t\t\t\t\t<\/div>\n\t\t\t\t\t<\/div>\n\t\t\t\t<\/div>\n\t\t\t\t<\/div>\n\t\t<style id=\"loop-dynamic-4715\">.e-loop-item-1103 .elementor-element.elementor-element-6e55af1:not(.elementor-motion-effects-element-type-background), .e-loop-item-1103 .elementor-element.elementor-element-6e55af1 > .elementor-motion-effects-container > .elementor-motion-effects-layer{background-image:url(\"https:\/\/pawel.stefanoff.pl\/work\/wp-content\/uploads\/2026\/01\/11062b_6856f2dda2bb4b679834f24c8a8f72famv2.avif\");}<\/style>\t\t<div data-elementor-type=\"loop-item\" data-elementor-id=\"4715\" class=\"elementor elementor-4715 e-loop-item e-loop-item-1103 post-1103 publikacje type-publikacje status-publish has-post-thumbnail hentry\" data-elementor-post-type=\"elementor_library\" data-custom-edit-handle=\"1\">\n\t\t\t<div class=\"elementor-element elementor-element-6e55af1 e-flex e-con-boxed e-con e-parent\" data-id=\"6e55af1\" data-element_type=\"container\" data-e-type=\"container\" data-settings=\"{&quot;background_background&quot;:&quot;classic&quot;}\">\n\t\t\t\t\t<div class=\"e-con-inner\">\n\t\t\t\t<div class=\"elementor-element elementor-element-1ff8dc0 elementor-widget elementor-widget-theme-post-title elementor-page-title elementor-widget-heading\" data-id=\"1ff8dc0\" data-element_type=\"widget\" data-e-type=\"widget\" data-widget_type=\"theme-post-title.default\">\n\t\t\t\t\t<h1 class=\"elementor-heading-title elementor-size-default\">Trwaj\u0105ca epidemia r\u00f3\u017cyczki w\u015br\u00f3d m\u0142odych doros\u0142ych m\u0119\u017cczyzn w Polsce: zwi\u0119kszone ryzyko r\u00f3\u017cyczki wrodzonej<\/h1>\t\t\t\t<\/div>\n\t\t\t\t<div class=\"elementor-element elementor-element-34d9c11 elementor-widget elementor-widget-theme-post-excerpt\" data-id=\"34d9c11\" data-element_type=\"widget\" data-e-type=\"widget\" data-widget_type=\"theme-post-excerpt.default\">\n\t\t\t\t\tArtyku\u0142 w j\u0119zyku angielskim opublikowany w czasopi\u015bmie Eurosurveillance\t\t\t\t<\/div>\n\t\t\t\t<div class=\"elementor-element elementor-element-fe5308e elementor-align-justify elementor-widget elementor-widget-button\" data-id=\"fe5308e\" data-element_type=\"widget\" data-e-type=\"widget\" data-widget_type=\"button.default\">\n\t\t\t\t\t\t\t\t\t\t<a class=\"elementor-button elementor-button-link elementor-size-sm\" href=\"https:\/\/pawel.stefanoff.pl\/work\/pl\/articles\/article-2013-rubella-outbreak-pl\/\">\n\t\t\t\t\t\t<span class=\"elementor-button-content-wrapper\">\n\t\t\t\t\t\t\t\t\t<span class=\"elementor-button-text\">Ver m\u00e1s<\/span>\n\t\t\t\t\t<\/span>\n\t\t\t\t\t<\/a>\n\t\t\t\t\t\t\t\t<\/div>\n\t\t\t\t\t<\/div>\n\t\t\t\t<\/div>\n\t\t\t\t<\/div>\n\t\t<style id=\"loop-dynamic-4715\">.e-loop-item-4373 .elementor-element.elementor-element-6e55af1:not(.elementor-motion-effects-element-type-background), .e-loop-item-4373 .elementor-element.elementor-element-6e55af1 > .elementor-motion-effects-container > .elementor-motion-effects-layer{background-image:url(\"https:\/\/pawel.stefanoff.pl\/work\/wp-content\/uploads\/2026\/01\/11062b_6856f2dda2bb4b679834f24c8a8f72famv2.avif\");}<\/style>\t\t<div data-elementor-type=\"loop-item\" data-elementor-id=\"4715\" class=\"elementor elementor-4715 e-loop-item e-loop-item-4373 post-4373 publikacje type-publikacje status-publish has-post-thumbnail hentry\" data-elementor-post-type=\"elementor_library\" data-custom-edit-handle=\"1\">\n\t\t\t<div class=\"elementor-element elementor-element-6e55af1 e-flex e-con-boxed e-con e-parent\" data-id=\"6e55af1\" data-element_type=\"container\" data-e-type=\"container\" data-settings=\"{&quot;background_background&quot;:&quot;classic&quot;}\">\n\t\t\t\t\t<div class=\"e-con-inner\">\n\t\t\t\t<div class=\"elementor-element elementor-element-1ff8dc0 elementor-widget elementor-widget-theme-post-title elementor-page-title elementor-widget-heading\" data-id=\"1ff8dc0\" data-element_type=\"widget\" data-e-type=\"widget\" data-widget_type=\"theme-post-title.default\">\n\t\t\t\t\t<h1 class=\"elementor-heading-title elementor-size-default\">Diferencias en las pol\u00edticas de vacunaci\u00f3n para adultos en Europa: una visi\u00f3n general de la red VENICE sobre recomendaciones de vacunas, financiaci\u00f3n y cobertura.<\/h1>\t\t\t\t<\/div>\n\t\t\t\t<div class=\"elementor-element elementor-element-34d9c11 elementor-widget elementor-widget-theme-post-excerpt\" data-id=\"34d9c11\" data-element_type=\"widget\" data-e-type=\"widget\" data-widget_type=\"theme-post-excerpt.default\">\n\t\t\t\t\tArt\u00edculo en ingl\u00e9s publicado en la revista Vaccine\t\t\t\t<\/div>\n\t\t\t\t<div class=\"elementor-element elementor-element-fe5308e elementor-align-justify elementor-widget elementor-widget-button\" data-id=\"fe5308e\" data-element_type=\"widget\" data-e-type=\"widget\" data-widget_type=\"button.default\">\n\t\t\t\t\t\t\t\t\t\t<a class=\"elementor-button elementor-button-link elementor-size-sm\" href=\"https:\/\/pawel.stefanoff.pl\/work\/es\/articles\/article-2012-adult-vacc-es\/\">\n\t\t\t\t\t\t<span class=\"elementor-button-content-wrapper\">\n\t\t\t\t\t\t\t\t\t<span class=\"elementor-button-text\">Ver m\u00e1s<\/span>\n\t\t\t\t\t<\/span>\n\t\t\t\t\t<\/a>\n\t\t\t\t\t\t\t\t<\/div>\n\t\t\t\t\t<\/div>\n\t\t\t\t<\/div>\n\t\t\t\t<\/div>\n\t\t<style id=\"loop-dynamic-4715\">.e-loop-item-1120 .elementor-element.elementor-element-6e55af1:not(.elementor-motion-effects-element-type-background), .e-loop-item-1120 .elementor-element.elementor-element-6e55af1 > .elementor-motion-effects-container > .elementor-motion-effects-layer{background-image:url(\"https:\/\/pawel.stefanoff.pl\/work\/wp-content\/uploads\/2026\/01\/11062b_6856f2dda2bb4b679834f24c8a8f72famv2.avif\");}<\/style>\t\t<div data-elementor-type=\"loop-item\" data-elementor-id=\"4715\" class=\"elementor elementor-4715 e-loop-item e-loop-item-1120 post-1120 publikacje type-publikacje status-publish has-post-thumbnail hentry\" data-elementor-post-type=\"elementor_library\" data-custom-edit-handle=\"1\">\n\t\t\t<div class=\"elementor-element elementor-element-6e55af1 e-flex e-con-boxed e-con e-parent\" data-id=\"6e55af1\" data-element_type=\"container\" data-e-type=\"container\" data-settings=\"{&quot;background_background&quot;:&quot;classic&quot;}\">\n\t\t\t\t\t<div class=\"e-con-inner\">\n\t\t\t\t<div class=\"elementor-element elementor-element-1ff8dc0 elementor-widget elementor-widget-theme-post-title elementor-page-title elementor-widget-heading\" data-id=\"1ff8dc0\" data-element_type=\"widget\" data-e-type=\"widget\" data-widget_type=\"theme-post-title.default\">\n\t\t\t\t\t<h1 class=\"elementor-heading-title elementor-size-default\">Variation in adult vaccination policies across Europe: An overview from VENICE network on vaccine recommendations, funding and coverage<\/h1>\t\t\t\t<\/div>\n\t\t\t\t<div class=\"elementor-element elementor-element-34d9c11 elementor-widget elementor-widget-theme-post-excerpt\" data-id=\"34d9c11\" data-element_type=\"widget\" data-e-type=\"widget\" data-widget_type=\"theme-post-excerpt.default\">\n\t\t\t\t\tArticle in English published in the journal Vaccine\t\t\t\t<\/div>\n\t\t\t\t<div class=\"elementor-element elementor-element-fe5308e elementor-align-justify elementor-widget elementor-widget-button\" data-id=\"fe5308e\" data-element_type=\"widget\" data-e-type=\"widget\" data-widget_type=\"button.default\">\n\t\t\t\t\t\t\t\t\t\t<a class=\"elementor-button elementor-button-link elementor-size-sm\" href=\"https:\/\/pawel.stefanoff.pl\/work\/articles\/article-2012-adult-vacc-en\/\">\n\t\t\t\t\t\t<span class=\"elementor-button-content-wrapper\">\n\t\t\t\t\t\t\t\t\t<span class=\"elementor-button-text\">Ver m\u00e1s<\/span>\n\t\t\t\t\t<\/span>\n\t\t\t\t\t<\/a>\n\t\t\t\t\t\t\t\t<\/div>\n\t\t\t\t\t<\/div>\n\t\t\t\t<\/div>\n\t\t\t\t<\/div>\n\t\t<style id=\"loop-dynamic-4715\">.e-loop-item-1115 .elementor-element.elementor-element-6e55af1:not(.elementor-motion-effects-element-type-background), .e-loop-item-1115 .elementor-element.elementor-element-6e55af1 > .elementor-motion-effects-container > .elementor-motion-effects-layer{background-image:url(\"https:\/\/pawel.stefanoff.pl\/work\/wp-content\/uploads\/2026\/01\/11062b_6856f2dda2bb4b679834f24c8a8f72famv2.avif\");}<\/style>\t\t<div data-elementor-type=\"loop-item\" data-elementor-id=\"4715\" class=\"elementor elementor-4715 e-loop-item e-loop-item-1115 post-1115 publikacje type-publikacje status-publish has-post-thumbnail hentry\" data-elementor-post-type=\"elementor_library\" data-custom-edit-handle=\"1\">\n\t\t\t<div class=\"elementor-element elementor-element-6e55af1 e-flex e-con-boxed e-con e-parent\" data-id=\"6e55af1\" data-element_type=\"container\" data-e-type=\"container\" data-settings=\"{&quot;background_background&quot;:&quot;classic&quot;}\">\n\t\t\t\t\t<div class=\"e-con-inner\">\n\t\t\t\t<div class=\"elementor-element elementor-element-1ff8dc0 elementor-widget elementor-widget-theme-post-title elementor-page-title elementor-widget-heading\" data-id=\"1ff8dc0\" data-element_type=\"widget\" data-e-type=\"widget\" data-widget_type=\"theme-post-title.default\">\n\t\t\t\t\t<h1 class=\"elementor-heading-title elementor-size-default\">R\u00f3\u017cnice w polityce szczepie\u0144 doros\u0142ych w Europie: przegl\u0105d zalece\u0144, finansowania i stanu zaszczepienia zorganizowany przez sie\u0107 VENICE<\/h1>\t\t\t\t<\/div>\n\t\t\t\t<div class=\"elementor-element elementor-element-34d9c11 elementor-widget elementor-widget-theme-post-excerpt\" data-id=\"34d9c11\" data-element_type=\"widget\" data-e-type=\"widget\" data-widget_type=\"theme-post-excerpt.default\">\n\t\t\t\t\tArtyku\u0142 w j\u0119zyku angielskim opublikowany w czasopi\u015bmie Vaccine\t\t\t\t<\/div>\n\t\t\t\t<div class=\"elementor-element elementor-element-fe5308e elementor-align-justify elementor-widget elementor-widget-button\" data-id=\"fe5308e\" data-element_type=\"widget\" data-e-type=\"widget\" data-widget_type=\"button.default\">\n\t\t\t\t\t\t\t\t\t\t<a class=\"elementor-button elementor-button-link elementor-size-sm\" href=\"https:\/\/pawel.stefanoff.pl\/work\/pl\/articles\/article-2012-adult-vacc-pl\/\">\n\t\t\t\t\t\t<span class=\"elementor-button-content-wrapper\">\n\t\t\t\t\t\t\t\t\t<span class=\"elementor-button-text\">Ver m\u00e1s<\/span>\n\t\t\t\t\t<\/span>\n\t\t\t\t\t<\/a>\n\t\t\t\t\t\t\t\t<\/div>\n\t\t\t\t\t<\/div>\n\t\t\t\t<\/div>\n\t\t\t\t<\/div>\n\t\t<style id=\"loop-dynamic-4715\">.e-loop-item-4375 .elementor-element.elementor-element-6e55af1:not(.elementor-motion-effects-element-type-background), .e-loop-item-4375 .elementor-element.elementor-element-6e55af1 > .elementor-motion-effects-container > .elementor-motion-effects-layer{background-image:url(\"https:\/\/pawel.stefanoff.pl\/work\/wp-content\/uploads\/2026\/01\/11062b_6856f2dda2bb4b679834f24c8a8f72famv2.avif\");}<\/style>\t\t<div data-elementor-type=\"loop-item\" data-elementor-id=\"4715\" class=\"elementor elementor-4715 e-loop-item e-loop-item-4375 post-4375 publikacje type-publikacje status-publish has-post-thumbnail hentry\" data-elementor-post-type=\"elementor_library\" data-custom-edit-handle=\"1\">\n\t\t\t<div class=\"elementor-element elementor-element-6e55af1 e-flex e-con-boxed e-con e-parent\" data-id=\"6e55af1\" data-element_type=\"container\" data-e-type=\"container\" data-settings=\"{&quot;background_background&quot;:&quot;classic&quot;}\">\n\t\t\t\t\t<div class=\"e-con-inner\">\n\t\t\t\t<div class=\"elementor-element elementor-element-1ff8dc0 elementor-widget elementor-widget-theme-post-title elementor-page-title elementor-widget-heading\" data-id=\"1ff8dc0\" data-element_type=\"widget\" data-e-type=\"widget\" data-widget_type=\"theme-post-title.default\">\n\t\t\t\t\t<h1 class=\"elementor-heading-title elementor-size-default\">Un estudio nacional de casos y controles identifica el estatus socioecon\u00f3mico y las actividades humanas como factores de riesgo para la encefalitis transmitida por garrapatas en Polonia.<\/h1>\t\t\t\t<\/div>\n\t\t\t\t<div class=\"elementor-element elementor-element-34d9c11 elementor-widget elementor-widget-theme-post-excerpt\" data-id=\"34d9c11\" data-element_type=\"widget\" data-e-type=\"widget\" data-widget_type=\"theme-post-excerpt.default\">\n\t\t\t\t\tArt\u00edculo en ingl\u00e9s publicado en la revista PloS One\t\t\t\t<\/div>\n\t\t\t\t<div class=\"elementor-element elementor-element-fe5308e elementor-align-justify elementor-widget elementor-widget-button\" data-id=\"fe5308e\" data-element_type=\"widget\" data-e-type=\"widget\" data-widget_type=\"button.default\">\n\t\t\t\t\t\t\t\t\t\t<a class=\"elementor-button elementor-button-link elementor-size-sm\" href=\"https:\/\/pawel.stefanoff.pl\/work\/es\/articles\/article-2012-tbe-cc-study-es\/\">\n\t\t\t\t\t\t<span class=\"elementor-button-content-wrapper\">\n\t\t\t\t\t\t\t\t\t<span class=\"elementor-button-text\">Ver m\u00e1s<\/span>\n\t\t\t\t\t<\/span>\n\t\t\t\t\t<\/a>\n\t\t\t\t\t\t\t\t<\/div>\n\t\t\t\t\t<\/div>\n\t\t\t\t<\/div>\n\t\t\t\t<\/div>\n\t\t<style id=\"loop-dynamic-4715\">.e-loop-item-1145 .elementor-element.elementor-element-6e55af1:not(.elementor-motion-effects-element-type-background), .e-loop-item-1145 .elementor-element.elementor-element-6e55af1 > .elementor-motion-effects-container > .elementor-motion-effects-layer{background-image:url(\"https:\/\/pawel.stefanoff.pl\/work\/wp-content\/uploads\/2026\/01\/11062b_6856f2dda2bb4b679834f24c8a8f72famv2.avif\");}<\/style>\t\t<div data-elementor-type=\"loop-item\" data-elementor-id=\"4715\" class=\"elementor elementor-4715 e-loop-item e-loop-item-1145 post-1145 publikacje type-publikacje status-publish has-post-thumbnail hentry\" data-elementor-post-type=\"elementor_library\" data-custom-edit-handle=\"1\">\n\t\t\t<div class=\"elementor-element elementor-element-6e55af1 e-flex e-con-boxed e-con e-parent\" data-id=\"6e55af1\" data-element_type=\"container\" data-e-type=\"container\" data-settings=\"{&quot;background_background&quot;:&quot;classic&quot;}\">\n\t\t\t\t\t<div class=\"e-con-inner\">\n\t\t\t\t<div class=\"elementor-element elementor-element-1ff8dc0 elementor-widget elementor-widget-theme-post-title elementor-page-title elementor-widget-heading\" data-id=\"1ff8dc0\" data-element_type=\"widget\" data-e-type=\"widget\" data-widget_type=\"theme-post-title.default\">\n\t\t\t\t\t<h1 class=\"elementor-heading-title elementor-size-default\">A national case-control study identifies human socio-economic status and activities as risk factors for tick-borne encephalitis in Poland<\/h1>\t\t\t\t<\/div>\n\t\t\t\t<div class=\"elementor-element elementor-element-34d9c11 elementor-widget elementor-widget-theme-post-excerpt\" data-id=\"34d9c11\" data-element_type=\"widget\" data-e-type=\"widget\" data-widget_type=\"theme-post-excerpt.default\">\n\t\t\t\t\tArticle in English published in the journal PLoS One\t\t\t\t<\/div>\n\t\t\t\t<div class=\"elementor-element elementor-element-fe5308e elementor-align-justify elementor-widget elementor-widget-button\" data-id=\"fe5308e\" data-element_type=\"widget\" data-e-type=\"widget\" data-widget_type=\"button.default\">\n\t\t\t\t\t\t\t\t\t\t<a class=\"elementor-button elementor-button-link elementor-size-sm\" href=\"https:\/\/pawel.stefanoff.pl\/work\/articles\/article-2012-tbe-cc-study-en\/\">\n\t\t\t\t\t\t<span class=\"elementor-button-content-wrapper\">\n\t\t\t\t\t\t\t\t\t<span class=\"elementor-button-text\">Ver m\u00e1s<\/span>\n\t\t\t\t\t<\/span>\n\t\t\t\t\t<\/a>\n\t\t\t\t\t\t\t\t<\/div>\n\t\t\t\t\t<\/div>\n\t\t\t\t<\/div>\n\t\t\t\t<\/div>\n\t\t<style id=\"loop-dynamic-4715\">.e-loop-item-1142 .elementor-element.elementor-element-6e55af1:not(.elementor-motion-effects-element-type-background), .e-loop-item-1142 .elementor-element.elementor-element-6e55af1 > .elementor-motion-effects-container > .elementor-motion-effects-layer{background-image:url(\"https:\/\/pawel.stefanoff.pl\/work\/wp-content\/uploads\/2026\/01\/11062b_6856f2dda2bb4b679834f24c8a8f72famv2.avif\");}<\/style>\t\t<div data-elementor-type=\"loop-item\" data-elementor-id=\"4715\" class=\"elementor elementor-4715 e-loop-item e-loop-item-1142 post-1142 publikacje type-publikacje status-publish has-post-thumbnail hentry\" data-elementor-post-type=\"elementor_library\" data-custom-edit-handle=\"1\">\n\t\t\t<div class=\"elementor-element elementor-element-6e55af1 e-flex e-con-boxed e-con e-parent\" data-id=\"6e55af1\" data-element_type=\"container\" data-e-type=\"container\" data-settings=\"{&quot;background_background&quot;:&quot;classic&quot;}\">\n\t\t\t\t\t<div class=\"e-con-inner\">\n\t\t\t\t<div class=\"elementor-element elementor-element-1ff8dc0 elementor-widget elementor-widget-theme-post-title elementor-page-title elementor-widget-heading\" data-id=\"1ff8dc0\" data-element_type=\"widget\" data-e-type=\"widget\" data-widget_type=\"theme-post-title.default\">\n\t\t\t\t\t<h1 class=\"elementor-heading-title elementor-size-default\">Og\u00f3lnopolskie badanie kliniczno-kontrolne wykaza\u0142o, \u017ce status spo\u0142eczno-ekonomiczny i aktywno\u015b\u0107 ludzi stanowi\u0105 czynniki ryzyka zachorowania na kleszczowe zapalenie m\u00f3zgu w Polsce<\/h1>\t\t\t\t<\/div>\n\t\t\t\t<div class=\"elementor-element elementor-element-34d9c11 elementor-widget elementor-widget-theme-post-excerpt\" data-id=\"34d9c11\" data-element_type=\"widget\" data-e-type=\"widget\" data-widget_type=\"theme-post-excerpt.default\">\n\t\t\t\t\tArtyku\u0142 w j\u0119zyku angielskim opublikowany w czasopi\u015bmie PLoS One\t\t\t\t<\/div>\n\t\t\t\t<div class=\"elementor-element elementor-element-fe5308e elementor-align-justify elementor-widget elementor-widget-button\" data-id=\"fe5308e\" data-element_type=\"widget\" data-e-type=\"widget\" data-widget_type=\"button.default\">\n\t\t\t\t\t\t\t\t\t\t<a class=\"elementor-button elementor-button-link elementor-size-sm\" href=\"https:\/\/pawel.stefanoff.pl\/work\/pl\/articles\/article-2012-tbe-cc-study-pl\/\">\n\t\t\t\t\t\t<span class=\"elementor-button-content-wrapper\">\n\t\t\t\t\t\t\t\t\t<span class=\"elementor-button-text\">Ver m\u00e1s<\/span>\n\t\t\t\t\t<\/span>\n\t\t\t\t\t<\/a>\n\t\t\t\t\t\t\t\t<\/div>\n\t\t\t\t\t<\/div>\n\t\t\t\t<\/div>\n\t\t\t\t<\/div>\n\t\t<style id=\"loop-dynamic-4715\">.e-loop-item-4377 .elementor-element.elementor-element-6e55af1:not(.elementor-motion-effects-element-type-background), .e-loop-item-4377 .elementor-element.elementor-element-6e55af1 > .elementor-motion-effects-container > .elementor-motion-effects-layer{background-image:url(\"https:\/\/pawel.stefanoff.pl\/work\/wp-content\/uploads\/2026\/01\/11062b_6856f2dda2bb4b679834f24c8a8f72famv2.avif\");}<\/style>\t\t<div data-elementor-type=\"loop-item\" data-elementor-id=\"4715\" class=\"elementor elementor-4715 e-loop-item e-loop-item-4377 post-4377 publikacje type-publikacje status-publish has-post-thumbnail hentry\" data-elementor-post-type=\"elementor_library\" data-custom-edit-handle=\"1\">\n\t\t\t<div class=\"elementor-element elementor-element-6e55af1 e-flex e-con-boxed e-con e-parent\" data-id=\"6e55af1\" data-element_type=\"container\" data-e-type=\"container\" data-settings=\"{&quot;background_background&quot;:&quot;classic&quot;}\">\n\t\t\t\t\t<div class=\"e-con-inner\">\n\t\t\t\t<div class=\"elementor-element elementor-element-1ff8dc0 elementor-widget elementor-widget-theme-post-title elementor-page-title elementor-widget-heading\" data-id=\"1ff8dc0\" data-element_type=\"widget\" data-e-type=\"widget\" data-widget_type=\"theme-post-title.default\">\n\t\t\t\t\t<h1 class=\"elementor-heading-title elementor-size-default\">Recomendaciones y cobertura de vacunaci\u00f3n contra la influenza A(H1N1)pdm09 en Europa<\/h1>\t\t\t\t<\/div>\n\t\t\t\t<div class=\"elementor-element elementor-element-34d9c11 elementor-widget elementor-widget-theme-post-excerpt\" data-id=\"34d9c11\" data-element_type=\"widget\" data-e-type=\"widget\" data-widget_type=\"theme-post-excerpt.default\">\n\t\t\t\t\tArt\u00edculo en ingl\u00e9s publicado en la revista Eurosurveillance\t\t\t\t<\/div>\n\t\t\t\t<div class=\"elementor-element elementor-element-fe5308e elementor-align-justify elementor-widget elementor-widget-button\" data-id=\"fe5308e\" data-element_type=\"widget\" data-e-type=\"widget\" data-widget_type=\"button.default\">\n\t\t\t\t\t\t\t\t\t\t<a class=\"elementor-button elementor-button-link elementor-size-sm\" href=\"https:\/\/pawel.stefanoff.pl\/work\/es\/articles\/article-2012-influenza-policies-es\/\">\n\t\t\t\t\t\t<span class=\"elementor-button-content-wrapper\">\n\t\t\t\t\t\t\t\t\t<span class=\"elementor-button-text\">Ver m\u00e1s<\/span>\n\t\t\t\t\t<\/span>\n\t\t\t\t\t<\/a>\n\t\t\t\t\t\t\t\t<\/div>\n\t\t\t\t\t<\/div>\n\t\t\t\t<\/div>\n\t\t\t\t<\/div>\n\t\t<style id=\"loop-dynamic-4715\">.e-loop-item-1153 .elementor-element.elementor-element-6e55af1:not(.elementor-motion-effects-element-type-background), .e-loop-item-1153 .elementor-element.elementor-element-6e55af1 > .elementor-motion-effects-container > .elementor-motion-effects-layer{background-image:url(\"https:\/\/pawel.stefanoff.pl\/work\/wp-content\/uploads\/2026\/01\/11062b_6856f2dda2bb4b679834f24c8a8f72famv2.avif\");}<\/style>\t\t<div data-elementor-type=\"loop-item\" data-elementor-id=\"4715\" class=\"elementor elementor-4715 e-loop-item e-loop-item-1153 post-1153 publikacje type-publikacje status-publish has-post-thumbnail hentry\" data-elementor-post-type=\"elementor_library\" data-custom-edit-handle=\"1\">\n\t\t\t<div class=\"elementor-element elementor-element-6e55af1 e-flex e-con-boxed e-con e-parent\" data-id=\"6e55af1\" data-element_type=\"container\" data-e-type=\"container\" data-settings=\"{&quot;background_background&quot;:&quot;classic&quot;}\">\n\t\t\t\t\t<div class=\"e-con-inner\">\n\t\t\t\t<div class=\"elementor-element elementor-element-1ff8dc0 elementor-widget elementor-widget-theme-post-title elementor-page-title elementor-widget-heading\" data-id=\"1ff8dc0\" data-element_type=\"widget\" data-e-type=\"widget\" data-widget_type=\"theme-post-title.default\">\n\t\t\t\t\t<h1 class=\"elementor-heading-title elementor-size-default\">Influenza A(H1N1)pdm09 vaccination policies and coverage in Europe<\/h1>\t\t\t\t<\/div>\n\t\t\t\t<div class=\"elementor-element elementor-element-34d9c11 elementor-widget elementor-widget-theme-post-excerpt\" data-id=\"34d9c11\" data-element_type=\"widget\" data-e-type=\"widget\" data-widget_type=\"theme-post-excerpt.default\">\n\t\t\t\t\tArticle in English published in the journal Eurosurveillance\t\t\t\t<\/div>\n\t\t\t\t<div class=\"elementor-element elementor-element-fe5308e elementor-align-justify elementor-widget elementor-widget-button\" data-id=\"fe5308e\" data-element_type=\"widget\" data-e-type=\"widget\" data-widget_type=\"button.default\">\n\t\t\t\t\t\t\t\t\t\t<a class=\"elementor-button elementor-button-link elementor-size-sm\" href=\"https:\/\/pawel.stefanoff.pl\/work\/articles\/article-2012-influenza-policies-en\/\">\n\t\t\t\t\t\t<span class=\"elementor-button-content-wrapper\">\n\t\t\t\t\t\t\t\t\t<span class=\"elementor-button-text\">Ver m\u00e1s<\/span>\n\t\t\t\t\t<\/span>\n\t\t\t\t\t<\/a>\n\t\t\t\t\t\t\t\t<\/div>\n\t\t\t\t\t<\/div>\n\t\t\t\t<\/div>\n\t\t\t\t<\/div>\n\t\t<style id=\"loop-dynamic-4715\">.e-loop-item-1146 .elementor-element.elementor-element-6e55af1:not(.elementor-motion-effects-element-type-background), .e-loop-item-1146 .elementor-element.elementor-element-6e55af1 > .elementor-motion-effects-container > .elementor-motion-effects-layer{background-image:url(\"https:\/\/pawel.stefanoff.pl\/work\/wp-content\/uploads\/2026\/01\/11062b_6856f2dda2bb4b679834f24c8a8f72famv2.avif\");}<\/style>\t\t<div data-elementor-type=\"loop-item\" data-elementor-id=\"4715\" class=\"elementor elementor-4715 e-loop-item e-loop-item-1146 post-1146 publikacje type-publikacje status-publish has-post-thumbnail hentry\" data-elementor-post-type=\"elementor_library\" data-custom-edit-handle=\"1\">\n\t\t\t<div class=\"elementor-element elementor-element-6e55af1 e-flex e-con-boxed e-con e-parent\" data-id=\"6e55af1\" data-element_type=\"container\" data-e-type=\"container\" data-settings=\"{&quot;background_background&quot;:&quot;classic&quot;}\">\n\t\t\t\t\t<div class=\"e-con-inner\">\n\t\t\t\t<div class=\"elementor-element elementor-element-1ff8dc0 elementor-widget elementor-widget-theme-post-title elementor-page-title elementor-widget-heading\" data-id=\"1ff8dc0\" data-element_type=\"widget\" data-e-type=\"widget\" data-widget_type=\"theme-post-title.default\">\n\t\t\t\t\t<h1 class=\"elementor-heading-title elementor-size-default\">Zalecenia oraz wykonawstwo szczepie\u0144 przeciwko grypie A(H1N1)pdm09 w Europie<\/h1>\t\t\t\t<\/div>\n\t\t\t\t<div class=\"elementor-element elementor-element-34d9c11 elementor-widget elementor-widget-theme-post-excerpt\" data-id=\"34d9c11\" data-element_type=\"widget\" data-e-type=\"widget\" data-widget_type=\"theme-post-excerpt.default\">\n\t\t\t\t\tArtyku\u0142 w j\u0119zyku angielskim opublikowany w czasopi\u015bmie Eurosurveillance\t\t\t\t<\/div>\n\t\t\t\t<div class=\"elementor-element elementor-element-fe5308e elementor-align-justify elementor-widget elementor-widget-button\" data-id=\"fe5308e\" data-element_type=\"widget\" data-e-type=\"widget\" data-widget_type=\"button.default\">\n\t\t\t\t\t\t\t\t\t\t<a class=\"elementor-button elementor-button-link elementor-size-sm\" href=\"https:\/\/pawel.stefanoff.pl\/work\/pl\/articles\/article-2012-influenza-policies-pl\/\">\n\t\t\t\t\t\t<span class=\"elementor-button-content-wrapper\">\n\t\t\t\t\t\t\t\t\t<span class=\"elementor-button-text\">Ver m\u00e1s<\/span>\n\t\t\t\t\t<\/span>\n\t\t\t\t\t<\/a>\n\t\t\t\t\t\t\t\t<\/div>\n\t\t\t\t\t<\/div>\n\t\t\t\t<\/div>\n\t\t\t\t<\/div>\n\t\t<style id=\"loop-dynamic-4715\">.e-loop-item-4379 .elementor-element.elementor-element-6e55af1:not(.elementor-motion-effects-element-type-background), .e-loop-item-4379 .elementor-element.elementor-element-6e55af1 > .elementor-motion-effects-container > .elementor-motion-effects-layer{background-image:url(\"https:\/\/pawel.stefanoff.pl\/work\/wp-content\/uploads\/2026\/01\/11062b_6856f2dda2bb4b679834f24c8a8f72famv2.avif\");}<\/style>\t\t<div data-elementor-type=\"loop-item\" data-elementor-id=\"4715\" class=\"elementor elementor-4715 e-loop-item e-loop-item-4379 post-4379 publikacje type-publikacje status-publish has-post-thumbnail hentry\" data-elementor-post-type=\"elementor_library\" data-custom-edit-handle=\"1\">\n\t\t\t<div class=\"elementor-element elementor-element-6e55af1 e-flex e-con-boxed e-con e-parent\" data-id=\"6e55af1\" data-element_type=\"container\" data-e-type=\"container\" data-settings=\"{&quot;background_background&quot;:&quot;classic&quot;}\">\n\t\t\t\t\t<div class=\"e-con-inner\">\n\t\t\t\t<div class=\"elementor-element elementor-element-1ff8dc0 elementor-widget elementor-widget-theme-post-title elementor-page-title elementor-widget-heading\" data-id=\"1ff8dc0\" data-element_type=\"widget\" data-e-type=\"widget\" data-widget_type=\"theme-post-title.default\">\n\t\t\t\t\t<h1 class=\"elementor-heading-title elementor-size-default\">Incidencia de infecciones gastrointestinales agudas autoinformadas en la comunidad en Polonia: un estudio poblacional.<\/h1>\t\t\t\t<\/div>\n\t\t\t\t<div class=\"elementor-element elementor-element-34d9c11 elementor-widget elementor-widget-theme-post-excerpt\" data-id=\"34d9c11\" data-element_type=\"widget\" data-e-type=\"widget\" data-widget_type=\"theme-post-excerpt.default\">\n\t\t\t\t\tArt\u00edculo en ingl\u00e9s publicado en la revista Epidemiology and Infection\t\t\t\t<\/div>\n\t\t\t\t<div class=\"elementor-element elementor-element-fe5308e elementor-align-justify elementor-widget elementor-widget-button\" data-id=\"fe5308e\" data-element_type=\"widget\" data-e-type=\"widget\" data-widget_type=\"button.default\">\n\t\t\t\t\t\t\t\t\t\t<a class=\"elementor-button elementor-button-link elementor-size-sm\" href=\"https:\/\/pawel.stefanoff.pl\/work\/es\/articles\/article-2012-gi-infections-es\/\">\n\t\t\t\t\t\t<span class=\"elementor-button-content-wrapper\">\n\t\t\t\t\t\t\t\t\t<span class=\"elementor-button-text\">Ver m\u00e1s<\/span>\n\t\t\t\t\t<\/span>\n\t\t\t\t\t<\/a>\n\t\t\t\t\t\t\t\t<\/div>\n\t\t\t\t\t<\/div>\n\t\t\t\t<\/div>\n\t\t\t\t<\/div>\n\t\t<style id=\"loop-dynamic-4715\">.e-loop-item-1179 .elementor-element.elementor-element-6e55af1:not(.elementor-motion-effects-element-type-background), .e-loop-item-1179 .elementor-element.elementor-element-6e55af1 > .elementor-motion-effects-container > .elementor-motion-effects-layer{background-image:url(\"https:\/\/pawel.stefanoff.pl\/work\/wp-content\/uploads\/2026\/01\/11062b_6856f2dda2bb4b679834f24c8a8f72famv2.avif\");}<\/style>\t\t<div data-elementor-type=\"loop-item\" data-elementor-id=\"4715\" class=\"elementor elementor-4715 e-loop-item e-loop-item-1179 post-1179 publikacje type-publikacje status-publish has-post-thumbnail hentry\" data-elementor-post-type=\"elementor_library\" data-custom-edit-handle=\"1\">\n\t\t\t<div class=\"elementor-element elementor-element-6e55af1 e-flex e-con-boxed e-con e-parent\" data-id=\"6e55af1\" data-element_type=\"container\" data-e-type=\"container\" data-settings=\"{&quot;background_background&quot;:&quot;classic&quot;}\">\n\t\t\t\t\t<div class=\"e-con-inner\">\n\t\t\t\t<div class=\"elementor-element elementor-element-1ff8dc0 elementor-widget elementor-widget-theme-post-title elementor-page-title elementor-widget-heading\" data-id=\"1ff8dc0\" data-element_type=\"widget\" data-e-type=\"widget\" data-widget_type=\"theme-post-title.default\">\n\t\t\t\t\t<h1 class=\"elementor-heading-title elementor-size-default\">Incidence of self-reported acute gastrointestinal infections in the community in Poland: a population-based study<\/h1>\t\t\t\t<\/div>\n\t\t\t\t<div class=\"elementor-element elementor-element-34d9c11 elementor-widget elementor-widget-theme-post-excerpt\" data-id=\"34d9c11\" data-element_type=\"widget\" data-e-type=\"widget\" data-widget_type=\"theme-post-excerpt.default\">\n\t\t\t\t\tArticle in English published in the journal Epidemiology and Infection\t\t\t\t<\/div>\n\t\t\t\t<div class=\"elementor-element elementor-element-fe5308e elementor-align-justify elementor-widget elementor-widget-button\" data-id=\"fe5308e\" data-element_type=\"widget\" data-e-type=\"widget\" data-widget_type=\"button.default\">\n\t\t\t\t\t\t\t\t\t\t<a class=\"elementor-button elementor-button-link elementor-size-sm\" href=\"https:\/\/pawel.stefanoff.pl\/work\/articles\/article-2012-gi-infections-en\/\">\n\t\t\t\t\t\t<span class=\"elementor-button-content-wrapper\">\n\t\t\t\t\t\t\t\t\t<span class=\"elementor-button-text\">Ver m\u00e1s<\/span>\n\t\t\t\t\t<\/span>\n\t\t\t\t\t<\/a>\n\t\t\t\t\t\t\t\t<\/div>\n\t\t\t\t\t<\/div>\n\t\t\t\t<\/div>\n\t\t\t\t<\/div>\n\t\t<style id=\"loop-dynamic-4715\">.e-loop-item-1177 .elementor-element.elementor-element-6e55af1:not(.elementor-motion-effects-element-type-background), .e-loop-item-1177 .elementor-element.elementor-element-6e55af1 > .elementor-motion-effects-container > .elementor-motion-effects-layer{background-image:url(\"https:\/\/pawel.stefanoff.pl\/work\/wp-content\/uploads\/2026\/01\/11062b_6856f2dda2bb4b679834f24c8a8f72famv2.avif\");}<\/style>\t\t<div data-elementor-type=\"loop-item\" data-elementor-id=\"4715\" class=\"elementor elementor-4715 e-loop-item e-loop-item-1177 post-1177 publikacje type-publikacje status-publish has-post-thumbnail hentry\" data-elementor-post-type=\"elementor_library\" data-custom-edit-handle=\"1\">\n\t\t\t<div class=\"elementor-element elementor-element-6e55af1 e-flex e-con-boxed e-con e-parent\" data-id=\"6e55af1\" data-element_type=\"container\" data-e-type=\"container\" data-settings=\"{&quot;background_background&quot;:&quot;classic&quot;}\">\n\t\t\t\t\t<div class=\"e-con-inner\">\n\t\t\t\t<div class=\"elementor-element elementor-element-1ff8dc0 elementor-widget elementor-widget-theme-post-title elementor-page-title elementor-widget-heading\" data-id=\"1ff8dc0\" data-element_type=\"widget\" data-e-type=\"widget\" data-widget_type=\"theme-post-title.default\">\n\t\t\t\t\t<h1 class=\"elementor-heading-title elementor-size-default\">Cz\u0119sto\u015b\u0107 wyst\u0119powania ostrych zaka\u017ce\u0144 przewodu pokarmowego zg\u0142aszanych przez pacjent\u00f3w w populacji w Polsce: badanie populacyjne<\/h1>\t\t\t\t<\/div>\n\t\t\t\t<div class=\"elementor-element elementor-element-34d9c11 elementor-widget elementor-widget-theme-post-excerpt\" data-id=\"34d9c11\" data-element_type=\"widget\" data-e-type=\"widget\" data-widget_type=\"theme-post-excerpt.default\">\n\t\t\t\t\tArtyku\u0142 w j\u0119zyku angielskim opublikowany w czasopi\u015bmie Epidemiology and Infection\t\t\t\t<\/div>\n\t\t\t\t<div class=\"elementor-element elementor-element-fe5308e elementor-align-justify elementor-widget elementor-widget-button\" data-id=\"fe5308e\" data-element_type=\"widget\" data-e-type=\"widget\" data-widget_type=\"button.default\">\n\t\t\t\t\t\t\t\t\t\t<a class=\"elementor-button elementor-button-link elementor-size-sm\" href=\"https:\/\/pawel.stefanoff.pl\/work\/pl\/articles\/article-2012-gi-infections-pl\/\">\n\t\t\t\t\t\t<span class=\"elementor-button-content-wrapper\">\n\t\t\t\t\t\t\t\t\t<span class=\"elementor-button-text\">Ver m\u00e1s<\/span>\n\t\t\t\t\t<\/span>\n\t\t\t\t\t<\/a>\n\t\t\t\t\t\t\t\t<\/div>\n\t\t\t\t\t<\/div>\n\t\t\t\t<\/div>\n\t\t\t\t<\/div>\n\t\t<style id=\"loop-dynamic-4715\">.e-loop-item-4381 .elementor-element.elementor-element-6e55af1:not(.elementor-motion-effects-element-type-background), .e-loop-item-4381 .elementor-element.elementor-element-6e55af1 > .elementor-motion-effects-container > .elementor-motion-effects-layer{background-image:url(\"https:\/\/pawel.stefanoff.pl\/work\/wp-content\/uploads\/2026\/01\/11062b_6856f2dda2bb4b679834f24c8a8f72famv2.avif\");}<\/style>\t\t<div data-elementor-type=\"loop-item\" data-elementor-id=\"4715\" class=\"elementor elementor-4715 e-loop-item e-loop-item-4381 post-4381 publikacje type-publikacje status-publish has-post-thumbnail hentry\" data-elementor-post-type=\"elementor_library\" data-custom-edit-handle=\"1\">\n\t\t\t<div class=\"elementor-element elementor-element-6e55af1 e-flex e-con-boxed e-con e-parent\" data-id=\"6e55af1\" data-element_type=\"container\" data-e-type=\"container\" data-settings=\"{&quot;background_background&quot;:&quot;classic&quot;}\">\n\t\t\t\t\t<div class=\"e-con-inner\">\n\t\t\t\t<div class=\"elementor-element elementor-element-1ff8dc0 elementor-widget elementor-widget-theme-post-title elementor-page-title elementor-widget-heading\" data-id=\"1ff8dc0\" data-element_type=\"widget\" data-e-type=\"widget\" data-widget_type=\"theme-post-title.default\">\n\t\t\t\t\t<h1 class=\"elementor-heading-title elementor-size-default\">Es necesario contar con una vigilancia fiable de la encefalitis transmitida por garrapatas en los pa\u00edses europeos para mejorar la calidad de las recomendaciones sobre vacunaci\u00f3n<\/h1>\t\t\t\t<\/div>\n\t\t\t\t<div class=\"elementor-element elementor-element-34d9c11 elementor-widget elementor-widget-theme-post-excerpt\" data-id=\"34d9c11\" data-element_type=\"widget\" data-e-type=\"widget\" data-widget_type=\"theme-post-excerpt.default\">\n\t\t\t\t\tArt\u00edculo en ingl\u00e9s publicado en la revista Vaccine\t\t\t\t<\/div>\n\t\t\t\t<div class=\"elementor-element elementor-element-fe5308e elementor-align-justify elementor-widget elementor-widget-button\" data-id=\"fe5308e\" data-element_type=\"widget\" data-e-type=\"widget\" data-widget_type=\"button.default\">\n\t\t\t\t\t\t\t\t\t\t<a class=\"elementor-button elementor-button-link elementor-size-sm\" href=\"https:\/\/pawel.stefanoff.pl\/work\/es\/articles\/article-2011-tbe-surveil-vacc-es\/\">\n\t\t\t\t\t\t<span class=\"elementor-button-content-wrapper\">\n\t\t\t\t\t\t\t\t\t<span class=\"elementor-button-text\">Ver m\u00e1s<\/span>\n\t\t\t\t\t<\/span>\n\t\t\t\t\t<\/a>\n\t\t\t\t\t\t\t\t<\/div>\n\t\t\t\t\t<\/div>\n\t\t\t\t<\/div>\n\t\t\t\t<\/div>\n\t\t<style id=\"loop-dynamic-4715\">.e-loop-item-1158 .elementor-element.elementor-element-6e55af1:not(.elementor-motion-effects-element-type-background), .e-loop-item-1158 .elementor-element.elementor-element-6e55af1 > .elementor-motion-effects-container > .elementor-motion-effects-layer{background-image:url(\"https:\/\/pawel.stefanoff.pl\/work\/wp-content\/uploads\/2026\/01\/11062b_6856f2dda2bb4b679834f24c8a8f72famv2.avif\");}<\/style>\t\t<div data-elementor-type=\"loop-item\" data-elementor-id=\"4715\" class=\"elementor elementor-4715 e-loop-item e-loop-item-1158 post-1158 publikacje type-publikacje status-publish has-post-thumbnail hentry\" data-elementor-post-type=\"elementor_library\" data-custom-edit-handle=\"1\">\n\t\t\t<div class=\"elementor-element elementor-element-6e55af1 e-flex e-con-boxed e-con e-parent\" data-id=\"6e55af1\" data-element_type=\"container\" data-e-type=\"container\" data-settings=\"{&quot;background_background&quot;:&quot;classic&quot;}\">\n\t\t\t\t\t<div class=\"e-con-inner\">\n\t\t\t\t<div class=\"elementor-element elementor-element-1ff8dc0 elementor-widget elementor-widget-theme-post-title elementor-page-title elementor-widget-heading\" data-id=\"1ff8dc0\" data-element_type=\"widget\" data-e-type=\"widget\" data-widget_type=\"theme-post-title.default\">\n\t\t\t\t\t<h1 class=\"elementor-heading-title elementor-size-default\">Reliable surveillance of tick-borne encephalitis in European countries is necessary to improve the quality of vaccine recommendations<\/h1>\t\t\t\t<\/div>\n\t\t\t\t<div class=\"elementor-element elementor-element-34d9c11 elementor-widget elementor-widget-theme-post-excerpt\" data-id=\"34d9c11\" data-element_type=\"widget\" data-e-type=\"widget\" data-widget_type=\"theme-post-excerpt.default\">\n\t\t\t\t\tArticle in English published in the journal Vaccine\t\t\t\t<\/div>\n\t\t\t\t<div class=\"elementor-element elementor-element-fe5308e elementor-align-justify elementor-widget elementor-widget-button\" data-id=\"fe5308e\" data-element_type=\"widget\" data-e-type=\"widget\" data-widget_type=\"button.default\">\n\t\t\t\t\t\t\t\t\t\t<a class=\"elementor-button elementor-button-link elementor-size-sm\" href=\"https:\/\/pawel.stefanoff.pl\/work\/articles\/article-2011-tbe-surveil-vacc-en\/\">\n\t\t\t\t\t\t<span class=\"elementor-button-content-wrapper\">\n\t\t\t\t\t\t\t\t\t<span class=\"elementor-button-text\">Ver m\u00e1s<\/span>\n\t\t\t\t\t<\/span>\n\t\t\t\t\t<\/a>\n\t\t\t\t\t\t\t\t<\/div>\n\t\t\t\t\t<\/div>\n\t\t\t\t<\/div>\n\t\t\t\t<\/div>\n\t\t<style id=\"loop-dynamic-4715\">.e-loop-item-1154 .elementor-element.elementor-element-6e55af1:not(.elementor-motion-effects-element-type-background), .e-loop-item-1154 .elementor-element.elementor-element-6e55af1 > .elementor-motion-effects-container > .elementor-motion-effects-layer{background-image:url(\"https:\/\/pawel.stefanoff.pl\/work\/wp-content\/uploads\/2026\/01\/11062b_6856f2dda2bb4b679834f24c8a8f72famv2.avif\");}<\/style>\t\t<div data-elementor-type=\"loop-item\" data-elementor-id=\"4715\" class=\"elementor elementor-4715 e-loop-item e-loop-item-1154 post-1154 publikacje type-publikacje status-publish has-post-thumbnail hentry\" data-elementor-post-type=\"elementor_library\" data-custom-edit-handle=\"1\">\n\t\t\t<div class=\"elementor-element elementor-element-6e55af1 e-flex e-con-boxed e-con e-parent\" data-id=\"6e55af1\" data-element_type=\"container\" data-e-type=\"container\" data-settings=\"{&quot;background_background&quot;:&quot;classic&quot;}\">\n\t\t\t\t\t<div class=\"e-con-inner\">\n\t\t\t\t<div class=\"elementor-element elementor-element-1ff8dc0 elementor-widget elementor-widget-theme-post-title elementor-page-title elementor-widget-heading\" data-id=\"1ff8dc0\" data-element_type=\"widget\" data-e-type=\"widget\" data-widget_type=\"theme-post-title.default\">\n\t\t\t\t\t<h1 class=\"elementor-heading-title elementor-size-default\">Niezawodny nadz\u00f3r nad kleszczowym zapaleniem m\u00f3zgu w krajach europejskich jest niezb\u0119dny do poprawy jako\u015bci zalece\u0144 dotycz\u0105cych szczepie\u0144<\/h1>\t\t\t\t<\/div>\n\t\t\t\t<div class=\"elementor-element elementor-element-34d9c11 elementor-widget elementor-widget-theme-post-excerpt\" data-id=\"34d9c11\" data-element_type=\"widget\" data-e-type=\"widget\" data-widget_type=\"theme-post-excerpt.default\">\n\t\t\t\t\tArtyku\u0142 w j\u0119zyku angielskim opublikowany w czasopi\u015bmie Vaccine\t\t\t\t<\/div>\n\t\t\t\t<div class=\"elementor-element elementor-element-fe5308e elementor-align-justify elementor-widget elementor-widget-button\" data-id=\"fe5308e\" data-element_type=\"widget\" data-e-type=\"widget\" data-widget_type=\"button.default\">\n\t\t\t\t\t\t\t\t\t\t<a class=\"elementor-button elementor-button-link elementor-size-sm\" href=\"https:\/\/pawel.stefanoff.pl\/work\/pl\/articles\/article-2011-tbe-surveil-vacc-pl\/\">\n\t\t\t\t\t\t<span class=\"elementor-button-content-wrapper\">\n\t\t\t\t\t\t\t\t\t<span class=\"elementor-button-text\">Ver m\u00e1s<\/span>\n\t\t\t\t\t<\/span>\n\t\t\t\t\t<\/a>\n\t\t\t\t\t\t\t\t<\/div>\n\t\t\t\t\t<\/div>\n\t\t\t\t<\/div>\n\t\t\t\t<\/div>\n\t\t<style id=\"loop-dynamic-4715\">.e-loop-item-4383 .elementor-element.elementor-element-6e55af1:not(.elementor-motion-effects-element-type-background), .e-loop-item-4383 .elementor-element.elementor-element-6e55af1 > .elementor-motion-effects-container > .elementor-motion-effects-layer{background-image:url(\"https:\/\/pawel.stefanoff.pl\/work\/wp-content\/uploads\/2026\/01\/11062b_6856f2dda2bb4b679834f24c8a8f72famv2.avif\");}<\/style>\t\t<div data-elementor-type=\"loop-item\" data-elementor-id=\"4715\" class=\"elementor elementor-4715 e-loop-item e-loop-item-4383 post-4383 publikacje type-publikacje status-publish has-post-thumbnail hentry\" data-elementor-post-type=\"elementor_library\" data-custom-edit-handle=\"1\">\n\t\t\t<div class=\"elementor-element elementor-element-6e55af1 e-flex e-con-boxed e-con e-parent\" data-id=\"6e55af1\" data-element_type=\"container\" data-e-type=\"container\" data-settings=\"{&quot;background_background&quot;:&quot;classic&quot;}\">\n\t\t\t\t\t<div class=\"e-con-inner\">\n\t\t\t\t<div class=\"elementor-element elementor-element-1ff8dc0 elementor-widget elementor-widget-theme-post-title elementor-page-title elementor-widget-heading\" data-id=\"1ff8dc0\" data-element_type=\"widget\" data-e-type=\"widget\" data-widget_type=\"theme-post-title.default\">\n\t\t\t\t\t<h1 class=\"elementor-heading-title elementor-size-default\">Hacia la eliminaci\u00f3n de la rub\u00e9ola en Polonia: necesidad de actividades de inmunizaci\u00f3n complementarias, vigilancia reforzada y mayor integraci\u00f3n con los esfuerzos para la eliminaci\u00f3n del sarampi\u00f3n<\/h1>\t\t\t\t<\/div>\n\t\t\t\t<div class=\"elementor-element elementor-element-34d9c11 elementor-widget elementor-widget-theme-post-excerpt\" data-id=\"34d9c11\" data-element_type=\"widget\" data-e-type=\"widget\" data-widget_type=\"theme-post-excerpt.default\">\n\t\t\t\t\tArt\u00edculo en ingl\u00e9s publicado en un suplemento especial de la revista Journal of Infectious Diseases\t\t\t\t<\/div>\n\t\t\t\t<div class=\"elementor-element elementor-element-fe5308e elementor-align-justify elementor-widget elementor-widget-button\" data-id=\"fe5308e\" data-element_type=\"widget\" data-e-type=\"widget\" data-widget_type=\"button.default\">\n\t\t\t\t\t\t\t\t\t\t<a class=\"elementor-button elementor-button-link elementor-size-sm\" href=\"https:\/\/pawel.stefanoff.pl\/work\/es\/articles\/article-2011-rubella-elimination-es\/\">\n\t\t\t\t\t\t<span class=\"elementor-button-content-wrapper\">\n\t\t\t\t\t\t\t\t\t<span class=\"elementor-button-text\">Ver m\u00e1s<\/span>\n\t\t\t\t\t<\/span>\n\t\t\t\t\t<\/a>\n\t\t\t\t\t\t\t\t<\/div>\n\t\t\t\t\t<\/div>\n\t\t\t\t<\/div>\n\t\t\t\t<\/div>\n\t\t<style id=\"loop-dynamic-4715\">.e-loop-item-1170 .elementor-element.elementor-element-6e55af1:not(.elementor-motion-effects-element-type-background), .e-loop-item-1170 .elementor-element.elementor-element-6e55af1 > .elementor-motion-effects-container > .elementor-motion-effects-layer{background-image:url(\"https:\/\/pawel.stefanoff.pl\/work\/wp-content\/uploads\/2026\/01\/11062b_6856f2dda2bb4b679834f24c8a8f72famv2.avif\");}<\/style>\t\t<div data-elementor-type=\"loop-item\" data-elementor-id=\"4715\" class=\"elementor elementor-4715 e-loop-item e-loop-item-1170 post-1170 publikacje type-publikacje status-publish has-post-thumbnail hentry\" data-elementor-post-type=\"elementor_library\" data-custom-edit-handle=\"1\">\n\t\t\t<div class=\"elementor-element elementor-element-6e55af1 e-flex e-con-boxed e-con e-parent\" data-id=\"6e55af1\" data-element_type=\"container\" data-e-type=\"container\" data-settings=\"{&quot;background_background&quot;:&quot;classic&quot;}\">\n\t\t\t\t\t<div class=\"e-con-inner\">\n\t\t\t\t<div class=\"elementor-element elementor-element-1ff8dc0 elementor-widget elementor-widget-theme-post-title elementor-page-title elementor-widget-heading\" data-id=\"1ff8dc0\" data-element_type=\"widget\" data-e-type=\"widget\" data-widget_type=\"theme-post-title.default\">\n\t\t\t\t\t<h1 class=\"elementor-heading-title elementor-size-default\">Toward rubella elimination in Poland: need for supplemental immunization activities, enhanced surveillance, and further integration with measles elimination efforts<\/h1>\t\t\t\t<\/div>\n\t\t\t\t<div class=\"elementor-element elementor-element-34d9c11 elementor-widget elementor-widget-theme-post-excerpt\" data-id=\"34d9c11\" data-element_type=\"widget\" data-e-type=\"widget\" data-widget_type=\"theme-post-excerpt.default\">\n\t\t\t\t\tArticle in English published in a special supplement of the Journal of Infectious Diseases \t\t\t\t<\/div>\n\t\t\t\t<div class=\"elementor-element elementor-element-fe5308e elementor-align-justify elementor-widget elementor-widget-button\" data-id=\"fe5308e\" data-element_type=\"widget\" data-e-type=\"widget\" data-widget_type=\"button.default\">\n\t\t\t\t\t\t\t\t\t\t<a class=\"elementor-button elementor-button-link elementor-size-sm\" href=\"https:\/\/pawel.stefanoff.pl\/work\/articles\/article-2011-rubella-elimination-en\/\">\n\t\t\t\t\t\t<span class=\"elementor-button-content-wrapper\">\n\t\t\t\t\t\t\t\t\t<span class=\"elementor-button-text\">Ver m\u00e1s<\/span>\n\t\t\t\t\t<\/span>\n\t\t\t\t\t<\/a>\n\t\t\t\t\t\t\t\t<\/div>\n\t\t\t\t\t<\/div>\n\t\t\t\t<\/div>\n\t\t\t\t<\/div>\n\t\t<style id=\"loop-dynamic-4715\">.e-loop-item-1166 .elementor-element.elementor-element-6e55af1:not(.elementor-motion-effects-element-type-background), .e-loop-item-1166 .elementor-element.elementor-element-6e55af1 > .elementor-motion-effects-container > .elementor-motion-effects-layer{background-image:url(\"https:\/\/pawel.stefanoff.pl\/work\/wp-content\/uploads\/2026\/01\/11062b_6856f2dda2bb4b679834f24c8a8f72famv2.avif\");}<\/style>\t\t<div data-elementor-type=\"loop-item\" data-elementor-id=\"4715\" class=\"elementor elementor-4715 e-loop-item e-loop-item-1166 post-1166 publikacje type-publikacje status-publish has-post-thumbnail hentry\" data-elementor-post-type=\"elementor_library\" data-custom-edit-handle=\"1\">\n\t\t\t<div class=\"elementor-element elementor-element-6e55af1 e-flex e-con-boxed e-con e-parent\" data-id=\"6e55af1\" data-element_type=\"container\" data-e-type=\"container\" data-settings=\"{&quot;background_background&quot;:&quot;classic&quot;}\">\n\t\t\t\t\t<div class=\"e-con-inner\">\n\t\t\t\t<div class=\"elementor-element elementor-element-1ff8dc0 elementor-widget elementor-widget-theme-post-title elementor-page-title elementor-widget-heading\" data-id=\"1ff8dc0\" data-element_type=\"widget\" data-e-type=\"widget\" data-widget_type=\"theme-post-title.default\">\n\t\t\t\t\t<h1 class=\"elementor-heading-title elementor-size-default\">W kierunku eliminacji r\u00f3\u017cyczki w Polsce: potrzeba dodatkowych dzia\u0142a\u0144 szczepie\u0144 ochronnych, lepszego nadzoru i dalszej integracji z dzia\u0142aniami na rzecz eliminacji odry<\/h1>\t\t\t\t<\/div>\n\t\t\t\t<div class=\"elementor-element elementor-element-34d9c11 elementor-widget elementor-widget-theme-post-excerpt\" data-id=\"34d9c11\" data-element_type=\"widget\" data-e-type=\"widget\" data-widget_type=\"theme-post-excerpt.default\">\n\t\t\t\t\tArtyku\u0142 w j\u0119zyku angielskim opublikowany w w specjalnym suplemencie presti\u017cowego Journal of Infectious Diseases\t\t\t\t<\/div>\n\t\t\t\t<div class=\"elementor-element elementor-element-fe5308e elementor-align-justify elementor-widget elementor-widget-button\" data-id=\"fe5308e\" data-element_type=\"widget\" data-e-type=\"widget\" data-widget_type=\"button.default\">\n\t\t\t\t\t\t\t\t\t\t<a class=\"elementor-button elementor-button-link elementor-size-sm\" href=\"https:\/\/pawel.stefanoff.pl\/work\/pl\/articles\/article-2011-rubella-elimination-pl\/\">\n\t\t\t\t\t\t<span class=\"elementor-button-content-wrapper\">\n\t\t\t\t\t\t\t\t\t<span class=\"elementor-button-text\">Ver m\u00e1s<\/span>\n\t\t\t\t\t<\/span>\n\t\t\t\t\t<\/a>\n\t\t\t\t\t\t\t\t<\/div>\n\t\t\t\t\t<\/div>\n\t\t\t\t<\/div>\n\t\t\t\t<\/div>\n\t\t<style id=\"loop-dynamic-4715\">.e-loop-item-4385 .elementor-element.elementor-element-6e55af1:not(.elementor-motion-effects-element-type-background), .e-loop-item-4385 .elementor-element.elementor-element-6e55af1 > .elementor-motion-effects-container > .elementor-motion-effects-layer{background-image:url(\"https:\/\/pawel.stefanoff.pl\/work\/wp-content\/uploads\/2026\/01\/11062b_6856f2dda2bb4b679834f24c8a8f72famv2.avif\");}<\/style>\t\t<div data-elementor-type=\"loop-item\" data-elementor-id=\"4715\" class=\"elementor elementor-4715 e-loop-item e-loop-item-4385 post-4385 publikacje type-publikacje status-publish has-post-thumbnail hentry\" data-elementor-post-type=\"elementor_library\" data-custom-edit-handle=\"1\">\n\t\t\t<div class=\"elementor-element elementor-element-6e55af1 e-flex e-con-boxed e-con e-parent\" data-id=\"6e55af1\" data-element_type=\"container\" data-e-type=\"container\" data-settings=\"{&quot;background_background&quot;:&quot;classic&quot;}\">\n\t\t\t\t\t<div class=\"e-con-inner\">\n\t\t\t\t<div class=\"elementor-element elementor-element-1ff8dc0 elementor-widget elementor-widget-theme-post-title elementor-page-title elementor-widget-heading\" data-id=\"1ff8dc0\" data-element_type=\"widget\" data-e-type=\"widget\" data-widget_type=\"theme-post-title.default\">\n\t\t\t\t\t<h1 class=\"elementor-heading-title elementor-size-default\">Fiabilidad del valor de corte en el serodiagn\u00f3stico rutinario de la tos ferina realizado mediante ensayos ELISA comerciales.<\/h1>\t\t\t\t<\/div>\n\t\t\t\t<div class=\"elementor-element elementor-element-34d9c11 elementor-widget elementor-widget-theme-post-excerpt\" data-id=\"34d9c11\" data-element_type=\"widget\" data-e-type=\"widget\" data-widget_type=\"theme-post-excerpt.default\">\n\t\t\t\t\tArt\u00edculo en polaco publicado en la revista Medycyna Doswiadczalna i Mikrobiologia\t\t\t\t<\/div>\n\t\t\t\t<div class=\"elementor-element elementor-element-fe5308e elementor-align-justify elementor-widget elementor-widget-button\" data-id=\"fe5308e\" data-element_type=\"widget\" data-e-type=\"widget\" data-widget_type=\"button.default\">\n\t\t\t\t\t\t\t\t\t\t<a class=\"elementor-button elementor-button-link elementor-size-sm\" href=\"https:\/\/pawel.stefanoff.pl\/work\/es\/articles\/article-2011-pertussis-diag-es\/\">\n\t\t\t\t\t\t<span class=\"elementor-button-content-wrapper\">\n\t\t\t\t\t\t\t\t\t<span class=\"elementor-button-text\">Ver m\u00e1s<\/span>\n\t\t\t\t\t<\/span>\n\t\t\t\t\t<\/a>\n\t\t\t\t\t\t\t\t<\/div>\n\t\t\t\t\t<\/div>\n\t\t\t\t<\/div>\n\t\t\t\t<\/div>\n\t\t<style id=\"loop-dynamic-4715\">.e-loop-item-1164 .elementor-element.elementor-element-6e55af1:not(.elementor-motion-effects-element-type-background), .e-loop-item-1164 .elementor-element.elementor-element-6e55af1 > .elementor-motion-effects-container > .elementor-motion-effects-layer{background-image:url(\"https:\/\/pawel.stefanoff.pl\/work\/wp-content\/uploads\/2026\/01\/11062b_6856f2dda2bb4b679834f24c8a8f72famv2.avif\");}<\/style>\t\t<div data-elementor-type=\"loop-item\" data-elementor-id=\"4715\" class=\"elementor elementor-4715 e-loop-item e-loop-item-1164 post-1164 publikacje type-publikacje status-publish has-post-thumbnail hentry\" data-elementor-post-type=\"elementor_library\" data-custom-edit-handle=\"1\">\n\t\t\t<div class=\"elementor-element elementor-element-6e55af1 e-flex e-con-boxed e-con e-parent\" data-id=\"6e55af1\" data-element_type=\"container\" data-e-type=\"container\" data-settings=\"{&quot;background_background&quot;:&quot;classic&quot;}\">\n\t\t\t\t\t<div class=\"e-con-inner\">\n\t\t\t\t<div class=\"elementor-element elementor-element-1ff8dc0 elementor-widget elementor-widget-theme-post-title elementor-page-title elementor-widget-heading\" data-id=\"1ff8dc0\" data-element_type=\"widget\" data-e-type=\"widget\" data-widget_type=\"theme-post-title.default\">\n\t\t\t\t\t<h1 class=\"elementor-heading-title elementor-size-default\">Reliability of the cut-off value in the routine serodiagnosis of pertussis performed by the commercial ELISA assays<\/h1>\t\t\t\t<\/div>\n\t\t\t\t<div class=\"elementor-element elementor-element-34d9c11 elementor-widget elementor-widget-theme-post-excerpt\" data-id=\"34d9c11\" data-element_type=\"widget\" data-e-type=\"widget\" data-widget_type=\"theme-post-excerpt.default\">\n\t\t\t\t\tArticle in Polish published in the journal Medycyna Doswiadczalna i Mikrobiologia\t\t\t\t<\/div>\n\t\t\t\t<div class=\"elementor-element elementor-element-fe5308e elementor-align-justify elementor-widget elementor-widget-button\" data-id=\"fe5308e\" data-element_type=\"widget\" data-e-type=\"widget\" data-widget_type=\"button.default\">\n\t\t\t\t\t\t\t\t\t\t<a class=\"elementor-button elementor-button-link elementor-size-sm\" href=\"https:\/\/pawel.stefanoff.pl\/work\/articles\/article-2011-pertussis-diag-en\/\">\n\t\t\t\t\t\t<span class=\"elementor-button-content-wrapper\">\n\t\t\t\t\t\t\t\t\t<span class=\"elementor-button-text\">Ver m\u00e1s<\/span>\n\t\t\t\t\t<\/span>\n\t\t\t\t\t<\/a>\n\t\t\t\t\t\t\t\t<\/div>\n\t\t\t\t\t<\/div>\n\t\t\t\t<\/div>\n\t\t\t\t<\/div>\n\t\t<style id=\"loop-dynamic-4715\">.e-loop-item-1160 .elementor-element.elementor-element-6e55af1:not(.elementor-motion-effects-element-type-background), .e-loop-item-1160 .elementor-element.elementor-element-6e55af1 > .elementor-motion-effects-container > .elementor-motion-effects-layer{background-image:url(\"https:\/\/pawel.stefanoff.pl\/work\/wp-content\/uploads\/2026\/01\/11062b_6856f2dda2bb4b679834f24c8a8f72famv2.avif\");}<\/style>\t\t<div data-elementor-type=\"loop-item\" data-elementor-id=\"4715\" class=\"elementor elementor-4715 e-loop-item e-loop-item-1160 post-1160 publikacje type-publikacje status-publish has-post-thumbnail hentry\" data-elementor-post-type=\"elementor_library\" data-custom-edit-handle=\"1\">\n\t\t\t<div class=\"elementor-element elementor-element-6e55af1 e-flex e-con-boxed e-con e-parent\" data-id=\"6e55af1\" data-element_type=\"container\" data-e-type=\"container\" data-settings=\"{&quot;background_background&quot;:&quot;classic&quot;}\">\n\t\t\t\t\t<div class=\"e-con-inner\">\n\t\t\t\t<div class=\"elementor-element elementor-element-1ff8dc0 elementor-widget elementor-widget-theme-post-title elementor-page-title elementor-widget-heading\" data-id=\"1ff8dc0\" data-element_type=\"widget\" data-e-type=\"widget\" data-widget_type=\"theme-post-title.default\">\n\t\t\t\t\t<h1 class=\"elementor-heading-title elementor-size-default\">Ocena wiarygodno\u015bci poziomu przeciwcia\u0142 przyjmowanego za diagnostycznie znamienny w serodiagnostyce krztu\u015bca wykonywanej odczynem ELISA<\/h1>\t\t\t\t<\/div>\n\t\t\t\t<div class=\"elementor-element elementor-element-34d9c11 elementor-widget elementor-widget-theme-post-excerpt\" data-id=\"34d9c11\" data-element_type=\"widget\" data-e-type=\"widget\" data-widget_type=\"theme-post-excerpt.default\">\n\t\t\t\t\tArtyku\u0142 w j\u0119zyku polskim opublikowany w czasopi\u015bmie Medycyna Do\u015bwiadczalna i Mikrobiologia\t\t\t\t<\/div>\n\t\t\t\t<div class=\"elementor-element elementor-element-fe5308e elementor-align-justify elementor-widget elementor-widget-button\" data-id=\"fe5308e\" data-element_type=\"widget\" data-e-type=\"widget\" data-widget_type=\"button.default\">\n\t\t\t\t\t\t\t\t\t\t<a class=\"elementor-button elementor-button-link elementor-size-sm\" href=\"https:\/\/pawel.stefanoff.pl\/work\/pl\/articles\/article-2011-pertussis-diag-pl\/\">\n\t\t\t\t\t\t<span class=\"elementor-button-content-wrapper\">\n\t\t\t\t\t\t\t\t\t<span class=\"elementor-button-text\">Ver m\u00e1s<\/span>\n\t\t\t\t\t<\/span>\n\t\t\t\t\t<\/a>\n\t\t\t\t\t\t\t\t<\/div>\n\t\t\t\t\t<\/div>\n\t\t\t\t<\/div>\n\t\t\t\t<\/div>\n\t\t<style id=\"loop-dynamic-4715\">.e-loop-item-4386 .elementor-element.elementor-element-6e55af1:not(.elementor-motion-effects-element-type-background), .e-loop-item-4386 .elementor-element.elementor-element-6e55af1 > .elementor-motion-effects-container > .elementor-motion-effects-layer{background-image:url(\"https:\/\/pawel.stefanoff.pl\/work\/wp-content\/uploads\/2026\/01\/11062b_6856f2dda2bb4b679834f24c8a8f72famv2.avif\");}<\/style>\t\t<div data-elementor-type=\"loop-item\" data-elementor-id=\"4715\" class=\"elementor elementor-4715 e-loop-item e-loop-item-4386 post-4386 publikacje type-publikacje status-publish has-post-thumbnail hentry\" data-elementor-post-type=\"elementor_library\" data-custom-edit-handle=\"1\">\n\t\t\t<div class=\"elementor-element elementor-element-6e55af1 e-flex e-con-boxed e-con e-parent\" data-id=\"6e55af1\" data-element_type=\"container\" data-e-type=\"container\" data-settings=\"{&quot;background_background&quot;:&quot;classic&quot;}\">\n\t\t\t\t\t<div class=\"e-con-inner\">\n\t\t\t\t<div class=\"elementor-element elementor-element-1ff8dc0 elementor-widget elementor-widget-theme-post-title elementor-page-title elementor-widget-heading\" data-id=\"1ff8dc0\" data-element_type=\"widget\" data-e-type=\"widget\" data-widget_type=\"theme-post-title.default\">\n\t\t\t\t\t<h1 class=\"elementor-heading-title elementor-size-default\">\u00bfQu\u00e9 evidencia existe para administrar quimioprofilaxis a ni\u00f1os o estudiantes que asisten al mismo preescolar, escuela o universidad que un caso de enfermedad meningoc\u00f3cica?<\/h1>\t\t\t\t<\/div>\n\t\t\t\t<div class=\"elementor-element elementor-element-34d9c11 elementor-widget elementor-widget-theme-post-excerpt\" data-id=\"34d9c11\" data-element_type=\"widget\" data-e-type=\"widget\" data-widget_type=\"theme-post-excerpt.default\">\n\t\t\t\t\tArt\u00edculo en ingl\u00e9s publicado en la revista Epidemiology and Infection\t\t\t\t<\/div>\n\t\t\t\t<div class=\"elementor-element elementor-element-fe5308e elementor-align-justify elementor-widget elementor-widget-button\" data-id=\"fe5308e\" data-element_type=\"widget\" data-e-type=\"widget\" data-widget_type=\"button.default\">\n\t\t\t\t\t\t\t\t\t\t<a class=\"elementor-button elementor-button-link elementor-size-sm\" href=\"https:\/\/pawel.stefanoff.pl\/work\/es\/articles\/article-2011-meningo-systrev-es\/\">\n\t\t\t\t\t\t<span class=\"elementor-button-content-wrapper\">\n\t\t\t\t\t\t\t\t\t<span class=\"elementor-button-text\">Ver m\u00e1s<\/span>\n\t\t\t\t\t<\/span>\n\t\t\t\t\t<\/a>\n\t\t\t\t\t\t\t\t<\/div>\n\t\t\t\t\t<\/div>\n\t\t\t\t<\/div>\n\t\t\t\t<\/div>\n\t\t<style id=\"loop-dynamic-4715\">.e-loop-item-1189 .elementor-element.elementor-element-6e55af1:not(.elementor-motion-effects-element-type-background), .e-loop-item-1189 .elementor-element.elementor-element-6e55af1 > .elementor-motion-effects-container > .elementor-motion-effects-layer{background-image:url(\"https:\/\/pawel.stefanoff.pl\/work\/wp-content\/uploads\/2026\/01\/11062b_6856f2dda2bb4b679834f24c8a8f72famv2.avif\");}<\/style>\t\t<div data-elementor-type=\"loop-item\" data-elementor-id=\"4715\" class=\"elementor elementor-4715 e-loop-item e-loop-item-1189 post-1189 publikacje type-publikacje status-publish has-post-thumbnail hentry\" data-elementor-post-type=\"elementor_library\" data-custom-edit-handle=\"1\">\n\t\t\t<div class=\"elementor-element elementor-element-6e55af1 e-flex e-con-boxed e-con e-parent\" data-id=\"6e55af1\" data-element_type=\"container\" data-e-type=\"container\" data-settings=\"{&quot;background_background&quot;:&quot;classic&quot;}\">\n\t\t\t\t\t<div class=\"e-con-inner\">\n\t\t\t\t<div class=\"elementor-element elementor-element-1ff8dc0 elementor-widget elementor-widget-theme-post-title elementor-page-title elementor-widget-heading\" data-id=\"1ff8dc0\" data-element_type=\"widget\" data-e-type=\"widget\" data-widget_type=\"theme-post-title.default\">\n\t\t\t\t\t<h1 class=\"elementor-heading-title elementor-size-default\">What is the evidence for giving chemoprophylaxis to children or students attending the same preschool, school or college as a case of meningococcal disease?<\/h1>\t\t\t\t<\/div>\n\t\t\t\t<div class=\"elementor-element elementor-element-34d9c11 elementor-widget elementor-widget-theme-post-excerpt\" data-id=\"34d9c11\" data-element_type=\"widget\" data-e-type=\"widget\" data-widget_type=\"theme-post-excerpt.default\">\n\t\t\t\t\tArticle in English published in the journal Epidemiology and Infection\t\t\t\t<\/div>\n\t\t\t\t<div class=\"elementor-element elementor-element-fe5308e elementor-align-justify elementor-widget elementor-widget-button\" data-id=\"fe5308e\" data-element_type=\"widget\" data-e-type=\"widget\" data-widget_type=\"button.default\">\n\t\t\t\t\t\t\t\t\t\t<a class=\"elementor-button elementor-button-link elementor-size-sm\" href=\"https:\/\/pawel.stefanoff.pl\/work\/articles\/article-2011-meningo-systrev-en\/\">\n\t\t\t\t\t\t<span class=\"elementor-button-content-wrapper\">\n\t\t\t\t\t\t\t\t\t<span class=\"elementor-button-text\">Ver m\u00e1s<\/span>\n\t\t\t\t\t<\/span>\n\t\t\t\t\t<\/a>\n\t\t\t\t\t\t\t\t<\/div>\n\t\t\t\t\t<\/div>\n\t\t\t\t<\/div>\n\t\t\t\t<\/div>\n\t\t<style id=\"loop-dynamic-4715\">.e-loop-item-1183 .elementor-element.elementor-element-6e55af1:not(.elementor-motion-effects-element-type-background), .e-loop-item-1183 .elementor-element.elementor-element-6e55af1 > .elementor-motion-effects-container > .elementor-motion-effects-layer{background-image:url(\"https:\/\/pawel.stefanoff.pl\/work\/wp-content\/uploads\/2026\/01\/11062b_6856f2dda2bb4b679834f24c8a8f72famv2.avif\");}<\/style>\t\t<div data-elementor-type=\"loop-item\" data-elementor-id=\"4715\" class=\"elementor elementor-4715 e-loop-item e-loop-item-1183 post-1183 publikacje type-publikacje status-publish has-post-thumbnail hentry\" data-elementor-post-type=\"elementor_library\" data-custom-edit-handle=\"1\">\n\t\t\t<div class=\"elementor-element elementor-element-6e55af1 e-flex e-con-boxed e-con e-parent\" data-id=\"6e55af1\" data-element_type=\"container\" data-e-type=\"container\" data-settings=\"{&quot;background_background&quot;:&quot;classic&quot;}\">\n\t\t\t\t\t<div class=\"e-con-inner\">\n\t\t\t\t<div class=\"elementor-element elementor-element-1ff8dc0 elementor-widget elementor-widget-theme-post-title elementor-page-title elementor-widget-heading\" data-id=\"1ff8dc0\" data-element_type=\"widget\" data-e-type=\"widget\" data-widget_type=\"theme-post-title.default\">\n\t\t\t\t\t<h1 class=\"elementor-heading-title elementor-size-default\">Jakie s\u0105 dowody uzasadniaj\u0105ce podawanie chemioprofilaktyki dzieciom i uczniom ucz\u0119szczaj\u0105cym do tego samego przedszkola, szko\u0142y lub uczelni, w kt\u00f3rej zdiagnozowano chorob\u0119 meningokokow\u0105?<\/h1>\t\t\t\t<\/div>\n\t\t\t\t<div class=\"elementor-element elementor-element-34d9c11 elementor-widget elementor-widget-theme-post-excerpt\" data-id=\"34d9c11\" data-element_type=\"widget\" data-e-type=\"widget\" data-widget_type=\"theme-post-excerpt.default\">\n\t\t\t\t\tArtyku\u0142 w j\u0119zyku angielskim opublikowany w czasopi\u015bmie Epidemiology and Infection\t\t\t\t<\/div>\n\t\t\t\t<div class=\"elementor-element elementor-element-fe5308e elementor-align-justify elementor-widget elementor-widget-button\" data-id=\"fe5308e\" data-element_type=\"widget\" data-e-type=\"widget\" data-widget_type=\"button.default\">\n\t\t\t\t\t\t\t\t\t\t<a class=\"elementor-button elementor-button-link elementor-size-sm\" href=\"https:\/\/pawel.stefanoff.pl\/work\/pl\/articles\/article-2011-meningo-systrev-pl\/\">\n\t\t\t\t\t\t<span class=\"elementor-button-content-wrapper\">\n\t\t\t\t\t\t\t\t\t<span class=\"elementor-button-text\">Ver m\u00e1s<\/span>\n\t\t\t\t\t<\/span>\n\t\t\t\t\t<\/a>\n\t\t\t\t\t\t\t\t<\/div>\n\t\t\t\t\t<\/div>\n\t\t\t\t<\/div>\n\t\t\t\t<\/div>\n\t\t<style id=\"loop-dynamic-4715\">.e-loop-item-4388 .elementor-element.elementor-element-6e55af1:not(.elementor-motion-effects-element-type-background), .e-loop-item-4388 .elementor-element.elementor-element-6e55af1 > .elementor-motion-effects-container > .elementor-motion-effects-layer{background-image:url(\"https:\/\/pawel.stefanoff.pl\/work\/wp-content\/uploads\/2026\/01\/11062b_6856f2dda2bb4b679834f24c8a8f72famv2.avif\");}<\/style>\t\t<div data-elementor-type=\"loop-item\" data-elementor-id=\"4715\" class=\"elementor elementor-4715 e-loop-item e-loop-item-4388 post-4388 publikacje type-publikacje status-publish has-post-thumbnail hentry\" data-elementor-post-type=\"elementor_library\" data-custom-edit-handle=\"1\">\n\t\t\t<div class=\"elementor-element elementor-element-6e55af1 e-flex e-con-boxed e-con e-parent\" data-id=\"6e55af1\" data-element_type=\"container\" data-e-type=\"container\" data-settings=\"{&quot;background_background&quot;:&quot;classic&quot;}\">\n\t\t\t\t\t<div class=\"e-con-inner\">\n\t\t\t\t<div class=\"elementor-element elementor-element-1ff8dc0 elementor-widget elementor-widget-theme-post-title elementor-page-title elementor-widget-heading\" data-id=\"1ff8dc0\" data-element_type=\"widget\" data-e-type=\"widget\" data-widget_type=\"theme-post-title.default\">\n\t\t\t\t\t<h1 class=\"elementor-heading-title elementor-size-default\">Etiolog\u00eda de los casos sospechosos de sarampi\u00f3n notificados en 2006-2007 en Polonia<\/h1>\t\t\t\t<\/div>\n\t\t\t\t<div class=\"elementor-element elementor-element-34d9c11 elementor-widget elementor-widget-theme-post-excerpt\" data-id=\"34d9c11\" data-element_type=\"widget\" data-e-type=\"widget\" data-widget_type=\"theme-post-excerpt.default\">\n\t\t\t\t\tArt\u00edculo en polaco publicado en la revista Przeglad Epidemiologiczny [Revista Epidemiol\u00f3gica]\t\t\t\t<\/div>\n\t\t\t\t<div class=\"elementor-element elementor-element-fe5308e elementor-align-justify elementor-widget elementor-widget-button\" data-id=\"fe5308e\" data-element_type=\"widget\" data-e-type=\"widget\" data-widget_type=\"button.default\">\n\t\t\t\t\t\t\t\t\t\t<a class=\"elementor-button elementor-button-link elementor-size-sm\" href=\"https:\/\/pawel.stefanoff.pl\/work\/es\/articles\/article-2011-rash-etiology-es\/\">\n\t\t\t\t\t\t<span class=\"elementor-button-content-wrapper\">\n\t\t\t\t\t\t\t\t\t<span class=\"elementor-button-text\">Ver m\u00e1s<\/span>\n\t\t\t\t\t<\/span>\n\t\t\t\t\t<\/a>\n\t\t\t\t\t\t\t\t<\/div>\n\t\t\t\t\t<\/div>\n\t\t\t\t<\/div>\n\t\t\t\t<\/div>\n\t\t<style id=\"loop-dynamic-4715\">.e-loop-item-1194 .elementor-element.elementor-element-6e55af1:not(.elementor-motion-effects-element-type-background), .e-loop-item-1194 .elementor-element.elementor-element-6e55af1 > .elementor-motion-effects-container > .elementor-motion-effects-layer{background-image:url(\"https:\/\/pawel.stefanoff.pl\/work\/wp-content\/uploads\/2026\/01\/11062b_6856f2dda2bb4b679834f24c8a8f72famv2.avif\");}<\/style>\t\t<div data-elementor-type=\"loop-item\" data-elementor-id=\"4715\" class=\"elementor elementor-4715 e-loop-item e-loop-item-1194 post-1194 publikacje type-publikacje status-publish has-post-thumbnail hentry\" data-elementor-post-type=\"elementor_library\" data-custom-edit-handle=\"1\">\n\t\t\t<div class=\"elementor-element elementor-element-6e55af1 e-flex e-con-boxed e-con e-parent\" data-id=\"6e55af1\" data-element_type=\"container\" data-e-type=\"container\" data-settings=\"{&quot;background_background&quot;:&quot;classic&quot;}\">\n\t\t\t\t\t<div class=\"e-con-inner\">\n\t\t\t\t<div class=\"elementor-element elementor-element-1ff8dc0 elementor-widget elementor-widget-theme-post-title elementor-page-title elementor-widget-heading\" data-id=\"1ff8dc0\" data-element_type=\"widget\" data-e-type=\"widget\" data-widget_type=\"theme-post-title.default\">\n\t\t\t\t\t<h1 class=\"elementor-heading-title elementor-size-default\">Etiology of measles suspect cases reported in 2006-2007 in Poland<\/h1>\t\t\t\t<\/div>\n\t\t\t\t<div class=\"elementor-element elementor-element-34d9c11 elementor-widget elementor-widget-theme-post-excerpt\" data-id=\"34d9c11\" data-element_type=\"widget\" data-e-type=\"widget\" data-widget_type=\"theme-post-excerpt.default\">\n\t\t\t\t\tArticle in Polish published in the journal Przeglad Epidemioliczny [Epidemiological Review]\t\t\t\t<\/div>\n\t\t\t\t<div class=\"elementor-element elementor-element-fe5308e elementor-align-justify elementor-widget elementor-widget-button\" data-id=\"fe5308e\" data-element_type=\"widget\" data-e-type=\"widget\" data-widget_type=\"button.default\">\n\t\t\t\t\t\t\t\t\t\t<a class=\"elementor-button elementor-button-link elementor-size-sm\" href=\"https:\/\/pawel.stefanoff.pl\/work\/articles\/article-2011-rash-etiology-en\/\">\n\t\t\t\t\t\t<span class=\"elementor-button-content-wrapper\">\n\t\t\t\t\t\t\t\t\t<span class=\"elementor-button-text\">Ver m\u00e1s<\/span>\n\t\t\t\t\t<\/span>\n\t\t\t\t\t<\/a>\n\t\t\t\t\t\t\t\t<\/div>\n\t\t\t\t\t<\/div>\n\t\t\t\t<\/div>\n\t\t\t\t<\/div>\n\t\t<style id=\"loop-dynamic-4715\">.e-loop-item-1190 .elementor-element.elementor-element-6e55af1:not(.elementor-motion-effects-element-type-background), .e-loop-item-1190 .elementor-element.elementor-element-6e55af1 > .elementor-motion-effects-container > .elementor-motion-effects-layer{background-image:url(\"https:\/\/pawel.stefanoff.pl\/work\/wp-content\/uploads\/2026\/01\/11062b_6856f2dda2bb4b679834f24c8a8f72famv2.avif\");}<\/style>\t\t<div data-elementor-type=\"loop-item\" data-elementor-id=\"4715\" class=\"elementor elementor-4715 e-loop-item e-loop-item-1190 post-1190 publikacje type-publikacje status-publish has-post-thumbnail hentry\" data-elementor-post-type=\"elementor_library\" data-custom-edit-handle=\"1\">\n\t\t\t<div class=\"elementor-element elementor-element-6e55af1 e-flex e-con-boxed e-con e-parent\" data-id=\"6e55af1\" data-element_type=\"container\" data-e-type=\"container\" data-settings=\"{&quot;background_background&quot;:&quot;classic&quot;}\">\n\t\t\t\t\t<div class=\"e-con-inner\">\n\t\t\t\t<div class=\"elementor-element elementor-element-1ff8dc0 elementor-widget elementor-widget-theme-post-title elementor-page-title elementor-widget-heading\" data-id=\"1ff8dc0\" data-element_type=\"widget\" data-e-type=\"widget\" data-widget_type=\"theme-post-title.default\">\n\t\t\t\t\t<h1 class=\"elementor-heading-title elementor-size-default\">Etiologia przypadk\u00f3w zg\u0142aszanych jako podejrzenia odry w Polsce w latach 2006-2007<\/h1>\t\t\t\t<\/div>\n\t\t\t\t<div class=\"elementor-element elementor-element-34d9c11 elementor-widget elementor-widget-theme-post-excerpt\" data-id=\"34d9c11\" data-element_type=\"widget\" data-e-type=\"widget\" data-widget_type=\"theme-post-excerpt.default\">\n\t\t\t\t\tArtyku\u0142 w j\u0119zyku polskim opublikowany w czasopi\u015bmie Przegl\u0105d Epidemiologiczny\t\t\t\t<\/div>\n\t\t\t\t<div class=\"elementor-element elementor-element-fe5308e elementor-align-justify elementor-widget elementor-widget-button\" data-id=\"fe5308e\" data-element_type=\"widget\" data-e-type=\"widget\" data-widget_type=\"button.default\">\n\t\t\t\t\t\t\t\t\t\t<a class=\"elementor-button elementor-button-link elementor-size-sm\" href=\"https:\/\/pawel.stefanoff.pl\/work\/pl\/articles\/article-2011-rash-etiology-pl\/\">\n\t\t\t\t\t\t<span class=\"elementor-button-content-wrapper\">\n\t\t\t\t\t\t\t\t\t<span class=\"elementor-button-text\">Ver m\u00e1s<\/span>\n\t\t\t\t\t<\/span>\n\t\t\t\t\t<\/a>\n\t\t\t\t\t\t\t\t<\/div>\n\t\t\t\t\t<\/div>\n\t\t\t\t<\/div>\n\t\t\t\t<\/div>\n\t\t<style id=\"loop-dynamic-4715\">.e-loop-item-4389 .elementor-element.elementor-element-6e55af1:not(.elementor-motion-effects-element-type-background), .e-loop-item-4389 .elementor-element.elementor-element-6e55af1 > .elementor-motion-effects-container > .elementor-motion-effects-layer{background-image:url(\"https:\/\/pawel.stefanoff.pl\/work\/wp-content\/uploads\/2026\/01\/11062b_6856f2dda2bb4b679834f24c8a8f72famv2.avif\");}<\/style>\t\t<div data-elementor-type=\"loop-item\" data-elementor-id=\"4715\" class=\"elementor elementor-4715 e-loop-item e-loop-item-4389 post-4389 publikacje type-publikacje status-publish has-post-thumbnail hentry\" data-elementor-post-type=\"elementor_library\" data-custom-edit-handle=\"1\">\n\t\t\t<div class=\"elementor-element elementor-element-6e55af1 e-flex e-con-boxed e-con e-parent\" data-id=\"6e55af1\" data-element_type=\"container\" data-e-type=\"container\" data-settings=\"{&quot;background_background&quot;:&quot;classic&quot;}\">\n\t\t\t\t\t<div class=\"e-con-inner\">\n\t\t\t\t<div class=\"elementor-element elementor-element-1ff8dc0 elementor-widget elementor-widget-theme-post-title elementor-page-title elementor-widget-heading\" data-id=\"1ff8dc0\" data-element_type=\"widget\" data-e-type=\"widget\" data-widget_type=\"theme-post-title.default\">\n\t\t\t\t\t<h1 class=\"elementor-heading-title elementor-size-default\">Estudio multic\u00e9ntrico de casos y controles I-MOVE 2010-11: estimaciones generales y estratificadas de la efectividad de la vacuna contra la gripe en Europa.<\/h1>\t\t\t\t<\/div>\n\t\t\t\t<div class=\"elementor-element elementor-element-34d9c11 elementor-widget elementor-widget-theme-post-excerpt\" data-id=\"34d9c11\" data-element_type=\"widget\" data-e-type=\"widget\" data-widget_type=\"theme-post-excerpt.default\">\n\t\t\t\t\tArt\u00edculo en ingl\u00e9s publicado en la revista PloS One\t\t\t\t<\/div>\n\t\t\t\t<div class=\"elementor-element elementor-element-fe5308e elementor-align-justify elementor-widget elementor-widget-button\" data-id=\"fe5308e\" data-element_type=\"widget\" data-e-type=\"widget\" data-widget_type=\"button.default\">\n\t\t\t\t\t\t\t\t\t\t<a class=\"elementor-button elementor-button-link elementor-size-sm\" href=\"https:\/\/pawel.stefanoff.pl\/work\/es\/articles\/article-2011-imove-flu-es\/\">\n\t\t\t\t\t\t<span class=\"elementor-button-content-wrapper\">\n\t\t\t\t\t\t\t\t\t<span class=\"elementor-button-text\">Ver m\u00e1s<\/span>\n\t\t\t\t\t<\/span>\n\t\t\t\t\t<\/a>\n\t\t\t\t\t\t\t\t<\/div>\n\t\t\t\t\t<\/div>\n\t\t\t\t<\/div>\n\t\t\t\t<\/div>\n\t\t<style id=\"loop-dynamic-4715\">.e-loop-item-1197 .elementor-element.elementor-element-6e55af1:not(.elementor-motion-effects-element-type-background), .e-loop-item-1197 .elementor-element.elementor-element-6e55af1 > .elementor-motion-effects-container > .elementor-motion-effects-layer{background-image:url(\"https:\/\/pawel.stefanoff.pl\/work\/wp-content\/uploads\/2026\/01\/11062b_6856f2dda2bb4b679834f24c8a8f72famv2.avif\");}<\/style>\t\t<div data-elementor-type=\"loop-item\" data-elementor-id=\"4715\" class=\"elementor elementor-4715 e-loop-item e-loop-item-1197 post-1197 publikacje type-publikacje status-publish has-post-thumbnail hentry\" data-elementor-post-type=\"elementor_library\" data-custom-edit-handle=\"1\">\n\t\t\t<div class=\"elementor-element elementor-element-6e55af1 e-flex e-con-boxed e-con e-parent\" data-id=\"6e55af1\" data-element_type=\"container\" data-e-type=\"container\" data-settings=\"{&quot;background_background&quot;:&quot;classic&quot;}\">\n\t\t\t\t\t<div class=\"e-con-inner\">\n\t\t\t\t<div class=\"elementor-element elementor-element-1ff8dc0 elementor-widget elementor-widget-theme-post-title elementor-page-title elementor-widget-heading\" data-id=\"1ff8dc0\" data-element_type=\"widget\" data-e-type=\"widget\" data-widget_type=\"theme-post-title.default\">\n\t\t\t\t\t<h1 class=\"elementor-heading-title elementor-size-default\">I-MOVE multi-centre case control study 2010-11: overall and stratified estimates of influenza vaccine effectiveness in Europe<\/h1>\t\t\t\t<\/div>\n\t\t\t\t<div class=\"elementor-element elementor-element-34d9c11 elementor-widget elementor-widget-theme-post-excerpt\" data-id=\"34d9c11\" data-element_type=\"widget\" data-e-type=\"widget\" data-widget_type=\"theme-post-excerpt.default\">\n\t\t\t\t\tArticle in English published in the journal PLoS One\t\t\t\t<\/div>\n\t\t\t\t<div class=\"elementor-element elementor-element-fe5308e elementor-align-justify elementor-widget elementor-widget-button\" data-id=\"fe5308e\" data-element_type=\"widget\" data-e-type=\"widget\" data-widget_type=\"button.default\">\n\t\t\t\t\t\t\t\t\t\t<a class=\"elementor-button elementor-button-link elementor-size-sm\" href=\"https:\/\/pawel.stefanoff.pl\/work\/articles\/article-2011-imove-flu-en\/\">\n\t\t\t\t\t\t<span class=\"elementor-button-content-wrapper\">\n\t\t\t\t\t\t\t\t\t<span class=\"elementor-button-text\">Ver m\u00e1s<\/span>\n\t\t\t\t\t<\/span>\n\t\t\t\t\t<\/a>\n\t\t\t\t\t\t\t\t<\/div>\n\t\t\t\t\t<\/div>\n\t\t\t\t<\/div>\n\t\t\t\t<\/div>\n\t\t<style id=\"loop-dynamic-4715\">.e-loop-item-1195 .elementor-element.elementor-element-6e55af1:not(.elementor-motion-effects-element-type-background), .e-loop-item-1195 .elementor-element.elementor-element-6e55af1 > .elementor-motion-effects-container > .elementor-motion-effects-layer{background-image:url(\"https:\/\/pawel.stefanoff.pl\/work\/wp-content\/uploads\/2026\/01\/11062b_6856f2dda2bb4b679834f24c8a8f72famv2.avif\");}<\/style>\t\t<div data-elementor-type=\"loop-item\" data-elementor-id=\"4715\" class=\"elementor elementor-4715 e-loop-item e-loop-item-1195 post-1195 publikacje type-publikacje status-publish has-post-thumbnail hentry\" data-elementor-post-type=\"elementor_library\" data-custom-edit-handle=\"1\">\n\t\t\t<div class=\"elementor-element elementor-element-6e55af1 e-flex e-con-boxed e-con e-parent\" data-id=\"6e55af1\" data-element_type=\"container\" data-e-type=\"container\" data-settings=\"{&quot;background_background&quot;:&quot;classic&quot;}\">\n\t\t\t\t\t<div class=\"e-con-inner\">\n\t\t\t\t<div class=\"elementor-element elementor-element-1ff8dc0 elementor-widget elementor-widget-theme-post-title elementor-page-title elementor-widget-heading\" data-id=\"1ff8dc0\" data-element_type=\"widget\" data-e-type=\"widget\" data-widget_type=\"theme-post-title.default\">\n\t\t\t\t\t<h1 class=\"elementor-heading-title elementor-size-default\">Wieloo\u015brodkowe badanie kliniczno-kontrolne I-MOVE 2010\u20132011: og\u00f3lne i cz\u0105stkowe szacunki skuteczno\u015bci szczepionki przeciw grypie w Europie<\/h1>\t\t\t\t<\/div>\n\t\t\t\t<div class=\"elementor-element elementor-element-34d9c11 elementor-widget elementor-widget-theme-post-excerpt\" data-id=\"34d9c11\" data-element_type=\"widget\" data-e-type=\"widget\" data-widget_type=\"theme-post-excerpt.default\">\n\t\t\t\t\tArtyku\u0142 w j\u0119zyku angielskim opublikowany w czasopi\u015bmie PLoS One\t\t\t\t<\/div>\n\t\t\t\t<div class=\"elementor-element elementor-element-fe5308e elementor-align-justify elementor-widget elementor-widget-button\" data-id=\"fe5308e\" data-element_type=\"widget\" data-e-type=\"widget\" data-widget_type=\"button.default\">\n\t\t\t\t\t\t\t\t\t\t<a class=\"elementor-button elementor-button-link elementor-size-sm\" href=\"https:\/\/pawel.stefanoff.pl\/work\/pl\/articles\/article-2011-imove-flu-pl\/\">\n\t\t\t\t\t\t<span class=\"elementor-button-content-wrapper\">\n\t\t\t\t\t\t\t\t\t<span class=\"elementor-button-text\">Ver m\u00e1s<\/span>\n\t\t\t\t\t<\/span>\n\t\t\t\t\t<\/a>\n\t\t\t\t\t\t\t\t<\/div>\n\t\t\t\t\t<\/div>\n\t\t\t\t<\/div>\n\t\t\t\t<\/div>\n\t\t<style id=\"loop-dynamic-4715\">.e-loop-item-4391 .elementor-element.elementor-element-6e55af1:not(.elementor-motion-effects-element-type-background), .e-loop-item-4391 .elementor-element.elementor-element-6e55af1 > .elementor-motion-effects-container > .elementor-motion-effects-layer{background-image:url(\"https:\/\/pawel.stefanoff.pl\/work\/wp-content\/uploads\/2026\/01\/11062b_6856f2dda2bb4b679834f24c8a8f72famv2.avif\");}<\/style>\t\t<div data-elementor-type=\"loop-item\" data-elementor-id=\"4715\" class=\"elementor elementor-4715 e-loop-item e-loop-item-4391 post-4391 publikacje type-publikacje status-publish has-post-thumbnail hentry\" data-elementor-post-type=\"elementor_library\" data-custom-edit-handle=\"1\">\n\t\t\t<div class=\"elementor-element elementor-element-6e55af1 e-flex e-con-boxed e-con e-parent\" data-id=\"6e55af1\" data-element_type=\"container\" data-e-type=\"container\" data-settings=\"{&quot;background_background&quot;:&quot;classic&quot;}\">\n\t\t\t\t\t<div class=\"e-con-inner\">\n\t\t\t\t<div class=\"elementor-element elementor-element-1ff8dc0 elementor-widget elementor-widget-theme-post-title elementor-page-title elementor-widget-heading\" data-id=\"1ff8dc0\" data-element_type=\"widget\" data-e-type=\"widget\" data-widget_type=\"theme-post-title.default\">\n\t\t\t\t\t<h1 class=\"elementor-heading-title elementor-size-default\">Vigilancia de las infecciones as\u00e9pticas del sistema nervioso central en Polonia: \u00bfest\u00e1 cumpliendo sus objetivos?<\/h1>\t\t\t\t<\/div>\n\t\t\t\t<div class=\"elementor-element elementor-element-34d9c11 elementor-widget elementor-widget-theme-post-excerpt\" data-id=\"34d9c11\" data-element_type=\"widget\" data-e-type=\"widget\" data-widget_type=\"theme-post-excerpt.default\">\n\t\t\t\t\tArt\u00edculo en ingl\u00e9s publicado en la revista Eurosurveillance\t\t\t\t<\/div>\n\t\t\t\t<div class=\"elementor-element elementor-element-fe5308e elementor-align-justify elementor-widget elementor-widget-button\" data-id=\"fe5308e\" data-element_type=\"widget\" data-e-type=\"widget\" data-widget_type=\"button.default\">\n\t\t\t\t\t\t\t\t\t\t<a class=\"elementor-button elementor-button-link elementor-size-sm\" href=\"https:\/\/pawel.stefanoff.pl\/work\/es\/articles\/article-2011-cns-infections-es\/\">\n\t\t\t\t\t\t<span class=\"elementor-button-content-wrapper\">\n\t\t\t\t\t\t\t\t\t<span class=\"elementor-button-text\">Ver m\u00e1s<\/span>\n\t\t\t\t\t<\/span>\n\t\t\t\t\t<\/a>\n\t\t\t\t\t\t\t\t<\/div>\n\t\t\t\t\t<\/div>\n\t\t\t\t<\/div>\n\t\t\t\t<\/div>\n\t\t<style id=\"loop-dynamic-4715\">.e-loop-item-1206 .elementor-element.elementor-element-6e55af1:not(.elementor-motion-effects-element-type-background), .e-loop-item-1206 .elementor-element.elementor-element-6e55af1 > .elementor-motion-effects-container > .elementor-motion-effects-layer{background-image:url(\"https:\/\/pawel.stefanoff.pl\/work\/wp-content\/uploads\/2026\/01\/11062b_6856f2dda2bb4b679834f24c8a8f72famv2.avif\");}<\/style>\t\t<div data-elementor-type=\"loop-item\" data-elementor-id=\"4715\" class=\"elementor elementor-4715 e-loop-item e-loop-item-1206 post-1206 publikacje type-publikacje status-publish has-post-thumbnail hentry\" data-elementor-post-type=\"elementor_library\" data-custom-edit-handle=\"1\">\n\t\t\t<div class=\"elementor-element elementor-element-6e55af1 e-flex e-con-boxed e-con e-parent\" data-id=\"6e55af1\" data-element_type=\"container\" data-e-type=\"container\" data-settings=\"{&quot;background_background&quot;:&quot;classic&quot;}\">\n\t\t\t\t\t<div class=\"e-con-inner\">\n\t\t\t\t<div class=\"elementor-element elementor-element-1ff8dc0 elementor-widget elementor-widget-theme-post-title elementor-page-title elementor-widget-heading\" data-id=\"1ff8dc0\" data-element_type=\"widget\" data-e-type=\"widget\" data-widget_type=\"theme-post-title.default\">\n\t\t\t\t\t<h1 class=\"elementor-heading-title elementor-size-default\">Surveillance of aseptic central nervous system infections in Poland: is it meeting its objectives?<\/h1>\t\t\t\t<\/div>\n\t\t\t\t<div class=\"elementor-element elementor-element-34d9c11 elementor-widget elementor-widget-theme-post-excerpt\" data-id=\"34d9c11\" data-element_type=\"widget\" data-e-type=\"widget\" data-widget_type=\"theme-post-excerpt.default\">\n\t\t\t\t\tArticle in English published in the journal Eurosurveillance\t\t\t\t<\/div>\n\t\t\t\t<div class=\"elementor-element elementor-element-fe5308e elementor-align-justify elementor-widget elementor-widget-button\" data-id=\"fe5308e\" data-element_type=\"widget\" data-e-type=\"widget\" data-widget_type=\"button.default\">\n\t\t\t\t\t\t\t\t\t\t<a class=\"elementor-button elementor-button-link elementor-size-sm\" href=\"https:\/\/pawel.stefanoff.pl\/work\/articles\/article-2011-cns-infections-en\/\">\n\t\t\t\t\t\t<span class=\"elementor-button-content-wrapper\">\n\t\t\t\t\t\t\t\t\t<span class=\"elementor-button-text\">Ver m\u00e1s<\/span>\n\t\t\t\t\t<\/span>\n\t\t\t\t\t<\/a>\n\t\t\t\t\t\t\t\t<\/div>\n\t\t\t\t\t<\/div>\n\t\t\t\t<\/div>\n\t\t\t\t<\/div>\n\t\t<style id=\"loop-dynamic-4715\">.e-loop-item-1201 .elementor-element.elementor-element-6e55af1:not(.elementor-motion-effects-element-type-background), .e-loop-item-1201 .elementor-element.elementor-element-6e55af1 > .elementor-motion-effects-container > .elementor-motion-effects-layer{background-image:url(\"https:\/\/pawel.stefanoff.pl\/work\/wp-content\/uploads\/2026\/01\/11062b_6856f2dda2bb4b679834f24c8a8f72famv2.avif\");}<\/style>\t\t<div data-elementor-type=\"loop-item\" data-elementor-id=\"4715\" class=\"elementor elementor-4715 e-loop-item e-loop-item-1201 post-1201 publikacje type-publikacje status-publish has-post-thumbnail hentry\" data-elementor-post-type=\"elementor_library\" data-custom-edit-handle=\"1\">\n\t\t\t<div class=\"elementor-element elementor-element-6e55af1 e-flex e-con-boxed e-con e-parent\" data-id=\"6e55af1\" data-element_type=\"container\" data-e-type=\"container\" data-settings=\"{&quot;background_background&quot;:&quot;classic&quot;}\">\n\t\t\t\t\t<div class=\"e-con-inner\">\n\t\t\t\t<div class=\"elementor-element elementor-element-1ff8dc0 elementor-widget elementor-widget-theme-post-title elementor-page-title elementor-widget-heading\" data-id=\"1ff8dc0\" data-element_type=\"widget\" data-e-type=\"widget\" data-widget_type=\"theme-post-title.default\">\n\t\t\t\t\t<h1 class=\"elementor-heading-title elementor-size-default\">Nadz\u00f3r nad aseptycznymi zaka\u017ceniami o\u015brodkowego uk\u0142adu nerwowego w Polsce: czy spe\u0142nia swoje cele?<\/h1>\t\t\t\t<\/div>\n\t\t\t\t<div class=\"elementor-element elementor-element-34d9c11 elementor-widget elementor-widget-theme-post-excerpt\" data-id=\"34d9c11\" data-element_type=\"widget\" data-e-type=\"widget\" data-widget_type=\"theme-post-excerpt.default\">\n\t\t\t\t\tArtyku\u0142 w j\u0119zyku angielskim opublikowany w czasopi\u015bmie Eurosurveillance\t\t\t\t<\/div>\n\t\t\t\t<div class=\"elementor-element elementor-element-fe5308e elementor-align-justify elementor-widget elementor-widget-button\" data-id=\"fe5308e\" data-element_type=\"widget\" data-e-type=\"widget\" data-widget_type=\"button.default\">\n\t\t\t\t\t\t\t\t\t\t<a class=\"elementor-button elementor-button-link elementor-size-sm\" href=\"https:\/\/pawel.stefanoff.pl\/work\/pl\/articles\/article-2011-cns-infections-pl\/\">\n\t\t\t\t\t\t<span class=\"elementor-button-content-wrapper\">\n\t\t\t\t\t\t\t\t\t<span class=\"elementor-button-text\">Ver m\u00e1s<\/span>\n\t\t\t\t\t<\/span>\n\t\t\t\t\t<\/a>\n\t\t\t\t\t\t\t\t<\/div>\n\t\t\t\t\t<\/div>\n\t\t\t\t<\/div>\n\t\t\t\t<\/div>\n\t\t<style id=\"loop-dynamic-4715\">.e-loop-item-4393 .elementor-element.elementor-element-6e55af1:not(.elementor-motion-effects-element-type-background), .e-loop-item-4393 .elementor-element.elementor-element-6e55af1 > .elementor-motion-effects-container > .elementor-motion-effects-layer{background-image:url(\"https:\/\/pawel.stefanoff.pl\/work\/wp-content\/uploads\/2026\/01\/11062b_6856f2dda2bb4b679834f24c8a8f72famv2.avif\");}<\/style>\t\t<div data-elementor-type=\"loop-item\" data-elementor-id=\"4715\" class=\"elementor elementor-4715 e-loop-item e-loop-item-4393 post-4393 publikacje type-publikacje status-publish has-post-thumbnail hentry\" data-elementor-post-type=\"elementor_library\" data-custom-edit-handle=\"1\">\n\t\t\t<div class=\"elementor-element elementor-element-6e55af1 e-flex e-con-boxed e-con e-parent\" data-id=\"6e55af1\" data-element_type=\"container\" data-e-type=\"container\" data-settings=\"{&quot;background_background&quot;:&quot;classic&quot;}\">\n\t\t\t\t\t<div class=\"e-con-inner\">\n\t\t\t\t<div class=\"elementor-element elementor-element-1ff8dc0 elementor-widget elementor-widget-theme-post-title elementor-page-title elementor-widget-heading\" data-id=\"1ff8dc0\" data-element_type=\"widget\" data-e-type=\"widget\" data-widget_type=\"theme-post-title.default\">\n\t\t\t\t\t<h1 class=\"elementor-heading-title elementor-size-default\">Vigilancia de la enfermedad neumoc\u00f3cica invasiva en 30 pa\u00edses de la UE: \u00bfHacia un sistema europeo?<\/h1>\t\t\t\t<\/div>\n\t\t\t\t<div class=\"elementor-element elementor-element-34d9c11 elementor-widget elementor-widget-theme-post-excerpt\" data-id=\"34d9c11\" data-element_type=\"widget\" data-e-type=\"widget\" data-widget_type=\"theme-post-excerpt.default\">\n\t\t\t\t\tArt\u00edculo en ingl\u00e9s publicado en la revista Vaccine\t\t\t\t<\/div>\n\t\t\t\t<div class=\"elementor-element elementor-element-fe5308e elementor-align-justify elementor-widget elementor-widget-button\" data-id=\"fe5308e\" data-element_type=\"widget\" data-e-type=\"widget\" data-widget_type=\"button.default\">\n\t\t\t\t\t\t\t\t\t\t<a class=\"elementor-button elementor-button-link elementor-size-sm\" href=\"https:\/\/pawel.stefanoff.pl\/work\/es\/articles\/article-2010-pneumo-surv-es\/\">\n\t\t\t\t\t\t<span class=\"elementor-button-content-wrapper\">\n\t\t\t\t\t\t\t\t\t<span class=\"elementor-button-text\">Ver m\u00e1s<\/span>\n\t\t\t\t\t<\/span>\n\t\t\t\t\t<\/a>\n\t\t\t\t\t\t\t\t<\/div>\n\t\t\t\t\t<\/div>\n\t\t\t\t<\/div>\n\t\t\t\t<\/div>\n\t\t<style id=\"loop-dynamic-4715\">.e-loop-item-1215 .elementor-element.elementor-element-6e55af1:not(.elementor-motion-effects-element-type-background), .e-loop-item-1215 .elementor-element.elementor-element-6e55af1 > .elementor-motion-effects-container > .elementor-motion-effects-layer{background-image:url(\"https:\/\/pawel.stefanoff.pl\/work\/wp-content\/uploads\/2026\/01\/11062b_6856f2dda2bb4b679834f24c8a8f72famv2.avif\");}<\/style>\t\t<div data-elementor-type=\"loop-item\" data-elementor-id=\"4715\" class=\"elementor elementor-4715 e-loop-item e-loop-item-1215 post-1215 publikacje type-publikacje status-publish has-post-thumbnail hentry\" data-elementor-post-type=\"elementor_library\" data-custom-edit-handle=\"1\">\n\t\t\t<div class=\"elementor-element elementor-element-6e55af1 e-flex e-con-boxed e-con e-parent\" data-id=\"6e55af1\" data-element_type=\"container\" data-e-type=\"container\" data-settings=\"{&quot;background_background&quot;:&quot;classic&quot;}\">\n\t\t\t\t\t<div class=\"e-con-inner\">\n\t\t\t\t<div class=\"elementor-element elementor-element-1ff8dc0 elementor-widget elementor-widget-theme-post-title elementor-page-title elementor-widget-heading\" data-id=\"1ff8dc0\" data-element_type=\"widget\" data-e-type=\"widget\" data-widget_type=\"theme-post-title.default\">\n\t\t\t\t\t<h1 class=\"elementor-heading-title elementor-size-default\">Surveillance of invasive pneumococcal disease in 30 EU countries: Towards a European system?<\/h1>\t\t\t\t<\/div>\n\t\t\t\t<div class=\"elementor-element elementor-element-34d9c11 elementor-widget elementor-widget-theme-post-excerpt\" data-id=\"34d9c11\" data-element_type=\"widget\" data-e-type=\"widget\" data-widget_type=\"theme-post-excerpt.default\">\n\t\t\t\t\tArticle in English published in the journal Vaccine\t\t\t\t<\/div>\n\t\t\t\t<div class=\"elementor-element elementor-element-fe5308e elementor-align-justify elementor-widget elementor-widget-button\" data-id=\"fe5308e\" data-element_type=\"widget\" data-e-type=\"widget\" data-widget_type=\"button.default\">\n\t\t\t\t\t\t\t\t\t\t<a class=\"elementor-button elementor-button-link elementor-size-sm\" href=\"https:\/\/pawel.stefanoff.pl\/work\/articles\/article-2010-pneumo-surv-en\/\">\n\t\t\t\t\t\t<span class=\"elementor-button-content-wrapper\">\n\t\t\t\t\t\t\t\t\t<span class=\"elementor-button-text\">Ver m\u00e1s<\/span>\n\t\t\t\t\t<\/span>\n\t\t\t\t\t<\/a>\n\t\t\t\t\t\t\t\t<\/div>\n\t\t\t\t\t<\/div>\n\t\t\t\t<\/div>\n\t\t\t\t<\/div>\n\t\t<style id=\"loop-dynamic-4715\">.e-loop-item-1213 .elementor-element.elementor-element-6e55af1:not(.elementor-motion-effects-element-type-background), .e-loop-item-1213 .elementor-element.elementor-element-6e55af1 > .elementor-motion-effects-container > .elementor-motion-effects-layer{background-image:url(\"https:\/\/pawel.stefanoff.pl\/work\/wp-content\/uploads\/2026\/01\/11062b_6856f2dda2bb4b679834f24c8a8f72famv2.avif\");}<\/style>\t\t<div data-elementor-type=\"loop-item\" data-elementor-id=\"4715\" class=\"elementor elementor-4715 e-loop-item e-loop-item-1213 post-1213 publikacje type-publikacje status-publish has-post-thumbnail hentry\" data-elementor-post-type=\"elementor_library\" data-custom-edit-handle=\"1\">\n\t\t\t<div class=\"elementor-element elementor-element-6e55af1 e-flex e-con-boxed e-con e-parent\" data-id=\"6e55af1\" data-element_type=\"container\" data-e-type=\"container\" data-settings=\"{&quot;background_background&quot;:&quot;classic&quot;}\">\n\t\t\t\t\t<div class=\"e-con-inner\">\n\t\t\t\t<div class=\"elementor-element elementor-element-1ff8dc0 elementor-widget elementor-widget-theme-post-title elementor-page-title elementor-widget-heading\" data-id=\"1ff8dc0\" data-element_type=\"widget\" data-e-type=\"widget\" data-widget_type=\"theme-post-title.default\">\n\t\t\t\t\t<h1 class=\"elementor-heading-title elementor-size-default\">Nadz\u00f3r nad inwazyjn\u0105 chorob\u0105 pneumokokow\u0105 w 30 krajach UE: Jak ukierunkowa\u0107 system europejski?<\/h1>\t\t\t\t<\/div>\n\t\t\t\t<div class=\"elementor-element elementor-element-34d9c11 elementor-widget elementor-widget-theme-post-excerpt\" data-id=\"34d9c11\" data-element_type=\"widget\" data-e-type=\"widget\" data-widget_type=\"theme-post-excerpt.default\">\n\t\t\t\t\tArtyku\u0142 w j\u0119zyku angielskim opublikowany w czasopi\u015bmie Vaccine\t\t\t\t<\/div>\n\t\t\t\t<div class=\"elementor-element elementor-element-fe5308e elementor-align-justify elementor-widget elementor-widget-button\" data-id=\"fe5308e\" data-element_type=\"widget\" data-e-type=\"widget\" data-widget_type=\"button.default\">\n\t\t\t\t\t\t\t\t\t\t<a class=\"elementor-button elementor-button-link elementor-size-sm\" href=\"https:\/\/pawel.stefanoff.pl\/work\/pl\/articles\/article-2010-pneumo-surv-pl\/\">\n\t\t\t\t\t\t<span class=\"elementor-button-content-wrapper\">\n\t\t\t\t\t\t\t\t\t<span class=\"elementor-button-text\">Ver m\u00e1s<\/span>\n\t\t\t\t\t<\/span>\n\t\t\t\t\t<\/a>\n\t\t\t\t\t\t\t\t<\/div>\n\t\t\t\t\t<\/div>\n\t\t\t\t<\/div>\n\t\t\t\t<\/div>\n\t\t<style id=\"loop-dynamic-4715\">.e-loop-item-4395 .elementor-element.elementor-element-6e55af1:not(.elementor-motion-effects-element-type-background), .e-loop-item-4395 .elementor-element.elementor-element-6e55af1 > .elementor-motion-effects-container > .elementor-motion-effects-layer{background-image:url(\"https:\/\/pawel.stefanoff.pl\/work\/wp-content\/uploads\/2026\/01\/11062b_6856f2dda2bb4b679834f24c8a8f72famv2.avif\");}<\/style>\t\t<div data-elementor-type=\"loop-item\" data-elementor-id=\"4715\" class=\"elementor elementor-4715 e-loop-item e-loop-item-4395 post-4395 publikacje type-publikacje status-publish has-post-thumbnail hentry\" data-elementor-post-type=\"elementor_library\" data-custom-edit-handle=\"1\">\n\t\t\t<div class=\"elementor-element elementor-element-6e55af1 e-flex e-con-boxed e-con e-parent\" data-id=\"6e55af1\" data-element_type=\"container\" data-e-type=\"container\" data-settings=\"{&quot;background_background&quot;:&quot;classic&quot;}\">\n\t\t\t\t\t<div class=\"e-con-inner\">\n\t\t\t\t<div class=\"elementor-element elementor-element-1ff8dc0 elementor-widget elementor-widget-theme-post-title elementor-page-title elementor-widget-heading\" data-id=\"1ff8dc0\" data-element_type=\"widget\" data-e-type=\"widget\" data-widget_type=\"theme-post-title.default\">\n\t\t\t\t\t<h1 class=\"elementor-heading-title elementor-size-default\">Estado actual de la introducci\u00f3n de la vacunaci\u00f3n contra el virus del papiloma humano en los calendarios nacionales de vacunaci\u00f3n en Europa: primeros resultados de la encuesta VENICE2 de 2010.<\/h1>\t\t\t\t<\/div>\n\t\t\t\t<div class=\"elementor-element elementor-element-34d9c11 elementor-widget elementor-widget-theme-post-excerpt\" data-id=\"34d9c11\" data-element_type=\"widget\" data-e-type=\"widget\" data-widget_type=\"theme-post-excerpt.default\">\n\t\t\t\t\tArt\u00edculo en ingl\u00e9s publicado en la revista Eurosurveillance\t\t\t\t<\/div>\n\t\t\t\t<div class=\"elementor-element elementor-element-fe5308e elementor-align-justify elementor-widget elementor-widget-button\" data-id=\"fe5308e\" data-element_type=\"widget\" data-e-type=\"widget\" data-widget_type=\"button.default\">\n\t\t\t\t\t\t\t\t\t\t<a class=\"elementor-button elementor-button-link elementor-size-sm\" href=\"https:\/\/pawel.stefanoff.pl\/work\/es\/articles\/article-2010-hpv-policies-es\/\">\n\t\t\t\t\t\t<span class=\"elementor-button-content-wrapper\">\n\t\t\t\t\t\t\t\t\t<span class=\"elementor-button-text\">Ver m\u00e1s<\/span>\n\t\t\t\t\t<\/span>\n\t\t\t\t\t<\/a>\n\t\t\t\t\t\t\t\t<\/div>\n\t\t\t\t\t<\/div>\n\t\t\t\t<\/div>\n\t\t\t\t<\/div>\n\t\t<style id=\"loop-dynamic-4715\">.e-loop-item-1218 .elementor-element.elementor-element-6e55af1:not(.elementor-motion-effects-element-type-background), .e-loop-item-1218 .elementor-element.elementor-element-6e55af1 > .elementor-motion-effects-container > .elementor-motion-effects-layer{background-image:url(\"https:\/\/pawel.stefanoff.pl\/work\/wp-content\/uploads\/2026\/01\/11062b_6856f2dda2bb4b679834f24c8a8f72famv2.avif\");}<\/style>\t\t<div data-elementor-type=\"loop-item\" data-elementor-id=\"4715\" class=\"elementor elementor-4715 e-loop-item e-loop-item-1218 post-1218 publikacje type-publikacje status-publish has-post-thumbnail hentry\" data-elementor-post-type=\"elementor_library\" data-custom-edit-handle=\"1\">\n\t\t\t<div class=\"elementor-element elementor-element-6e55af1 e-flex e-con-boxed e-con e-parent\" data-id=\"6e55af1\" data-element_type=\"container\" data-e-type=\"container\" data-settings=\"{&quot;background_background&quot;:&quot;classic&quot;}\">\n\t\t\t\t\t<div class=\"e-con-inner\">\n\t\t\t\t<div class=\"elementor-element elementor-element-1ff8dc0 elementor-widget elementor-widget-theme-post-title elementor-page-title elementor-widget-heading\" data-id=\"1ff8dc0\" data-element_type=\"widget\" data-e-type=\"widget\" data-widget_type=\"theme-post-title.default\">\n\t\t\t\t\t<h1 class=\"elementor-heading-title elementor-size-default\">The current state of introduction of human papillomavirus vaccination into national immunisation schedules in Europe: first results of the VENICE2 2010 survey<\/h1>\t\t\t\t<\/div>\n\t\t\t\t<div class=\"elementor-element elementor-element-34d9c11 elementor-widget elementor-widget-theme-post-excerpt\" data-id=\"34d9c11\" data-element_type=\"widget\" data-e-type=\"widget\" data-widget_type=\"theme-post-excerpt.default\">\n\t\t\t\t\tArticle in English published in the journal Eurosurveillance\t\t\t\t<\/div>\n\t\t\t\t<div class=\"elementor-element elementor-element-fe5308e elementor-align-justify elementor-widget elementor-widget-button\" data-id=\"fe5308e\" data-element_type=\"widget\" data-e-type=\"widget\" data-widget_type=\"button.default\">\n\t\t\t\t\t\t\t\t\t\t<a class=\"elementor-button elementor-button-link elementor-size-sm\" href=\"https:\/\/pawel.stefanoff.pl\/work\/articles\/article-2010-hpv-policies-en\/\">\n\t\t\t\t\t\t<span class=\"elementor-button-content-wrapper\">\n\t\t\t\t\t\t\t\t\t<span class=\"elementor-button-text\">Ver m\u00e1s<\/span>\n\t\t\t\t\t<\/span>\n\t\t\t\t\t<\/a>\n\t\t\t\t\t\t\t\t<\/div>\n\t\t\t\t\t<\/div>\n\t\t\t\t<\/div>\n\t\t\t\t<\/div>\n\t\t<style id=\"loop-dynamic-4715\">.e-loop-item-1216 .elementor-element.elementor-element-6e55af1:not(.elementor-motion-effects-element-type-background), .e-loop-item-1216 .elementor-element.elementor-element-6e55af1 > .elementor-motion-effects-container > .elementor-motion-effects-layer{background-image:url(\"https:\/\/pawel.stefanoff.pl\/work\/wp-content\/uploads\/2026\/01\/11062b_6856f2dda2bb4b679834f24c8a8f72famv2.avif\");}<\/style>\t\t<div data-elementor-type=\"loop-item\" data-elementor-id=\"4715\" class=\"elementor elementor-4715 e-loop-item e-loop-item-1216 post-1216 publikacje type-publikacje status-publish has-post-thumbnail hentry\" data-elementor-post-type=\"elementor_library\" data-custom-edit-handle=\"1\">\n\t\t\t<div class=\"elementor-element elementor-element-6e55af1 e-flex e-con-boxed e-con e-parent\" data-id=\"6e55af1\" data-element_type=\"container\" data-e-type=\"container\" data-settings=\"{&quot;background_background&quot;:&quot;classic&quot;}\">\n\t\t\t\t\t<div class=\"e-con-inner\">\n\t\t\t\t<div class=\"elementor-element elementor-element-1ff8dc0 elementor-widget elementor-widget-theme-post-title elementor-page-title elementor-widget-heading\" data-id=\"1ff8dc0\" data-element_type=\"widget\" data-e-type=\"widget\" data-widget_type=\"theme-post-title.default\">\n\t\t\t\t\t<h1 class=\"elementor-heading-title elementor-size-default\">Aktualny stan wdro\u017cenia szczepie\u0144 przeciwko wirusowi brodawczaka ludzkiego w krajowych programach szczepie\u0144 w Europie: pierwsze wyniki badania VENICE2 w 2010 r.<\/h1>\t\t\t\t<\/div>\n\t\t\t\t<div class=\"elementor-element elementor-element-34d9c11 elementor-widget elementor-widget-theme-post-excerpt\" data-id=\"34d9c11\" data-element_type=\"widget\" data-e-type=\"widget\" data-widget_type=\"theme-post-excerpt.default\">\n\t\t\t\t\tArtyku\u0142 w j\u0119zyku angielskim opublikowany w czasopi\u015bmie Eurosurveillance\t\t\t\t<\/div>\n\t\t\t\t<div class=\"elementor-element elementor-element-fe5308e elementor-align-justify elementor-widget elementor-widget-button\" data-id=\"fe5308e\" data-element_type=\"widget\" data-e-type=\"widget\" data-widget_type=\"button.default\">\n\t\t\t\t\t\t\t\t\t\t<a class=\"elementor-button elementor-button-link elementor-size-sm\" href=\"https:\/\/pawel.stefanoff.pl\/work\/pl\/articles\/article-2010-hpv-policies-pl\/\">\n\t\t\t\t\t\t<span class=\"elementor-button-content-wrapper\">\n\t\t\t\t\t\t\t\t\t<span class=\"elementor-button-text\">Ver m\u00e1s<\/span>\n\t\t\t\t\t<\/span>\n\t\t\t\t\t<\/a>\n\t\t\t\t\t\t\t\t<\/div>\n\t\t\t\t\t<\/div>\n\t\t\t\t<\/div>\n\t\t\t\t<\/div>\n\t\t<style id=\"loop-dynamic-4715\">.e-loop-item-4397 .elementor-element.elementor-element-6e55af1:not(.elementor-motion-effects-element-type-background), .e-loop-item-4397 .elementor-element.elementor-element-6e55af1 > .elementor-motion-effects-container > .elementor-motion-effects-layer{background-image:url(\"https:\/\/pawel.stefanoff.pl\/work\/wp-content\/uploads\/2026\/01\/11062b_6856f2dda2bb4b679834f24c8a8f72famv2.avif\");}<\/style>\t\t<div data-elementor-type=\"loop-item\" data-elementor-id=\"4715\" class=\"elementor elementor-4715 e-loop-item e-loop-item-4397 post-4397 publikacje type-publikacje status-publish has-post-thumbnail hentry\" data-elementor-post-type=\"elementor_library\" data-custom-edit-handle=\"1\">\n\t\t\t<div class=\"elementor-element elementor-element-6e55af1 e-flex e-con-boxed e-con e-parent\" data-id=\"6e55af1\" data-element_type=\"container\" data-e-type=\"container\" data-settings=\"{&quot;background_background&quot;:&quot;classic&quot;}\">\n\t\t\t\t\t<div class=\"e-con-inner\">\n\t\t\t\t<div class=\"elementor-element elementor-element-1ff8dc0 elementor-widget elementor-widget-theme-post-title elementor-page-title elementor-widget-heading\" data-id=\"1ff8dc0\" data-element_type=\"widget\" data-e-type=\"widget\" data-widget_type=\"theme-post-title.default\">\n\t\t\t\t\t<h1 class=\"elementor-heading-title elementor-size-default\">Diferencias en las pol\u00edticas nacionales de vacunaci\u00f3n contra la gripe en la Uni\u00f3n Europea, Noruega e Islandia (2008-2009)<\/h1>\t\t\t\t<\/div>\n\t\t\t\t<div class=\"elementor-element elementor-element-34d9c11 elementor-widget elementor-widget-theme-post-excerpt\" data-id=\"34d9c11\" data-element_type=\"widget\" data-e-type=\"widget\" data-widget_type=\"theme-post-excerpt.default\">\n\t\t\t\t\tArt\u00edculo en ingl\u00e9s publicado en la revista Eurosurveillance\t\t\t\t<\/div>\n\t\t\t\t<div class=\"elementor-element elementor-element-fe5308e elementor-align-justify elementor-widget elementor-widget-button\" data-id=\"fe5308e\" data-element_type=\"widget\" data-e-type=\"widget\" data-widget_type=\"button.default\">\n\t\t\t\t\t\t\t\t\t\t<a class=\"elementor-button elementor-button-link elementor-size-sm\" href=\"https:\/\/pawel.stefanoff.pl\/work\/es\/articles\/article-2010-influenza-policies-es\/\">\n\t\t\t\t\t\t<span class=\"elementor-button-content-wrapper\">\n\t\t\t\t\t\t\t\t\t<span class=\"elementor-button-text\">Ver m\u00e1s<\/span>\n\t\t\t\t\t<\/span>\n\t\t\t\t\t<\/a>\n\t\t\t\t\t\t\t\t<\/div>\n\t\t\t\t\t<\/div>\n\t\t\t\t<\/div>\n\t\t\t\t<\/div>\n\t\t<style id=\"loop-dynamic-4715\">.e-loop-item-1221 .elementor-element.elementor-element-6e55af1:not(.elementor-motion-effects-element-type-background), .e-loop-item-1221 .elementor-element.elementor-element-6e55af1 > .elementor-motion-effects-container > .elementor-motion-effects-layer{background-image:url(\"https:\/\/pawel.stefanoff.pl\/work\/wp-content\/uploads\/2026\/01\/11062b_6856f2dda2bb4b679834f24c8a8f72famv2.avif\");}<\/style>\t\t<div data-elementor-type=\"loop-item\" data-elementor-id=\"4715\" class=\"elementor elementor-4715 e-loop-item e-loop-item-1221 post-1221 publikacje type-publikacje status-publish has-post-thumbnail hentry\" data-elementor-post-type=\"elementor_library\" data-custom-edit-handle=\"1\">\n\t\t\t<div class=\"elementor-element elementor-element-6e55af1 e-flex e-con-boxed e-con e-parent\" data-id=\"6e55af1\" data-element_type=\"container\" data-e-type=\"container\" data-settings=\"{&quot;background_background&quot;:&quot;classic&quot;}\">\n\t\t\t\t\t<div class=\"e-con-inner\">\n\t\t\t\t<div class=\"elementor-element elementor-element-1ff8dc0 elementor-widget elementor-widget-theme-post-title elementor-page-title elementor-widget-heading\" data-id=\"1ff8dc0\" data-element_type=\"widget\" data-e-type=\"widget\" data-widget_type=\"theme-post-title.default\">\n\t\t\t\t\t<h1 class=\"elementor-heading-title elementor-size-default\">Differences in national influenza vaccination policies across the European Union, Norway and Iceland 2008-2009<\/h1>\t\t\t\t<\/div>\n\t\t\t\t<div class=\"elementor-element elementor-element-34d9c11 elementor-widget elementor-widget-theme-post-excerpt\" data-id=\"34d9c11\" data-element_type=\"widget\" data-e-type=\"widget\" data-widget_type=\"theme-post-excerpt.default\">\n\t\t\t\t\tArticle in English published in the journal Eurosurveillance\t\t\t\t<\/div>\n\t\t\t\t<div class=\"elementor-element elementor-element-fe5308e elementor-align-justify elementor-widget elementor-widget-button\" data-id=\"fe5308e\" data-element_type=\"widget\" data-e-type=\"widget\" data-widget_type=\"button.default\">\n\t\t\t\t\t\t\t\t\t\t<a class=\"elementor-button elementor-button-link elementor-size-sm\" href=\"https:\/\/pawel.stefanoff.pl\/work\/articles\/article-2010-influenza-policies-en\/\">\n\t\t\t\t\t\t<span class=\"elementor-button-content-wrapper\">\n\t\t\t\t\t\t\t\t\t<span class=\"elementor-button-text\">Ver m\u00e1s<\/span>\n\t\t\t\t\t<\/span>\n\t\t\t\t\t<\/a>\n\t\t\t\t\t\t\t\t<\/div>\n\t\t\t\t\t<\/div>\n\t\t\t\t<\/div>\n\t\t\t\t<\/div>\n\t\t<style id=\"loop-dynamic-4715\">.e-loop-item-1219 .elementor-element.elementor-element-6e55af1:not(.elementor-motion-effects-element-type-background), .e-loop-item-1219 .elementor-element.elementor-element-6e55af1 > .elementor-motion-effects-container > .elementor-motion-effects-layer{background-image:url(\"https:\/\/pawel.stefanoff.pl\/work\/wp-content\/uploads\/2026\/01\/11062b_6856f2dda2bb4b679834f24c8a8f72famv2.avif\");}<\/style>\t\t<div data-elementor-type=\"loop-item\" data-elementor-id=\"4715\" class=\"elementor elementor-4715 e-loop-item e-loop-item-1219 post-1219 publikacje type-publikacje status-publish has-post-thumbnail hentry\" data-elementor-post-type=\"elementor_library\" data-custom-edit-handle=\"1\">\n\t\t\t<div class=\"elementor-element elementor-element-6e55af1 e-flex e-con-boxed e-con e-parent\" data-id=\"6e55af1\" data-element_type=\"container\" data-e-type=\"container\" data-settings=\"{&quot;background_background&quot;:&quot;classic&quot;}\">\n\t\t\t\t\t<div class=\"e-con-inner\">\n\t\t\t\t<div class=\"elementor-element elementor-element-1ff8dc0 elementor-widget elementor-widget-theme-post-title elementor-page-title elementor-widget-heading\" data-id=\"1ff8dc0\" data-element_type=\"widget\" data-e-type=\"widget\" data-widget_type=\"theme-post-title.default\">\n\t\t\t\t\t<h1 class=\"elementor-heading-title elementor-size-default\">R\u00f3\u017cnice w krajowych programach szczepie\u0144 przeciwko grypie w Unii Europejskiej, Norwegii i Islandii w latach 2008\u20132009<\/h1>\t\t\t\t<\/div>\n\t\t\t\t<div class=\"elementor-element elementor-element-34d9c11 elementor-widget elementor-widget-theme-post-excerpt\" data-id=\"34d9c11\" data-element_type=\"widget\" data-e-type=\"widget\" data-widget_type=\"theme-post-excerpt.default\">\n\t\t\t\t\tArtyku\u0142 w j\u0119zyku angielskim opublikowany w czasopi\u015bmie Eurosurveillance\t\t\t\t<\/div>\n\t\t\t\t<div class=\"elementor-element elementor-element-fe5308e elementor-align-justify elementor-widget elementor-widget-button\" data-id=\"fe5308e\" data-element_type=\"widget\" data-e-type=\"widget\" data-widget_type=\"button.default\">\n\t\t\t\t\t\t\t\t\t\t<a class=\"elementor-button elementor-button-link elementor-size-sm\" href=\"https:\/\/pawel.stefanoff.pl\/work\/pl\/articles\/article-2010-influenza-policies-pl\/\">\n\t\t\t\t\t\t<span class=\"elementor-button-content-wrapper\">\n\t\t\t\t\t\t\t\t\t<span class=\"elementor-button-text\">Ver m\u00e1s<\/span>\n\t\t\t\t\t<\/span>\n\t\t\t\t\t<\/a>\n\t\t\t\t\t\t\t\t<\/div>\n\t\t\t\t\t<\/div>\n\t\t\t\t<\/div>\n\t\t\t\t<\/div>\n\t\t<style id=\"loop-dynamic-4715\">.e-loop-item-4398 .elementor-element.elementor-element-6e55af1:not(.elementor-motion-effects-element-type-background), .e-loop-item-4398 .elementor-element.elementor-element-6e55af1 > .elementor-motion-effects-container > .elementor-motion-effects-layer{background-image:url(\"https:\/\/pawel.stefanoff.pl\/work\/wp-content\/uploads\/2026\/01\/11062b_6856f2dda2bb4b679834f24c8a8f72famv2.avif\");}<\/style>\t\t<div data-elementor-type=\"loop-item\" data-elementor-id=\"4715\" class=\"elementor elementor-4715 e-loop-item e-loop-item-4398 post-4398 publikacje type-publikacje status-publish has-post-thumbnail hentry\" data-elementor-post-type=\"elementor_library\" data-custom-edit-handle=\"1\">\n\t\t\t<div class=\"elementor-element elementor-element-6e55af1 e-flex e-con-boxed e-con e-parent\" data-id=\"6e55af1\" data-element_type=\"container\" data-e-type=\"container\" data-settings=\"{&quot;background_background&quot;:&quot;classic&quot;}\">\n\t\t\t\t\t<div class=\"e-con-inner\">\n\t\t\t\t<div class=\"elementor-element elementor-element-1ff8dc0 elementor-widget elementor-widget-theme-post-title elementor-page-title elementor-widget-heading\" data-id=\"1ff8dc0\" data-element_type=\"widget\" data-e-type=\"widget\" data-widget_type=\"theme-post-title.default\">\n\t\t\t\t\t<h1 class=\"elementor-heading-title elementor-size-default\">Programas de vacunaci\u00f3n contra la hepatitis B en la Uni\u00f3n Europea, Noruega e Islandia: \u00bfcu\u00e1l era la situaci\u00f3n en 2009?<\/h1>\t\t\t\t<\/div>\n\t\t\t\t<div class=\"elementor-element elementor-element-34d9c11 elementor-widget elementor-widget-theme-post-excerpt\" data-id=\"34d9c11\" data-element_type=\"widget\" data-e-type=\"widget\" data-widget_type=\"theme-post-excerpt.default\">\n\t\t\t\t\tArt\u00edculo en ingl\u00e9s publicado en la revista Vaccine\t\t\t\t<\/div>\n\t\t\t\t<div class=\"elementor-element elementor-element-fe5308e elementor-align-justify elementor-widget elementor-widget-button\" data-id=\"fe5308e\" data-element_type=\"widget\" data-e-type=\"widget\" data-widget_type=\"button.default\">\n\t\t\t\t\t\t\t\t\t\t<a class=\"elementor-button elementor-button-link elementor-size-sm\" href=\"https:\/\/pawel.stefanoff.pl\/work\/es\/articles\/article-2010-hbv-vaccination-es\/\">\n\t\t\t\t\t\t<span class=\"elementor-button-content-wrapper\">\n\t\t\t\t\t\t\t\t\t<span class=\"elementor-button-text\">Ver m\u00e1s<\/span>\n\t\t\t\t\t<\/span>\n\t\t\t\t\t<\/a>\n\t\t\t\t\t\t\t\t<\/div>\n\t\t\t\t\t<\/div>\n\t\t\t\t<\/div>\n\t\t\t\t<\/div>\n\t\t<style id=\"loop-dynamic-4715\">.e-loop-item-1223 .elementor-element.elementor-element-6e55af1:not(.elementor-motion-effects-element-type-background), .e-loop-item-1223 .elementor-element.elementor-element-6e55af1 > .elementor-motion-effects-container > .elementor-motion-effects-layer{background-image:url(\"https:\/\/pawel.stefanoff.pl\/work\/wp-content\/uploads\/2026\/01\/11062b_6856f2dda2bb4b679834f24c8a8f72famv2.avif\");}<\/style>\t\t<div data-elementor-type=\"loop-item\" data-elementor-id=\"4715\" class=\"elementor elementor-4715 e-loop-item e-loop-item-1223 post-1223 publikacje type-publikacje status-publish has-post-thumbnail hentry\" data-elementor-post-type=\"elementor_library\" data-custom-edit-handle=\"1\">\n\t\t\t<div class=\"elementor-element elementor-element-6e55af1 e-flex e-con-boxed e-con e-parent\" data-id=\"6e55af1\" data-element_type=\"container\" data-e-type=\"container\" data-settings=\"{&quot;background_background&quot;:&quot;classic&quot;}\">\n\t\t\t\t\t<div class=\"e-con-inner\">\n\t\t\t\t<div class=\"elementor-element elementor-element-1ff8dc0 elementor-widget elementor-widget-theme-post-title elementor-page-title elementor-widget-heading\" data-id=\"1ff8dc0\" data-element_type=\"widget\" data-e-type=\"widget\" data-widget_type=\"theme-post-title.default\">\n\t\t\t\t\t<h1 class=\"elementor-heading-title elementor-size-default\">Hepatitis B immunisation programmes in European Union, Norway and Iceland: where we were in 2009?<\/h1>\t\t\t\t<\/div>\n\t\t\t\t<div class=\"elementor-element elementor-element-34d9c11 elementor-widget elementor-widget-theme-post-excerpt\" data-id=\"34d9c11\" data-element_type=\"widget\" data-e-type=\"widget\" data-widget_type=\"theme-post-excerpt.default\">\n\t\t\t\t\tArticle in English published in the journal Vaccine\t\t\t\t<\/div>\n\t\t\t\t<div class=\"elementor-element elementor-element-fe5308e elementor-align-justify elementor-widget elementor-widget-button\" data-id=\"fe5308e\" data-element_type=\"widget\" data-e-type=\"widget\" data-widget_type=\"button.default\">\n\t\t\t\t\t\t\t\t\t\t<a class=\"elementor-button elementor-button-link elementor-size-sm\" href=\"https:\/\/pawel.stefanoff.pl\/work\/articles\/article-2010-hbv-vaccination-en\/\">\n\t\t\t\t\t\t<span class=\"elementor-button-content-wrapper\">\n\t\t\t\t\t\t\t\t\t<span class=\"elementor-button-text\">Ver m\u00e1s<\/span>\n\t\t\t\t\t<\/span>\n\t\t\t\t\t<\/a>\n\t\t\t\t\t\t\t\t<\/div>\n\t\t\t\t\t<\/div>\n\t\t\t\t<\/div>\n\t\t\t\t<\/div>\n\t\t<style id=\"loop-dynamic-4715\">.e-loop-item-1222 .elementor-element.elementor-element-6e55af1:not(.elementor-motion-effects-element-type-background), .e-loop-item-1222 .elementor-element.elementor-element-6e55af1 > .elementor-motion-effects-container > .elementor-motion-effects-layer{background-image:url(\"https:\/\/pawel.stefanoff.pl\/work\/wp-content\/uploads\/2026\/01\/11062b_6856f2dda2bb4b679834f24c8a8f72famv2.avif\");}<\/style>\t\t<div data-elementor-type=\"loop-item\" data-elementor-id=\"4715\" class=\"elementor elementor-4715 e-loop-item e-loop-item-1222 post-1222 publikacje type-publikacje status-publish has-post-thumbnail hentry\" data-elementor-post-type=\"elementor_library\" data-custom-edit-handle=\"1\">\n\t\t\t<div class=\"elementor-element elementor-element-6e55af1 e-flex e-con-boxed e-con e-parent\" data-id=\"6e55af1\" data-element_type=\"container\" data-e-type=\"container\" data-settings=\"{&quot;background_background&quot;:&quot;classic&quot;}\">\n\t\t\t\t\t<div class=\"e-con-inner\">\n\t\t\t\t<div class=\"elementor-element elementor-element-1ff8dc0 elementor-widget elementor-widget-theme-post-title elementor-page-title elementor-widget-heading\" data-id=\"1ff8dc0\" data-element_type=\"widget\" data-e-type=\"widget\" data-widget_type=\"theme-post-title.default\">\n\t\t\t\t\t<h1 class=\"elementor-heading-title elementor-size-default\">Programy szczepie\u0144 przeciwko wirusowemu zapaleniu w\u0105troby typu B w Unii Europejskiej, Norwegii i Islandii: na jakim etapie byli\u015bmy w 2009 r.?<\/h1>\t\t\t\t<\/div>\n\t\t\t\t<div class=\"elementor-element elementor-element-34d9c11 elementor-widget elementor-widget-theme-post-excerpt\" data-id=\"34d9c11\" data-element_type=\"widget\" data-e-type=\"widget\" data-widget_type=\"theme-post-excerpt.default\">\n\t\t\t\t\tArtyku\u0142 w j\u0119zyku angielskim opublikowany w czasopi\u015bmie Vaccine\t\t\t\t<\/div>\n\t\t\t\t<div class=\"elementor-element elementor-element-fe5308e elementor-align-justify elementor-widget elementor-widget-button\" data-id=\"fe5308e\" data-element_type=\"widget\" data-e-type=\"widget\" data-widget_type=\"button.default\">\n\t\t\t\t\t\t\t\t\t\t<a class=\"elementor-button elementor-button-link elementor-size-sm\" href=\"https:\/\/pawel.stefanoff.pl\/work\/pl\/articles\/article-2010-hbv-vaccination-pl\/\">\n\t\t\t\t\t\t<span class=\"elementor-button-content-wrapper\">\n\t\t\t\t\t\t\t\t\t<span class=\"elementor-button-text\">Ver m\u00e1s<\/span>\n\t\t\t\t\t<\/span>\n\t\t\t\t\t<\/a>\n\t\t\t\t\t\t\t\t<\/div>\n\t\t\t\t\t<\/div>\n\t\t\t\t<\/div>\n\t\t\t\t<\/div>\n\t\t<style id=\"loop-dynamic-4715\">.e-loop-item-4399 .elementor-element.elementor-element-6e55af1:not(.elementor-motion-effects-element-type-background), .e-loop-item-4399 .elementor-element.elementor-element-6e55af1 > .elementor-motion-effects-container > .elementor-motion-effects-layer{background-image:url(\"https:\/\/pawel.stefanoff.pl\/work\/wp-content\/uploads\/2026\/01\/11062b_6856f2dda2bb4b679834f24c8a8f72famv2.avif\");}<\/style>\t\t<div data-elementor-type=\"loop-item\" data-elementor-id=\"4715\" class=\"elementor elementor-4715 e-loop-item e-loop-item-4399 post-4399 publikacje type-publikacje status-publish has-post-thumbnail hentry\" data-elementor-post-type=\"elementor_library\" data-custom-edit-handle=\"1\">\n\t\t\t<div class=\"elementor-element elementor-element-6e55af1 e-flex e-con-boxed e-con e-parent\" data-id=\"6e55af1\" data-element_type=\"container\" data-e-type=\"container\" data-settings=\"{&quot;background_background&quot;:&quot;classic&quot;}\">\n\t\t\t\t\t<div class=\"e-con-inner\">\n\t\t\t\t<div class=\"elementor-element elementor-element-1ff8dc0 elementor-widget elementor-widget-theme-post-title elementor-page-title elementor-widget-heading\" data-id=\"1ff8dc0\" data-element_type=\"widget\" data-e-type=\"widget\" data-widget_type=\"theme-post-title.default\">\n\t\t\t\t\t<h1 class=\"elementor-heading-title elementor-size-default\">Seguimiento de las actitudes de los padres hacia la vacunaci\u00f3n en los pa\u00edses europeos: El proyecto de seguridad, actitudes, formaci\u00f3n y comunicaci\u00f3n sobre vacunas (VACSATC)<\/h1>\t\t\t\t<\/div>\n\t\t\t\t<div class=\"elementor-element elementor-element-34d9c11 elementor-widget elementor-widget-theme-post-excerpt\" data-id=\"34d9c11\" data-element_type=\"widget\" data-e-type=\"widget\" data-widget_type=\"theme-post-excerpt.default\">\n\t\t\t\t\tArt\u00edculo en ingl\u00e9s publicado en la revista Vaccine\t\t\t\t<\/div>\n\t\t\t\t<div class=\"elementor-element elementor-element-fe5308e elementor-align-justify elementor-widget elementor-widget-button\" data-id=\"fe5308e\" data-element_type=\"widget\" data-e-type=\"widget\" data-widget_type=\"button.default\">\n\t\t\t\t\t\t\t\t\t\t<a class=\"elementor-button elementor-button-link elementor-size-sm\" href=\"https:\/\/pawel.stefanoff.pl\/work\/es\/articles\/article-2010-vaccine-attit-es\/\">\n\t\t\t\t\t\t<span class=\"elementor-button-content-wrapper\">\n\t\t\t\t\t\t\t\t\t<span class=\"elementor-button-text\">Ver m\u00e1s<\/span>\n\t\t\t\t\t<\/span>\n\t\t\t\t\t<\/a>\n\t\t\t\t\t\t\t\t<\/div>\n\t\t\t\t\t<\/div>\n\t\t\t\t<\/div>\n\t\t\t\t<\/div>\n\t\t<style id=\"loop-dynamic-4715\">.e-loop-item-1226 .elementor-element.elementor-element-6e55af1:not(.elementor-motion-effects-element-type-background), .e-loop-item-1226 .elementor-element.elementor-element-6e55af1 > .elementor-motion-effects-container > .elementor-motion-effects-layer{background-image:url(\"https:\/\/pawel.stefanoff.pl\/work\/wp-content\/uploads\/2026\/01\/11062b_6856f2dda2bb4b679834f24c8a8f72famv2.avif\");}<\/style>\t\t<div data-elementor-type=\"loop-item\" data-elementor-id=\"4715\" class=\"elementor elementor-4715 e-loop-item e-loop-item-1226 post-1226 publikacje type-publikacje status-publish has-post-thumbnail hentry\" data-elementor-post-type=\"elementor_library\" data-custom-edit-handle=\"1\">\n\t\t\t<div class=\"elementor-element elementor-element-6e55af1 e-flex e-con-boxed e-con e-parent\" data-id=\"6e55af1\" data-element_type=\"container\" data-e-type=\"container\" data-settings=\"{&quot;background_background&quot;:&quot;classic&quot;}\">\n\t\t\t\t\t<div class=\"e-con-inner\">\n\t\t\t\t<div class=\"elementor-element elementor-element-1ff8dc0 elementor-widget elementor-widget-theme-post-title elementor-page-title elementor-widget-heading\" data-id=\"1ff8dc0\" data-element_type=\"widget\" data-e-type=\"widget\" data-widget_type=\"theme-post-title.default\">\n\t\t\t\t\t<h1 class=\"elementor-heading-title elementor-size-default\">Tracking parental attitudes on vaccination across European countries: The Vaccine Safety, Attitudes, Training and Communication Project (VACSATC)<\/h1>\t\t\t\t<\/div>\n\t\t\t\t<div class=\"elementor-element elementor-element-34d9c11 elementor-widget elementor-widget-theme-post-excerpt\" data-id=\"34d9c11\" data-element_type=\"widget\" data-e-type=\"widget\" data-widget_type=\"theme-post-excerpt.default\">\n\t\t\t\t\tArticle in English published in the journal Vaccine\t\t\t\t<\/div>\n\t\t\t\t<div class=\"elementor-element elementor-element-fe5308e elementor-align-justify elementor-widget elementor-widget-button\" data-id=\"fe5308e\" data-element_type=\"widget\" data-e-type=\"widget\" data-widget_type=\"button.default\">\n\t\t\t\t\t\t\t\t\t\t<a class=\"elementor-button elementor-button-link elementor-size-sm\" href=\"https:\/\/pawel.stefanoff.pl\/work\/articles\/article-2010-vaccine-attit-en\/\">\n\t\t\t\t\t\t<span class=\"elementor-button-content-wrapper\">\n\t\t\t\t\t\t\t\t\t<span class=\"elementor-button-text\">Ver m\u00e1s<\/span>\n\t\t\t\t\t<\/span>\n\t\t\t\t\t<\/a>\n\t\t\t\t\t\t\t\t<\/div>\n\t\t\t\t\t<\/div>\n\t\t\t\t<\/div>\n\t\t\t\t<\/div>\n\t\t<style id=\"loop-dynamic-4715\">.e-loop-item-1224 .elementor-element.elementor-element-6e55af1:not(.elementor-motion-effects-element-type-background), .e-loop-item-1224 .elementor-element.elementor-element-6e55af1 > .elementor-motion-effects-container > .elementor-motion-effects-layer{background-image:url(\"https:\/\/pawel.stefanoff.pl\/work\/wp-content\/uploads\/2026\/01\/11062b_6856f2dda2bb4b679834f24c8a8f72famv2.avif\");}<\/style>\t\t<div data-elementor-type=\"loop-item\" data-elementor-id=\"4715\" class=\"elementor elementor-4715 e-loop-item e-loop-item-1224 post-1224 publikacje type-publikacje status-publish has-post-thumbnail hentry\" data-elementor-post-type=\"elementor_library\" data-custom-edit-handle=\"1\">\n\t\t\t<div class=\"elementor-element elementor-element-6e55af1 e-flex e-con-boxed e-con e-parent\" data-id=\"6e55af1\" data-element_type=\"container\" data-e-type=\"container\" data-settings=\"{&quot;background_background&quot;:&quot;classic&quot;}\">\n\t\t\t\t\t<div class=\"e-con-inner\">\n\t\t\t\t<div class=\"elementor-element elementor-element-1ff8dc0 elementor-widget elementor-widget-theme-post-title elementor-page-title elementor-widget-heading\" data-id=\"1ff8dc0\" data-element_type=\"widget\" data-e-type=\"widget\" data-widget_type=\"theme-post-title.default\">\n\t\t\t\t\t<h1 class=\"elementor-heading-title elementor-size-default\">Monitorowanie postaw rodzic\u00f3w wobec szczepie\u0144 w krajach europejskich: Europejski projekt nt. bezpiecze\u0144stwa, postaw, szkole\u0144 i komunikacji w zakresie szczepie\u0144 (VACSATC)<\/h1>\t\t\t\t<\/div>\n\t\t\t\t<div class=\"elementor-element elementor-element-34d9c11 elementor-widget elementor-widget-theme-post-excerpt\" data-id=\"34d9c11\" data-element_type=\"widget\" data-e-type=\"widget\" data-widget_type=\"theme-post-excerpt.default\">\n\t\t\t\t\tArtyku\u0142 w j\u0119zyku angielskim opublikowany w czasopi\u015bmie Vaccine\t\t\t\t<\/div>\n\t\t\t\t<div class=\"elementor-element elementor-element-fe5308e elementor-align-justify elementor-widget elementor-widget-button\" data-id=\"fe5308e\" data-element_type=\"widget\" data-e-type=\"widget\" data-widget_type=\"button.default\">\n\t\t\t\t\t\t\t\t\t\t<a class=\"elementor-button elementor-button-link elementor-size-sm\" href=\"https:\/\/pawel.stefanoff.pl\/work\/pl\/articles\/article-2010-vaccine-attit-pl\/\">\n\t\t\t\t\t\t<span class=\"elementor-button-content-wrapper\">\n\t\t\t\t\t\t\t\t\t<span class=\"elementor-button-text\">Ver m\u00e1s<\/span>\n\t\t\t\t\t<\/span>\n\t\t\t\t\t<\/a>\n\t\t\t\t\t\t\t\t<\/div>\n\t\t\t\t\t<\/div>\n\t\t\t\t<\/div>\n\t\t\t\t<\/div>\n\t\t<style id=\"loop-dynamic-4715\">.e-loop-item-4403 .elementor-element.elementor-element-6e55af1:not(.elementor-motion-effects-element-type-background), .e-loop-item-4403 .elementor-element.elementor-element-6e55af1 > .elementor-motion-effects-container > .elementor-motion-effects-layer{background-image:url(\"https:\/\/pawel.stefanoff.pl\/work\/wp-content\/uploads\/2026\/01\/11062b_6856f2dda2bb4b679834f24c8a8f72famv2.avif\");}<\/style>\t\t<div data-elementor-type=\"loop-item\" data-elementor-id=\"4715\" class=\"elementor elementor-4715 e-loop-item e-loop-item-4403 post-4403 publikacje type-publikacje status-publish has-post-thumbnail hentry\" data-elementor-post-type=\"elementor_library\" data-custom-edit-handle=\"1\">\n\t\t\t<div class=\"elementor-element elementor-element-6e55af1 e-flex e-con-boxed e-con e-parent\" data-id=\"6e55af1\" data-element_type=\"container\" data-e-type=\"container\" data-settings=\"{&quot;background_background&quot;:&quot;classic&quot;}\">\n\t\t\t\t\t<div class=\"e-con-inner\">\n\t\t\t\t<div class=\"elementor-element elementor-element-1ff8dc0 elementor-widget elementor-widget-theme-post-title elementor-page-title elementor-widget-heading\" data-id=\"1ff8dc0\" data-element_type=\"widget\" data-e-type=\"widget\" data-widget_type=\"theme-post-title.default\">\n\t\t\t\t\t<h1 class=\"elementor-heading-title elementor-size-default\">Enfoque en el sarampi\u00f3n 2010:\u00a0Caracterizaci\u00f3n epidemiol\u00f3gica de los brotes de sarampi\u00f3n en Polonia en relaci\u00f3n con el objetivo de eliminaci\u00f3n del sarampi\u00f3n.<\/h1>\t\t\t\t<\/div>\n\t\t\t\t<div class=\"elementor-element elementor-element-34d9c11 elementor-widget elementor-widget-theme-post-excerpt\" data-id=\"34d9c11\" data-element_type=\"widget\" data-e-type=\"widget\" data-widget_type=\"theme-post-excerpt.default\">\n\t\t\t\t\tArt\u00edculo en ingl\u00e9s publicado en la revista Eurosurveillance\t\t\t\t<\/div>\n\t\t\t\t<div class=\"elementor-element elementor-element-fe5308e elementor-align-justify elementor-widget elementor-widget-button\" data-id=\"fe5308e\" data-element_type=\"widget\" data-e-type=\"widget\" data-widget_type=\"button.default\">\n\t\t\t\t\t\t\t\t\t\t<a class=\"elementor-button elementor-button-link elementor-size-sm\" href=\"https:\/\/pawel.stefanoff.pl\/work\/es\/articles\/article-2010-measles-overview-es\/\">\n\t\t\t\t\t\t<span class=\"elementor-button-content-wrapper\">\n\t\t\t\t\t\t\t\t\t<span class=\"elementor-button-text\">Ver m\u00e1s<\/span>\n\t\t\t\t\t<\/span>\n\t\t\t\t\t<\/a>\n\t\t\t\t\t\t\t\t<\/div>\n\t\t\t\t\t<\/div>\n\t\t\t\t<\/div>\n\t\t\t\t<\/div>\n\t\t<style id=\"loop-dynamic-4715\">.e-loop-item-1232 .elementor-element.elementor-element-6e55af1:not(.elementor-motion-effects-element-type-background), .e-loop-item-1232 .elementor-element.elementor-element-6e55af1 > .elementor-motion-effects-container > .elementor-motion-effects-layer{background-image:url(\"https:\/\/pawel.stefanoff.pl\/work\/wp-content\/uploads\/2026\/01\/11062b_6856f2dda2bb4b679834f24c8a8f72famv2.avif\");}<\/style>\t\t<div data-elementor-type=\"loop-item\" data-elementor-id=\"4715\" class=\"elementor elementor-4715 e-loop-item e-loop-item-1232 post-1232 publikacje type-publikacje status-publish has-post-thumbnail hentry\" data-elementor-post-type=\"elementor_library\" data-custom-edit-handle=\"1\">\n\t\t\t<div class=\"elementor-element elementor-element-6e55af1 e-flex e-con-boxed e-con e-parent\" data-id=\"6e55af1\" data-element_type=\"container\" data-e-type=\"container\" data-settings=\"{&quot;background_background&quot;:&quot;classic&quot;}\">\n\t\t\t\t\t<div class=\"e-con-inner\">\n\t\t\t\t<div class=\"elementor-element elementor-element-1ff8dc0 elementor-widget elementor-widget-theme-post-title elementor-page-title elementor-widget-heading\" data-id=\"1ff8dc0\" data-element_type=\"widget\" data-e-type=\"widget\" data-widget_type=\"theme-post-title.default\">\n\t\t\t\t\t<h1 class=\"elementor-heading-title elementor-size-default\">Spotlight on measles 2010: An epidemiological overview of measles outbreaks in Poland in relation to the measles elimination goal<\/h1>\t\t\t\t<\/div>\n\t\t\t\t<div class=\"elementor-element elementor-element-34d9c11 elementor-widget elementor-widget-theme-post-excerpt\" data-id=\"34d9c11\" data-element_type=\"widget\" data-e-type=\"widget\" data-widget_type=\"theme-post-excerpt.default\">\n\t\t\t\t\tArticle in English published in the journal Eurosurveillance\t\t\t\t<\/div>\n\t\t\t\t<div class=\"elementor-element elementor-element-fe5308e elementor-align-justify elementor-widget elementor-widget-button\" data-id=\"fe5308e\" data-element_type=\"widget\" data-e-type=\"widget\" data-widget_type=\"button.default\">\n\t\t\t\t\t\t\t\t\t\t<a class=\"elementor-button elementor-button-link elementor-size-sm\" href=\"https:\/\/pawel.stefanoff.pl\/work\/articles\/article-2010-measles-overview-en\/\">\n\t\t\t\t\t\t<span class=\"elementor-button-content-wrapper\">\n\t\t\t\t\t\t\t\t\t<span class=\"elementor-button-text\">Ver m\u00e1s<\/span>\n\t\t\t\t\t<\/span>\n\t\t\t\t\t<\/a>\n\t\t\t\t\t\t\t\t<\/div>\n\t\t\t\t\t<\/div>\n\t\t\t\t<\/div>\n\t\t\t\t<\/div>\n\t\t<style id=\"loop-dynamic-4715\">.e-loop-item-1230 .elementor-element.elementor-element-6e55af1:not(.elementor-motion-effects-element-type-background), .e-loop-item-1230 .elementor-element.elementor-element-6e55af1 > .elementor-motion-effects-container > .elementor-motion-effects-layer{background-image:url(\"https:\/\/pawel.stefanoff.pl\/work\/wp-content\/uploads\/2026\/01\/11062b_6856f2dda2bb4b679834f24c8a8f72famv2.avif\");}<\/style>\t\t<div data-elementor-type=\"loop-item\" data-elementor-id=\"4715\" class=\"elementor elementor-4715 e-loop-item e-loop-item-1230 post-1230 publikacje type-publikacje status-publish has-post-thumbnail hentry\" data-elementor-post-type=\"elementor_library\" data-custom-edit-handle=\"1\">\n\t\t\t<div class=\"elementor-element elementor-element-6e55af1 e-flex e-con-boxed e-con e-parent\" data-id=\"6e55af1\" data-element_type=\"container\" data-e-type=\"container\" data-settings=\"{&quot;background_background&quot;:&quot;classic&quot;}\">\n\t\t\t\t\t<div class=\"e-con-inner\">\n\t\t\t\t<div class=\"elementor-element elementor-element-1ff8dc0 elementor-widget elementor-widget-theme-post-title elementor-page-title elementor-widget-heading\" data-id=\"1ff8dc0\" data-element_type=\"widget\" data-e-type=\"widget\" data-widget_type=\"theme-post-title.default\">\n\t\t\t\t\t<h1 class=\"elementor-heading-title elementor-size-default\">Odra w centrum uwagi w 2010 r.: Charakterystyka ognisk odry w Polsce w kontek\u015bcie realizacji celu eliminacji odry<\/h1>\t\t\t\t<\/div>\n\t\t\t\t<div class=\"elementor-element elementor-element-34d9c11 elementor-widget elementor-widget-theme-post-excerpt\" data-id=\"34d9c11\" data-element_type=\"widget\" data-e-type=\"widget\" data-widget_type=\"theme-post-excerpt.default\">\n\t\t\t\t\tArtyku\u0142 w j\u0119zyku angielskim opublikowany w czasopi\u015bmie Eurosurveillance\t\t\t\t<\/div>\n\t\t\t\t<div class=\"elementor-element elementor-element-fe5308e elementor-align-justify elementor-widget elementor-widget-button\" data-id=\"fe5308e\" data-element_type=\"widget\" data-e-type=\"widget\" data-widget_type=\"button.default\">\n\t\t\t\t\t\t\t\t\t\t<a class=\"elementor-button elementor-button-link elementor-size-sm\" href=\"https:\/\/pawel.stefanoff.pl\/work\/pl\/articles\/article-2010-measles-overview-pl\/\">\n\t\t\t\t\t\t<span class=\"elementor-button-content-wrapper\">\n\t\t\t\t\t\t\t\t\t<span class=\"elementor-button-text\">Ver m\u00e1s<\/span>\n\t\t\t\t\t<\/span>\n\t\t\t\t\t<\/a>\n\t\t\t\t\t\t\t\t<\/div>\n\t\t\t\t\t<\/div>\n\t\t\t\t<\/div>\n\t\t\t\t<\/div>\n\t\t<style id=\"loop-dynamic-4715\">.e-loop-item-4405 .elementor-element.elementor-element-6e55af1:not(.elementor-motion-effects-element-type-background), .e-loop-item-4405 .elementor-element.elementor-element-6e55af1 > .elementor-motion-effects-container > .elementor-motion-effects-layer{background-image:url(\"https:\/\/pawel.stefanoff.pl\/work\/wp-content\/uploads\/2026\/01\/11062b_6856f2dda2bb4b679834f24c8a8f72famv2.avif\");}<\/style>\t\t<div data-elementor-type=\"loop-item\" data-elementor-id=\"4715\" class=\"elementor elementor-4715 e-loop-item e-loop-item-4405 post-4405 publikacje type-publikacje status-publish has-post-thumbnail hentry\" data-elementor-post-type=\"elementor_library\" data-custom-edit-handle=\"1\">\n\t\t\t<div class=\"elementor-element elementor-element-6e55af1 e-flex e-con-boxed e-con e-parent\" data-id=\"6e55af1\" data-element_type=\"container\" data-e-type=\"container\" data-settings=\"{&quot;background_background&quot;:&quot;classic&quot;}\">\n\t\t\t\t\t<div class=\"e-con-inner\">\n\t\t\t\t<div class=\"elementor-element elementor-element-1ff8dc0 elementor-widget elementor-widget-theme-post-title elementor-page-title elementor-widget-heading\" data-id=\"1ff8dc0\" data-element_type=\"widget\" data-e-type=\"widget\" data-widget_type=\"theme-post-title.default\">\n\t\t\t\t\t<h1 class=\"elementor-heading-title elementor-size-default\">Una campa\u00f1a de inmunizaci\u00f3n en una comunidad gitana asentada brind\u00f3 la oportunidad de estimar su tama\u00f1o y la cobertura de vacunaci\u00f3n contra el sarampi\u00f3n, Polonia, 2009.<\/h1>\t\t\t\t<\/div>\n\t\t\t\t<div class=\"elementor-element elementor-element-34d9c11 elementor-widget elementor-widget-theme-post-excerpt\" data-id=\"34d9c11\" data-element_type=\"widget\" data-e-type=\"widget\" data-widget_type=\"theme-post-excerpt.default\">\n\t\t\t\t\tArt\u00edculo en ingl\u00e9s publicado en la revista Eurosurveillance\t\t\t\t<\/div>\n\t\t\t\t<div class=\"elementor-element elementor-element-fe5308e elementor-align-justify elementor-widget elementor-widget-button\" data-id=\"fe5308e\" data-element_type=\"widget\" data-e-type=\"widget\" data-widget_type=\"button.default\">\n\t\t\t\t\t\t\t\t\t\t<a class=\"elementor-button elementor-button-link elementor-size-sm\" href=\"https:\/\/pawel.stefanoff.pl\/work\/es\/articles\/article-2010-measles-coverage-es\/\">\n\t\t\t\t\t\t<span class=\"elementor-button-content-wrapper\">\n\t\t\t\t\t\t\t\t\t<span class=\"elementor-button-text\">Ver m\u00e1s<\/span>\n\t\t\t\t\t<\/span>\n\t\t\t\t\t<\/a>\n\t\t\t\t\t\t\t\t<\/div>\n\t\t\t\t\t<\/div>\n\t\t\t\t<\/div>\n\t\t\t\t<\/div>\n\t\t<style id=\"loop-dynamic-4715\">.e-loop-item-1229 .elementor-element.elementor-element-6e55af1:not(.elementor-motion-effects-element-type-background), .e-loop-item-1229 .elementor-element.elementor-element-6e55af1 > .elementor-motion-effects-container > .elementor-motion-effects-layer{background-image:url(\"https:\/\/pawel.stefanoff.pl\/work\/wp-content\/uploads\/2026\/01\/11062b_6856f2dda2bb4b679834f24c8a8f72famv2.avif\");}<\/style>\t\t<div data-elementor-type=\"loop-item\" data-elementor-id=\"4715\" class=\"elementor elementor-4715 e-loop-item e-loop-item-1229 post-1229 publikacje type-publikacje status-publish has-post-thumbnail hentry\" data-elementor-post-type=\"elementor_library\" data-custom-edit-handle=\"1\">\n\t\t\t<div class=\"elementor-element elementor-element-6e55af1 e-flex e-con-boxed e-con e-parent\" data-id=\"6e55af1\" data-element_type=\"container\" data-e-type=\"container\" data-settings=\"{&quot;background_background&quot;:&quot;classic&quot;}\">\n\t\t\t\t\t<div class=\"e-con-inner\">\n\t\t\t\t<div class=\"elementor-element elementor-element-1ff8dc0 elementor-widget elementor-widget-theme-post-title elementor-page-title elementor-widget-heading\" data-id=\"1ff8dc0\" data-element_type=\"widget\" data-e-type=\"widget\" data-widget_type=\"theme-post-title.default\">\n\t\t\t\t\t<h1 class=\"elementor-heading-title elementor-size-default\">Mass immunisation campaign in a Roma settled community created an opportunity to estimate its size and measles vaccination uptake, Poland, 2009<\/h1>\t\t\t\t<\/div>\n\t\t\t\t<div class=\"elementor-element elementor-element-34d9c11 elementor-widget elementor-widget-theme-post-excerpt\" data-id=\"34d9c11\" data-element_type=\"widget\" data-e-type=\"widget\" data-widget_type=\"theme-post-excerpt.default\">\n\t\t\t\t\tArticle in English published in the journal Eurosurveillance\t\t\t\t<\/div>\n\t\t\t\t<div class=\"elementor-element elementor-element-fe5308e elementor-align-justify elementor-widget elementor-widget-button\" data-id=\"fe5308e\" data-element_type=\"widget\" data-e-type=\"widget\" data-widget_type=\"button.default\">\n\t\t\t\t\t\t\t\t\t\t<a class=\"elementor-button elementor-button-link elementor-size-sm\" href=\"https:\/\/pawel.stefanoff.pl\/work\/articles\/article-2010-measles-coverage-en\/\">\n\t\t\t\t\t\t<span class=\"elementor-button-content-wrapper\">\n\t\t\t\t\t\t\t\t\t<span class=\"elementor-button-text\">Ver m\u00e1s<\/span>\n\t\t\t\t\t<\/span>\n\t\t\t\t\t<\/a>\n\t\t\t\t\t\t\t\t<\/div>\n\t\t\t\t\t<\/div>\n\t\t\t\t<\/div>\n\t\t\t\t<\/div>\n\t\t<style id=\"loop-dynamic-4715\">.e-loop-item-1227 .elementor-element.elementor-element-6e55af1:not(.elementor-motion-effects-element-type-background), .e-loop-item-1227 .elementor-element.elementor-element-6e55af1 > .elementor-motion-effects-container > .elementor-motion-effects-layer{background-image:url(\"https:\/\/pawel.stefanoff.pl\/work\/wp-content\/uploads\/2026\/01\/11062b_6856f2dda2bb4b679834f24c8a8f72famv2.avif\");}<\/style>\t\t<div data-elementor-type=\"loop-item\" data-elementor-id=\"4715\" class=\"elementor elementor-4715 e-loop-item e-loop-item-1227 post-1227 publikacje type-publikacje status-publish has-post-thumbnail hentry\" data-elementor-post-type=\"elementor_library\" data-custom-edit-handle=\"1\">\n\t\t\t<div class=\"elementor-element elementor-element-6e55af1 e-flex e-con-boxed e-con e-parent\" data-id=\"6e55af1\" data-element_type=\"container\" data-e-type=\"container\" data-settings=\"{&quot;background_background&quot;:&quot;classic&quot;}\">\n\t\t\t\t\t<div class=\"e-con-inner\">\n\t\t\t\t<div class=\"elementor-element elementor-element-1ff8dc0 elementor-widget elementor-widget-theme-post-title elementor-page-title elementor-widget-heading\" data-id=\"1ff8dc0\" data-element_type=\"widget\" data-e-type=\"widget\" data-widget_type=\"theme-post-title.default\">\n\t\t\t\t\t<h1 class=\"elementor-heading-title elementor-size-default\">Akcja szczepie\u0144 w spo\u0142eczno\u015bci romskiej stworzy\u0142a okazj\u0119 do oszacowania jej wielko\u015bci i stanu zaszczepienia przeciwko odrze w Polsce w 2009 r.<\/h1>\t\t\t\t<\/div>\n\t\t\t\t<div class=\"elementor-element elementor-element-34d9c11 elementor-widget elementor-widget-theme-post-excerpt\" data-id=\"34d9c11\" data-element_type=\"widget\" data-e-type=\"widget\" data-widget_type=\"theme-post-excerpt.default\">\n\t\t\t\t\tArtyku\u0142 w j\u0119zyku angielskim opublikowany w czasopi\u015bmie Eurosurveillance\t\t\t\t<\/div>\n\t\t\t\t<div class=\"elementor-element elementor-element-fe5308e elementor-align-justify elementor-widget elementor-widget-button\" data-id=\"fe5308e\" data-element_type=\"widget\" data-e-type=\"widget\" data-widget_type=\"button.default\">\n\t\t\t\t\t\t\t\t\t\t<a class=\"elementor-button elementor-button-link elementor-size-sm\" href=\"https:\/\/pawel.stefanoff.pl\/work\/pl\/articles\/article-2010-measles-coverage-pl\/\">\n\t\t\t\t\t\t<span class=\"elementor-button-content-wrapper\">\n\t\t\t\t\t\t\t\t\t<span class=\"elementor-button-text\">Ver m\u00e1s<\/span>\n\t\t\t\t\t<\/span>\n\t\t\t\t\t<\/a>\n\t\t\t\t\t\t\t\t<\/div>\n\t\t\t\t\t<\/div>\n\t\t\t\t<\/div>\n\t\t\t\t<\/div>\n\t\t<style id=\"loop-dynamic-4715\">.e-loop-item-4407 .elementor-element.elementor-element-6e55af1:not(.elementor-motion-effects-element-type-background), .e-loop-item-4407 .elementor-element.elementor-element-6e55af1 > .elementor-motion-effects-container > .elementor-motion-effects-layer{background-image:url(\"https:\/\/pawel.stefanoff.pl\/work\/wp-content\/uploads\/2026\/01\/11062b_6856f2dda2bb4b679834f24c8a8f72famv2.avif\");}<\/style>\t\t<div data-elementor-type=\"loop-item\" data-elementor-id=\"4715\" class=\"elementor elementor-4715 e-loop-item e-loop-item-4407 post-4407 publikacje type-publikacje status-publish has-post-thumbnail hentry\" data-elementor-post-type=\"elementor_library\" data-custom-edit-handle=\"1\">\n\t\t\t<div class=\"elementor-element elementor-element-6e55af1 e-flex e-con-boxed e-con e-parent\" data-id=\"6e55af1\" data-element_type=\"container\" data-e-type=\"container\" data-settings=\"{&quot;background_background&quot;:&quot;classic&quot;}\">\n\t\t\t\t\t<div class=\"e-con-inner\">\n\t\t\t\t<div class=\"elementor-element elementor-element-1ff8dc0 elementor-widget elementor-widget-theme-post-title elementor-page-title elementor-widget-heading\" data-id=\"1ff8dc0\" data-element_type=\"widget\" data-e-type=\"widget\" data-widget_type=\"theme-post-title.default\">\n\t\t\t\t\t<h1 class=\"elementor-heading-title elementor-size-default\">Enfoque en el sarampi\u00f3n 2010: Un brote de sarampi\u00f3n en una poblaci\u00f3n gitana en Pulawy, al este de Polonia, de junio a agosto de 2009.<\/h1>\t\t\t\t<\/div>\n\t\t\t\t<div class=\"elementor-element elementor-element-34d9c11 elementor-widget elementor-widget-theme-post-excerpt\" data-id=\"34d9c11\" data-element_type=\"widget\" data-e-type=\"widget\" data-widget_type=\"theme-post-excerpt.default\">\n\t\t\t\t\tArt\u00edculo en ingl\u00e9s publicado en la revista Eurosurveillance\t\t\t\t<\/div>\n\t\t\t\t<div class=\"elementor-element elementor-element-fe5308e elementor-align-justify elementor-widget elementor-widget-button\" data-id=\"fe5308e\" data-element_type=\"widget\" data-e-type=\"widget\" data-widget_type=\"button.default\">\n\t\t\t\t\t\t\t\t\t\t<a class=\"elementor-button elementor-button-link elementor-size-sm\" href=\"https:\/\/pawel.stefanoff.pl\/work\/es\/articles\/article-2010-measles-outbreak-es\/\">\n\t\t\t\t\t\t<span class=\"elementor-button-content-wrapper\">\n\t\t\t\t\t\t\t\t\t<span class=\"elementor-button-text\">Ver m\u00e1s<\/span>\n\t\t\t\t\t<\/span>\n\t\t\t\t\t<\/a>\n\t\t\t\t\t\t\t\t<\/div>\n\t\t\t\t\t<\/div>\n\t\t\t\t<\/div>\n\t\t\t\t<\/div>\n\t\t<style id=\"loop-dynamic-4715\">.e-loop-item-1235 .elementor-element.elementor-element-6e55af1:not(.elementor-motion-effects-element-type-background), .e-loop-item-1235 .elementor-element.elementor-element-6e55af1 > .elementor-motion-effects-container > .elementor-motion-effects-layer{background-image:url(\"https:\/\/pawel.stefanoff.pl\/work\/wp-content\/uploads\/2026\/01\/11062b_6856f2dda2bb4b679834f24c8a8f72famv2.avif\");}<\/style>\t\t<div data-elementor-type=\"loop-item\" data-elementor-id=\"4715\" class=\"elementor elementor-4715 e-loop-item e-loop-item-1235 post-1235 publikacje type-publikacje status-publish has-post-thumbnail hentry\" data-elementor-post-type=\"elementor_library\" data-custom-edit-handle=\"1\">\n\t\t\t<div class=\"elementor-element elementor-element-6e55af1 e-flex e-con-boxed e-con e-parent\" data-id=\"6e55af1\" data-element_type=\"container\" data-e-type=\"container\" data-settings=\"{&quot;background_background&quot;:&quot;classic&quot;}\">\n\t\t\t\t\t<div class=\"e-con-inner\">\n\t\t\t\t<div class=\"elementor-element elementor-element-1ff8dc0 elementor-widget elementor-widget-theme-post-title elementor-page-title elementor-widget-heading\" data-id=\"1ff8dc0\" data-element_type=\"widget\" data-e-type=\"widget\" data-widget_type=\"theme-post-title.default\">\n\t\t\t\t\t<h1 class=\"elementor-heading-title elementor-size-default\">Spotlight on measles 2010: A measles outbreak in a Roma population in Pulawy, eastern Poland, June to August 2009<\/h1>\t\t\t\t<\/div>\n\t\t\t\t<div class=\"elementor-element elementor-element-34d9c11 elementor-widget elementor-widget-theme-post-excerpt\" data-id=\"34d9c11\" data-element_type=\"widget\" data-e-type=\"widget\" data-widget_type=\"theme-post-excerpt.default\">\n\t\t\t\t\tArticle in English published in the journal Eurosurveillance\t\t\t\t<\/div>\n\t\t\t\t<div class=\"elementor-element elementor-element-fe5308e elementor-align-justify elementor-widget elementor-widget-button\" data-id=\"fe5308e\" data-element_type=\"widget\" data-e-type=\"widget\" data-widget_type=\"button.default\">\n\t\t\t\t\t\t\t\t\t\t<a class=\"elementor-button elementor-button-link elementor-size-sm\" href=\"https:\/\/pawel.stefanoff.pl\/work\/articles\/article-2010-measles-outbreak-en\/\">\n\t\t\t\t\t\t<span class=\"elementor-button-content-wrapper\">\n\t\t\t\t\t\t\t\t\t<span class=\"elementor-button-text\">Ver m\u00e1s<\/span>\n\t\t\t\t\t<\/span>\n\t\t\t\t\t<\/a>\n\t\t\t\t\t\t\t\t<\/div>\n\t\t\t\t\t<\/div>\n\t\t\t\t<\/div>\n\t\t\t\t<\/div>\n\t\t<style id=\"loop-dynamic-4715\">.e-loop-item-1233 .elementor-element.elementor-element-6e55af1:not(.elementor-motion-effects-element-type-background), .e-loop-item-1233 .elementor-element.elementor-element-6e55af1 > .elementor-motion-effects-container > .elementor-motion-effects-layer{background-image:url(\"https:\/\/pawel.stefanoff.pl\/work\/wp-content\/uploads\/2026\/01\/11062b_6856f2dda2bb4b679834f24c8a8f72famv2.avif\");}<\/style>\t\t<div data-elementor-type=\"loop-item\" data-elementor-id=\"4715\" class=\"elementor elementor-4715 e-loop-item e-loop-item-1233 post-1233 publikacje type-publikacje status-publish has-post-thumbnail hentry\" data-elementor-post-type=\"elementor_library\" data-custom-edit-handle=\"1\">\n\t\t\t<div class=\"elementor-element elementor-element-6e55af1 e-flex e-con-boxed e-con e-parent\" data-id=\"6e55af1\" data-element_type=\"container\" data-e-type=\"container\" data-settings=\"{&quot;background_background&quot;:&quot;classic&quot;}\">\n\t\t\t\t\t<div class=\"e-con-inner\">\n\t\t\t\t<div class=\"elementor-element elementor-element-1ff8dc0 elementor-widget elementor-widget-theme-post-title elementor-page-title elementor-widget-heading\" data-id=\"1ff8dc0\" data-element_type=\"widget\" data-e-type=\"widget\" data-widget_type=\"theme-post-title.default\">\n\t\t\t\t\t<h1 class=\"elementor-heading-title elementor-size-default\">Odra w centrum uwagi w 2010 r.: Ognisko odry w\u015br\u00f3d ludno\u015bci romskiej w Pu\u0142awach, we wschodniej Polsce, od czerwca do sierpnia 2009 r.<\/h1>\t\t\t\t<\/div>\n\t\t\t\t<div class=\"elementor-element elementor-element-34d9c11 elementor-widget elementor-widget-theme-post-excerpt\" data-id=\"34d9c11\" data-element_type=\"widget\" data-e-type=\"widget\" data-widget_type=\"theme-post-excerpt.default\">\n\t\t\t\t\tArtyku\u0142 w j\u0119zyku angielskim opublikowany w czasopi\u015bmie Eurosurveillance\t\t\t\t<\/div>\n\t\t\t\t<div class=\"elementor-element elementor-element-fe5308e elementor-align-justify elementor-widget elementor-widget-button\" data-id=\"fe5308e\" data-element_type=\"widget\" data-e-type=\"widget\" data-widget_type=\"button.default\">\n\t\t\t\t\t\t\t\t\t\t<a class=\"elementor-button elementor-button-link elementor-size-sm\" href=\"https:\/\/pawel.stefanoff.pl\/work\/pl\/articles\/article-2010-measles-outbreak-pl\/\">\n\t\t\t\t\t\t<span class=\"elementor-button-content-wrapper\">\n\t\t\t\t\t\t\t\t\t<span class=\"elementor-button-text\">Ver m\u00e1s<\/span>\n\t\t\t\t\t<\/span>\n\t\t\t\t\t<\/a>\n\t\t\t\t\t\t\t\t<\/div>\n\t\t\t\t\t<\/div>\n\t\t\t\t<\/div>\n\t\t\t\t<\/div>\n\t\t<style id=\"loop-dynamic-4715\">.e-loop-item-4408 .elementor-element.elementor-element-6e55af1:not(.elementor-motion-effects-element-type-background), .e-loop-item-4408 .elementor-element.elementor-element-6e55af1 > .elementor-motion-effects-container > .elementor-motion-effects-layer{background-image:url(\"https:\/\/pawel.stefanoff.pl\/work\/wp-content\/uploads\/2026\/01\/11062b_6856f2dda2bb4b679834f24c8a8f72famv2.avif\");}<\/style>\t\t<div data-elementor-type=\"loop-item\" data-elementor-id=\"4715\" class=\"elementor elementor-4715 e-loop-item e-loop-item-4408 post-4408 publikacje type-publikacje status-publish has-post-thumbnail hentry\" data-elementor-post-type=\"elementor_library\" data-custom-edit-handle=\"1\">\n\t\t\t<div class=\"elementor-element elementor-element-6e55af1 e-flex e-con-boxed e-con e-parent\" data-id=\"6e55af1\" data-element_type=\"container\" data-e-type=\"container\" data-settings=\"{&quot;background_background&quot;:&quot;classic&quot;}\">\n\t\t\t\t\t<div class=\"e-con-inner\">\n\t\t\t\t<div class=\"elementor-element elementor-element-1ff8dc0 elementor-widget elementor-widget-theme-post-title elementor-page-title elementor-widget-heading\" data-id=\"1ff8dc0\" data-element_type=\"widget\" data-e-type=\"widget\" data-widget_type=\"theme-post-title.default\">\n\t\t\t\t\t<h1 class=\"elementor-heading-title elementor-size-default\">Actitudes de los padres hacia las vacunas infantiles en Polonia<\/h1>\t\t\t\t<\/div>\n\t\t\t\t<div class=\"elementor-element elementor-element-34d9c11 elementor-widget elementor-widget-theme-post-excerpt\" data-id=\"34d9c11\" data-element_type=\"widget\" data-e-type=\"widget\" data-widget_type=\"theme-post-excerpt.default\">\n\t\t\t\t\tArt\u00edculo en polaco publicado en la revista Przeglad Epidemiologiczny [Revista Epidemiol\u00f3gica]\t\t\t\t<\/div>\n\t\t\t\t<div class=\"elementor-element elementor-element-fe5308e elementor-align-justify elementor-widget elementor-widget-button\" data-id=\"fe5308e\" data-element_type=\"widget\" data-e-type=\"widget\" data-widget_type=\"button.default\">\n\t\t\t\t\t\t\t\t\t\t<a class=\"elementor-button elementor-button-link elementor-size-sm\" href=\"https:\/\/pawel.stefanoff.pl\/work\/es\/articles\/article-2010-vacc-attit-es\/\">\n\t\t\t\t\t\t<span class=\"elementor-button-content-wrapper\">\n\t\t\t\t\t\t\t\t\t<span class=\"elementor-button-text\">Ver m\u00e1s<\/span>\n\t\t\t\t\t<\/span>\n\t\t\t\t\t<\/a>\n\t\t\t\t\t\t\t\t<\/div>\n\t\t\t\t\t<\/div>\n\t\t\t\t<\/div>\n\t\t\t\t<\/div>\n\t\t<style id=\"loop-dynamic-4715\">.e-loop-item-1240 .elementor-element.elementor-element-6e55af1:not(.elementor-motion-effects-element-type-background), .e-loop-item-1240 .elementor-element.elementor-element-6e55af1 > .elementor-motion-effects-container > .elementor-motion-effects-layer{background-image:url(\"https:\/\/pawel.stefanoff.pl\/work\/wp-content\/uploads\/2026\/01\/11062b_6856f2dda2bb4b679834f24c8a8f72famv2.avif\");}<\/style>\t\t<div data-elementor-type=\"loop-item\" data-elementor-id=\"4715\" class=\"elementor elementor-4715 e-loop-item e-loop-item-1240 post-1240 publikacje type-publikacje status-publish has-post-thumbnail hentry\" data-elementor-post-type=\"elementor_library\" data-custom-edit-handle=\"1\">\n\t\t\t<div class=\"elementor-element elementor-element-6e55af1 e-flex e-con-boxed e-con e-parent\" data-id=\"6e55af1\" data-element_type=\"container\" data-e-type=\"container\" data-settings=\"{&quot;background_background&quot;:&quot;classic&quot;}\">\n\t\t\t\t\t<div class=\"e-con-inner\">\n\t\t\t\t<div class=\"elementor-element elementor-element-1ff8dc0 elementor-widget elementor-widget-theme-post-title elementor-page-title elementor-widget-heading\" data-id=\"1ff8dc0\" data-element_type=\"widget\" data-e-type=\"widget\" data-widget_type=\"theme-post-title.default\">\n\t\t\t\t\t<h1 class=\"elementor-heading-title elementor-size-default\">Parental attitudes towards childhood immunisations in Poland<\/h1>\t\t\t\t<\/div>\n\t\t\t\t<div class=\"elementor-element elementor-element-34d9c11 elementor-widget elementor-widget-theme-post-excerpt\" data-id=\"34d9c11\" data-element_type=\"widget\" data-e-type=\"widget\" data-widget_type=\"theme-post-excerpt.default\">\n\t\t\t\t\tArticle in Polish published in the journal Przegl\u0105d Epidemiologiczny [Epidemiological Review]\t\t\t\t<\/div>\n\t\t\t\t<div class=\"elementor-element elementor-element-fe5308e elementor-align-justify elementor-widget elementor-widget-button\" data-id=\"fe5308e\" data-element_type=\"widget\" data-e-type=\"widget\" data-widget_type=\"button.default\">\n\t\t\t\t\t\t\t\t\t\t<a class=\"elementor-button elementor-button-link elementor-size-sm\" href=\"https:\/\/pawel.stefanoff.pl\/work\/articles\/article-2010-vacc-attit-en\/\">\n\t\t\t\t\t\t<span class=\"elementor-button-content-wrapper\">\n\t\t\t\t\t\t\t\t\t<span class=\"elementor-button-text\">Ver m\u00e1s<\/span>\n\t\t\t\t\t<\/span>\n\t\t\t\t\t<\/a>\n\t\t\t\t\t\t\t\t<\/div>\n\t\t\t\t\t<\/div>\n\t\t\t\t<\/div>\n\t\t\t\t<\/div>\n\t\t<style id=\"loop-dynamic-4715\">.e-loop-item-1238 .elementor-element.elementor-element-6e55af1:not(.elementor-motion-effects-element-type-background), .e-loop-item-1238 .elementor-element.elementor-element-6e55af1 > .elementor-motion-effects-container > .elementor-motion-effects-layer{background-image:url(\"https:\/\/pawel.stefanoff.pl\/work\/wp-content\/uploads\/2026\/01\/11062b_6856f2dda2bb4b679834f24c8a8f72famv2.avif\");}<\/style>\t\t<div data-elementor-type=\"loop-item\" data-elementor-id=\"4715\" class=\"elementor elementor-4715 e-loop-item e-loop-item-1238 post-1238 publikacje type-publikacje status-publish has-post-thumbnail hentry\" data-elementor-post-type=\"elementor_library\" data-custom-edit-handle=\"1\">\n\t\t\t<div class=\"elementor-element elementor-element-6e55af1 e-flex e-con-boxed e-con e-parent\" data-id=\"6e55af1\" data-element_type=\"container\" data-e-type=\"container\" data-settings=\"{&quot;background_background&quot;:&quot;classic&quot;}\">\n\t\t\t\t\t<div class=\"e-con-inner\">\n\t\t\t\t<div class=\"elementor-element elementor-element-1ff8dc0 elementor-widget elementor-widget-theme-post-title elementor-page-title elementor-widget-heading\" data-id=\"1ff8dc0\" data-element_type=\"widget\" data-e-type=\"widget\" data-widget_type=\"theme-post-title.default\">\n\t\t\t\t\t<h1 class=\"elementor-heading-title elementor-size-default\">Postawy rodzic\u00f3w wobec szczepie\u0144 ochronnych w Polsce.<\/h1>\t\t\t\t<\/div>\n\t\t\t\t<div class=\"elementor-element elementor-element-34d9c11 elementor-widget elementor-widget-theme-post-excerpt\" data-id=\"34d9c11\" data-element_type=\"widget\" data-e-type=\"widget\" data-widget_type=\"theme-post-excerpt.default\">\n\t\t\t\t\tArtyku\u0142 w j\u0119zyku polskim opublikowany w czasopi\u015bmie Przegl\u0105d Epidemiologiczny\t\t\t\t<\/div>\n\t\t\t\t<div class=\"elementor-element elementor-element-fe5308e elementor-align-justify elementor-widget elementor-widget-button\" data-id=\"fe5308e\" data-element_type=\"widget\" data-e-type=\"widget\" data-widget_type=\"button.default\">\n\t\t\t\t\t\t\t\t\t\t<a class=\"elementor-button elementor-button-link elementor-size-sm\" href=\"https:\/\/pawel.stefanoff.pl\/work\/pl\/articles\/article-2010-vacc-attit-pl\/\">\n\t\t\t\t\t\t<span class=\"elementor-button-content-wrapper\">\n\t\t\t\t\t\t\t\t\t<span class=\"elementor-button-text\">Ver m\u00e1s<\/span>\n\t\t\t\t\t<\/span>\n\t\t\t\t\t<\/a>\n\t\t\t\t\t\t\t\t<\/div>\n\t\t\t\t\t<\/div>\n\t\t\t\t<\/div>\n\t\t\t\t<\/div>\n\t\t<style id=\"loop-dynamic-4715\">.e-loop-item-4409 .elementor-element.elementor-element-6e55af1:not(.elementor-motion-effects-element-type-background), .e-loop-item-4409 .elementor-element.elementor-element-6e55af1 > .elementor-motion-effects-container > .elementor-motion-effects-layer{background-image:url(\"https:\/\/pawel.stefanoff.pl\/work\/wp-content\/uploads\/2026\/01\/11062b_6856f2dda2bb4b679834f24c8a8f72famv2.avif\");}<\/style>\t\t<div data-elementor-type=\"loop-item\" data-elementor-id=\"4715\" class=\"elementor elementor-4715 e-loop-item e-loop-item-4409 post-4409 publikacje type-publikacje status-publish has-post-thumbnail hentry\" data-elementor-post-type=\"elementor_library\" data-custom-edit-handle=\"1\">\n\t\t\t<div class=\"elementor-element elementor-element-6e55af1 e-flex e-con-boxed e-con e-parent\" data-id=\"6e55af1\" data-element_type=\"container\" data-e-type=\"container\" data-settings=\"{&quot;background_background&quot;:&quot;classic&quot;}\">\n\t\t\t\t\t<div class=\"e-con-inner\">\n\t\t\t\t<div class=\"elementor-element elementor-element-1ff8dc0 elementor-widget elementor-widget-theme-post-title elementor-page-title elementor-widget-heading\" data-id=\"1ff8dc0\" data-element_type=\"widget\" data-e-type=\"widget\" data-widget_type=\"theme-post-title.default\">\n\t\t\t\t\t<h1 class=\"elementor-heading-title elementor-size-default\">Fuentes de informaci\u00f3n y conocimiento sobre vacunaci\u00f3n infantil entre padres polacos<\/h1>\t\t\t\t<\/div>\n\t\t\t\t<div class=\"elementor-element elementor-element-34d9c11 elementor-widget elementor-widget-theme-post-excerpt\" data-id=\"34d9c11\" data-element_type=\"widget\" data-e-type=\"widget\" data-widget_type=\"theme-post-excerpt.default\">\n\t\t\t\t\tArt\u00edculo en polaco publicado en la revista Przegl\u0105d Epidemiologiczny [Revista Epidemiol\u00f3gica]\t\t\t\t<\/div>\n\t\t\t\t<div class=\"elementor-element elementor-element-fe5308e elementor-align-justify elementor-widget elementor-widget-button\" data-id=\"fe5308e\" data-element_type=\"widget\" data-e-type=\"widget\" data-widget_type=\"button.default\">\n\t\t\t\t\t\t\t\t\t\t<a class=\"elementor-button elementor-button-link elementor-size-sm\" href=\"https:\/\/pawel.stefanoff.pl\/work\/es\/articles\/article-2010-vacc-knowledge-es\/\">\n\t\t\t\t\t\t<span class=\"elementor-button-content-wrapper\">\n\t\t\t\t\t\t\t\t\t<span class=\"elementor-button-text\">Ver m\u00e1s<\/span>\n\t\t\t\t\t<\/span>\n\t\t\t\t\t<\/a>\n\t\t\t\t\t\t\t\t<\/div>\n\t\t\t\t\t<\/div>\n\t\t\t\t<\/div>\n\t\t\t\t<\/div>\n\t\t<style id=\"loop-dynamic-4715\">.e-loop-item-1243 .elementor-element.elementor-element-6e55af1:not(.elementor-motion-effects-element-type-background), .e-loop-item-1243 .elementor-element.elementor-element-6e55af1 > .elementor-motion-effects-container > .elementor-motion-effects-layer{background-image:url(\"https:\/\/pawel.stefanoff.pl\/work\/wp-content\/uploads\/2026\/01\/11062b_6856f2dda2bb4b679834f24c8a8f72famv2.avif\");}<\/style>\t\t<div data-elementor-type=\"loop-item\" data-elementor-id=\"4715\" class=\"elementor elementor-4715 e-loop-item e-loop-item-1243 post-1243 publikacje type-publikacje status-publish has-post-thumbnail hentry\" data-elementor-post-type=\"elementor_library\" data-custom-edit-handle=\"1\">\n\t\t\t<div class=\"elementor-element elementor-element-6e55af1 e-flex e-con-boxed e-con e-parent\" data-id=\"6e55af1\" data-element_type=\"container\" data-e-type=\"container\" data-settings=\"{&quot;background_background&quot;:&quot;classic&quot;}\">\n\t\t\t\t\t<div class=\"e-con-inner\">\n\t\t\t\t<div class=\"elementor-element elementor-element-1ff8dc0 elementor-widget elementor-widget-theme-post-title elementor-page-title elementor-widget-heading\" data-id=\"1ff8dc0\" data-element_type=\"widget\" data-e-type=\"widget\" data-widget_type=\"theme-post-title.default\">\n\t\t\t\t\t<h1 class=\"elementor-heading-title elementor-size-default\">Sources of information and knowledge on childhood immunisations among Polish parents<\/h1>\t\t\t\t<\/div>\n\t\t\t\t<div class=\"elementor-element elementor-element-34d9c11 elementor-widget elementor-widget-theme-post-excerpt\" data-id=\"34d9c11\" data-element_type=\"widget\" data-e-type=\"widget\" data-widget_type=\"theme-post-excerpt.default\">\n\t\t\t\t\tArticle in Polish published in the journal Przegl\u0105d Epidemiologiczny [Polish Epidemiologic]\t\t\t\t<\/div>\n\t\t\t\t<div class=\"elementor-element elementor-element-fe5308e elementor-align-justify elementor-widget elementor-widget-button\" data-id=\"fe5308e\" data-element_type=\"widget\" data-e-type=\"widget\" data-widget_type=\"button.default\">\n\t\t\t\t\t\t\t\t\t\t<a class=\"elementor-button elementor-button-link elementor-size-sm\" href=\"https:\/\/pawel.stefanoff.pl\/work\/articles\/article-2010-vacc-knowledge-en\/\">\n\t\t\t\t\t\t<span class=\"elementor-button-content-wrapper\">\n\t\t\t\t\t\t\t\t\t<span class=\"elementor-button-text\">Ver m\u00e1s<\/span>\n\t\t\t\t\t<\/span>\n\t\t\t\t\t<\/a>\n\t\t\t\t\t\t\t\t<\/div>\n\t\t\t\t\t<\/div>\n\t\t\t\t<\/div>\n\t\t\t\t<\/div>\n\t\t<style id=\"loop-dynamic-4715\">.e-loop-item-1241 .elementor-element.elementor-element-6e55af1:not(.elementor-motion-effects-element-type-background), .e-loop-item-1241 .elementor-element.elementor-element-6e55af1 > .elementor-motion-effects-container > .elementor-motion-effects-layer{background-image:url(\"https:\/\/pawel.stefanoff.pl\/work\/wp-content\/uploads\/2026\/01\/11062b_6856f2dda2bb4b679834f24c8a8f72famv2.avif\");}<\/style>\t\t<div data-elementor-type=\"loop-item\" data-elementor-id=\"4715\" class=\"elementor elementor-4715 e-loop-item e-loop-item-1241 post-1241 publikacje type-publikacje status-publish has-post-thumbnail hentry\" data-elementor-post-type=\"elementor_library\" data-custom-edit-handle=\"1\">\n\t\t\t<div class=\"elementor-element elementor-element-6e55af1 e-flex e-con-boxed e-con e-parent\" data-id=\"6e55af1\" data-element_type=\"container\" data-e-type=\"container\" data-settings=\"{&quot;background_background&quot;:&quot;classic&quot;}\">\n\t\t\t\t\t<div class=\"e-con-inner\">\n\t\t\t\t<div class=\"elementor-element elementor-element-1ff8dc0 elementor-widget elementor-widget-theme-post-title elementor-page-title elementor-widget-heading\" data-id=\"1ff8dc0\" data-element_type=\"widget\" data-e-type=\"widget\" data-widget_type=\"theme-post-title.default\">\n\t\t\t\t\t<h1 class=\"elementor-heading-title elementor-size-default\">\u0179r\u00f3d\u0142a informacji oraz wiedza rodzic\u00f3w na temat szczepie\u0144 ochronnych w Polsce<\/h1>\t\t\t\t<\/div>\n\t\t\t\t<div class=\"elementor-element elementor-element-34d9c11 elementor-widget elementor-widget-theme-post-excerpt\" data-id=\"34d9c11\" data-element_type=\"widget\" data-e-type=\"widget\" data-widget_type=\"theme-post-excerpt.default\">\n\t\t\t\t\tArtyku\u0142 w j\u0119zyku polskim opublikowany w czasopi\u015bmie Przegl\u0105d Epidemiologiczny\t\t\t\t<\/div>\n\t\t\t\t<div class=\"elementor-element elementor-element-fe5308e elementor-align-justify elementor-widget elementor-widget-button\" data-id=\"fe5308e\" data-element_type=\"widget\" data-e-type=\"widget\" data-widget_type=\"button.default\">\n\t\t\t\t\t\t\t\t\t\t<a class=\"elementor-button elementor-button-link elementor-size-sm\" href=\"https:\/\/pawel.stefanoff.pl\/work\/pl\/articles\/article-2010-vacc-knowledge-pl\/\">\n\t\t\t\t\t\t<span class=\"elementor-button-content-wrapper\">\n\t\t\t\t\t\t\t\t\t<span class=\"elementor-button-text\">Ver m\u00e1s<\/span>\n\t\t\t\t\t<\/span>\n\t\t\t\t\t<\/a>\n\t\t\t\t\t\t\t\t<\/div>\n\t\t\t\t\t<\/div>\n\t\t\t\t<\/div>\n\t\t\t\t<\/div>\n\t\t<style id=\"loop-dynamic-4715\">.e-loop-item-4410 .elementor-element.elementor-element-6e55af1:not(.elementor-motion-effects-element-type-background), .e-loop-item-4410 .elementor-element.elementor-element-6e55af1 > .elementor-motion-effects-container > .elementor-motion-effects-layer{background-image:url(\"https:\/\/pawel.stefanoff.pl\/work\/wp-content\/uploads\/2026\/01\/11062b_6856f2dda2bb4b679834f24c8a8f72famv2.avif\");}<\/style>\t\t<div data-elementor-type=\"loop-item\" data-elementor-id=\"4715\" class=\"elementor elementor-4715 e-loop-item e-loop-item-4410 post-4410 publikacje type-publikacje status-publish has-post-thumbnail hentry\" data-elementor-post-type=\"elementor_library\" data-custom-edit-handle=\"1\">\n\t\t\t<div class=\"elementor-element elementor-element-6e55af1 e-flex e-con-boxed e-con e-parent\" data-id=\"6e55af1\" data-element_type=\"container\" data-e-type=\"container\" data-settings=\"{&quot;background_background&quot;:&quot;classic&quot;}\">\n\t\t\t\t\t<div class=\"e-con-inner\">\n\t\t\t\t<div class=\"elementor-element elementor-element-1ff8dc0 elementor-widget elementor-widget-theme-post-title elementor-page-title elementor-widget-heading\" data-id=\"1ff8dc0\" data-element_type=\"widget\" data-e-type=\"widget\" data-widget_type=\"theme-post-title.default\">\n\t\t\t\t\t<h1 class=\"elementor-heading-title elementor-size-default\">Brote de encefalitis transmitida por garrapatas en Hungr\u00eda debido al consumo de leche cruda de cabra<\/h1>\t\t\t\t<\/div>\n\t\t\t\t<div class=\"elementor-element elementor-element-34d9c11 elementor-widget elementor-widget-theme-post-excerpt\" data-id=\"34d9c11\" data-element_type=\"widget\" data-e-type=\"widget\" data-widget_type=\"theme-post-excerpt.default\">\n\t\t\t\t\tArt\u00edculo en ingl\u00e9s publicado en la revista Journal of Virological Methods\t\t\t\t<\/div>\n\t\t\t\t<div class=\"elementor-element elementor-element-fe5308e elementor-align-justify elementor-widget elementor-widget-button\" data-id=\"fe5308e\" data-element_type=\"widget\" data-e-type=\"widget\" data-widget_type=\"button.default\">\n\t\t\t\t\t\t\t\t\t\t<a class=\"elementor-button elementor-button-link elementor-size-sm\" href=\"https:\/\/pawel.stefanoff.pl\/work\/es\/articles\/article-2010-tbe-milk-es\/\">\n\t\t\t\t\t\t<span class=\"elementor-button-content-wrapper\">\n\t\t\t\t\t\t\t\t\t<span class=\"elementor-button-text\">Ver m\u00e1s<\/span>\n\t\t\t\t\t<\/span>\n\t\t\t\t\t<\/a>\n\t\t\t\t\t\t\t\t<\/div>\n\t\t\t\t\t<\/div>\n\t\t\t\t<\/div>\n\t\t\t\t<\/div>\n\t\t<style id=\"loop-dynamic-4715\">.e-loop-item-1237 .elementor-element.elementor-element-6e55af1:not(.elementor-motion-effects-element-type-background), .e-loop-item-1237 .elementor-element.elementor-element-6e55af1 > .elementor-motion-effects-container > .elementor-motion-effects-layer{background-image:url(\"https:\/\/pawel.stefanoff.pl\/work\/wp-content\/uploads\/2026\/01\/11062b_6856f2dda2bb4b679834f24c8a8f72famv2.avif\");}<\/style>\t\t<div data-elementor-type=\"loop-item\" data-elementor-id=\"4715\" class=\"elementor elementor-4715 e-loop-item e-loop-item-1237 post-1237 publikacje type-publikacje status-publish has-post-thumbnail hentry\" data-elementor-post-type=\"elementor_library\" data-custom-edit-handle=\"1\">\n\t\t\t<div class=\"elementor-element elementor-element-6e55af1 e-flex e-con-boxed e-con e-parent\" data-id=\"6e55af1\" data-element_type=\"container\" data-e-type=\"container\" data-settings=\"{&quot;background_background&quot;:&quot;classic&quot;}\">\n\t\t\t\t\t<div class=\"e-con-inner\">\n\t\t\t\t<div class=\"elementor-element elementor-element-1ff8dc0 elementor-widget elementor-widget-theme-post-title elementor-page-title elementor-widget-heading\" data-id=\"1ff8dc0\" data-element_type=\"widget\" data-e-type=\"widget\" data-widget_type=\"theme-post-title.default\">\n\t\t\t\t\t<h1 class=\"elementor-heading-title elementor-size-default\">Tick-borne encephalitis outbreak in Hungary due to consumption of raw goat milk<\/h1>\t\t\t\t<\/div>\n\t\t\t\t<div class=\"elementor-element elementor-element-34d9c11 elementor-widget elementor-widget-theme-post-excerpt\" data-id=\"34d9c11\" data-element_type=\"widget\" data-e-type=\"widget\" data-widget_type=\"theme-post-excerpt.default\">\n\t\t\t\t\tArticle in English published in the journal Journal of Virological Methods\t\t\t\t<\/div>\n\t\t\t\t<div class=\"elementor-element elementor-element-fe5308e elementor-align-justify elementor-widget elementor-widget-button\" data-id=\"fe5308e\" data-element_type=\"widget\" data-e-type=\"widget\" data-widget_type=\"button.default\">\n\t\t\t\t\t\t\t\t\t\t<a class=\"elementor-button elementor-button-link elementor-size-sm\" href=\"https:\/\/pawel.stefanoff.pl\/work\/articles\/article-2010-tbe-milk-en\/\">\n\t\t\t\t\t\t<span class=\"elementor-button-content-wrapper\">\n\t\t\t\t\t\t\t\t\t<span class=\"elementor-button-text\">Ver m\u00e1s<\/span>\n\t\t\t\t\t<\/span>\n\t\t\t\t\t<\/a>\n\t\t\t\t\t\t\t\t<\/div>\n\t\t\t\t\t<\/div>\n\t\t\t\t<\/div>\n\t\t\t\t<\/div>\n\t\t<style id=\"loop-dynamic-4715\">.e-loop-item-1236 .elementor-element.elementor-element-6e55af1:not(.elementor-motion-effects-element-type-background), .e-loop-item-1236 .elementor-element.elementor-element-6e55af1 > .elementor-motion-effects-container > .elementor-motion-effects-layer{background-image:url(\"https:\/\/pawel.stefanoff.pl\/work\/wp-content\/uploads\/2026\/01\/11062b_6856f2dda2bb4b679834f24c8a8f72famv2.avif\");}<\/style>\t\t<div data-elementor-type=\"loop-item\" data-elementor-id=\"4715\" class=\"elementor elementor-4715 e-loop-item e-loop-item-1236 post-1236 publikacje type-publikacje status-publish has-post-thumbnail hentry\" data-elementor-post-type=\"elementor_library\" data-custom-edit-handle=\"1\">\n\t\t\t<div class=\"elementor-element elementor-element-6e55af1 e-flex e-con-boxed e-con e-parent\" data-id=\"6e55af1\" data-element_type=\"container\" data-e-type=\"container\" data-settings=\"{&quot;background_background&quot;:&quot;classic&quot;}\">\n\t\t\t\t\t<div class=\"e-con-inner\">\n\t\t\t\t<div class=\"elementor-element elementor-element-1ff8dc0 elementor-widget elementor-widget-theme-post-title elementor-page-title elementor-widget-heading\" data-id=\"1ff8dc0\" data-element_type=\"widget\" data-e-type=\"widget\" data-widget_type=\"theme-post-title.default\">\n\t\t\t\t\t<h1 class=\"elementor-heading-title elementor-size-default\">Ognisko kleszczowego zapalenia m\u00f3zgu na W\u0119grzech spowodowane spo\u017cyciem surowego mleka koziego<\/h1>\t\t\t\t<\/div>\n\t\t\t\t<div class=\"elementor-element elementor-element-34d9c11 elementor-widget elementor-widget-theme-post-excerpt\" data-id=\"34d9c11\" data-element_type=\"widget\" data-e-type=\"widget\" data-widget_type=\"theme-post-excerpt.default\">\n\t\t\t\t\tArtyku\u0142 w j\u0119zyku angielskim opublikowany w czasopi\u015bmie Journal of Virological Methods\t\t\t\t<\/div>\n\t\t\t\t<div class=\"elementor-element elementor-element-fe5308e elementor-align-justify elementor-widget elementor-widget-button\" data-id=\"fe5308e\" data-element_type=\"widget\" data-e-type=\"widget\" data-widget_type=\"button.default\">\n\t\t\t\t\t\t\t\t\t\t<a class=\"elementor-button elementor-button-link elementor-size-sm\" href=\"https:\/\/pawel.stefanoff.pl\/work\/pl\/articles\/article-2010-tbe-milk-pl\/\">\n\t\t\t\t\t\t<span class=\"elementor-button-content-wrapper\">\n\t\t\t\t\t\t\t\t\t<span class=\"elementor-button-text\">Ver m\u00e1s<\/span>\n\t\t\t\t\t<\/span>\n\t\t\t\t\t<\/a>\n\t\t\t\t\t\t\t\t<\/div>\n\t\t\t\t\t<\/div>\n\t\t\t\t<\/div>\n\t\t\t\t<\/div>\n\t\t<style id=\"loop-dynamic-4715\">.e-loop-item-4411 .elementor-element.elementor-element-6e55af1:not(.elementor-motion-effects-element-type-background), .e-loop-item-4411 .elementor-element.elementor-element-6e55af1 > .elementor-motion-effects-container > .elementor-motion-effects-layer{background-image:url(\"https:\/\/pawel.stefanoff.pl\/work\/wp-content\/uploads\/2026\/01\/11062b_6856f2dda2bb4b679834f24c8a8f72famv2.avif\");}<\/style>\t\t<div data-elementor-type=\"loop-item\" data-elementor-id=\"4715\" class=\"elementor elementor-4715 e-loop-item e-loop-item-4411 post-4411 publikacje type-publikacje status-publish has-post-thumbnail hentry\" data-elementor-post-type=\"elementor_library\" data-custom-edit-handle=\"1\">\n\t\t\t<div class=\"elementor-element elementor-element-6e55af1 e-flex e-con-boxed e-con e-parent\" data-id=\"6e55af1\" data-element_type=\"container\" data-e-type=\"container\" data-settings=\"{&quot;background_background&quot;:&quot;classic&quot;}\">\n\t\t\t\t\t<div class=\"e-con-inner\">\n\t\t\t\t<div class=\"elementor-element elementor-element-1ff8dc0 elementor-widget elementor-widget-theme-post-title elementor-page-title elementor-widget-heading\" data-id=\"1ff8dc0\" data-element_type=\"widget\" data-e-type=\"widget\" data-widget_type=\"theme-post-title.default\">\n\t\t\t\t\t<h1 class=\"elementor-heading-title elementor-size-default\">La formaci\u00f3n en epidemiolog\u00eda de intervenci\u00f3n en Europa: todo un \u00e9xito, pero a\u00fan queda mucho por hacer<\/h1>\t\t\t\t<\/div>\n\t\t\t\t<div class=\"elementor-element elementor-element-34d9c11 elementor-widget elementor-widget-theme-post-excerpt\" data-id=\"34d9c11\" data-element_type=\"widget\" data-e-type=\"widget\" data-widget_type=\"theme-post-excerpt.default\">\n\t\t\t\t\tArt\u00edculo en ingl\u00e9s publicado en la revista Eurosurveillance\t\t\t\t<\/div>\n\t\t\t\t<div class=\"elementor-element elementor-element-fe5308e elementor-align-justify elementor-widget elementor-widget-button\" data-id=\"fe5308e\" data-element_type=\"widget\" data-e-type=\"widget\" data-widget_type=\"button.default\">\n\t\t\t\t\t\t\t\t\t\t<a class=\"elementor-button elementor-button-link elementor-size-sm\" href=\"https:\/\/pawel.stefanoff.pl\/work\/es\/articles\/article-2009-field-epi-es\/\">\n\t\t\t\t\t\t<span class=\"elementor-button-content-wrapper\">\n\t\t\t\t\t\t\t\t\t<span class=\"elementor-button-text\">Ver m\u00e1s<\/span>\n\t\t\t\t\t<\/span>\n\t\t\t\t\t<\/a>\n\t\t\t\t\t\t\t\t<\/div>\n\t\t\t\t\t<\/div>\n\t\t\t\t<\/div>\n\t\t\t\t<\/div>\n\t\t<style id=\"loop-dynamic-4715\">.e-loop-item-1249 .elementor-element.elementor-element-6e55af1:not(.elementor-motion-effects-element-type-background), .e-loop-item-1249 .elementor-element.elementor-element-6e55af1 > .elementor-motion-effects-container > .elementor-motion-effects-layer{background-image:url(\"https:\/\/pawel.stefanoff.pl\/work\/wp-content\/uploads\/2026\/01\/11062b_6856f2dda2bb4b679834f24c8a8f72famv2.avif\");}<\/style>\t\t<div data-elementor-type=\"loop-item\" data-elementor-id=\"4715\" class=\"elementor elementor-4715 e-loop-item e-loop-item-1249 post-1249 publikacje type-publikacje status-publish has-post-thumbnail hentry\" data-elementor-post-type=\"elementor_library\" data-custom-edit-handle=\"1\">\n\t\t\t<div class=\"elementor-element elementor-element-6e55af1 e-flex e-con-boxed e-con e-parent\" data-id=\"6e55af1\" data-element_type=\"container\" data-e-type=\"container\" data-settings=\"{&quot;background_background&quot;:&quot;classic&quot;}\">\n\t\t\t\t\t<div class=\"e-con-inner\">\n\t\t\t\t<div class=\"elementor-element elementor-element-1ff8dc0 elementor-widget elementor-widget-theme-post-title elementor-page-title elementor-widget-heading\" data-id=\"1ff8dc0\" data-element_type=\"widget\" data-e-type=\"widget\" data-widget_type=\"theme-post-title.default\">\n\t\t\t\t\t<h1 class=\"elementor-heading-title elementor-size-default\">Applied epidemiology training in Europe: quite a success &#8211; but more to be done<\/h1>\t\t\t\t<\/div>\n\t\t\t\t<div class=\"elementor-element elementor-element-34d9c11 elementor-widget elementor-widget-theme-post-excerpt\" data-id=\"34d9c11\" data-element_type=\"widget\" data-e-type=\"widget\" data-widget_type=\"theme-post-excerpt.default\">\n\t\t\t\t\tArticle in English published in the journal Eurosurveillance\t\t\t\t<\/div>\n\t\t\t\t<div class=\"elementor-element elementor-element-fe5308e elementor-align-justify elementor-widget elementor-widget-button\" data-id=\"fe5308e\" data-element_type=\"widget\" data-e-type=\"widget\" data-widget_type=\"button.default\">\n\t\t\t\t\t\t\t\t\t\t<a class=\"elementor-button elementor-button-link elementor-size-sm\" href=\"https:\/\/pawel.stefanoff.pl\/work\/articles\/article-2009-field-epi-en\/\">\n\t\t\t\t\t\t<span class=\"elementor-button-content-wrapper\">\n\t\t\t\t\t\t\t\t\t<span class=\"elementor-button-text\">Ver m\u00e1s<\/span>\n\t\t\t\t\t<\/span>\n\t\t\t\t\t<\/a>\n\t\t\t\t\t\t\t\t<\/div>\n\t\t\t\t\t<\/div>\n\t\t\t\t<\/div>\n\t\t\t\t<\/div>\n\t\t<style id=\"loop-dynamic-4715\">.e-loop-item-1245 .elementor-element.elementor-element-6e55af1:not(.elementor-motion-effects-element-type-background), .e-loop-item-1245 .elementor-element.elementor-element-6e55af1 > .elementor-motion-effects-container > .elementor-motion-effects-layer{background-image:url(\"https:\/\/pawel.stefanoff.pl\/work\/wp-content\/uploads\/2026\/01\/11062b_6856f2dda2bb4b679834f24c8a8f72famv2.avif\");}<\/style>\t\t<div data-elementor-type=\"loop-item\" data-elementor-id=\"4715\" class=\"elementor elementor-4715 e-loop-item e-loop-item-1245 post-1245 publikacje type-publikacje status-publish has-post-thumbnail hentry\" data-elementor-post-type=\"elementor_library\" data-custom-edit-handle=\"1\">\n\t\t\t<div class=\"elementor-element elementor-element-6e55af1 e-flex e-con-boxed e-con e-parent\" data-id=\"6e55af1\" data-element_type=\"container\" data-e-type=\"container\" data-settings=\"{&quot;background_background&quot;:&quot;classic&quot;}\">\n\t\t\t\t\t<div class=\"e-con-inner\">\n\t\t\t\t<div class=\"elementor-element elementor-element-1ff8dc0 elementor-widget elementor-widget-theme-post-title elementor-page-title elementor-widget-heading\" data-id=\"1ff8dc0\" data-element_type=\"widget\" data-e-type=\"widget\" data-widget_type=\"theme-post-title.default\">\n\t\t\t\t\t<h1 class=\"elementor-heading-title elementor-size-default\">Szkolenie w zakresie epidemiologii interwencyjnej w Europie: spory sukces, ale jeszcze wiele do zrobienia<\/h1>\t\t\t\t<\/div>\n\t\t\t\t<div class=\"elementor-element elementor-element-34d9c11 elementor-widget elementor-widget-theme-post-excerpt\" data-id=\"34d9c11\" data-element_type=\"widget\" data-e-type=\"widget\" data-widget_type=\"theme-post-excerpt.default\">\n\t\t\t\t\tArtyku\u0142 w j\u0119zyku angielskim opublikowany w czasopi\u015bmie Eurosurveillance\t\t\t\t<\/div>\n\t\t\t\t<div class=\"elementor-element elementor-element-fe5308e elementor-align-justify elementor-widget elementor-widget-button\" data-id=\"fe5308e\" data-element_type=\"widget\" data-e-type=\"widget\" data-widget_type=\"button.default\">\n\t\t\t\t\t\t\t\t\t\t<a class=\"elementor-button elementor-button-link elementor-size-sm\" href=\"https:\/\/pawel.stefanoff.pl\/work\/pl\/articles\/article-2009-field-epi-pl\/\">\n\t\t\t\t\t\t<span class=\"elementor-button-content-wrapper\">\n\t\t\t\t\t\t\t\t\t<span class=\"elementor-button-text\">Ver m\u00e1s<\/span>\n\t\t\t\t\t<\/span>\n\t\t\t\t\t<\/a>\n\t\t\t\t\t\t\t\t<\/div>\n\t\t\t\t\t<\/div>\n\t\t\t\t<\/div>\n\t\t\t\t<\/div>\n\t\t<style id=\"loop-dynamic-4715\">.e-loop-item-4412 .elementor-element.elementor-element-6e55af1:not(.elementor-motion-effects-element-type-background), .e-loop-item-4412 .elementor-element.elementor-element-6e55af1 > .elementor-motion-effects-container > .elementor-motion-effects-layer{background-image:url(\"https:\/\/pawel.stefanoff.pl\/work\/wp-content\/uploads\/2026\/01\/11062b_6856f2dda2bb4b679834f24c8a8f72famv2.avif\");}<\/style>\t\t<div data-elementor-type=\"loop-item\" data-elementor-id=\"4715\" class=\"elementor elementor-4715 e-loop-item e-loop-item-4412 post-4412 publikacje type-publikacje status-publish has-post-thumbnail hentry\" data-elementor-post-type=\"elementor_library\" data-custom-edit-handle=\"1\">\n\t\t\t<div class=\"elementor-element elementor-element-6e55af1 e-flex e-con-boxed e-con e-parent\" data-id=\"6e55af1\" data-element_type=\"container\" data-e-type=\"container\" data-settings=\"{&quot;background_background&quot;:&quot;classic&quot;}\">\n\t\t\t\t\t<div class=\"e-con-inner\">\n\t\t\t\t<div class=\"elementor-element elementor-element-1ff8dc0 elementor-widget elementor-widget-theme-post-title elementor-page-title elementor-widget-heading\" data-id=\"1ff8dc0\" data-element_type=\"widget\" data-e-type=\"widget\" data-widget_type=\"theme-post-title.default\">\n\t\t\t\t\t<h1 class=\"elementor-heading-title elementor-size-default\">Las condiciones clim\u00e1ticas favorecen el aumento de la prevalencia de enfermedades transmitidas por garrapatas en Polonia.<\/h1>\t\t\t\t<\/div>\n\t\t\t\t<div class=\"elementor-element elementor-element-34d9c11 elementor-widget elementor-widget-theme-post-excerpt\" data-id=\"34d9c11\" data-element_type=\"widget\" data-e-type=\"widget\" data-widget_type=\"theme-post-excerpt.default\">\n\t\t\t\t\tArt\u00edculo en ingl\u00e9s publicado en la revista Annals of Geomatics\t\t\t\t<\/div>\n\t\t\t\t<div class=\"elementor-element elementor-element-fe5308e elementor-align-justify elementor-widget elementor-widget-button\" data-id=\"fe5308e\" data-element_type=\"widget\" data-e-type=\"widget\" data-widget_type=\"button.default\">\n\t\t\t\t\t\t\t\t\t\t<a class=\"elementor-button elementor-button-link elementor-size-sm\" href=\"https:\/\/pawel.stefanoff.pl\/work\/es\/articles\/article-2008-tbe-weather-es\/\">\n\t\t\t\t\t\t<span class=\"elementor-button-content-wrapper\">\n\t\t\t\t\t\t\t\t\t<span class=\"elementor-button-text\">Ver m\u00e1s<\/span>\n\t\t\t\t\t<\/span>\n\t\t\t\t\t<\/a>\n\t\t\t\t\t\t\t\t<\/div>\n\t\t\t\t\t<\/div>\n\t\t\t\t<\/div>\n\t\t\t\t<\/div>\n\t\t<style id=\"loop-dynamic-4715\">.e-loop-item-1276 .elementor-element.elementor-element-6e55af1:not(.elementor-motion-effects-element-type-background), .e-loop-item-1276 .elementor-element.elementor-element-6e55af1 > .elementor-motion-effects-container > .elementor-motion-effects-layer{background-image:url(\"https:\/\/pawel.stefanoff.pl\/work\/wp-content\/uploads\/2026\/01\/11062b_6856f2dda2bb4b679834f24c8a8f72famv2.avif\");}<\/style>\t\t<div data-elementor-type=\"loop-item\" data-elementor-id=\"4715\" class=\"elementor elementor-4715 e-loop-item e-loop-item-1276 post-1276 publikacje type-publikacje status-publish has-post-thumbnail hentry\" data-elementor-post-type=\"elementor_library\" data-custom-edit-handle=\"1\">\n\t\t\t<div class=\"elementor-element elementor-element-6e55af1 e-flex e-con-boxed e-con e-parent\" data-id=\"6e55af1\" data-element_type=\"container\" data-e-type=\"container\" data-settings=\"{&quot;background_background&quot;:&quot;classic&quot;}\">\n\t\t\t\t\t<div class=\"e-con-inner\">\n\t\t\t\t<div class=\"elementor-element elementor-element-1ff8dc0 elementor-widget elementor-widget-theme-post-title elementor-page-title elementor-widget-heading\" data-id=\"1ff8dc0\" data-element_type=\"widget\" data-e-type=\"widget\" data-widget_type=\"theme-post-title.default\">\n\t\t\t\t\t<h1 class=\"elementor-heading-title elementor-size-default\">Weather conditions as a factor fovouring the increase of tick-borne diseases prevalence in Poland<\/h1>\t\t\t\t<\/div>\n\t\t\t\t<div class=\"elementor-element elementor-element-34d9c11 elementor-widget elementor-widget-theme-post-excerpt\" data-id=\"34d9c11\" data-element_type=\"widget\" data-e-type=\"widget\" data-widget_type=\"theme-post-excerpt.default\">\n\t\t\t\t\tArticle in English published in the journal Annals of Geomatics\t\t\t\t<\/div>\n\t\t\t\t<div class=\"elementor-element elementor-element-fe5308e elementor-align-justify elementor-widget elementor-widget-button\" data-id=\"fe5308e\" data-element_type=\"widget\" data-e-type=\"widget\" data-widget_type=\"button.default\">\n\t\t\t\t\t\t\t\t\t\t<a class=\"elementor-button elementor-button-link elementor-size-sm\" href=\"https:\/\/pawel.stefanoff.pl\/work\/articles\/article-2008-tbe-weather-en\/\">\n\t\t\t\t\t\t<span class=\"elementor-button-content-wrapper\">\n\t\t\t\t\t\t\t\t\t<span class=\"elementor-button-text\">Ver m\u00e1s<\/span>\n\t\t\t\t\t<\/span>\n\t\t\t\t\t<\/a>\n\t\t\t\t\t\t\t\t<\/div>\n\t\t\t\t\t<\/div>\n\t\t\t\t<\/div>\n\t\t\t\t<\/div>\n\t\t<style id=\"loop-dynamic-4715\">.e-loop-item-1258 .elementor-element.elementor-element-6e55af1:not(.elementor-motion-effects-element-type-background), .e-loop-item-1258 .elementor-element.elementor-element-6e55af1 > .elementor-motion-effects-container > .elementor-motion-effects-layer{background-image:url(\"https:\/\/pawel.stefanoff.pl\/work\/wp-content\/uploads\/2026\/01\/11062b_6856f2dda2bb4b679834f24c8a8f72famv2.avif\");}<\/style>\t\t<div data-elementor-type=\"loop-item\" data-elementor-id=\"4715\" class=\"elementor elementor-4715 e-loop-item e-loop-item-1258 post-1258 publikacje type-publikacje status-publish has-post-thumbnail hentry\" data-elementor-post-type=\"elementor_library\" data-custom-edit-handle=\"1\">\n\t\t\t<div class=\"elementor-element elementor-element-6e55af1 e-flex e-con-boxed e-con e-parent\" data-id=\"6e55af1\" data-element_type=\"container\" data-e-type=\"container\" data-settings=\"{&quot;background_background&quot;:&quot;classic&quot;}\">\n\t\t\t\t\t<div class=\"e-con-inner\">\n\t\t\t\t<div class=\"elementor-element elementor-element-1ff8dc0 elementor-widget elementor-widget-theme-post-title elementor-page-title elementor-widget-heading\" data-id=\"1ff8dc0\" data-element_type=\"widget\" data-e-type=\"widget\" data-widget_type=\"theme-post-title.default\">\n\t\t\t\t\t<h1 class=\"elementor-heading-title elementor-size-default\">Warunki pogodowe jako jeden z czynnik\u00f3w rozwoju chor\u00f3b odkleszczowych w Polsce<\/h1>\t\t\t\t<\/div>\n\t\t\t\t<div class=\"elementor-element elementor-element-34d9c11 elementor-widget elementor-widget-theme-post-excerpt\" data-id=\"34d9c11\" data-element_type=\"widget\" data-e-type=\"widget\" data-widget_type=\"theme-post-excerpt.default\">\n\t\t\t\t\tArtyku\u0142 w j\u0119zyku angielskim opublikowany w czasopi\u015bmie Annals of Geomatics\t\t\t\t<\/div>\n\t\t\t\t<div class=\"elementor-element elementor-element-fe5308e elementor-align-justify elementor-widget elementor-widget-button\" data-id=\"fe5308e\" data-element_type=\"widget\" data-e-type=\"widget\" data-widget_type=\"button.default\">\n\t\t\t\t\t\t\t\t\t\t<a class=\"elementor-button elementor-button-link elementor-size-sm\" href=\"https:\/\/pawel.stefanoff.pl\/work\/pl\/articles\/article-2008-tbe-weather-pl\/\">\n\t\t\t\t\t\t<span class=\"elementor-button-content-wrapper\">\n\t\t\t\t\t\t\t\t\t<span class=\"elementor-button-text\">Ver m\u00e1s<\/span>\n\t\t\t\t\t<\/span>\n\t\t\t\t\t<\/a>\n\t\t\t\t\t\t\t\t<\/div>\n\t\t\t\t\t<\/div>\n\t\t\t\t<\/div>\n\t\t\t\t<\/div>\n\t\t<style id=\"loop-dynamic-4715\">.e-loop-item-4413 .elementor-element.elementor-element-6e55af1:not(.elementor-motion-effects-element-type-background), .e-loop-item-4413 .elementor-element.elementor-element-6e55af1 > .elementor-motion-effects-container > .elementor-motion-effects-layer{background-image:url(\"https:\/\/pawel.stefanoff.pl\/work\/wp-content\/uploads\/2026\/01\/11062b_6856f2dda2bb4b679834f24c8a8f72famv2.avif\");}<\/style>\t\t<div data-elementor-type=\"loop-item\" data-elementor-id=\"4715\" class=\"elementor elementor-4715 e-loop-item e-loop-item-4413 post-4413 publikacje type-publikacje status-publish has-post-thumbnail hentry\" data-elementor-post-type=\"elementor_library\" data-custom-edit-handle=\"1\">\n\t\t\t<div class=\"elementor-element elementor-element-6e55af1 e-flex e-con-boxed e-con e-parent\" data-id=\"6e55af1\" data-element_type=\"container\" data-e-type=\"container\" data-settings=\"{&quot;background_background&quot;:&quot;classic&quot;}\">\n\t\t\t\t\t<div class=\"e-con-inner\">\n\t\t\t\t<div class=\"elementor-element elementor-element-1ff8dc0 elementor-widget elementor-widget-theme-post-title elementor-page-title elementor-widget-heading\" data-id=\"1ff8dc0\" data-element_type=\"widget\" data-e-type=\"widget\" data-widget_type=\"theme-post-title.default\">\n\t\t\t\t\t<h1 class=\"elementor-heading-title elementor-size-default\">Identificaci\u00f3n de nuevos focos end\u00e9micos de encefalitis transmitida por garrapatas en Polonia: un estudio piloto de seroprevalencia en regiones seleccionadas<\/h1>\t\t\t\t<\/div>\n\t\t\t\t<div class=\"elementor-element elementor-element-34d9c11 elementor-widget elementor-widget-theme-post-excerpt\" data-id=\"34d9c11\" data-element_type=\"widget\" data-e-type=\"widget\" data-widget_type=\"theme-post-excerpt.default\">\n\t\t\t\t\tArt\u00edculo en ingl\u00e9s publicado en un supplemento de la revista International Journal of Medical Microbiology\t\t\t\t<\/div>\n\t\t\t\t<div class=\"elementor-element elementor-element-fe5308e elementor-align-justify elementor-widget elementor-widget-button\" data-id=\"fe5308e\" data-element_type=\"widget\" data-e-type=\"widget\" data-widget_type=\"button.default\">\n\t\t\t\t\t\t\t\t\t\t<a class=\"elementor-button elementor-button-link elementor-size-sm\" href=\"https:\/\/pawel.stefanoff.pl\/work\/es\/articles\/article-2008-tbe-foci-es\/\">\n\t\t\t\t\t\t<span class=\"elementor-button-content-wrapper\">\n\t\t\t\t\t\t\t\t\t<span class=\"elementor-button-text\">Ver m\u00e1s<\/span>\n\t\t\t\t\t<\/span>\n\t\t\t\t\t<\/a>\n\t\t\t\t\t\t\t\t<\/div>\n\t\t\t\t\t<\/div>\n\t\t\t\t<\/div>\n\t\t\t\t<\/div>\n\t\t<style id=\"loop-dynamic-4715\">.e-loop-item-1299 .elementor-element.elementor-element-6e55af1:not(.elementor-motion-effects-element-type-background), .e-loop-item-1299 .elementor-element.elementor-element-6e55af1 > .elementor-motion-effects-container > .elementor-motion-effects-layer{background-image:url(\"https:\/\/pawel.stefanoff.pl\/work\/wp-content\/uploads\/2026\/01\/11062b_6856f2dda2bb4b679834f24c8a8f72famv2.avif\");}<\/style>\t\t<div data-elementor-type=\"loop-item\" data-elementor-id=\"4715\" class=\"elementor elementor-4715 e-loop-item e-loop-item-1299 post-1299 publikacje type-publikacje status-publish has-post-thumbnail hentry\" data-elementor-post-type=\"elementor_library\" data-custom-edit-handle=\"1\">\n\t\t\t<div class=\"elementor-element elementor-element-6e55af1 e-flex e-con-boxed e-con e-parent\" data-id=\"6e55af1\" data-element_type=\"container\" data-e-type=\"container\" data-settings=\"{&quot;background_background&quot;:&quot;classic&quot;}\">\n\t\t\t\t\t<div class=\"e-con-inner\">\n\t\t\t\t<div class=\"elementor-element elementor-element-1ff8dc0 elementor-widget elementor-widget-theme-post-title elementor-page-title elementor-widget-heading\" data-id=\"1ff8dc0\" data-element_type=\"widget\" data-e-type=\"widget\" data-widget_type=\"theme-post-title.default\">\n\t\t\t\t\t<h1 class=\"elementor-heading-title elementor-size-default\">Identification of new endemic tick-borne encephalitis foci in Poland &#8211; a pilot seroprevalence study in selected regions<\/h1>\t\t\t\t<\/div>\n\t\t\t\t<div class=\"elementor-element elementor-element-34d9c11 elementor-widget elementor-widget-theme-post-excerpt\" data-id=\"34d9c11\" data-element_type=\"widget\" data-e-type=\"widget\" data-widget_type=\"theme-post-excerpt.default\">\n\t\t\t\t\tArticle in English published in a supplement of the International Journal of Medical Microbiology\t\t\t\t<\/div>\n\t\t\t\t<div class=\"elementor-element elementor-element-fe5308e elementor-align-justify elementor-widget elementor-widget-button\" data-id=\"fe5308e\" data-element_type=\"widget\" data-e-type=\"widget\" data-widget_type=\"button.default\">\n\t\t\t\t\t\t\t\t\t\t<a class=\"elementor-button elementor-button-link elementor-size-sm\" href=\"https:\/\/pawel.stefanoff.pl\/work\/articles\/article-2008-tbe-foci-en\/\">\n\t\t\t\t\t\t<span class=\"elementor-button-content-wrapper\">\n\t\t\t\t\t\t\t\t\t<span class=\"elementor-button-text\">Ver m\u00e1s<\/span>\n\t\t\t\t\t<\/span>\n\t\t\t\t\t<\/a>\n\t\t\t\t\t\t\t\t<\/div>\n\t\t\t\t\t<\/div>\n\t\t\t\t<\/div>\n\t\t\t\t<\/div>\n\t\t<style id=\"loop-dynamic-4715\">.e-loop-item-1295 .elementor-element.elementor-element-6e55af1:not(.elementor-motion-effects-element-type-background), .e-loop-item-1295 .elementor-element.elementor-element-6e55af1 > .elementor-motion-effects-container > .elementor-motion-effects-layer{background-image:url(\"https:\/\/pawel.stefanoff.pl\/work\/wp-content\/uploads\/2026\/01\/11062b_6856f2dda2bb4b679834f24c8a8f72famv2.avif\");}<\/style>\t\t<div data-elementor-type=\"loop-item\" data-elementor-id=\"4715\" class=\"elementor elementor-4715 e-loop-item e-loop-item-1295 post-1295 publikacje type-publikacje status-publish has-post-thumbnail hentry\" data-elementor-post-type=\"elementor_library\" data-custom-edit-handle=\"1\">\n\t\t\t<div class=\"elementor-element elementor-element-6e55af1 e-flex e-con-boxed e-con e-parent\" data-id=\"6e55af1\" data-element_type=\"container\" data-e-type=\"container\" data-settings=\"{&quot;background_background&quot;:&quot;classic&quot;}\">\n\t\t\t\t\t<div class=\"e-con-inner\">\n\t\t\t\t<div class=\"elementor-element elementor-element-1ff8dc0 elementor-widget elementor-widget-theme-post-title elementor-page-title elementor-widget-heading\" data-id=\"1ff8dc0\" data-element_type=\"widget\" data-e-type=\"widget\" data-widget_type=\"theme-post-title.default\">\n\t\t\t\t\t<h1 class=\"elementor-heading-title elementor-size-default\">Identyfikacja nowych ognisk kleszczowego zapalenia m\u00f3zgu w Polsce \u2013 pilota\u017cowe badanie seroprewalencji w wybranych regionach<\/h1>\t\t\t\t<\/div>\n\t\t\t\t<div class=\"elementor-element elementor-element-34d9c11 elementor-widget elementor-widget-theme-post-excerpt\" data-id=\"34d9c11\" data-element_type=\"widget\" data-e-type=\"widget\" data-widget_type=\"theme-post-excerpt.default\">\n\t\t\t\t\tArtyku\u0142 w j\u0119zyku angielskim opublikowany w suplemencie czasopisma International Journal of Medical Microbiology\t\t\t\t<\/div>\n\t\t\t\t<div class=\"elementor-element elementor-element-fe5308e elementor-align-justify elementor-widget elementor-widget-button\" data-id=\"fe5308e\" data-element_type=\"widget\" data-e-type=\"widget\" data-widget_type=\"button.default\">\n\t\t\t\t\t\t\t\t\t\t<a class=\"elementor-button elementor-button-link elementor-size-sm\" href=\"https:\/\/pawel.stefanoff.pl\/work\/pl\/articles\/article-2008-tbe-foci-pl\/\">\n\t\t\t\t\t\t<span class=\"elementor-button-content-wrapper\">\n\t\t\t\t\t\t\t\t\t<span class=\"elementor-button-text\">Ver m\u00e1s<\/span>\n\t\t\t\t\t<\/span>\n\t\t\t\t\t<\/a>\n\t\t\t\t\t\t\t\t<\/div>\n\t\t\t\t\t<\/div>\n\t\t\t\t<\/div>\n\t\t\t\t<\/div>\n\t\t<style id=\"loop-dynamic-4715\">.e-loop-item-4415 .elementor-element.elementor-element-6e55af1:not(.elementor-motion-effects-element-type-background), .e-loop-item-4415 .elementor-element.elementor-element-6e55af1 > .elementor-motion-effects-container > .elementor-motion-effects-layer{background-image:url(\"https:\/\/pawel.stefanoff.pl\/work\/wp-content\/uploads\/2026\/01\/11062b_6856f2dda2bb4b679834f24c8a8f72famv2.avif\");}<\/style>\t\t<div data-elementor-type=\"loop-item\" data-elementor-id=\"4715\" class=\"elementor elementor-4715 e-loop-item e-loop-item-4415 post-4415 publikacje type-publikacje status-publish has-post-thumbnail hentry\" data-elementor-post-type=\"elementor_library\" data-custom-edit-handle=\"1\">\n\t\t\t<div class=\"elementor-element elementor-element-6e55af1 e-flex e-con-boxed e-con e-parent\" data-id=\"6e55af1\" data-element_type=\"container\" data-e-type=\"container\" data-settings=\"{&quot;background_background&quot;:&quot;classic&quot;}\">\n\t\t\t\t\t<div class=\"e-con-inner\">\n\t\t\t\t<div class=\"elementor-element elementor-element-1ff8dc0 elementor-widget elementor-widget-theme-post-title elementor-page-title elementor-widget-heading\" data-id=\"1ff8dc0\" data-element_type=\"widget\" data-e-type=\"widget\" data-widget_type=\"theme-post-title.default\">\n\t\t\t\t\t<h1 class=\"elementor-heading-title elementor-size-default\">Prevalencia de trastornos de tics entre escolares en Varsovia, Polonia.<\/h1>\t\t\t\t<\/div>\n\t\t\t\t<div class=\"elementor-element elementor-element-34d9c11 elementor-widget elementor-widget-theme-post-excerpt\" data-id=\"34d9c11\" data-element_type=\"widget\" data-e-type=\"widget\" data-widget_type=\"theme-post-excerpt.default\">\n\t\t\t\t\tArt\u00edculo en ingl\u00e9s publicado en la revista European Child &amp; Adolescent Psychiatry\t\t\t\t<\/div>\n\t\t\t\t<div class=\"elementor-element elementor-element-fe5308e elementor-align-justify elementor-widget elementor-widget-button\" data-id=\"fe5308e\" data-element_type=\"widget\" data-e-type=\"widget\" data-widget_type=\"button.default\">\n\t\t\t\t\t\t\t\t\t\t<a class=\"elementor-button elementor-button-link elementor-size-sm\" href=\"https:\/\/pawel.stefanoff.pl\/work\/es\/articles\/article-2008-tic-disorders-es\/\">\n\t\t\t\t\t\t<span class=\"elementor-button-content-wrapper\">\n\t\t\t\t\t\t\t\t\t<span class=\"elementor-button-text\">Ver m\u00e1s<\/span>\n\t\t\t\t\t<\/span>\n\t\t\t\t\t<\/a>\n\t\t\t\t\t\t\t\t<\/div>\n\t\t\t\t\t<\/div>\n\t\t\t\t<\/div>\n\t\t\t\t<\/div>\n\t\t<style id=\"loop-dynamic-4715\">.e-loop-item-1309 .elementor-element.elementor-element-6e55af1:not(.elementor-motion-effects-element-type-background), .e-loop-item-1309 .elementor-element.elementor-element-6e55af1 > .elementor-motion-effects-container > .elementor-motion-effects-layer{background-image:url(\"https:\/\/pawel.stefanoff.pl\/work\/wp-content\/uploads\/2026\/01\/11062b_6856f2dda2bb4b679834f24c8a8f72famv2.avif\");}<\/style>\t\t<div data-elementor-type=\"loop-item\" data-elementor-id=\"4715\" class=\"elementor elementor-4715 e-loop-item e-loop-item-1309 post-1309 publikacje type-publikacje status-publish has-post-thumbnail hentry\" data-elementor-post-type=\"elementor_library\" data-custom-edit-handle=\"1\">\n\t\t\t<div class=\"elementor-element elementor-element-6e55af1 e-flex e-con-boxed e-con e-parent\" data-id=\"6e55af1\" data-element_type=\"container\" data-e-type=\"container\" data-settings=\"{&quot;background_background&quot;:&quot;classic&quot;}\">\n\t\t\t\t\t<div class=\"e-con-inner\">\n\t\t\t\t<div class=\"elementor-element elementor-element-1ff8dc0 elementor-widget elementor-widget-theme-post-title elementor-page-title elementor-widget-heading\" data-id=\"1ff8dc0\" data-element_type=\"widget\" data-e-type=\"widget\" data-widget_type=\"theme-post-title.default\">\n\t\t\t\t\t<h1 class=\"elementor-heading-title elementor-size-default\">Prevalence of tic disorders among schoolchildren in Warsaw, Poland<\/h1>\t\t\t\t<\/div>\n\t\t\t\t<div class=\"elementor-element elementor-element-34d9c11 elementor-widget elementor-widget-theme-post-excerpt\" data-id=\"34d9c11\" data-element_type=\"widget\" data-e-type=\"widget\" data-widget_type=\"theme-post-excerpt.default\">\n\t\t\t\t\tArticle in English published in the journal European Child &amp; Adolescent Psychiatry\t\t\t\t<\/div>\n\t\t\t\t<div class=\"elementor-element elementor-element-fe5308e elementor-align-justify elementor-widget elementor-widget-button\" data-id=\"fe5308e\" data-element_type=\"widget\" data-e-type=\"widget\" data-widget_type=\"button.default\">\n\t\t\t\t\t\t\t\t\t\t<a class=\"elementor-button elementor-button-link elementor-size-sm\" href=\"https:\/\/pawel.stefanoff.pl\/work\/articles\/article-2008-tic-disorders-en\/\">\n\t\t\t\t\t\t<span class=\"elementor-button-content-wrapper\">\n\t\t\t\t\t\t\t\t\t<span class=\"elementor-button-text\">Ver m\u00e1s<\/span>\n\t\t\t\t\t<\/span>\n\t\t\t\t\t<\/a>\n\t\t\t\t\t\t\t\t<\/div>\n\t\t\t\t\t<\/div>\n\t\t\t\t<\/div>\n\t\t\t\t<\/div>\n\t\t<style id=\"loop-dynamic-4715\">.e-loop-item-1302 .elementor-element.elementor-element-6e55af1:not(.elementor-motion-effects-element-type-background), .e-loop-item-1302 .elementor-element.elementor-element-6e55af1 > .elementor-motion-effects-container > .elementor-motion-effects-layer{background-image:url(\"https:\/\/pawel.stefanoff.pl\/work\/wp-content\/uploads\/2026\/01\/11062b_6856f2dda2bb4b679834f24c8a8f72famv2.avif\");}<\/style>\t\t<div data-elementor-type=\"loop-item\" data-elementor-id=\"4715\" class=\"elementor elementor-4715 e-loop-item e-loop-item-1302 post-1302 publikacje type-publikacje status-publish has-post-thumbnail hentry\" data-elementor-post-type=\"elementor_library\" data-custom-edit-handle=\"1\">\n\t\t\t<div class=\"elementor-element elementor-element-6e55af1 e-flex e-con-boxed e-con e-parent\" data-id=\"6e55af1\" data-element_type=\"container\" data-e-type=\"container\" data-settings=\"{&quot;background_background&quot;:&quot;classic&quot;}\">\n\t\t\t\t\t<div class=\"e-con-inner\">\n\t\t\t\t<div class=\"elementor-element elementor-element-1ff8dc0 elementor-widget elementor-widget-theme-post-title elementor-page-title elementor-widget-heading\" data-id=\"1ff8dc0\" data-element_type=\"widget\" data-e-type=\"widget\" data-widget_type=\"theme-post-title.default\">\n\t\t\t\t\t<h1 class=\"elementor-heading-title elementor-size-default\">Wyst\u0119powanie zaburze\u0144 tikowych w\u015br\u00f3d uczni\u00f3w warszawskich szk\u00f3\u0142<\/h1>\t\t\t\t<\/div>\n\t\t\t\t<div class=\"elementor-element elementor-element-34d9c11 elementor-widget elementor-widget-theme-post-excerpt\" data-id=\"34d9c11\" data-element_type=\"widget\" data-e-type=\"widget\" data-widget_type=\"theme-post-excerpt.default\">\n\t\t\t\t\tArtyku\u0142 w j\u0119zyku angielskim opublikowany w czasopi\u015bmie European Child &amp; Adolescent Psychiatry\t\t\t\t<\/div>\n\t\t\t\t<div class=\"elementor-element elementor-element-fe5308e elementor-align-justify elementor-widget elementor-widget-button\" data-id=\"fe5308e\" data-element_type=\"widget\" data-e-type=\"widget\" data-widget_type=\"button.default\">\n\t\t\t\t\t\t\t\t\t\t<a class=\"elementor-button elementor-button-link elementor-size-sm\" href=\"https:\/\/pawel.stefanoff.pl\/work\/pl\/articles\/article-2008-tic-disorders-pl\/\">\n\t\t\t\t\t\t<span class=\"elementor-button-content-wrapper\">\n\t\t\t\t\t\t\t\t\t<span class=\"elementor-button-text\">Ver m\u00e1s<\/span>\n\t\t\t\t\t<\/span>\n\t\t\t\t\t<\/a>\n\t\t\t\t\t\t\t\t<\/div>\n\t\t\t\t\t<\/div>\n\t\t\t\t<\/div>\n\t\t\t\t<\/div>\n\t\t<style id=\"loop-dynamic-4715\">.e-loop-item-4416 .elementor-element.elementor-element-6e55af1:not(.elementor-motion-effects-element-type-background), .e-loop-item-4416 .elementor-element.elementor-element-6e55af1 > .elementor-motion-effects-container > .elementor-motion-effects-layer{background-image:url(\"https:\/\/pawel.stefanoff.pl\/work\/wp-content\/uploads\/2026\/01\/11062b_6856f2dda2bb4b679834f24c8a8f72famv2.avif\");}<\/style>\t\t<div data-elementor-type=\"loop-item\" data-elementor-id=\"4715\" class=\"elementor elementor-4715 e-loop-item e-loop-item-4416 post-4416 publikacje type-publikacje status-publish has-post-thumbnail hentry\" data-elementor-post-type=\"elementor_library\" data-custom-edit-handle=\"1\">\n\t\t\t<div class=\"elementor-element elementor-element-6e55af1 e-flex e-con-boxed e-con e-parent\" data-id=\"6e55af1\" data-element_type=\"container\" data-e-type=\"container\" data-settings=\"{&quot;background_background&quot;:&quot;classic&quot;}\">\n\t\t\t\t\t<div class=\"e-con-inner\">\n\t\t\t\t<div class=\"elementor-element elementor-element-1ff8dc0 elementor-widget elementor-widget-theme-post-title elementor-page-title elementor-widget-heading\" data-id=\"1ff8dc0\" data-element_type=\"widget\" data-e-type=\"widget\" data-widget_type=\"theme-post-title.default\">\n\t\t\t\t\t<h1 class=\"elementor-heading-title elementor-size-default\">Estudio ecol\u00f3gico del riesgo de encefalitis transmitida por garrapatas en Polonia: presentaci\u00f3n del m\u00e9todo<\/h1>\t\t\t\t<\/div>\n\t\t\t\t<div class=\"elementor-element elementor-element-34d9c11 elementor-widget elementor-widget-theme-post-excerpt\" data-id=\"34d9c11\" data-element_type=\"widget\" data-e-type=\"widget\" data-widget_type=\"theme-post-excerpt.default\">\n\t\t\t\t\tArt\u00edculo en polaco publicado en un suplemento la revista Przegl\u0105d Epidemiologiczny [Revista Epidemiol\u00f3gica]\t\t\t\t<\/div>\n\t\t\t\t<div class=\"elementor-element elementor-element-fe5308e elementor-align-justify elementor-widget elementor-widget-button\" data-id=\"fe5308e\" data-element_type=\"widget\" data-e-type=\"widget\" data-widget_type=\"button.default\">\n\t\t\t\t\t\t\t\t\t\t<a class=\"elementor-button elementor-button-link elementor-size-sm\" href=\"https:\/\/pawel.stefanoff.pl\/work\/es\/articles\/article-2008-tbe-ecologic-es\/\">\n\t\t\t\t\t\t<span class=\"elementor-button-content-wrapper\">\n\t\t\t\t\t\t\t\t\t<span class=\"elementor-button-text\">Ver m\u00e1s<\/span>\n\t\t\t\t\t<\/span>\n\t\t\t\t\t<\/a>\n\t\t\t\t\t\t\t\t<\/div>\n\t\t\t\t\t<\/div>\n\t\t\t\t<\/div>\n\t\t\t\t<\/div>\n\t\t<style id=\"loop-dynamic-4715\">.e-loop-item-1257 .elementor-element.elementor-element-6e55af1:not(.elementor-motion-effects-element-type-background), .e-loop-item-1257 .elementor-element.elementor-element-6e55af1 > .elementor-motion-effects-container > .elementor-motion-effects-layer{background-image:url(\"https:\/\/pawel.stefanoff.pl\/work\/wp-content\/uploads\/2026\/01\/11062b_6856f2dda2bb4b679834f24c8a8f72famv2.avif\");}<\/style>\t\t<div data-elementor-type=\"loop-item\" data-elementor-id=\"4715\" class=\"elementor elementor-4715 e-loop-item e-loop-item-1257 post-1257 publikacje type-publikacje status-publish has-post-thumbnail hentry\" data-elementor-post-type=\"elementor_library\" data-custom-edit-handle=\"1\">\n\t\t\t<div class=\"elementor-element elementor-element-6e55af1 e-flex e-con-boxed e-con e-parent\" data-id=\"6e55af1\" data-element_type=\"container\" data-e-type=\"container\" data-settings=\"{&quot;background_background&quot;:&quot;classic&quot;}\">\n\t\t\t\t\t<div class=\"e-con-inner\">\n\t\t\t\t<div class=\"elementor-element elementor-element-1ff8dc0 elementor-widget elementor-widget-theme-post-title elementor-page-title elementor-widget-heading\" data-id=\"1ff8dc0\" data-element_type=\"widget\" data-e-type=\"widget\" data-widget_type=\"theme-post-title.default\">\n\t\t\t\t\t<h1 class=\"elementor-heading-title elementor-size-default\">Ecologic study of the risk of tick-borne encephalitis in Poland &#8211; presentation of the method<\/h1>\t\t\t\t<\/div>\n\t\t\t\t<div class=\"elementor-element elementor-element-34d9c11 elementor-widget elementor-widget-theme-post-excerpt\" data-id=\"34d9c11\" data-element_type=\"widget\" data-e-type=\"widget\" data-widget_type=\"theme-post-excerpt.default\">\n\t\t\t\t\tArticle in English published in a supplement of the journal Przegl\u0105d Epidemiologiczny [Epidemiological Review]\t\t\t\t<\/div>\n\t\t\t\t<div class=\"elementor-element elementor-element-fe5308e elementor-align-justify elementor-widget elementor-widget-button\" data-id=\"fe5308e\" data-element_type=\"widget\" data-e-type=\"widget\" data-widget_type=\"button.default\">\n\t\t\t\t\t\t\t\t\t\t<a class=\"elementor-button elementor-button-link elementor-size-sm\" href=\"https:\/\/pawel.stefanoff.pl\/work\/articles\/article-2008-tbe-ecologic-en\/\">\n\t\t\t\t\t\t<span class=\"elementor-button-content-wrapper\">\n\t\t\t\t\t\t\t\t\t<span class=\"elementor-button-text\">Ver m\u00e1s<\/span>\n\t\t\t\t\t<\/span>\n\t\t\t\t\t<\/a>\n\t\t\t\t\t\t\t\t<\/div>\n\t\t\t\t\t<\/div>\n\t\t\t\t<\/div>\n\t\t\t\t<\/div>\n\t\t<style id=\"loop-dynamic-4715\">.e-loop-item-1253 .elementor-element.elementor-element-6e55af1:not(.elementor-motion-effects-element-type-background), .e-loop-item-1253 .elementor-element.elementor-element-6e55af1 > .elementor-motion-effects-container > .elementor-motion-effects-layer{background-image:url(\"https:\/\/pawel.stefanoff.pl\/work\/wp-content\/uploads\/2026\/01\/11062b_6856f2dda2bb4b679834f24c8a8f72famv2.avif\");}<\/style>\t\t<div data-elementor-type=\"loop-item\" data-elementor-id=\"4715\" class=\"elementor elementor-4715 e-loop-item e-loop-item-1253 post-1253 publikacje type-publikacje status-publish has-post-thumbnail hentry\" data-elementor-post-type=\"elementor_library\" data-custom-edit-handle=\"1\">\n\t\t\t<div class=\"elementor-element elementor-element-6e55af1 e-flex e-con-boxed e-con e-parent\" data-id=\"6e55af1\" data-element_type=\"container\" data-e-type=\"container\" data-settings=\"{&quot;background_background&quot;:&quot;classic&quot;}\">\n\t\t\t\t\t<div class=\"e-con-inner\">\n\t\t\t\t<div class=\"elementor-element elementor-element-1ff8dc0 elementor-widget elementor-widget-theme-post-title elementor-page-title elementor-widget-heading\" data-id=\"1ff8dc0\" data-element_type=\"widget\" data-e-type=\"widget\" data-widget_type=\"theme-post-title.default\">\n\t\t\t\t\t<h1 class=\"elementor-heading-title elementor-size-default\">Badania ekologiczne ryzyka zachorowa\u0144 na kleszczowe zapalenia m\u00f3zgu w Polsce \u2013 om\u00f3wienie metody<\/h1>\t\t\t\t<\/div>\n\t\t\t\t<div class=\"elementor-element elementor-element-34d9c11 elementor-widget elementor-widget-theme-post-excerpt\" data-id=\"34d9c11\" data-element_type=\"widget\" data-e-type=\"widget\" data-widget_type=\"theme-post-excerpt.default\">\n\t\t\t\t\tArtyku\u0142 w j\u0119zyku polskim opublikowany w suplemencie czasopisma Przegl\u0105d Epidemiologiczny\t\t\t\t<\/div>\n\t\t\t\t<div class=\"elementor-element elementor-element-fe5308e elementor-align-justify elementor-widget elementor-widget-button\" data-id=\"fe5308e\" data-element_type=\"widget\" data-e-type=\"widget\" data-widget_type=\"button.default\">\n\t\t\t\t\t\t\t\t\t\t<a class=\"elementor-button elementor-button-link elementor-size-sm\" href=\"https:\/\/pawel.stefanoff.pl\/work\/pl\/articles\/article-2008-tbe-ecologic-pl\/\">\n\t\t\t\t\t\t<span class=\"elementor-button-content-wrapper\">\n\t\t\t\t\t\t\t\t\t<span class=\"elementor-button-text\">Ver m\u00e1s<\/span>\n\t\t\t\t\t<\/span>\n\t\t\t\t\t<\/a>\n\t\t\t\t\t\t\t\t<\/div>\n\t\t\t\t\t<\/div>\n\t\t\t\t<\/div>\n\t\t\t\t<\/div>\n\t\t<style id=\"loop-dynamic-4715\">.e-loop-item-4418 .elementor-element.elementor-element-6e55af1:not(.elementor-motion-effects-element-type-background), .e-loop-item-4418 .elementor-element.elementor-element-6e55af1 > .elementor-motion-effects-container > .elementor-motion-effects-layer{background-image:url(\"https:\/\/pawel.stefanoff.pl\/work\/wp-content\/uploads\/2026\/01\/11062b_6856f2dda2bb4b679834f24c8a8f72famv2.avif\");}<\/style>\t\t<div data-elementor-type=\"loop-item\" data-elementor-id=\"4715\" class=\"elementor elementor-4715 e-loop-item e-loop-item-4418 post-4418 publikacje type-publikacje status-publish has-post-thumbnail hentry\" data-elementor-post-type=\"elementor_library\" data-custom-edit-handle=\"1\">\n\t\t\t<div class=\"elementor-element elementor-element-6e55af1 e-flex e-con-boxed e-con e-parent\" data-id=\"6e55af1\" data-element_type=\"container\" data-e-type=\"container\" data-settings=\"{&quot;background_background&quot;:&quot;classic&quot;}\">\n\t\t\t\t\t<div class=\"e-con-inner\">\n\t\t\t\t<div class=\"elementor-element elementor-element-1ff8dc0 elementor-widget elementor-widget-theme-post-title elementor-page-title elementor-widget-heading\" data-id=\"1ff8dc0\" data-element_type=\"widget\" data-e-type=\"widget\" data-widget_type=\"theme-post-title.default\">\n\t\t\t\t\t<h1 class=\"elementor-heading-title elementor-size-default\">Eficacia de la vacunaci\u00f3n de los contactos dom\u00e9sticos adem\u00e1s de la quimioprofilaxis despu\u00e9s de un caso de enfermedad meningoc\u00f3cica: una revisi\u00f3n sistem\u00e1tica<\/h1>\t\t\t\t<\/div>\n\t\t\t\t<div class=\"elementor-element elementor-element-34d9c11 elementor-widget elementor-widget-theme-post-excerpt\" data-id=\"34d9c11\" data-element_type=\"widget\" data-e-type=\"widget\" data-widget_type=\"theme-post-excerpt.default\">\n\t\t\t\t\tArt\u00edculo en ingl\u00e9s publicado en la revista Epidemiology &amp; Infection\t\t\t\t<\/div>\n\t\t\t\t<div class=\"elementor-element elementor-element-fe5308e elementor-align-justify elementor-widget elementor-widget-button\" data-id=\"fe5308e\" data-element_type=\"widget\" data-e-type=\"widget\" data-widget_type=\"button.default\">\n\t\t\t\t\t\t\t\t\t\t<a class=\"elementor-button elementor-button-link elementor-size-sm\" href=\"https:\/\/pawel.stefanoff.pl\/work\/es\/articles\/article-2008-imd-systrev-es\/\">\n\t\t\t\t\t\t<span class=\"elementor-button-content-wrapper\">\n\t\t\t\t\t\t\t\t\t<span class=\"elementor-button-text\">Ver m\u00e1s<\/span>\n\t\t\t\t\t<\/span>\n\t\t\t\t\t<\/a>\n\t\t\t\t\t\t\t\t<\/div>\n\t\t\t\t\t<\/div>\n\t\t\t\t<\/div>\n\t\t\t\t<\/div>\n\t\t<style id=\"loop-dynamic-4715\">.e-loop-item-1286 .elementor-element.elementor-element-6e55af1:not(.elementor-motion-effects-element-type-background), .e-loop-item-1286 .elementor-element.elementor-element-6e55af1 > .elementor-motion-effects-container > .elementor-motion-effects-layer{background-image:url(\"https:\/\/pawel.stefanoff.pl\/work\/wp-content\/uploads\/2026\/01\/11062b_6856f2dda2bb4b679834f24c8a8f72famv2.avif\");}<\/style>\t\t<div data-elementor-type=\"loop-item\" data-elementor-id=\"4715\" class=\"elementor elementor-4715 e-loop-item e-loop-item-1286 post-1286 publikacje type-publikacje status-publish has-post-thumbnail hentry\" data-elementor-post-type=\"elementor_library\" data-custom-edit-handle=\"1\">\n\t\t\t<div class=\"elementor-element elementor-element-6e55af1 e-flex e-con-boxed e-con e-parent\" data-id=\"6e55af1\" data-element_type=\"container\" data-e-type=\"container\" data-settings=\"{&quot;background_background&quot;:&quot;classic&quot;}\">\n\t\t\t\t\t<div class=\"e-con-inner\">\n\t\t\t\t<div class=\"elementor-element elementor-element-1ff8dc0 elementor-widget elementor-widget-theme-post-title elementor-page-title elementor-widget-heading\" data-id=\"1ff8dc0\" data-element_type=\"widget\" data-e-type=\"widget\" data-widget_type=\"theme-post-title.default\">\n\t\t\t\t\t<h1 class=\"elementor-heading-title elementor-size-default\">Effectiveness of vaccinating household contacts in addition to chemoprophylaxis after a case of meningococcal disease: a systematic review<\/h1>\t\t\t\t<\/div>\n\t\t\t\t<div class=\"elementor-element elementor-element-34d9c11 elementor-widget elementor-widget-theme-post-excerpt\" data-id=\"34d9c11\" data-element_type=\"widget\" data-e-type=\"widget\" data-widget_type=\"theme-post-excerpt.default\">\n\t\t\t\t\tArticle in English published in the journal Epidemiology &amp; Infection\t\t\t\t<\/div>\n\t\t\t\t<div class=\"elementor-element elementor-element-fe5308e elementor-align-justify elementor-widget elementor-widget-button\" data-id=\"fe5308e\" data-element_type=\"widget\" data-e-type=\"widget\" data-widget_type=\"button.default\">\n\t\t\t\t\t\t\t\t\t\t<a class=\"elementor-button elementor-button-link elementor-size-sm\" href=\"https:\/\/pawel.stefanoff.pl\/work\/articles\/article-2008-imd-systrev-en\/\">\n\t\t\t\t\t\t<span class=\"elementor-button-content-wrapper\">\n\t\t\t\t\t\t\t\t\t<span class=\"elementor-button-text\">Ver m\u00e1s<\/span>\n\t\t\t\t\t<\/span>\n\t\t\t\t\t<\/a>\n\t\t\t\t\t\t\t\t<\/div>\n\t\t\t\t\t<\/div>\n\t\t\t\t<\/div>\n\t\t\t\t<\/div>\n\t\t<style id=\"loop-dynamic-4715\">.e-loop-item-1282 .elementor-element.elementor-element-6e55af1:not(.elementor-motion-effects-element-type-background), .e-loop-item-1282 .elementor-element.elementor-element-6e55af1 > .elementor-motion-effects-container > .elementor-motion-effects-layer{background-image:url(\"https:\/\/pawel.stefanoff.pl\/work\/wp-content\/uploads\/2026\/01\/11062b_6856f2dda2bb4b679834f24c8a8f72famv2.avif\");}<\/style>\t\t<div data-elementor-type=\"loop-item\" data-elementor-id=\"4715\" class=\"elementor elementor-4715 e-loop-item e-loop-item-1282 post-1282 publikacje type-publikacje status-publish has-post-thumbnail hentry\" data-elementor-post-type=\"elementor_library\" data-custom-edit-handle=\"1\">\n\t\t\t<div class=\"elementor-element elementor-element-6e55af1 e-flex e-con-boxed e-con e-parent\" data-id=\"6e55af1\" data-element_type=\"container\" data-e-type=\"container\" data-settings=\"{&quot;background_background&quot;:&quot;classic&quot;}\">\n\t\t\t\t\t<div class=\"e-con-inner\">\n\t\t\t\t<div class=\"elementor-element elementor-element-1ff8dc0 elementor-widget elementor-widget-theme-post-title elementor-page-title elementor-widget-heading\" data-id=\"1ff8dc0\" data-element_type=\"widget\" data-e-type=\"widget\" data-widget_type=\"theme-post-title.default\">\n\t\t\t\t\t<h1 class=\"elementor-heading-title elementor-size-default\">Skuteczno\u015b\u0107 szczepienia os\u00f3b z kontakt\u00f3w domowych w po\u0142\u0105czeniu z chemioprofilaktyk\u0105 po zaka\u017ceniu meningokokowym: przegl\u0105d systematyczny<\/h1>\t\t\t\t<\/div>\n\t\t\t\t<div class=\"elementor-element elementor-element-34d9c11 elementor-widget elementor-widget-theme-post-excerpt\" data-id=\"34d9c11\" data-element_type=\"widget\" data-e-type=\"widget\" data-widget_type=\"theme-post-excerpt.default\">\n\t\t\t\t\tArtyku\u0142 w j\u0119zyku angielskim opublikowany w czasopi\u015bmie Epidemiology &amp; Infection\t\t\t\t<\/div>\n\t\t\t\t<div class=\"elementor-element elementor-element-fe5308e elementor-align-justify elementor-widget elementor-widget-button\" data-id=\"fe5308e\" data-element_type=\"widget\" data-e-type=\"widget\" data-widget_type=\"button.default\">\n\t\t\t\t\t\t\t\t\t\t<a class=\"elementor-button elementor-button-link elementor-size-sm\" href=\"https:\/\/pawel.stefanoff.pl\/work\/pl\/articles\/article-2008-imd-systrev-pl\/\">\n\t\t\t\t\t\t<span class=\"elementor-button-content-wrapper\">\n\t\t\t\t\t\t\t\t\t<span class=\"elementor-button-text\">Ver m\u00e1s<\/span>\n\t\t\t\t\t<\/span>\n\t\t\t\t\t<\/a>\n\t\t\t\t\t\t\t\t<\/div>\n\t\t\t\t\t<\/div>\n\t\t\t\t<\/div>\n\t\t\t\t<\/div>\n\t\t<style id=\"loop-dynamic-4715\">.e-loop-item-4420 .elementor-element.elementor-element-6e55af1:not(.elementor-motion-effects-element-type-background), .e-loop-item-4420 .elementor-element.elementor-element-6e55af1 > .elementor-motion-effects-container > .elementor-motion-effects-layer{background-image:url(\"https:\/\/pawel.stefanoff.pl\/work\/wp-content\/uploads\/2026\/01\/11062b_6856f2dda2bb4b679834f24c8a8f72famv2.avif\");}<\/style>\t\t<div data-elementor-type=\"loop-item\" data-elementor-id=\"4715\" class=\"elementor elementor-4715 e-loop-item e-loop-item-4420 post-4420 publikacje type-publikacje status-publish has-post-thumbnail hentry\" data-elementor-post-type=\"elementor_library\" data-custom-edit-handle=\"1\">\n\t\t\t<div class=\"elementor-element elementor-element-6e55af1 e-flex e-con-boxed e-con e-parent\" data-id=\"6e55af1\" data-element_type=\"container\" data-e-type=\"container\" data-settings=\"{&quot;background_background&quot;:&quot;classic&quot;}\">\n\t\t\t\t\t<div class=\"e-con-inner\">\n\t\t\t\t<div class=\"elementor-element elementor-element-1ff8dc0 elementor-widget elementor-widget-theme-post-title elementor-page-title elementor-widget-heading\" data-id=\"1ff8dc0\" data-element_type=\"widget\" data-e-type=\"widget\" data-widget_type=\"theme-post-title.default\">\n\t\t\t\t\t<h1 class=\"elementor-heading-title elementor-size-default\">Encuesta sobre pol\u00edticas sanitarias europeas para la gesti\u00f3n de contactos de casos de enfermedad meningoc\u00f3cica invasiva<\/h1>\t\t\t\t<\/div>\n\t\t\t\t<div class=\"elementor-element elementor-element-34d9c11 elementor-widget elementor-widget-theme-post-excerpt\" data-id=\"34d9c11\" data-element_type=\"widget\" data-e-type=\"widget\" data-widget_type=\"theme-post-excerpt.default\">\n\t\t\t\t\tArt\u00edculo en ingl\u00e9s publicado en la revista Eurosurveillance\t\t\t\t<\/div>\n\t\t\t\t<div class=\"elementor-element elementor-element-fe5308e elementor-align-justify elementor-widget elementor-widget-button\" data-id=\"fe5308e\" data-element_type=\"widget\" data-e-type=\"widget\" data-widget_type=\"button.default\">\n\t\t\t\t\t\t\t\t\t\t<a class=\"elementor-button elementor-button-link elementor-size-sm\" href=\"https:\/\/pawel.stefanoff.pl\/work\/es\/articles\/article-2008-imd-policies-es\/\">\n\t\t\t\t\t\t<span class=\"elementor-button-content-wrapper\">\n\t\t\t\t\t\t\t\t\t<span class=\"elementor-button-text\">Ver m\u00e1s<\/span>\n\t\t\t\t\t<\/span>\n\t\t\t\t\t<\/a>\n\t\t\t\t\t\t\t\t<\/div>\n\t\t\t\t\t<\/div>\n\t\t\t\t<\/div>\n\t\t\t\t<\/div>\n\t\t<style id=\"loop-dynamic-4715\">.e-loop-item-1281 .elementor-element.elementor-element-6e55af1:not(.elementor-motion-effects-element-type-background), .e-loop-item-1281 .elementor-element.elementor-element-6e55af1 > .elementor-motion-effects-container > .elementor-motion-effects-layer{background-image:url(\"https:\/\/pawel.stefanoff.pl\/work\/wp-content\/uploads\/2026\/01\/11062b_6856f2dda2bb4b679834f24c8a8f72famv2.avif\");}<\/style>\t\t<div data-elementor-type=\"loop-item\" data-elementor-id=\"4715\" class=\"elementor elementor-4715 e-loop-item e-loop-item-1281 post-1281 publikacje type-publikacje status-publish has-post-thumbnail hentry\" data-elementor-post-type=\"elementor_library\" data-custom-edit-handle=\"1\">\n\t\t\t<div class=\"elementor-element elementor-element-6e55af1 e-flex e-con-boxed e-con e-parent\" data-id=\"6e55af1\" data-element_type=\"container\" data-e-type=\"container\" data-settings=\"{&quot;background_background&quot;:&quot;classic&quot;}\">\n\t\t\t\t\t<div class=\"e-con-inner\">\n\t\t\t\t<div class=\"elementor-element elementor-element-1ff8dc0 elementor-widget elementor-widget-theme-post-title elementor-page-title elementor-widget-heading\" data-id=\"1ff8dc0\" data-element_type=\"widget\" data-e-type=\"widget\" data-widget_type=\"theme-post-title.default\">\n\t\t\t\t\t<h1 class=\"elementor-heading-title elementor-size-default\">A European survey on public health policies for managing cases of meningococcal disease and their contacts<\/h1>\t\t\t\t<\/div>\n\t\t\t\t<div class=\"elementor-element elementor-element-34d9c11 elementor-widget elementor-widget-theme-post-excerpt\" data-id=\"34d9c11\" data-element_type=\"widget\" data-e-type=\"widget\" data-widget_type=\"theme-post-excerpt.default\">\n\t\t\t\t\tArticle in English published in the journal Eurosurveillance\t\t\t\t<\/div>\n\t\t\t\t<div class=\"elementor-element elementor-element-fe5308e elementor-align-justify elementor-widget elementor-widget-button\" data-id=\"fe5308e\" data-element_type=\"widget\" data-e-type=\"widget\" data-widget_type=\"button.default\">\n\t\t\t\t\t\t\t\t\t\t<a class=\"elementor-button elementor-button-link elementor-size-sm\" href=\"https:\/\/pawel.stefanoff.pl\/work\/articles\/article-2008-imd-policies-en\/\">\n\t\t\t\t\t\t<span class=\"elementor-button-content-wrapper\">\n\t\t\t\t\t\t\t\t\t<span class=\"elementor-button-text\">Ver m\u00e1s<\/span>\n\t\t\t\t\t<\/span>\n\t\t\t\t\t<\/a>\n\t\t\t\t\t\t\t\t<\/div>\n\t\t\t\t\t<\/div>\n\t\t\t\t<\/div>\n\t\t\t\t<\/div>\n\t\t<style id=\"loop-dynamic-4715\">.e-loop-item-1279 .elementor-element.elementor-element-6e55af1:not(.elementor-motion-effects-element-type-background), .e-loop-item-1279 .elementor-element.elementor-element-6e55af1 > .elementor-motion-effects-container > .elementor-motion-effects-layer{background-image:url(\"https:\/\/pawel.stefanoff.pl\/work\/wp-content\/uploads\/2026\/01\/11062b_6856f2dda2bb4b679834f24c8a8f72famv2.avif\");}<\/style>\t\t<div data-elementor-type=\"loop-item\" data-elementor-id=\"4715\" class=\"elementor elementor-4715 e-loop-item e-loop-item-1279 post-1279 publikacje type-publikacje status-publish has-post-thumbnail hentry\" data-elementor-post-type=\"elementor_library\" data-custom-edit-handle=\"1\">\n\t\t\t<div class=\"elementor-element elementor-element-6e55af1 e-flex e-con-boxed e-con e-parent\" data-id=\"6e55af1\" data-element_type=\"container\" data-e-type=\"container\" data-settings=\"{&quot;background_background&quot;:&quot;classic&quot;}\">\n\t\t\t\t\t<div class=\"e-con-inner\">\n\t\t\t\t<div class=\"elementor-element elementor-element-1ff8dc0 elementor-widget elementor-widget-theme-post-title elementor-page-title elementor-widget-heading\" data-id=\"1ff8dc0\" data-element_type=\"widget\" data-e-type=\"widget\" data-widget_type=\"theme-post-title.default\">\n\t\t\t\t\t<h1 class=\"elementor-heading-title elementor-size-default\">Przegl\u0105d zalece\u0144 zdrowia publicznego w krajach UE w zakresie post\u0119powania z zachorowaniami na chorob\u0119 meningokokow\u0105 i osobami z bliskiego kontaktu<\/h1>\t\t\t\t<\/div>\n\t\t\t\t<div class=\"elementor-element elementor-element-34d9c11 elementor-widget elementor-widget-theme-post-excerpt\" data-id=\"34d9c11\" data-element_type=\"widget\" data-e-type=\"widget\" data-widget_type=\"theme-post-excerpt.default\">\n\t\t\t\t\tArtyku\u0142 w j\u0119zyku angielskim opublikowany w czasopi\u015bmie Eurosurveillance\t\t\t\t<\/div>\n\t\t\t\t<div class=\"elementor-element elementor-element-fe5308e elementor-align-justify elementor-widget elementor-widget-button\" data-id=\"fe5308e\" data-element_type=\"widget\" data-e-type=\"widget\" data-widget_type=\"button.default\">\n\t\t\t\t\t\t\t\t\t\t<a class=\"elementor-button elementor-button-link elementor-size-sm\" href=\"https:\/\/pawel.stefanoff.pl\/work\/pl\/articles\/article-2008-imd-policies-pl\/\">\n\t\t\t\t\t\t<span class=\"elementor-button-content-wrapper\">\n\t\t\t\t\t\t\t\t\t<span class=\"elementor-button-text\">Ver m\u00e1s<\/span>\n\t\t\t\t\t<\/span>\n\t\t\t\t\t<\/a>\n\t\t\t\t\t\t\t\t<\/div>\n\t\t\t\t\t<\/div>\n\t\t\t\t<\/div>\n\t\t\t\t<\/div>\n\t\t<style id=\"loop-dynamic-4715\">.e-loop-item-4422 .elementor-element.elementor-element-6e55af1:not(.elementor-motion-effects-element-type-background), .e-loop-item-4422 .elementor-element.elementor-element-6e55af1 > .elementor-motion-effects-container > .elementor-motion-effects-layer{background-image:url(\"https:\/\/pawel.stefanoff.pl\/work\/wp-content\/uploads\/2026\/01\/11062b_6856f2dda2bb4b679834f24c8a8f72famv2.avif\");}<\/style>\t\t<div data-elementor-type=\"loop-item\" data-elementor-id=\"4715\" class=\"elementor elementor-4715 e-loop-item e-loop-item-4422 post-4422 publikacje type-publikacje status-publish has-post-thumbnail hentry\" data-elementor-post-type=\"elementor_library\" data-custom-edit-handle=\"1\">\n\t\t\t<div class=\"elementor-element elementor-element-6e55af1 e-flex e-con-boxed e-con e-parent\" data-id=\"6e55af1\" data-element_type=\"container\" data-e-type=\"container\" data-settings=\"{&quot;background_background&quot;:&quot;classic&quot;}\">\n\t\t\t\t\t<div class=\"e-con-inner\">\n\t\t\t\t<div class=\"elementor-element elementor-element-1ff8dc0 elementor-widget elementor-widget-theme-post-title elementor-page-title elementor-widget-heading\" data-id=\"1ff8dc0\" data-element_type=\"widget\" data-e-type=\"widget\" data-widget_type=\"theme-post-title.default\">\n\t\t\t\t\t<h1 class=\"elementor-heading-title elementor-size-default\">Detecci\u00f3n de brotes intrafamiliares de enfermedad meningoc\u00f3cica y su profilaxis en la cambiante situaci\u00f3n epidemiol\u00f3gica de la enfermedad meningoc\u00f3cica invasiva en Polonia, 2003-2006.<\/h1>\t\t\t\t<\/div>\n\t\t\t\t<div class=\"elementor-element elementor-element-34d9c11 elementor-widget elementor-widget-theme-post-excerpt\" data-id=\"34d9c11\" data-element_type=\"widget\" data-e-type=\"widget\" data-widget_type=\"theme-post-excerpt.default\">\n\t\t\t\t\tArt\u00edculo en ingl\u00e9s publicado en la revista Eurosurveillance\t\t\t\t<\/div>\n\t\t\t\t<div class=\"elementor-element elementor-element-fe5308e elementor-align-justify elementor-widget elementor-widget-button\" data-id=\"fe5308e\" data-element_type=\"widget\" data-e-type=\"widget\" data-widget_type=\"button.default\">\n\t\t\t\t\t\t\t\t\t\t<a class=\"elementor-button elementor-button-link elementor-size-sm\" href=\"https:\/\/pawel.stefanoff.pl\/work\/es\/articles\/article-2008-meningo-clusters-es\/\">\n\t\t\t\t\t\t<span class=\"elementor-button-content-wrapper\">\n\t\t\t\t\t\t\t\t\t<span class=\"elementor-button-text\">Ver m\u00e1s<\/span>\n\t\t\t\t\t<\/span>\n\t\t\t\t\t<\/a>\n\t\t\t\t\t\t\t\t<\/div>\n\t\t\t\t\t<\/div>\n\t\t\t\t<\/div>\n\t\t\t\t<\/div>\n\t\t<style id=\"loop-dynamic-4715\">.e-loop-item-1293 .elementor-element.elementor-element-6e55af1:not(.elementor-motion-effects-element-type-background), .e-loop-item-1293 .elementor-element.elementor-element-6e55af1 > .elementor-motion-effects-container > .elementor-motion-effects-layer{background-image:url(\"https:\/\/pawel.stefanoff.pl\/work\/wp-content\/uploads\/2026\/01\/11062b_6856f2dda2bb4b679834f24c8a8f72famv2.avif\");}<\/style>\t\t<div data-elementor-type=\"loop-item\" data-elementor-id=\"4715\" class=\"elementor elementor-4715 e-loop-item e-loop-item-1293 post-1293 publikacje type-publikacje status-publish has-post-thumbnail hentry\" data-elementor-post-type=\"elementor_library\" data-custom-edit-handle=\"1\">\n\t\t\t<div class=\"elementor-element elementor-element-6e55af1 e-flex e-con-boxed e-con e-parent\" data-id=\"6e55af1\" data-element_type=\"container\" data-e-type=\"container\" data-settings=\"{&quot;background_background&quot;:&quot;classic&quot;}\">\n\t\t\t\t\t<div class=\"e-con-inner\">\n\t\t\t\t<div class=\"elementor-element elementor-element-1ff8dc0 elementor-widget elementor-widget-theme-post-title elementor-page-title elementor-widget-heading\" data-id=\"1ff8dc0\" data-element_type=\"widget\" data-e-type=\"widget\" data-widget_type=\"theme-post-title.default\">\n\t\t\t\t\t<h1 class=\"elementor-heading-title elementor-size-default\">The detection of meningococcal household clusters and their prophylaxis in the changing epidemiological situation of invasive meningococcal disease in Poland, 2003-2006<\/h1>\t\t\t\t<\/div>\n\t\t\t\t<div class=\"elementor-element elementor-element-34d9c11 elementor-widget elementor-widget-theme-post-excerpt\" data-id=\"34d9c11\" data-element_type=\"widget\" data-e-type=\"widget\" data-widget_type=\"theme-post-excerpt.default\">\n\t\t\t\t\tArticle in English published in the journal Eurosurveillance\t\t\t\t<\/div>\n\t\t\t\t<div class=\"elementor-element elementor-element-fe5308e elementor-align-justify elementor-widget elementor-widget-button\" data-id=\"fe5308e\" data-element_type=\"widget\" data-e-type=\"widget\" data-widget_type=\"button.default\">\n\t\t\t\t\t\t\t\t\t\t<a class=\"elementor-button elementor-button-link elementor-size-sm\" href=\"https:\/\/pawel.stefanoff.pl\/work\/articles\/article-2008-meningo-clusters-en\/\">\n\t\t\t\t\t\t<span class=\"elementor-button-content-wrapper\">\n\t\t\t\t\t\t\t\t\t<span class=\"elementor-button-text\">Ver m\u00e1s<\/span>\n\t\t\t\t\t<\/span>\n\t\t\t\t\t<\/a>\n\t\t\t\t\t\t\t\t<\/div>\n\t\t\t\t\t<\/div>\n\t\t\t\t<\/div>\n\t\t\t\t<\/div>\n\t\t<style id=\"loop-dynamic-4715\">.e-loop-item-1288 .elementor-element.elementor-element-6e55af1:not(.elementor-motion-effects-element-type-background), .e-loop-item-1288 .elementor-element.elementor-element-6e55af1 > .elementor-motion-effects-container > .elementor-motion-effects-layer{background-image:url(\"https:\/\/pawel.stefanoff.pl\/work\/wp-content\/uploads\/2026\/01\/11062b_6856f2dda2bb4b679834f24c8a8f72famv2.avif\");}<\/style>\t\t<div data-elementor-type=\"loop-item\" data-elementor-id=\"4715\" class=\"elementor elementor-4715 e-loop-item e-loop-item-1288 post-1288 publikacje type-publikacje status-publish has-post-thumbnail hentry\" data-elementor-post-type=\"elementor_library\" data-custom-edit-handle=\"1\">\n\t\t\t<div class=\"elementor-element elementor-element-6e55af1 e-flex e-con-boxed e-con e-parent\" data-id=\"6e55af1\" data-element_type=\"container\" data-e-type=\"container\" data-settings=\"{&quot;background_background&quot;:&quot;classic&quot;}\">\n\t\t\t\t\t<div class=\"e-con-inner\">\n\t\t\t\t<div class=\"elementor-element elementor-element-1ff8dc0 elementor-widget elementor-widget-theme-post-title elementor-page-title elementor-widget-heading\" data-id=\"1ff8dc0\" data-element_type=\"widget\" data-e-type=\"widget\" data-widget_type=\"theme-post-title.default\">\n\t\t\t\t\t<h1 class=\"elementor-heading-title elementor-size-default\">Wykrywanie wewn\u0105trzdomowych ognisk zaka\u017ce\u0144 meningokokowych i ich profilaktyka w zmieniaj\u0105cej si\u0119 sytuacji epidemiologicznej inwazyjnej choroby meningokokowej w Polsce w latach 2003-2006<\/h1>\t\t\t\t<\/div>\n\t\t\t\t<div class=\"elementor-element elementor-element-34d9c11 elementor-widget elementor-widget-theme-post-excerpt\" data-id=\"34d9c11\" data-element_type=\"widget\" data-e-type=\"widget\" data-widget_type=\"theme-post-excerpt.default\">\n\t\t\t\t\tArtyku\u0142 w j\u0119zyku angielskim opublikowany w czasopi\u015bmie Eurosurveillance\t\t\t\t<\/div>\n\t\t\t\t<div class=\"elementor-element elementor-element-fe5308e elementor-align-justify elementor-widget elementor-widget-button\" data-id=\"fe5308e\" data-element_type=\"widget\" data-e-type=\"widget\" data-widget_type=\"button.default\">\n\t\t\t\t\t\t\t\t\t\t<a class=\"elementor-button elementor-button-link elementor-size-sm\" href=\"https:\/\/pawel.stefanoff.pl\/work\/pl\/articles\/article-2008-meningo-clusters-pl\/\">\n\t\t\t\t\t\t<span class=\"elementor-button-content-wrapper\">\n\t\t\t\t\t\t\t\t\t<span class=\"elementor-button-text\">Ver m\u00e1s<\/span>\n\t\t\t\t\t<\/span>\n\t\t\t\t\t<\/a>\n\t\t\t\t\t\t\t\t<\/div>\n\t\t\t\t\t<\/div>\n\t\t\t\t<\/div>\n\t\t\t\t<\/div>\n\t\t<style id=\"loop-dynamic-4715\">.e-loop-item-4424 .elementor-element.elementor-element-6e55af1:not(.elementor-motion-effects-element-type-background), .e-loop-item-4424 .elementor-element.elementor-element-6e55af1 > .elementor-motion-effects-container > .elementor-motion-effects-layer{background-image:url(\"https:\/\/pawel.stefanoff.pl\/work\/wp-content\/uploads\/2026\/01\/11062b_6856f2dda2bb4b679834f24c8a8f72famv2.avif\");}<\/style>\t\t<div data-elementor-type=\"loop-item\" data-elementor-id=\"4715\" class=\"elementor elementor-4715 e-loop-item e-loop-item-4424 post-4424 publikacje type-publikacje status-publish has-post-thumbnail hentry\" data-elementor-post-type=\"elementor_library\" data-custom-edit-handle=\"1\">\n\t\t\t<div class=\"elementor-element elementor-element-6e55af1 e-flex e-con-boxed e-con e-parent\" data-id=\"6e55af1\" data-element_type=\"container\" data-e-type=\"container\" data-settings=\"{&quot;background_background&quot;:&quot;classic&quot;}\">\n\t\t\t\t\t<div class=\"e-con-inner\">\n\t\t\t\t<div class=\"elementor-element elementor-element-1ff8dc0 elementor-widget elementor-widget-theme-post-title elementor-page-title elementor-widget-heading\" data-id=\"1ff8dc0\" data-element_type=\"widget\" data-e-type=\"widget\" data-widget_type=\"theme-post-title.default\">\n\t\t\t\t\t<h1 class=\"elementor-heading-title elementor-size-default\">Epidemiolog\u00eda de la meningitis meningoc\u00f3cica y cambios en el sistema de vigilancia en Polonia, 1970-2006<\/h1>\t\t\t\t<\/div>\n\t\t\t\t<div class=\"elementor-element elementor-element-34d9c11 elementor-widget elementor-widget-theme-post-excerpt\" data-id=\"34d9c11\" data-element_type=\"widget\" data-e-type=\"widget\" data-widget_type=\"theme-post-excerpt.default\">\n\t\t\t\t\tArt\u00edculo en ingl\u00e9s publicado en la revista Eurosurveillance\t\t\t\t<\/div>\n\t\t\t\t<div class=\"elementor-element elementor-element-fe5308e elementor-align-justify elementor-widget elementor-widget-button\" data-id=\"fe5308e\" data-element_type=\"widget\" data-e-type=\"widget\" data-widget_type=\"button.default\">\n\t\t\t\t\t\t\t\t\t\t<a class=\"elementor-button elementor-button-link elementor-size-sm\" href=\"https:\/\/pawel.stefanoff.pl\/work\/es\/articles\/article-2007-meningo-es\/\">\n\t\t\t\t\t\t<span class=\"elementor-button-content-wrapper\">\n\t\t\t\t\t\t\t\t\t<span class=\"elementor-button-text\">Ver m\u00e1s<\/span>\n\t\t\t\t\t<\/span>\n\t\t\t\t\t<\/a>\n\t\t\t\t\t\t\t\t<\/div>\n\t\t\t\t\t<\/div>\n\t\t\t\t<\/div>\n\t\t\t\t<\/div>\n\t\t<style id=\"loop-dynamic-4715\">.e-loop-item-1315 .elementor-element.elementor-element-6e55af1:not(.elementor-motion-effects-element-type-background), .e-loop-item-1315 .elementor-element.elementor-element-6e55af1 > .elementor-motion-effects-container > .elementor-motion-effects-layer{background-image:url(\"https:\/\/pawel.stefanoff.pl\/work\/wp-content\/uploads\/2026\/01\/11062b_6856f2dda2bb4b679834f24c8a8f72famv2.avif\");}<\/style>\t\t<div data-elementor-type=\"loop-item\" data-elementor-id=\"4715\" class=\"elementor elementor-4715 e-loop-item e-loop-item-1315 post-1315 publikacje type-publikacje status-publish has-post-thumbnail hentry\" data-elementor-post-type=\"elementor_library\" data-custom-edit-handle=\"1\">\n\t\t\t<div class=\"elementor-element elementor-element-6e55af1 e-flex e-con-boxed e-con e-parent\" data-id=\"6e55af1\" data-element_type=\"container\" data-e-type=\"container\" data-settings=\"{&quot;background_background&quot;:&quot;classic&quot;}\">\n\t\t\t\t\t<div class=\"e-con-inner\">\n\t\t\t\t<div class=\"elementor-element elementor-element-1ff8dc0 elementor-widget elementor-widget-theme-post-title elementor-page-title elementor-widget-heading\" data-id=\"1ff8dc0\" data-element_type=\"widget\" data-e-type=\"widget\" data-widget_type=\"theme-post-title.default\">\n\t\t\t\t\t<h1 class=\"elementor-heading-title elementor-size-default\">Epidemiology of meningococcal meningitis and changes in the surveillance system in Poland, 1970-2006<\/h1>\t\t\t\t<\/div>\n\t\t\t\t<div class=\"elementor-element elementor-element-34d9c11 elementor-widget elementor-widget-theme-post-excerpt\" data-id=\"34d9c11\" data-element_type=\"widget\" data-e-type=\"widget\" data-widget_type=\"theme-post-excerpt.default\">\n\t\t\t\t\tArticle in English published in the journal Eurosurveillance\t\t\t\t<\/div>\n\t\t\t\t<div class=\"elementor-element elementor-element-fe5308e elementor-align-justify elementor-widget elementor-widget-button\" data-id=\"fe5308e\" data-element_type=\"widget\" data-e-type=\"widget\" data-widget_type=\"button.default\">\n\t\t\t\t\t\t\t\t\t\t<a class=\"elementor-button elementor-button-link elementor-size-sm\" href=\"https:\/\/pawel.stefanoff.pl\/work\/articles\/article-2007-meningo-en\/\">\n\t\t\t\t\t\t<span class=\"elementor-button-content-wrapper\">\n\t\t\t\t\t\t\t\t\t<span class=\"elementor-button-text\">Ver m\u00e1s<\/span>\n\t\t\t\t\t<\/span>\n\t\t\t\t\t<\/a>\n\t\t\t\t\t\t\t\t<\/div>\n\t\t\t\t\t<\/div>\n\t\t\t\t<\/div>\n\t\t\t\t<\/div>\n\t\t<style id=\"loop-dynamic-4715\">.e-loop-item-1311 .elementor-element.elementor-element-6e55af1:not(.elementor-motion-effects-element-type-background), .e-loop-item-1311 .elementor-element.elementor-element-6e55af1 > .elementor-motion-effects-container > .elementor-motion-effects-layer{background-image:url(\"https:\/\/pawel.stefanoff.pl\/work\/wp-content\/uploads\/2026\/01\/11062b_6856f2dda2bb4b679834f24c8a8f72famv2.avif\");}<\/style>\t\t<div data-elementor-type=\"loop-item\" data-elementor-id=\"4715\" class=\"elementor elementor-4715 e-loop-item e-loop-item-1311 post-1311 publikacje type-publikacje status-publish has-post-thumbnail hentry\" data-elementor-post-type=\"elementor_library\" data-custom-edit-handle=\"1\">\n\t\t\t<div class=\"elementor-element elementor-element-6e55af1 e-flex e-con-boxed e-con e-parent\" data-id=\"6e55af1\" data-element_type=\"container\" data-e-type=\"container\" data-settings=\"{&quot;background_background&quot;:&quot;classic&quot;}\">\n\t\t\t\t\t<div class=\"e-con-inner\">\n\t\t\t\t<div class=\"elementor-element elementor-element-1ff8dc0 elementor-widget elementor-widget-theme-post-title elementor-page-title elementor-widget-heading\" data-id=\"1ff8dc0\" data-element_type=\"widget\" data-e-type=\"widget\" data-widget_type=\"theme-post-title.default\">\n\t\t\t\t\t<h1 class=\"elementor-heading-title elementor-size-default\">Epidemiologia meningokokowego zapalenia opon m\u00f3zgowo-rdzeniowych i zmiany w systemie nadzoru w Polsce w latach 1970-2006<\/h1>\t\t\t\t<\/div>\n\t\t\t\t<div class=\"elementor-element elementor-element-34d9c11 elementor-widget elementor-widget-theme-post-excerpt\" data-id=\"34d9c11\" data-element_type=\"widget\" data-e-type=\"widget\" data-widget_type=\"theme-post-excerpt.default\">\n\t\t\t\t\tArtyku\u0142 w j\u0119zyku angielskim opublikowany w czasopi\u015bmie Eurosurveillance\t\t\t\t<\/div>\n\t\t\t\t<div class=\"elementor-element elementor-element-fe5308e elementor-align-justify elementor-widget elementor-widget-button\" data-id=\"fe5308e\" data-element_type=\"widget\" data-e-type=\"widget\" data-widget_type=\"button.default\">\n\t\t\t\t\t\t\t\t\t\t<a class=\"elementor-button elementor-button-link elementor-size-sm\" href=\"https:\/\/pawel.stefanoff.pl\/work\/pl\/articles\/epidemiology-of-meningococcal-meningitis-and-changes-in-the-surveillance-system-in-poland-1970-2006\/\">\n\t\t\t\t\t\t<span class=\"elementor-button-content-wrapper\">\n\t\t\t\t\t\t\t\t\t<span class=\"elementor-button-text\">Ver m\u00e1s<\/span>\n\t\t\t\t\t<\/span>\n\t\t\t\t\t<\/a>\n\t\t\t\t\t\t\t\t<\/div>\n\t\t\t\t\t<\/div>\n\t\t\t\t<\/div>\n\t\t\t\t<\/div>\n\t\t<style id=\"loop-dynamic-4715\">.e-loop-item-4425 .elementor-element.elementor-element-6e55af1:not(.elementor-motion-effects-element-type-background), .e-loop-item-4425 .elementor-element.elementor-element-6e55af1 > .elementor-motion-effects-container > .elementor-motion-effects-layer{background-image:url(\"https:\/\/pawel.stefanoff.pl\/work\/wp-content\/uploads\/2026\/01\/11062b_6856f2dda2bb4b679834f24c8a8f72famv2.avif\");}<\/style>\t\t<div data-elementor-type=\"loop-item\" data-elementor-id=\"4715\" class=\"elementor elementor-4715 e-loop-item e-loop-item-4425 post-4425 publikacje type-publikacje status-publish has-post-thumbnail hentry\" data-elementor-post-type=\"elementor_library\" data-custom-edit-handle=\"1\">\n\t\t\t<div class=\"elementor-element elementor-element-6e55af1 e-flex e-con-boxed e-con e-parent\" data-id=\"6e55af1\" data-element_type=\"container\" data-e-type=\"container\" data-settings=\"{&quot;background_background&quot;:&quot;classic&quot;}\">\n\t\t\t\t\t<div class=\"e-con-inner\">\n\t\t\t\t<div class=\"elementor-element elementor-element-1ff8dc0 elementor-widget elementor-widget-theme-post-title elementor-page-title elementor-widget-heading\" data-id=\"1ff8dc0\" data-element_type=\"widget\" data-e-type=\"widget\" data-widget_type=\"theme-post-title.default\">\n\t\t\t\t\t<h1 class=\"elementor-heading-title elementor-size-default\">El aumento inesperado de la incidencia de sarampi\u00f3n en Polonia en 2006 podr\u00eda estar relacionado con el brote en Ucrania<\/h1>\t\t\t\t<\/div>\n\t\t\t\t<div class=\"elementor-element elementor-element-34d9c11 elementor-widget elementor-widget-theme-post-excerpt\" data-id=\"34d9c11\" data-element_type=\"widget\" data-e-type=\"widget\" data-widget_type=\"theme-post-excerpt.default\">\n\t\t\t\t\tArt\u00edculo en ingl\u00e9s publicado en la revista Eurosurveillance\t\t\t\t<\/div>\n\t\t\t\t<div class=\"elementor-element elementor-element-fe5308e elementor-align-justify elementor-widget elementor-widget-button\" data-id=\"fe5308e\" data-element_type=\"widget\" data-e-type=\"widget\" data-widget_type=\"button.default\">\n\t\t\t\t\t\t\t\t\t\t<a class=\"elementor-button elementor-button-link elementor-size-sm\" href=\"https:\/\/pawel.stefanoff.pl\/work\/es\/articles\/article-2006-measles-es\/\">\n\t\t\t\t\t\t<span class=\"elementor-button-content-wrapper\">\n\t\t\t\t\t\t\t\t\t<span class=\"elementor-button-text\">Ver m\u00e1s<\/span>\n\t\t\t\t\t<\/span>\n\t\t\t\t\t<\/a>\n\t\t\t\t\t\t\t\t<\/div>\n\t\t\t\t\t<\/div>\n\t\t\t\t<\/div>\n\t\t\t\t<\/div>\n\t\t<style id=\"loop-dynamic-4715\">.e-loop-item-1319 .elementor-element.elementor-element-6e55af1:not(.elementor-motion-effects-element-type-background), .e-loop-item-1319 .elementor-element.elementor-element-6e55af1 > .elementor-motion-effects-container > .elementor-motion-effects-layer{background-image:url(\"https:\/\/pawel.stefanoff.pl\/work\/wp-content\/uploads\/2026\/01\/11062b_6856f2dda2bb4b679834f24c8a8f72famv2.avif\");}<\/style>\t\t<div data-elementor-type=\"loop-item\" data-elementor-id=\"4715\" class=\"elementor elementor-4715 e-loop-item e-loop-item-1319 post-1319 publikacje type-publikacje status-publish has-post-thumbnail hentry\" data-elementor-post-type=\"elementor_library\" data-custom-edit-handle=\"1\">\n\t\t\t<div class=\"elementor-element elementor-element-6e55af1 e-flex e-con-boxed e-con e-parent\" data-id=\"6e55af1\" data-element_type=\"container\" data-e-type=\"container\" data-settings=\"{&quot;background_background&quot;:&quot;classic&quot;}\">\n\t\t\t\t\t<div class=\"e-con-inner\">\n\t\t\t\t<div class=\"elementor-element elementor-element-1ff8dc0 elementor-widget elementor-widget-theme-post-title elementor-page-title elementor-widget-heading\" data-id=\"1ff8dc0\" data-element_type=\"widget\" data-e-type=\"widget\" data-widget_type=\"theme-post-title.default\">\n\t\t\t\t\t<h1 class=\"elementor-heading-title elementor-size-default\">Unexpected rise in measles incidence in Poland in 2006 may be related to Ukrainian outbreak<\/h1>\t\t\t\t<\/div>\n\t\t\t\t<div class=\"elementor-element elementor-element-34d9c11 elementor-widget elementor-widget-theme-post-excerpt\" data-id=\"34d9c11\" data-element_type=\"widget\" data-e-type=\"widget\" data-widget_type=\"theme-post-excerpt.default\">\n\t\t\t\t\tArticle in English published in the journal Eurosurveillance\t\t\t\t<\/div>\n\t\t\t\t<div class=\"elementor-element elementor-element-fe5308e elementor-align-justify elementor-widget elementor-widget-button\" data-id=\"fe5308e\" data-element_type=\"widget\" data-e-type=\"widget\" data-widget_type=\"button.default\">\n\t\t\t\t\t\t\t\t\t\t<a class=\"elementor-button elementor-button-link elementor-size-sm\" href=\"https:\/\/pawel.stefanoff.pl\/work\/articles\/article-2006-measles-en\/\">\n\t\t\t\t\t\t<span class=\"elementor-button-content-wrapper\">\n\t\t\t\t\t\t\t\t\t<span class=\"elementor-button-text\">Ver m\u00e1s<\/span>\n\t\t\t\t\t<\/span>\n\t\t\t\t\t<\/a>\n\t\t\t\t\t\t\t\t<\/div>\n\t\t\t\t\t<\/div>\n\t\t\t\t<\/div>\n\t\t\t\t<\/div>\n\t\t<style id=\"loop-dynamic-4715\">.e-loop-item-1316 .elementor-element.elementor-element-6e55af1:not(.elementor-motion-effects-element-type-background), .e-loop-item-1316 .elementor-element.elementor-element-6e55af1 > .elementor-motion-effects-container > .elementor-motion-effects-layer{background-image:url(\"https:\/\/pawel.stefanoff.pl\/work\/wp-content\/uploads\/2026\/01\/11062b_6856f2dda2bb4b679834f24c8a8f72famv2.avif\");}<\/style>\t\t<div data-elementor-type=\"loop-item\" data-elementor-id=\"4715\" class=\"elementor elementor-4715 e-loop-item e-loop-item-1316 post-1316 publikacje type-publikacje status-publish has-post-thumbnail hentry\" data-elementor-post-type=\"elementor_library\" data-custom-edit-handle=\"1\">\n\t\t\t<div class=\"elementor-element elementor-element-6e55af1 e-flex e-con-boxed e-con e-parent\" data-id=\"6e55af1\" data-element_type=\"container\" data-e-type=\"container\" data-settings=\"{&quot;background_background&quot;:&quot;classic&quot;}\">\n\t\t\t\t\t<div class=\"e-con-inner\">\n\t\t\t\t<div class=\"elementor-element elementor-element-1ff8dc0 elementor-widget elementor-widget-theme-post-title elementor-page-title elementor-widget-heading\" data-id=\"1ff8dc0\" data-element_type=\"widget\" data-e-type=\"widget\" data-widget_type=\"theme-post-title.default\">\n\t\t\t\t\t<h1 class=\"elementor-heading-title elementor-size-default\">Nieoczekiwany wzrost zachorowa\u0144 na odr\u0119 w Polsce w 2006 r. mo\u017ce mie\u0107 zwi\u0105zek z epidemi\u0105 na Ukrainie<\/h1>\t\t\t\t<\/div>\n\t\t\t\t<div class=\"elementor-element elementor-element-34d9c11 elementor-widget elementor-widget-theme-post-excerpt\" data-id=\"34d9c11\" data-element_type=\"widget\" data-e-type=\"widget\" data-widget_type=\"theme-post-excerpt.default\">\n\t\t\t\t\tArtyku\u0142 w j\u0119zyku angielskim opublikowany w czasopi\u015bmie Eurosurveillance\t\t\t\t<\/div>\n\t\t\t\t<div class=\"elementor-element elementor-element-fe5308e elementor-align-justify elementor-widget elementor-widget-button\" data-id=\"fe5308e\" data-element_type=\"widget\" data-e-type=\"widget\" data-widget_type=\"button.default\">\n\t\t\t\t\t\t\t\t\t\t<a class=\"elementor-button elementor-button-link elementor-size-sm\" href=\"https:\/\/pawel.stefanoff.pl\/work\/pl\/articles\/article-2006-measles-pl\/\">\n\t\t\t\t\t\t<span class=\"elementor-button-content-wrapper\">\n\t\t\t\t\t\t\t\t\t<span class=\"elementor-button-text\">Ver m\u00e1s<\/span>\n\t\t\t\t\t<\/span>\n\t\t\t\t\t<\/a>\n\t\t\t\t\t\t\t\t<\/div>\n\t\t\t\t\t<\/div>\n\t\t\t\t<\/div>\n\t\t\t\t<\/div>\n\t\t<style id=\"loop-dynamic-4715\">.e-loop-item-4427 .elementor-element.elementor-element-6e55af1:not(.elementor-motion-effects-element-type-background), .e-loop-item-4427 .elementor-element.elementor-element-6e55af1 > .elementor-motion-effects-container > .elementor-motion-effects-layer{background-image:url(\"https:\/\/pawel.stefanoff.pl\/work\/wp-content\/uploads\/2026\/01\/11062b_6856f2dda2bb4b679834f24c8a8f72famv2.avif\");}<\/style>\t\t<div data-elementor-type=\"loop-item\" data-elementor-id=\"4715\" class=\"elementor elementor-4715 e-loop-item e-loop-item-4427 post-4427 publikacje type-publikacje status-publish has-post-thumbnail hentry\" data-elementor-post-type=\"elementor_library\" data-custom-edit-handle=\"1\">\n\t\t\t<div class=\"elementor-element elementor-element-6e55af1 e-flex e-con-boxed e-con e-parent\" data-id=\"6e55af1\" data-element_type=\"container\" data-e-type=\"container\" data-settings=\"{&quot;background_background&quot;:&quot;classic&quot;}\">\n\t\t\t\t\t<div class=\"e-con-inner\">\n\t\t\t\t<div class=\"elementor-element elementor-element-1ff8dc0 elementor-widget elementor-widget-theme-post-title elementor-page-title elementor-widget-heading\" data-id=\"1ff8dc0\" data-element_type=\"widget\" data-e-type=\"widget\" data-widget_type=\"theme-post-title.default\">\n\t\t\t\t\t<h1 class=\"elementor-heading-title elementor-size-default\">Estudio de seroprevalencia del parvovirus B19 en Polonia<\/h1>\t\t\t\t<\/div>\n\t\t\t\t<div class=\"elementor-element elementor-element-34d9c11 elementor-widget elementor-widget-theme-post-excerpt\" data-id=\"34d9c11\" data-element_type=\"widget\" data-e-type=\"widget\" data-widget_type=\"theme-post-excerpt.default\">\n\t\t\t\t\tArt\u00edculo en polaco publicado en la revista Przegl\u0105d Epidemiologiczny [Revista Epidemiol\u00f3gica]\t\t\t\t<\/div>\n\t\t\t\t<div class=\"elementor-element elementor-element-fe5308e elementor-align-justify elementor-widget elementor-widget-button\" data-id=\"fe5308e\" data-element_type=\"widget\" data-e-type=\"widget\" data-widget_type=\"button.default\">\n\t\t\t\t\t\t\t\t\t\t<a class=\"elementor-button elementor-button-link elementor-size-sm\" href=\"https:\/\/pawel.stefanoff.pl\/work\/es\/articles\/article-2006-parvo-es\/\">\n\t\t\t\t\t\t<span class=\"elementor-button-content-wrapper\">\n\t\t\t\t\t\t\t\t\t<span class=\"elementor-button-text\">Ver m\u00e1s<\/span>\n\t\t\t\t\t<\/span>\n\t\t\t\t\t<\/a>\n\t\t\t\t\t\t\t\t<\/div>\n\t\t\t\t\t<\/div>\n\t\t\t\t<\/div>\n\t\t\t\t<\/div>\n\t\t<style id=\"loop-dynamic-4715\">.e-loop-item-1325 .elementor-element.elementor-element-6e55af1:not(.elementor-motion-effects-element-type-background), .e-loop-item-1325 .elementor-element.elementor-element-6e55af1 > .elementor-motion-effects-container > .elementor-motion-effects-layer{background-image:url(\"https:\/\/pawel.stefanoff.pl\/work\/wp-content\/uploads\/2026\/01\/11062b_6856f2dda2bb4b679834f24c8a8f72famv2.avif\");}<\/style>\t\t<div data-elementor-type=\"loop-item\" data-elementor-id=\"4715\" class=\"elementor elementor-4715 e-loop-item e-loop-item-1325 post-1325 publikacje type-publikacje status-publish has-post-thumbnail hentry\" data-elementor-post-type=\"elementor_library\" data-custom-edit-handle=\"1\">\n\t\t\t<div class=\"elementor-element elementor-element-6e55af1 e-flex e-con-boxed e-con e-parent\" data-id=\"6e55af1\" data-element_type=\"container\" data-e-type=\"container\" data-settings=\"{&quot;background_background&quot;:&quot;classic&quot;}\">\n\t\t\t\t\t<div class=\"e-con-inner\">\n\t\t\t\t<div class=\"elementor-element elementor-element-1ff8dc0 elementor-widget elementor-widget-theme-post-title elementor-page-title elementor-widget-heading\" data-id=\"1ff8dc0\" data-element_type=\"widget\" data-e-type=\"widget\" data-widget_type=\"theme-post-title.default\">\n\t\t\t\t\t<h1 class=\"elementor-heading-title elementor-size-default\">Seroprevalence study of parvovirus B19 in Poland<\/h1>\t\t\t\t<\/div>\n\t\t\t\t<div class=\"elementor-element elementor-element-34d9c11 elementor-widget elementor-widget-theme-post-excerpt\" data-id=\"34d9c11\" data-element_type=\"widget\" data-e-type=\"widget\" data-widget_type=\"theme-post-excerpt.default\">\n\t\t\t\t\tArticle in Polish published in the journal Przegl\u0105d Epidemiologiczny [Epidemiological Review]\t\t\t\t<\/div>\n\t\t\t\t<div class=\"elementor-element elementor-element-fe5308e elementor-align-justify elementor-widget elementor-widget-button\" data-id=\"fe5308e\" data-element_type=\"widget\" data-e-type=\"widget\" data-widget_type=\"button.default\">\n\t\t\t\t\t\t\t\t\t\t<a class=\"elementor-button elementor-button-link elementor-size-sm\" href=\"https:\/\/pawel.stefanoff.pl\/work\/articles\/article-2006-parvo-en\/\">\n\t\t\t\t\t\t<span class=\"elementor-button-content-wrapper\">\n\t\t\t\t\t\t\t\t\t<span class=\"elementor-button-text\">Ver m\u00e1s<\/span>\n\t\t\t\t\t<\/span>\n\t\t\t\t\t<\/a>\n\t\t\t\t\t\t\t\t<\/div>\n\t\t\t\t\t<\/div>\n\t\t\t\t<\/div>\n\t\t\t\t<\/div>\n\t\t<style id=\"loop-dynamic-4715\">.e-loop-item-1322 .elementor-element.elementor-element-6e55af1:not(.elementor-motion-effects-element-type-background), .e-loop-item-1322 .elementor-element.elementor-element-6e55af1 > .elementor-motion-effects-container > .elementor-motion-effects-layer{background-image:url(\"https:\/\/pawel.stefanoff.pl\/work\/wp-content\/uploads\/2026\/01\/11062b_6856f2dda2bb4b679834f24c8a8f72famv2.avif\");}<\/style>\t\t<div data-elementor-type=\"loop-item\" data-elementor-id=\"4715\" class=\"elementor elementor-4715 e-loop-item e-loop-item-1322 post-1322 publikacje type-publikacje status-publish has-post-thumbnail hentry\" data-elementor-post-type=\"elementor_library\" data-custom-edit-handle=\"1\">\n\t\t\t<div class=\"elementor-element elementor-element-6e55af1 e-flex e-con-boxed e-con e-parent\" data-id=\"6e55af1\" data-element_type=\"container\" data-e-type=\"container\" data-settings=\"{&quot;background_background&quot;:&quot;classic&quot;}\">\n\t\t\t\t\t<div class=\"e-con-inner\">\n\t\t\t\t<div class=\"elementor-element elementor-element-1ff8dc0 elementor-widget elementor-widget-theme-post-title elementor-page-title elementor-widget-heading\" data-id=\"1ff8dc0\" data-element_type=\"widget\" data-e-type=\"widget\" data-widget_type=\"theme-post-title.default\">\n\t\t\t\t\t<h1 class=\"elementor-heading-title elementor-size-default\">Przegl\u0105d serologiczny w kierunku zaka\u017cenia parwowirusem B19 w Polsce<\/h1>\t\t\t\t<\/div>\n\t\t\t\t<div class=\"elementor-element elementor-element-34d9c11 elementor-widget elementor-widget-theme-post-excerpt\" data-id=\"34d9c11\" data-element_type=\"widget\" data-e-type=\"widget\" data-widget_type=\"theme-post-excerpt.default\">\n\t\t\t\t\tArtyku\u0142 w j\u0119zyku polskim opublikowany w czasopi\u015bmie Przegl\u0105d Epidemiologiczny\t\t\t\t<\/div>\n\t\t\t\t<div class=\"elementor-element elementor-element-fe5308e elementor-align-justify elementor-widget elementor-widget-button\" data-id=\"fe5308e\" data-element_type=\"widget\" data-e-type=\"widget\" data-widget_type=\"button.default\">\n\t\t\t\t\t\t\t\t\t\t<a class=\"elementor-button elementor-button-link elementor-size-sm\" href=\"https:\/\/pawel.stefanoff.pl\/work\/pl\/articles\/article-2006-parvo-pl\/\">\n\t\t\t\t\t\t<span class=\"elementor-button-content-wrapper\">\n\t\t\t\t\t\t\t\t\t<span class=\"elementor-button-text\">Ver m\u00e1s<\/span>\n\t\t\t\t\t<\/span>\n\t\t\t\t\t<\/a>\n\t\t\t\t\t\t\t\t<\/div>\n\t\t\t\t\t<\/div>\n\t\t\t\t<\/div>\n\t\t\t\t<\/div>\n\t\t<style id=\"loop-dynamic-4715\">.e-loop-item-4429 .elementor-element.elementor-element-6e55af1:not(.elementor-motion-effects-element-type-background), .e-loop-item-4429 .elementor-element.elementor-element-6e55af1 > .elementor-motion-effects-container > .elementor-motion-effects-layer{background-image:url(\"https:\/\/pawel.stefanoff.pl\/work\/wp-content\/uploads\/2026\/01\/11062b_6856f2dda2bb4b679834f24c8a8f72famv2.avif\");}<\/style>\t\t<div data-elementor-type=\"loop-item\" data-elementor-id=\"4715\" class=\"elementor elementor-4715 e-loop-item e-loop-item-4429 post-4429 publikacje type-publikacje status-publish has-post-thumbnail hentry\" data-elementor-post-type=\"elementor_library\" data-custom-edit-handle=\"1\">\n\t\t\t<div class=\"elementor-element elementor-element-6e55af1 e-flex e-con-boxed e-con e-parent\" data-id=\"6e55af1\" data-element_type=\"container\" data-e-type=\"container\" data-settings=\"{&quot;background_background&quot;:&quot;classic&quot;}\">\n\t\t\t\t\t<div class=\"e-con-inner\">\n\t\t\t\t<div class=\"elementor-element elementor-element-1ff8dc0 elementor-widget elementor-widget-theme-post-title elementor-page-title elementor-widget-heading\" data-id=\"1ff8dc0\" data-element_type=\"widget\" data-e-type=\"widget\" data-widget_type=\"theme-post-title.default\">\n\t\t\t\t\t<h1 class=\"elementor-heading-title elementor-size-default\">Validez y fiabilidad de la adaptaci\u00f3n polaca de la Escala Global de Gravedad de Tics de Yale (YGTSS) en un estudio con escolares de Varsovia de entre 12 y 15 a\u00f1os.<\/h1>\t\t\t\t<\/div>\n\t\t\t\t<div class=\"elementor-element elementor-element-34d9c11 elementor-widget elementor-widget-theme-post-excerpt\" data-id=\"34d9c11\" data-element_type=\"widget\" data-e-type=\"widget\" data-widget_type=\"theme-post-excerpt.default\">\n\t\t\t\t\tArt\u00edculo en polaco publicado en la revista Przegl\u0105d Epidemiologiczny [Revista Epidemiol\u00f3gica]\t\t\t\t<\/div>\n\t\t\t\t<div class=\"elementor-element elementor-element-fe5308e elementor-align-justify elementor-widget elementor-widget-button\" data-id=\"fe5308e\" data-element_type=\"widget\" data-e-type=\"widget\" data-widget_type=\"button.default\">\n\t\t\t\t\t\t\t\t\t\t<a class=\"elementor-button elementor-button-link elementor-size-sm\" href=\"https:\/\/pawel.stefanoff.pl\/work\/es\/articles\/article-2005-ygtss-es\/\">\n\t\t\t\t\t\t<span class=\"elementor-button-content-wrapper\">\n\t\t\t\t\t\t\t\t\t<span class=\"elementor-button-text\">Ver m\u00e1s<\/span>\n\t\t\t\t\t<\/span>\n\t\t\t\t\t<\/a>\n\t\t\t\t\t\t\t\t<\/div>\n\t\t\t\t\t<\/div>\n\t\t\t\t<\/div>\n\t\t\t\t<\/div>\n\t\t<style id=\"loop-dynamic-4715\">.e-loop-item-1333 .elementor-element.elementor-element-6e55af1:not(.elementor-motion-effects-element-type-background), .e-loop-item-1333 .elementor-element.elementor-element-6e55af1 > .elementor-motion-effects-container > .elementor-motion-effects-layer{background-image:url(\"https:\/\/pawel.stefanoff.pl\/work\/wp-content\/uploads\/2026\/01\/11062b_6856f2dda2bb4b679834f24c8a8f72famv2.avif\");}<\/style>\t\t<div data-elementor-type=\"loop-item\" data-elementor-id=\"4715\" class=\"elementor elementor-4715 e-loop-item e-loop-item-1333 post-1333 publikacje type-publikacje status-publish has-post-thumbnail hentry\" data-elementor-post-type=\"elementor_library\" data-custom-edit-handle=\"1\">\n\t\t\t<div class=\"elementor-element elementor-element-6e55af1 e-flex e-con-boxed e-con e-parent\" data-id=\"6e55af1\" data-element_type=\"container\" data-e-type=\"container\" data-settings=\"{&quot;background_background&quot;:&quot;classic&quot;}\">\n\t\t\t\t\t<div class=\"e-con-inner\">\n\t\t\t\t<div class=\"elementor-element elementor-element-1ff8dc0 elementor-widget elementor-widget-theme-post-title elementor-page-title elementor-widget-heading\" data-id=\"1ff8dc0\" data-element_type=\"widget\" data-e-type=\"widget\" data-widget_type=\"theme-post-title.default\">\n\t\t\t\t\t<h1 class=\"elementor-heading-title elementor-size-default\">Validity and reliability of Polish adaptation of Yale Global Tic Severity Scale (YGTSS) in a study of Warsaw schoolchildren aged 12-15<\/h1>\t\t\t\t<\/div>\n\t\t\t\t<div class=\"elementor-element elementor-element-34d9c11 elementor-widget elementor-widget-theme-post-excerpt\" data-id=\"34d9c11\" data-element_type=\"widget\" data-e-type=\"widget\" data-widget_type=\"theme-post-excerpt.default\">\n\t\t\t\t\tArticle in Polish published in the journal Przegl\u0105d Epidemiologiczny [Epidemiological Review]\t\t\t\t<\/div>\n\t\t\t\t<div class=\"elementor-element elementor-element-fe5308e elementor-align-justify elementor-widget elementor-widget-button\" data-id=\"fe5308e\" data-element_type=\"widget\" data-e-type=\"widget\" data-widget_type=\"button.default\">\n\t\t\t\t\t\t\t\t\t\t<a class=\"elementor-button elementor-button-link elementor-size-sm\" href=\"https:\/\/pawel.stefanoff.pl\/work\/articles\/article-2005-ygtss-en\/\">\n\t\t\t\t\t\t<span class=\"elementor-button-content-wrapper\">\n\t\t\t\t\t\t\t\t\t<span class=\"elementor-button-text\">Ver m\u00e1s<\/span>\n\t\t\t\t\t<\/span>\n\t\t\t\t\t<\/a>\n\t\t\t\t\t\t\t\t<\/div>\n\t\t\t\t\t<\/div>\n\t\t\t\t<\/div>\n\t\t\t\t<\/div>\n\t\t<style id=\"loop-dynamic-4715\">.e-loop-item-1328 .elementor-element.elementor-element-6e55af1:not(.elementor-motion-effects-element-type-background), .e-loop-item-1328 .elementor-element.elementor-element-6e55af1 > .elementor-motion-effects-container > .elementor-motion-effects-layer{background-image:url(\"https:\/\/pawel.stefanoff.pl\/work\/wp-content\/uploads\/2026\/01\/11062b_6856f2dda2bb4b679834f24c8a8f72famv2.avif\");}<\/style>\t\t<div data-elementor-type=\"loop-item\" data-elementor-id=\"4715\" class=\"elementor elementor-4715 e-loop-item e-loop-item-1328 post-1328 publikacje type-publikacje status-publish has-post-thumbnail hentry\" data-elementor-post-type=\"elementor_library\" data-custom-edit-handle=\"1\">\n\t\t\t<div class=\"elementor-element elementor-element-6e55af1 e-flex e-con-boxed e-con e-parent\" data-id=\"6e55af1\" data-element_type=\"container\" data-e-type=\"container\" data-settings=\"{&quot;background_background&quot;:&quot;classic&quot;}\">\n\t\t\t\t\t<div class=\"e-con-inner\">\n\t\t\t\t<div class=\"elementor-element elementor-element-1ff8dc0 elementor-widget elementor-widget-theme-post-title elementor-page-title elementor-widget-heading\" data-id=\"1ff8dc0\" data-element_type=\"widget\" data-e-type=\"widget\" data-widget_type=\"theme-post-title.default\">\n\t\t\t\t\t<h1 class=\"elementor-heading-title elementor-size-default\">Rzetelno\u015b\u0107 i trafno\u015b\u0107 polskiej adaptacji Globalnej Skali Nasilenia Tik\u00f3w (YGTSS) w badaniu uczni\u00f3w szk\u00f3\u0142 warszawskich w wieku 12-15 lat<\/h1>\t\t\t\t<\/div>\n\t\t\t\t<div class=\"elementor-element elementor-element-34d9c11 elementor-widget elementor-widget-theme-post-excerpt\" data-id=\"34d9c11\" data-element_type=\"widget\" data-e-type=\"widget\" data-widget_type=\"theme-post-excerpt.default\">\n\t\t\t\t\tArtyku\u0142 w j\u0119zyku polskim opublikowany w czasopi\u015bmie Przegl\u0105d Epidemiologiczny\t\t\t\t<\/div>\n\t\t\t\t<div class=\"elementor-element elementor-element-fe5308e elementor-align-justify elementor-widget elementor-widget-button\" data-id=\"fe5308e\" data-element_type=\"widget\" data-e-type=\"widget\" data-widget_type=\"button.default\">\n\t\t\t\t\t\t\t\t\t\t<a class=\"elementor-button elementor-button-link elementor-size-sm\" href=\"https:\/\/pawel.stefanoff.pl\/work\/pl\/articles\/article-2005-ygtss-pl\/\">\n\t\t\t\t\t\t<span class=\"elementor-button-content-wrapper\">\n\t\t\t\t\t\t\t\t\t<span class=\"elementor-button-text\">Ver m\u00e1s<\/span>\n\t\t\t\t\t<\/span>\n\t\t\t\t\t<\/a>\n\t\t\t\t\t\t\t\t<\/div>\n\t\t\t\t\t<\/div>\n\t\t\t\t<\/div>\n\t\t\t\t<\/div>\n\t\t<style id=\"loop-dynamic-4715\">.e-loop-item-4431 .elementor-element.elementor-element-6e55af1:not(.elementor-motion-effects-element-type-background), .e-loop-item-4431 .elementor-element.elementor-element-6e55af1 > .elementor-motion-effects-container > .elementor-motion-effects-layer{background-image:url(\"https:\/\/pawel.stefanoff.pl\/work\/wp-content\/uploads\/2026\/01\/11062b_6856f2dda2bb4b679834f24c8a8f72famv2.avif\");}<\/style>\t\t<div data-elementor-type=\"loop-item\" data-elementor-id=\"4715\" class=\"elementor elementor-4715 e-loop-item e-loop-item-4431 post-4431 publikacje type-publikacje status-publish has-post-thumbnail hentry\" data-elementor-post-type=\"elementor_library\" data-custom-edit-handle=\"1\">\n\t\t\t<div class=\"elementor-element elementor-element-6e55af1 e-flex e-con-boxed e-con e-parent\" data-id=\"6e55af1\" data-element_type=\"container\" data-e-type=\"container\" data-settings=\"{&quot;background_background&quot;:&quot;classic&quot;}\">\n\t\t\t\t\t<div class=\"e-con-inner\">\n\t\t\t\t<div class=\"elementor-element elementor-element-1ff8dc0 elementor-widget elementor-widget-theme-post-title elementor-page-title elementor-widget-heading\" data-id=\"1ff8dc0\" data-element_type=\"widget\" data-e-type=\"widget\" data-widget_type=\"theme-post-title.default\">\n\t\t\t\t\t<h1 class=\"elementor-heading-title elementor-size-default\">Evaluaci\u00f3n de la clasificaci\u00f3n de casos de encefalitis transmitida por garrapatas en Polonia<\/h1>\t\t\t\t<\/div>\n\t\t\t\t<div class=\"elementor-element elementor-element-34d9c11 elementor-widget elementor-widget-theme-post-excerpt\" data-id=\"34d9c11\" data-element_type=\"widget\" data-e-type=\"widget\" data-widget_type=\"theme-post-excerpt.default\">\n\t\t\t\t\tArt\u00edculo en ingl\u00e9s publicado en la revista Eurosurveillance\t\t\t\t<\/div>\n\t\t\t\t<div class=\"elementor-element elementor-element-fe5308e elementor-align-justify elementor-widget elementor-widget-button\" data-id=\"fe5308e\" data-element_type=\"widget\" data-e-type=\"widget\" data-widget_type=\"button.default\">\n\t\t\t\t\t\t\t\t\t\t<a class=\"elementor-button elementor-button-link elementor-size-sm\" href=\"https:\/\/pawel.stefanoff.pl\/work\/es\/articles\/article-2005-tbe-casedef-es\/\">\n\t\t\t\t\t\t<span class=\"elementor-button-content-wrapper\">\n\t\t\t\t\t\t\t\t\t<span class=\"elementor-button-text\">Ver m\u00e1s<\/span>\n\t\t\t\t\t<\/span>\n\t\t\t\t\t<\/a>\n\t\t\t\t\t\t\t\t<\/div>\n\t\t\t\t\t<\/div>\n\t\t\t\t<\/div>\n\t\t\t\t<\/div>\n\t\t<style id=\"loop-dynamic-4715\">.e-loop-item-1336 .elementor-element.elementor-element-6e55af1:not(.elementor-motion-effects-element-type-background), .e-loop-item-1336 .elementor-element.elementor-element-6e55af1 > .elementor-motion-effects-container > .elementor-motion-effects-layer{background-image:url(\"https:\/\/pawel.stefanoff.pl\/work\/wp-content\/uploads\/2026\/01\/11062b_6856f2dda2bb4b679834f24c8a8f72famv2.avif\");}<\/style>\t\t<div data-elementor-type=\"loop-item\" data-elementor-id=\"4715\" class=\"elementor elementor-4715 e-loop-item e-loop-item-1336 post-1336 publikacje type-publikacje status-publish has-post-thumbnail hentry\" data-elementor-post-type=\"elementor_library\" data-custom-edit-handle=\"1\">\n\t\t\t<div class=\"elementor-element elementor-element-6e55af1 e-flex e-con-boxed e-con e-parent\" data-id=\"6e55af1\" data-element_type=\"container\" data-e-type=\"container\" data-settings=\"{&quot;background_background&quot;:&quot;classic&quot;}\">\n\t\t\t\t\t<div class=\"e-con-inner\">\n\t\t\t\t<div class=\"elementor-element elementor-element-1ff8dc0 elementor-widget elementor-widget-theme-post-title elementor-page-title elementor-widget-heading\" data-id=\"1ff8dc0\" data-element_type=\"widget\" data-e-type=\"widget\" data-widget_type=\"theme-post-title.default\">\n\t\t\t\t\t<h1 class=\"elementor-heading-title elementor-size-default\">Evaluation of tick-borne encephalitis case classification in Poland<\/h1>\t\t\t\t<\/div>\n\t\t\t\t<div class=\"elementor-element elementor-element-34d9c11 elementor-widget elementor-widget-theme-post-excerpt\" data-id=\"34d9c11\" data-element_type=\"widget\" data-e-type=\"widget\" data-widget_type=\"theme-post-excerpt.default\">\n\t\t\t\t\tArticle in English published in the journal Eurosurveillance\t\t\t\t<\/div>\n\t\t\t\t<div class=\"elementor-element elementor-element-fe5308e elementor-align-justify elementor-widget elementor-widget-button\" data-id=\"fe5308e\" data-element_type=\"widget\" data-e-type=\"widget\" data-widget_type=\"button.default\">\n\t\t\t\t\t\t\t\t\t\t<a class=\"elementor-button elementor-button-link elementor-size-sm\" href=\"https:\/\/pawel.stefanoff.pl\/work\/articles\/article-2005-tbe-casedef-en\/\">\n\t\t\t\t\t\t<span class=\"elementor-button-content-wrapper\">\n\t\t\t\t\t\t\t\t\t<span class=\"elementor-button-text\">Ver m\u00e1s<\/span>\n\t\t\t\t\t<\/span>\n\t\t\t\t\t<\/a>\n\t\t\t\t\t\t\t\t<\/div>\n\t\t\t\t\t<\/div>\n\t\t\t\t<\/div>\n\t\t\t\t<\/div>\n\t\t<style id=\"loop-dynamic-4715\">.e-loop-item-1334 .elementor-element.elementor-element-6e55af1:not(.elementor-motion-effects-element-type-background), .e-loop-item-1334 .elementor-element.elementor-element-6e55af1 > .elementor-motion-effects-container > .elementor-motion-effects-layer{background-image:url(\"https:\/\/pawel.stefanoff.pl\/work\/wp-content\/uploads\/2026\/01\/11062b_6856f2dda2bb4b679834f24c8a8f72famv2.avif\");}<\/style>\t\t<div data-elementor-type=\"loop-item\" data-elementor-id=\"4715\" class=\"elementor elementor-4715 e-loop-item e-loop-item-1334 post-1334 publikacje type-publikacje status-publish has-post-thumbnail hentry\" data-elementor-post-type=\"elementor_library\" data-custom-edit-handle=\"1\">\n\t\t\t<div class=\"elementor-element elementor-element-6e55af1 e-flex e-con-boxed e-con e-parent\" data-id=\"6e55af1\" data-element_type=\"container\" data-e-type=\"container\" data-settings=\"{&quot;background_background&quot;:&quot;classic&quot;}\">\n\t\t\t\t\t<div class=\"e-con-inner\">\n\t\t\t\t<div class=\"elementor-element elementor-element-1ff8dc0 elementor-widget elementor-widget-theme-post-title elementor-page-title elementor-widget-heading\" data-id=\"1ff8dc0\" data-element_type=\"widget\" data-e-type=\"widget\" data-widget_type=\"theme-post-title.default\">\n\t\t\t\t\t<h1 class=\"elementor-heading-title elementor-size-default\">Ocena klasyfikacji przypadk\u00f3w kleszczowego zapalenia m\u00f3zgu w Polsce<\/h1>\t\t\t\t<\/div>\n\t\t\t\t<div class=\"elementor-element elementor-element-34d9c11 elementor-widget elementor-widget-theme-post-excerpt\" data-id=\"34d9c11\" data-element_type=\"widget\" data-e-type=\"widget\" data-widget_type=\"theme-post-excerpt.default\">\n\t\t\t\t\tArtyku\u0142 w j\u0119zyku angielskim opublikowany w czasopi\u015bmie Eurosurveillance\t\t\t\t<\/div>\n\t\t\t\t<div class=\"elementor-element elementor-element-fe5308e elementor-align-justify elementor-widget elementor-widget-button\" data-id=\"fe5308e\" data-element_type=\"widget\" data-e-type=\"widget\" data-widget_type=\"button.default\">\n\t\t\t\t\t\t\t\t\t\t<a class=\"elementor-button elementor-button-link elementor-size-sm\" href=\"https:\/\/pawel.stefanoff.pl\/work\/pl\/articles\/article-2005-tbe-casedef-pl\/\">\n\t\t\t\t\t\t<span class=\"elementor-button-content-wrapper\">\n\t\t\t\t\t\t\t\t\t<span class=\"elementor-button-text\">Ver m\u00e1s<\/span>\n\t\t\t\t\t<\/span>\n\t\t\t\t\t<\/a>\n\t\t\t\t\t\t\t\t<\/div>\n\t\t\t\t\t<\/div>\n\t\t\t\t<\/div>\n\t\t\t\t<\/div>\n\t\t<style id=\"loop-dynamic-4715\">.e-loop-item-4433 .elementor-element.elementor-element-6e55af1:not(.elementor-motion-effects-element-type-background), .e-loop-item-4433 .elementor-element.elementor-element-6e55af1 > .elementor-motion-effects-container > .elementor-motion-effects-layer{background-image:url(\"https:\/\/pawel.stefanoff.pl\/work\/wp-content\/uploads\/2026\/01\/11062b_6856f2dda2bb4b679834f24c8a8f72famv2.avif\");}<\/style>\t\t<div data-elementor-type=\"loop-item\" data-elementor-id=\"4715\" class=\"elementor elementor-4715 e-loop-item e-loop-item-4433 post-4433 publikacje type-publikacje status-publish has-post-thumbnail hentry\" data-elementor-post-type=\"elementor_library\" data-custom-edit-handle=\"1\">\n\t\t\t<div class=\"elementor-element elementor-element-6e55af1 e-flex e-con-boxed e-con e-parent\" data-id=\"6e55af1\" data-element_type=\"container\" data-e-type=\"container\" data-settings=\"{&quot;background_background&quot;:&quot;classic&quot;}\">\n\t\t\t\t\t<div class=\"e-con-inner\">\n\t\t\t\t<div class=\"elementor-element elementor-element-1ff8dc0 elementor-widget elementor-widget-theme-post-title elementor-page-title elementor-widget-heading\" data-id=\"1ff8dc0\" data-element_type=\"widget\" data-e-type=\"widget\" data-widget_type=\"theme-post-title.default\">\n\t\t\t\t\t<h1 class=\"elementor-heading-title elementor-size-default\">Epidemiolog\u00eda de las infecciones transmitidas por garrapatas en Polonia<\/h1>\t\t\t\t<\/div>\n\t\t\t\t<div class=\"elementor-element elementor-element-34d9c11 elementor-widget elementor-widget-theme-post-excerpt\" data-id=\"34d9c11\" data-element_type=\"widget\" data-e-type=\"widget\" data-widget_type=\"theme-post-excerpt.default\">\n\t\t\t\t\tArt\u00edculo en polaco publicado en un suplemento de la revista Przegl\u0105d Epidemiologiczny [Revista Epidemiol\u00f3gica]\t\t\t\t<\/div>\n\t\t\t\t<div class=\"elementor-element elementor-element-fe5308e elementor-align-justify elementor-widget elementor-widget-button\" data-id=\"fe5308e\" data-element_type=\"widget\" data-e-type=\"widget\" data-widget_type=\"button.default\">\n\t\t\t\t\t\t\t\t\t\t<a class=\"elementor-button elementor-button-link elementor-size-sm\" href=\"https:\/\/pawel.stefanoff.pl\/work\/es\/articles\/article-2005-tickborne-dis-es\/\">\n\t\t\t\t\t\t<span class=\"elementor-button-content-wrapper\">\n\t\t\t\t\t\t\t\t\t<span class=\"elementor-button-text\">Ver m\u00e1s<\/span>\n\t\t\t\t\t<\/span>\n\t\t\t\t\t<\/a>\n\t\t\t\t\t\t\t\t<\/div>\n\t\t\t\t\t<\/div>\n\t\t\t\t<\/div>\n\t\t\t\t<\/div>\n\t\t<style id=\"loop-dynamic-4715\">.e-loop-item-1342 .elementor-element.elementor-element-6e55af1:not(.elementor-motion-effects-element-type-background), .e-loop-item-1342 .elementor-element.elementor-element-6e55af1 > .elementor-motion-effects-container > .elementor-motion-effects-layer{background-image:url(\"https:\/\/pawel.stefanoff.pl\/work\/wp-content\/uploads\/2026\/01\/11062b_6856f2dda2bb4b679834f24c8a8f72famv2.avif\");}<\/style>\t\t<div data-elementor-type=\"loop-item\" data-elementor-id=\"4715\" class=\"elementor elementor-4715 e-loop-item e-loop-item-1342 post-1342 publikacje type-publikacje status-publish has-post-thumbnail hentry\" data-elementor-post-type=\"elementor_library\" data-custom-edit-handle=\"1\">\n\t\t\t<div class=\"elementor-element elementor-element-6e55af1 e-flex e-con-boxed e-con e-parent\" data-id=\"6e55af1\" data-element_type=\"container\" data-e-type=\"container\" data-settings=\"{&quot;background_background&quot;:&quot;classic&quot;}\">\n\t\t\t\t\t<div class=\"e-con-inner\">\n\t\t\t\t<div class=\"elementor-element elementor-element-1ff8dc0 elementor-widget elementor-widget-theme-post-title elementor-page-title elementor-widget-heading\" data-id=\"1ff8dc0\" data-element_type=\"widget\" data-e-type=\"widget\" data-widget_type=\"theme-post-title.default\">\n\t\t\t\t\t<h1 class=\"elementor-heading-title elementor-size-default\">Epidemiology of tick-borne infections In Poland<\/h1>\t\t\t\t<\/div>\n\t\t\t\t<div class=\"elementor-element elementor-element-34d9c11 elementor-widget elementor-widget-theme-post-excerpt\" data-id=\"34d9c11\" data-element_type=\"widget\" data-e-type=\"widget\" data-widget_type=\"theme-post-excerpt.default\">\n\t\t\t\t\tArticle in Polish published in a supplement of the journal Przegl\u0105d Epidemiologiczny [Epidemiological Review]\t\t\t\t<\/div>\n\t\t\t\t<div class=\"elementor-element elementor-element-fe5308e elementor-align-justify elementor-widget elementor-widget-button\" data-id=\"fe5308e\" data-element_type=\"widget\" data-e-type=\"widget\" data-widget_type=\"button.default\">\n\t\t\t\t\t\t\t\t\t\t<a class=\"elementor-button elementor-button-link elementor-size-sm\" href=\"https:\/\/pawel.stefanoff.pl\/work\/articles\/article-2005-tickborne-dis-en\/\">\n\t\t\t\t\t\t<span class=\"elementor-button-content-wrapper\">\n\t\t\t\t\t\t\t\t\t<span class=\"elementor-button-text\">Ver m\u00e1s<\/span>\n\t\t\t\t\t<\/span>\n\t\t\t\t\t<\/a>\n\t\t\t\t\t\t\t\t<\/div>\n\t\t\t\t\t<\/div>\n\t\t\t\t<\/div>\n\t\t\t\t<\/div>\n\t\t<style id=\"loop-dynamic-4715\">.e-loop-item-1340 .elementor-element.elementor-element-6e55af1:not(.elementor-motion-effects-element-type-background), .e-loop-item-1340 .elementor-element.elementor-element-6e55af1 > .elementor-motion-effects-container > .elementor-motion-effects-layer{background-image:url(\"https:\/\/pawel.stefanoff.pl\/work\/wp-content\/uploads\/2026\/01\/11062b_6856f2dda2bb4b679834f24c8a8f72famv2.avif\");}<\/style>\t\t<div data-elementor-type=\"loop-item\" data-elementor-id=\"4715\" class=\"elementor elementor-4715 e-loop-item e-loop-item-1340 post-1340 publikacje type-publikacje status-publish has-post-thumbnail hentry\" data-elementor-post-type=\"elementor_library\" data-custom-edit-handle=\"1\">\n\t\t\t<div class=\"elementor-element elementor-element-6e55af1 e-flex e-con-boxed e-con e-parent\" data-id=\"6e55af1\" data-element_type=\"container\" data-e-type=\"container\" data-settings=\"{&quot;background_background&quot;:&quot;classic&quot;}\">\n\t\t\t\t\t<div class=\"e-con-inner\">\n\t\t\t\t<div class=\"elementor-element elementor-element-1ff8dc0 elementor-widget elementor-widget-theme-post-title elementor-page-title elementor-widget-heading\" data-id=\"1ff8dc0\" data-element_type=\"widget\" data-e-type=\"widget\" data-widget_type=\"theme-post-title.default\">\n\t\t\t\t\t<h1 class=\"elementor-heading-title elementor-size-default\">Epidemiologia chor\u00f3b odkleszczowych w Polsce<\/h1>\t\t\t\t<\/div>\n\t\t\t\t<div class=\"elementor-element elementor-element-34d9c11 elementor-widget elementor-widget-theme-post-excerpt\" data-id=\"34d9c11\" data-element_type=\"widget\" data-e-type=\"widget\" data-widget_type=\"theme-post-excerpt.default\">\n\t\t\t\t\tArtyku\u0142 w j\u0119zyku polskim opublikowany w suplemencie czasopisma Przegl\u0105d Epidemiologiczny\t\t\t\t<\/div>\n\t\t\t\t<div class=\"elementor-element elementor-element-fe5308e elementor-align-justify elementor-widget elementor-widget-button\" data-id=\"fe5308e\" data-element_type=\"widget\" data-e-type=\"widget\" data-widget_type=\"button.default\">\n\t\t\t\t\t\t\t\t\t\t<a class=\"elementor-button elementor-button-link elementor-size-sm\" href=\"https:\/\/pawel.stefanoff.pl\/work\/pl\/articles\/article-2005-tickborne-dis-pl\/\">\n\t\t\t\t\t\t<span class=\"elementor-button-content-wrapper\">\n\t\t\t\t\t\t\t\t\t<span class=\"elementor-button-text\">Ver m\u00e1s<\/span>\n\t\t\t\t\t<\/span>\n\t\t\t\t\t<\/a>\n\t\t\t\t\t\t\t\t<\/div>\n\t\t\t\t\t<\/div>\n\t\t\t\t<\/div>\n\t\t\t\t<\/div>\n\t\t<style id=\"loop-dynamic-4715\">.e-loop-item-4434 .elementor-element.elementor-element-6e55af1:not(.elementor-motion-effects-element-type-background), .e-loop-item-4434 .elementor-element.elementor-element-6e55af1 > .elementor-motion-effects-container > .elementor-motion-effects-layer{background-image:url(\"https:\/\/pawel.stefanoff.pl\/work\/wp-content\/uploads\/2026\/01\/11062b_6856f2dda2bb4b679834f24c8a8f72famv2.avif\");}<\/style>\t\t<div data-elementor-type=\"loop-item\" data-elementor-id=\"4715\" class=\"elementor elementor-4715 e-loop-item e-loop-item-4434 post-4434 publikacje type-publikacje status-publish has-post-thumbnail hentry\" data-elementor-post-type=\"elementor_library\" data-custom-edit-handle=\"1\">\n\t\t\t<div class=\"elementor-element elementor-element-6e55af1 e-flex e-con-boxed e-con e-parent\" data-id=\"6e55af1\" data-element_type=\"container\" data-e-type=\"container\" data-settings=\"{&quot;background_background&quot;:&quot;classic&quot;}\">\n\t\t\t\t\t<div class=\"e-con-inner\">\n\t\t\t\t<div class=\"elementor-element elementor-element-1ff8dc0 elementor-widget elementor-widget-theme-post-title elementor-page-title elementor-widget-heading\" data-id=\"1ff8dc0\" data-element_type=\"widget\" data-e-type=\"widget\" data-widget_type=\"theme-post-title.default\">\n\t\t\t\t\t<h1 class=\"elementor-heading-title elementor-size-default\">La viruela: \u00bfuna amenaza hist\u00f3rica o real?<\/h1>\t\t\t\t<\/div>\n\t\t\t\t<div class=\"elementor-element elementor-element-34d9c11 elementor-widget elementor-widget-theme-post-excerpt\" data-id=\"34d9c11\" data-element_type=\"widget\" data-e-type=\"widget\" data-widget_type=\"theme-post-excerpt.default\">\n\t\t\t\t\tArt\u00edculo en polaco publicado en un suplemento de la revista Przegl\u0105d Epidemiologiczny [Revista Epidemiol\u00f3gica]\t\t\t\t<\/div>\n\t\t\t\t<div class=\"elementor-element elementor-element-fe5308e elementor-align-justify elementor-widget elementor-widget-button\" data-id=\"fe5308e\" data-element_type=\"widget\" data-e-type=\"widget\" data-widget_type=\"button.default\">\n\t\t\t\t\t\t\t\t\t\t<a class=\"elementor-button elementor-button-link elementor-size-sm\" href=\"https:\/\/pawel.stefanoff.pl\/work\/es\/articles\/article-2004-smallpox-es\/\">\n\t\t\t\t\t\t<span class=\"elementor-button-content-wrapper\">\n\t\t\t\t\t\t\t\t\t<span class=\"elementor-button-text\">Ver m\u00e1s<\/span>\n\t\t\t\t\t<\/span>\n\t\t\t\t\t<\/a>\n\t\t\t\t\t\t\t\t<\/div>\n\t\t\t\t\t<\/div>\n\t\t\t\t<\/div>\n\t\t\t\t<\/div>\n\t\t<style id=\"loop-dynamic-4715\">.e-loop-item-1339 .elementor-element.elementor-element-6e55af1:not(.elementor-motion-effects-element-type-background), .e-loop-item-1339 .elementor-element.elementor-element-6e55af1 > .elementor-motion-effects-container > .elementor-motion-effects-layer{background-image:url(\"https:\/\/pawel.stefanoff.pl\/work\/wp-content\/uploads\/2026\/01\/11062b_6856f2dda2bb4b679834f24c8a8f72famv2.avif\");}<\/style>\t\t<div data-elementor-type=\"loop-item\" data-elementor-id=\"4715\" class=\"elementor elementor-4715 e-loop-item e-loop-item-1339 post-1339 publikacje type-publikacje status-publish has-post-thumbnail hentry\" data-elementor-post-type=\"elementor_library\" data-custom-edit-handle=\"1\">\n\t\t\t<div class=\"elementor-element elementor-element-6e55af1 e-flex e-con-boxed e-con e-parent\" data-id=\"6e55af1\" data-element_type=\"container\" data-e-type=\"container\" data-settings=\"{&quot;background_background&quot;:&quot;classic&quot;}\">\n\t\t\t\t\t<div class=\"e-con-inner\">\n\t\t\t\t<div class=\"elementor-element elementor-element-1ff8dc0 elementor-widget elementor-widget-theme-post-title elementor-page-title elementor-widget-heading\" data-id=\"1ff8dc0\" data-element_type=\"widget\" data-e-type=\"widget\" data-widget_type=\"theme-post-title.default\">\n\t\t\t\t\t<h1 class=\"elementor-heading-title elementor-size-default\">Smallpox &#8211; historical or real threat?<\/h1>\t\t\t\t<\/div>\n\t\t\t\t<div class=\"elementor-element elementor-element-34d9c11 elementor-widget elementor-widget-theme-post-excerpt\" data-id=\"34d9c11\" data-element_type=\"widget\" data-e-type=\"widget\" data-widget_type=\"theme-post-excerpt.default\">\n\t\t\t\t\tArticle in Polish published in a supplement of the journal Przegl\u0105d Epidemiologiczny [Epidemiological Review]\t\t\t\t<\/div>\n\t\t\t\t<div class=\"elementor-element elementor-element-fe5308e elementor-align-justify elementor-widget elementor-widget-button\" data-id=\"fe5308e\" data-element_type=\"widget\" data-e-type=\"widget\" data-widget_type=\"button.default\">\n\t\t\t\t\t\t\t\t\t\t<a class=\"elementor-button elementor-button-link elementor-size-sm\" href=\"https:\/\/pawel.stefanoff.pl\/work\/articles\/article-2004-smallpox-en\/\">\n\t\t\t\t\t\t<span class=\"elementor-button-content-wrapper\">\n\t\t\t\t\t\t\t\t\t<span class=\"elementor-button-text\">Ver m\u00e1s<\/span>\n\t\t\t\t\t<\/span>\n\t\t\t\t\t<\/a>\n\t\t\t\t\t\t\t\t<\/div>\n\t\t\t\t\t<\/div>\n\t\t\t\t<\/div>\n\t\t\t\t<\/div>\n\t\t<style id=\"loop-dynamic-4715\">.e-loop-item-1337 .elementor-element.elementor-element-6e55af1:not(.elementor-motion-effects-element-type-background), .e-loop-item-1337 .elementor-element.elementor-element-6e55af1 > .elementor-motion-effects-container > .elementor-motion-effects-layer{background-image:url(\"https:\/\/pawel.stefanoff.pl\/work\/wp-content\/uploads\/2026\/01\/11062b_6856f2dda2bb4b679834f24c8a8f72famv2.avif\");}<\/style>\t\t<div data-elementor-type=\"loop-item\" data-elementor-id=\"4715\" class=\"elementor elementor-4715 e-loop-item e-loop-item-1337 post-1337 publikacje type-publikacje status-publish has-post-thumbnail hentry\" data-elementor-post-type=\"elementor_library\" data-custom-edit-handle=\"1\">\n\t\t\t<div class=\"elementor-element elementor-element-6e55af1 e-flex e-con-boxed e-con e-parent\" data-id=\"6e55af1\" data-element_type=\"container\" data-e-type=\"container\" data-settings=\"{&quot;background_background&quot;:&quot;classic&quot;}\">\n\t\t\t\t\t<div class=\"e-con-inner\">\n\t\t\t\t<div class=\"elementor-element elementor-element-1ff8dc0 elementor-widget elementor-widget-theme-post-title elementor-page-title elementor-widget-heading\" data-id=\"1ff8dc0\" data-element_type=\"widget\" data-e-type=\"widget\" data-widget_type=\"theme-post-title.default\">\n\t\t\t\t\t<h1 class=\"elementor-heading-title elementor-size-default\">Ospa prawdziwa &#8211; stare czy nowe zagro\u017cenie?<\/h1>\t\t\t\t<\/div>\n\t\t\t\t<div class=\"elementor-element elementor-element-34d9c11 elementor-widget elementor-widget-theme-post-excerpt\" data-id=\"34d9c11\" data-element_type=\"widget\" data-e-type=\"widget\" data-widget_type=\"theme-post-excerpt.default\">\n\t\t\t\t\tArtyku\u0142 w j\u0119zyku polskim opublikowany w suplemencie czasopisma Przegl\u0105d Epidemiologiczny\t\t\t\t<\/div>\n\t\t\t\t<div class=\"elementor-element elementor-element-fe5308e elementor-align-justify elementor-widget elementor-widget-button\" data-id=\"fe5308e\" data-element_type=\"widget\" data-e-type=\"widget\" data-widget_type=\"button.default\">\n\t\t\t\t\t\t\t\t\t\t<a class=\"elementor-button elementor-button-link elementor-size-sm\" href=\"https:\/\/pawel.stefanoff.pl\/work\/pl\/articles\/article-2004-smallpox-pl\/\">\n\t\t\t\t\t\t<span class=\"elementor-button-content-wrapper\">\n\t\t\t\t\t\t\t\t\t<span class=\"elementor-button-text\">Ver m\u00e1s<\/span>\n\t\t\t\t\t<\/span>\n\t\t\t\t\t<\/a>\n\t\t\t\t\t\t\t\t<\/div>\n\t\t\t\t\t<\/div>\n\t\t\t\t<\/div>\n\t\t\t\t<\/div>\n\t\t<style id=\"loop-dynamic-4715\">.e-loop-item-4435 .elementor-element.elementor-element-6e55af1:not(.elementor-motion-effects-element-type-background), .e-loop-item-4435 .elementor-element.elementor-element-6e55af1 > .elementor-motion-effects-container > .elementor-motion-effects-layer{background-image:url(\"https:\/\/pawel.stefanoff.pl\/work\/wp-content\/uploads\/2026\/01\/11062b_6856f2dda2bb4b679834f24c8a8f72famv2.avif\");}<\/style>\t\t<div data-elementor-type=\"loop-item\" data-elementor-id=\"4715\" class=\"elementor elementor-4715 e-loop-item e-loop-item-4435 post-4435 publikacje type-publikacje status-publish has-post-thumbnail hentry\" data-elementor-post-type=\"elementor_library\" data-custom-edit-handle=\"1\">\n\t\t\t<div class=\"elementor-element elementor-element-6e55af1 e-flex e-con-boxed e-con e-parent\" data-id=\"6e55af1\" data-element_type=\"container\" data-e-type=\"container\" data-settings=\"{&quot;background_background&quot;:&quot;classic&quot;}\">\n\t\t\t\t\t<div class=\"e-con-inner\">\n\t\t\t\t<div class=\"elementor-element elementor-element-1ff8dc0 elementor-widget elementor-widget-theme-post-title elementor-page-title elementor-widget-heading\" data-id=\"1ff8dc0\" data-element_type=\"widget\" data-e-type=\"widget\" data-widget_type=\"theme-post-title.default\">\n\t\t\t\t\t<h1 class=\"elementor-heading-title elementor-size-default\">Inmunidad colectiva y eficacia de la vacunaci\u00f3n<\/h1>\t\t\t\t<\/div>\n\t\t\t\t<div class=\"elementor-element elementor-element-34d9c11 elementor-widget elementor-widget-theme-post-excerpt\" data-id=\"34d9c11\" data-element_type=\"widget\" data-e-type=\"widget\" data-widget_type=\"theme-post-excerpt.default\">\n\t\t\t\t\tArt\u00edculo en polaco publicado en un suplemento la revista Przegl\u0105d Epidemiologiczny [Revista Epidemiol\u00f3gica]\t\t\t\t<\/div>\n\t\t\t\t<div class=\"elementor-element elementor-element-fe5308e elementor-align-justify elementor-widget elementor-widget-button\" data-id=\"fe5308e\" data-element_type=\"widget\" data-e-type=\"widget\" data-widget_type=\"button.default\">\n\t\t\t\t\t\t\t\t\t\t<a class=\"elementor-button elementor-button-link elementor-size-sm\" href=\"https:\/\/pawel.stefanoff.pl\/work\/es\/articles\/article-2004-herd-immunity-es\/\">\n\t\t\t\t\t\t<span class=\"elementor-button-content-wrapper\">\n\t\t\t\t\t\t\t\t\t<span class=\"elementor-button-text\">Ver m\u00e1s<\/span>\n\t\t\t\t\t<\/span>\n\t\t\t\t\t<\/a>\n\t\t\t\t\t\t\t\t<\/div>\n\t\t\t\t\t<\/div>\n\t\t\t\t<\/div>\n\t\t\t\t<\/div>\n\t\t<style id=\"loop-dynamic-4715\">.e-loop-item-1348 .elementor-element.elementor-element-6e55af1:not(.elementor-motion-effects-element-type-background), .e-loop-item-1348 .elementor-element.elementor-element-6e55af1 > .elementor-motion-effects-container > .elementor-motion-effects-layer{background-image:url(\"https:\/\/pawel.stefanoff.pl\/work\/wp-content\/uploads\/2026\/01\/11062b_6856f2dda2bb4b679834f24c8a8f72famv2.avif\");}<\/style>\t\t<div data-elementor-type=\"loop-item\" data-elementor-id=\"4715\" class=\"elementor elementor-4715 e-loop-item e-loop-item-1348 post-1348 publikacje type-publikacje status-publish has-post-thumbnail hentry\" data-elementor-post-type=\"elementor_library\" data-custom-edit-handle=\"1\">\n\t\t\t<div class=\"elementor-element elementor-element-6e55af1 e-flex e-con-boxed e-con e-parent\" data-id=\"6e55af1\" data-element_type=\"container\" data-e-type=\"container\" data-settings=\"{&quot;background_background&quot;:&quot;classic&quot;}\">\n\t\t\t\t\t<div class=\"e-con-inner\">\n\t\t\t\t<div class=\"elementor-element elementor-element-1ff8dc0 elementor-widget elementor-widget-theme-post-title elementor-page-title elementor-widget-heading\" data-id=\"1ff8dc0\" data-element_type=\"widget\" data-e-type=\"widget\" data-widget_type=\"theme-post-title.default\">\n\t\t\t\t\t<h1 class=\"elementor-heading-title elementor-size-default\">Herd immunity and effectiveness of vaccination<\/h1>\t\t\t\t<\/div>\n\t\t\t\t<div class=\"elementor-element elementor-element-34d9c11 elementor-widget elementor-widget-theme-post-excerpt\" data-id=\"34d9c11\" data-element_type=\"widget\" data-e-type=\"widget\" data-widget_type=\"theme-post-excerpt.default\">\n\t\t\t\t\tArticle in Polish published in a supplement of the journal Przegl\u0105d Epidemiologiczny [Epidemiological Review]\t\t\t\t<\/div>\n\t\t\t\t<div class=\"elementor-element elementor-element-fe5308e elementor-align-justify elementor-widget elementor-widget-button\" data-id=\"fe5308e\" data-element_type=\"widget\" data-e-type=\"widget\" data-widget_type=\"button.default\">\n\t\t\t\t\t\t\t\t\t\t<a class=\"elementor-button elementor-button-link elementor-size-sm\" href=\"https:\/\/pawel.stefanoff.pl\/work\/articles\/article-2004-herd-immunity-en\/\">\n\t\t\t\t\t\t<span class=\"elementor-button-content-wrapper\">\n\t\t\t\t\t\t\t\t\t<span class=\"elementor-button-text\">Ver m\u00e1s<\/span>\n\t\t\t\t\t<\/span>\n\t\t\t\t\t<\/a>\n\t\t\t\t\t\t\t\t<\/div>\n\t\t\t\t\t<\/div>\n\t\t\t\t<\/div>\n\t\t\t\t<\/div>\n\t\t<style id=\"loop-dynamic-4715\">.e-loop-item-1345 .elementor-element.elementor-element-6e55af1:not(.elementor-motion-effects-element-type-background), .e-loop-item-1345 .elementor-element.elementor-element-6e55af1 > .elementor-motion-effects-container > .elementor-motion-effects-layer{background-image:url(\"https:\/\/pawel.stefanoff.pl\/work\/wp-content\/uploads\/2026\/01\/11062b_6856f2dda2bb4b679834f24c8a8f72famv2.avif\");}<\/style>\t\t<div data-elementor-type=\"loop-item\" data-elementor-id=\"4715\" class=\"elementor elementor-4715 e-loop-item e-loop-item-1345 post-1345 publikacje type-publikacje status-publish has-post-thumbnail hentry\" data-elementor-post-type=\"elementor_library\" data-custom-edit-handle=\"1\">\n\t\t\t<div class=\"elementor-element elementor-element-6e55af1 e-flex e-con-boxed e-con e-parent\" data-id=\"6e55af1\" data-element_type=\"container\" data-e-type=\"container\" data-settings=\"{&quot;background_background&quot;:&quot;classic&quot;}\">\n\t\t\t\t\t<div class=\"e-con-inner\">\n\t\t\t\t<div class=\"elementor-element elementor-element-1ff8dc0 elementor-widget elementor-widget-theme-post-title elementor-page-title elementor-widget-heading\" data-id=\"1ff8dc0\" data-element_type=\"widget\" data-e-type=\"widget\" data-widget_type=\"theme-post-title.default\">\n\t\t\t\t\t<h1 class=\"elementor-heading-title elementor-size-default\">Odporno\u015b\u0107 zbiorowiskowa i badanie efektywno\u015bci szczepie\u0144<\/h1>\t\t\t\t<\/div>\n\t\t\t\t<div class=\"elementor-element elementor-element-34d9c11 elementor-widget elementor-widget-theme-post-excerpt\" data-id=\"34d9c11\" data-element_type=\"widget\" data-e-type=\"widget\" data-widget_type=\"theme-post-excerpt.default\">\n\t\t\t\t\tArtyku\u0142 w j\u0119zyku polskim opublikowany w suplemencie czasopisma Przegl\u0105d Epidemiologiczny\t\t\t\t<\/div>\n\t\t\t\t<div class=\"elementor-element elementor-element-fe5308e elementor-align-justify elementor-widget elementor-widget-button\" data-id=\"fe5308e\" data-element_type=\"widget\" data-e-type=\"widget\" data-widget_type=\"button.default\">\n\t\t\t\t\t\t\t\t\t\t<a class=\"elementor-button elementor-button-link elementor-size-sm\" href=\"https:\/\/pawel.stefanoff.pl\/work\/pl\/articles\/article-2004-herd-immunity-pl\/\">\n\t\t\t\t\t\t<span class=\"elementor-button-content-wrapper\">\n\t\t\t\t\t\t\t\t\t<span class=\"elementor-button-text\">Ver m\u00e1s<\/span>\n\t\t\t\t\t<\/span>\n\t\t\t\t\t<\/a>\n\t\t\t\t\t\t\t\t<\/div>\n\t\t\t\t\t<\/div>\n\t\t\t\t<\/div>\n\t\t\t\t<\/div>\n\t\t<style id=\"loop-dynamic-4715\">.e-loop-item-4437 .elementor-element.elementor-element-6e55af1:not(.elementor-motion-effects-element-type-background), .e-loop-item-4437 .elementor-element.elementor-element-6e55af1 > .elementor-motion-effects-container > .elementor-motion-effects-layer{background-image:url(\"https:\/\/pawel.stefanoff.pl\/work\/wp-content\/uploads\/2026\/01\/11062b_6856f2dda2bb4b679834f24c8a8f72famv2.avif\");}<\/style>\t\t<div data-elementor-type=\"loop-item\" data-elementor-id=\"4715\" class=\"elementor elementor-4715 e-loop-item e-loop-item-4437 post-4437 publikacje type-publikacje status-publish has-post-thumbnail hentry\" data-elementor-post-type=\"elementor_library\" data-custom-edit-handle=\"1\">\n\t\t\t<div class=\"elementor-element elementor-element-6e55af1 e-flex e-con-boxed e-con e-parent\" data-id=\"6e55af1\" data-element_type=\"container\" data-e-type=\"container\" data-settings=\"{&quot;background_background&quot;:&quot;classic&quot;}\">\n\t\t\t\t\t<div class=\"e-con-inner\">\n\t\t\t\t<div class=\"elementor-element elementor-element-1ff8dc0 elementor-widget elementor-widget-theme-post-title elementor-page-title elementor-widget-heading\" data-id=\"1ff8dc0\" data-element_type=\"widget\" data-e-type=\"widget\" data-widget_type=\"theme-post-title.default\">\n\t\t\t\t\t<h1 class=\"elementor-heading-title elementor-size-default\">Erradicaci\u00f3n de la poliomielitis en Polonia: evaluaci\u00f3n de la implementaci\u00f3n del programa.<\/h1>\t\t\t\t<\/div>\n\t\t\t\t<div class=\"elementor-element elementor-element-34d9c11 elementor-widget elementor-widget-theme-post-excerpt\" data-id=\"34d9c11\" data-element_type=\"widget\" data-e-type=\"widget\" data-widget_type=\"theme-post-excerpt.default\">\n\t\t\t\t\tArt\u00edculo en polaco publicado en la revista Przegl\u0105d Epidemiologiczny [Revista Epidemiol\u00f3gica]\t\t\t\t<\/div>\n\t\t\t\t<div class=\"elementor-element elementor-element-fe5308e elementor-align-justify elementor-widget elementor-widget-button\" data-id=\"fe5308e\" data-element_type=\"widget\" data-e-type=\"widget\" data-widget_type=\"button.default\">\n\t\t\t\t\t\t\t\t\t\t<a class=\"elementor-button elementor-button-link elementor-size-sm\" href=\"https:\/\/pawel.stefanoff.pl\/work\/es\/articles\/article-2004-polio-es\/\">\n\t\t\t\t\t\t<span class=\"elementor-button-content-wrapper\">\n\t\t\t\t\t\t\t\t\t<span class=\"elementor-button-text\">Ver m\u00e1s<\/span>\n\t\t\t\t\t<\/span>\n\t\t\t\t\t<\/a>\n\t\t\t\t\t\t\t\t<\/div>\n\t\t\t\t\t<\/div>\n\t\t\t\t<\/div>\n\t\t\t\t<\/div>\n\t\t<style id=\"loop-dynamic-4715\">.e-loop-item-1350 .elementor-element.elementor-element-6e55af1:not(.elementor-motion-effects-element-type-background), .e-loop-item-1350 .elementor-element.elementor-element-6e55af1 > .elementor-motion-effects-container > .elementor-motion-effects-layer{background-image:url(\"https:\/\/pawel.stefanoff.pl\/work\/wp-content\/uploads\/2026\/01\/11062b_6856f2dda2bb4b679834f24c8a8f72famv2.avif\");}<\/style>\t\t<div data-elementor-type=\"loop-item\" data-elementor-id=\"4715\" class=\"elementor elementor-4715 e-loop-item e-loop-item-1350 post-1350 publikacje type-publikacje status-publish has-post-thumbnail hentry\" data-elementor-post-type=\"elementor_library\" data-custom-edit-handle=\"1\">\n\t\t\t<div class=\"elementor-element elementor-element-6e55af1 e-flex e-con-boxed e-con e-parent\" data-id=\"6e55af1\" data-element_type=\"container\" data-e-type=\"container\" data-settings=\"{&quot;background_background&quot;:&quot;classic&quot;}\">\n\t\t\t\t\t<div class=\"e-con-inner\">\n\t\t\t\t<div class=\"elementor-element elementor-element-1ff8dc0 elementor-widget elementor-widget-theme-post-title elementor-page-title elementor-widget-heading\" data-id=\"1ff8dc0\" data-element_type=\"widget\" data-e-type=\"widget\" data-widget_type=\"theme-post-title.default\">\n\t\t\t\t\t<h1 class=\"elementor-heading-title elementor-size-default\">Poliomyelitis eradication in Poland \u2013 Assessment of the program implementation<\/h1>\t\t\t\t<\/div>\n\t\t\t\t<div class=\"elementor-element elementor-element-34d9c11 elementor-widget elementor-widget-theme-post-excerpt\" data-id=\"34d9c11\" data-element_type=\"widget\" data-e-type=\"widget\" data-widget_type=\"theme-post-excerpt.default\">\n\t\t\t\t\tArticle in Polish published in the journal Przegl\u0105d Epidemiologiczny [Epidemiological Review]\t\t\t\t<\/div>\n\t\t\t\t<div class=\"elementor-element elementor-element-fe5308e elementor-align-justify elementor-widget elementor-widget-button\" data-id=\"fe5308e\" data-element_type=\"widget\" data-e-type=\"widget\" data-widget_type=\"button.default\">\n\t\t\t\t\t\t\t\t\t\t<a class=\"elementor-button elementor-button-link elementor-size-sm\" href=\"https:\/\/pawel.stefanoff.pl\/work\/articles\/article-2004-polio-en\/\">\n\t\t\t\t\t\t<span class=\"elementor-button-content-wrapper\">\n\t\t\t\t\t\t\t\t\t<span class=\"elementor-button-text\">Ver m\u00e1s<\/span>\n\t\t\t\t\t<\/span>\n\t\t\t\t\t<\/a>\n\t\t\t\t\t\t\t\t<\/div>\n\t\t\t\t\t<\/div>\n\t\t\t\t<\/div>\n\t\t\t\t<\/div>\n\t\t<style id=\"loop-dynamic-4715\">.e-loop-item-1349 .elementor-element.elementor-element-6e55af1:not(.elementor-motion-effects-element-type-background), .e-loop-item-1349 .elementor-element.elementor-element-6e55af1 > .elementor-motion-effects-container > .elementor-motion-effects-layer{background-image:url(\"https:\/\/pawel.stefanoff.pl\/work\/wp-content\/uploads\/2026\/01\/11062b_6856f2dda2bb4b679834f24c8a8f72famv2.avif\");}<\/style>\t\t<div data-elementor-type=\"loop-item\" data-elementor-id=\"4715\" class=\"elementor elementor-4715 e-loop-item e-loop-item-1349 post-1349 publikacje type-publikacje status-publish has-post-thumbnail hentry\" data-elementor-post-type=\"elementor_library\" data-custom-edit-handle=\"1\">\n\t\t\t<div class=\"elementor-element elementor-element-6e55af1 e-flex e-con-boxed e-con e-parent\" data-id=\"6e55af1\" data-element_type=\"container\" data-e-type=\"container\" data-settings=\"{&quot;background_background&quot;:&quot;classic&quot;}\">\n\t\t\t\t\t<div class=\"e-con-inner\">\n\t\t\t\t<div class=\"elementor-element elementor-element-1ff8dc0 elementor-widget elementor-widget-theme-post-title elementor-page-title elementor-widget-heading\" data-id=\"1ff8dc0\" data-element_type=\"widget\" data-e-type=\"widget\" data-widget_type=\"theme-post-title.default\">\n\t\t\t\t\t<h1 class=\"elementor-heading-title elementor-size-default\">Eradykacja poliomyelitis w Polsce &#8211; ocena realizacji programu<\/h1>\t\t\t\t<\/div>\n\t\t\t\t<div class=\"elementor-element elementor-element-34d9c11 elementor-widget elementor-widget-theme-post-excerpt\" data-id=\"34d9c11\" data-element_type=\"widget\" data-e-type=\"widget\" data-widget_type=\"theme-post-excerpt.default\">\n\t\t\t\t\tArtyku\u0142 w j\u0119zyku polskim opublikowany w czasopi\u015bmie Przegl\u0105d Epidemiologiczny\t\t\t\t<\/div>\n\t\t\t\t<div class=\"elementor-element elementor-element-fe5308e elementor-align-justify elementor-widget elementor-widget-button\" data-id=\"fe5308e\" data-element_type=\"widget\" data-e-type=\"widget\" data-widget_type=\"button.default\">\n\t\t\t\t\t\t\t\t\t\t<a class=\"elementor-button elementor-button-link elementor-size-sm\" href=\"https:\/\/pawel.stefanoff.pl\/work\/pl\/articles\/article-2004-polio-pl\/\">\n\t\t\t\t\t\t<span class=\"elementor-button-content-wrapper\">\n\t\t\t\t\t\t\t\t\t<span class=\"elementor-button-text\">Ver m\u00e1s<\/span>\n\t\t\t\t\t<\/span>\n\t\t\t\t\t<\/a>\n\t\t\t\t\t\t\t\t<\/div>\n\t\t\t\t\t<\/div>\n\t\t\t\t<\/div>\n\t\t\t\t<\/div>\n\t\t<style id=\"loop-dynamic-4715\">.e-loop-item-4439 .elementor-element.elementor-element-6e55af1:not(.elementor-motion-effects-element-type-background), .e-loop-item-4439 .elementor-element.elementor-element-6e55af1 > .elementor-motion-effects-container > .elementor-motion-effects-layer{background-image:url(\"https:\/\/pawel.stefanoff.pl\/work\/wp-content\/uploads\/2026\/01\/11062b_6856f2dda2bb4b679834f24c8a8f72famv2.avif\");}<\/style>\t\t<div data-elementor-type=\"loop-item\" data-elementor-id=\"4715\" class=\"elementor elementor-4715 e-loop-item e-loop-item-4439 post-4439 publikacje type-publikacje status-publish has-post-thumbnail hentry\" data-elementor-post-type=\"elementor_library\" data-custom-edit-handle=\"1\">\n\t\t\t<div class=\"elementor-element elementor-element-6e55af1 e-flex e-con-boxed e-con e-parent\" data-id=\"6e55af1\" data-element_type=\"container\" data-e-type=\"container\" data-settings=\"{&quot;background_background&quot;:&quot;classic&quot;}\">\n\t\t\t\t\t<div class=\"e-con-inner\">\n\t\t\t\t<div class=\"elementor-element elementor-element-1ff8dc0 elementor-widget elementor-widget-theme-post-title elementor-page-title elementor-widget-heading\" data-id=\"1ff8dc0\" data-element_type=\"widget\" data-e-type=\"widget\" data-widget_type=\"theme-post-title.default\">\n\t\t\t\t\t<h1 class=\"elementor-heading-title elementor-size-default\">M\u00e9todos epidemiol\u00f3gicos utilizados en estudios de prevalencia del s\u00edndrome de Tourette<\/h1>\t\t\t\t<\/div>\n\t\t\t\t<div class=\"elementor-element elementor-element-34d9c11 elementor-widget elementor-widget-theme-post-excerpt\" data-id=\"34d9c11\" data-element_type=\"widget\" data-e-type=\"widget\" data-widget_type=\"theme-post-excerpt.default\">\n\t\t\t\t\tArt\u00edculo en polaco publicado en la revista Psychiatria Polska [Psiquiatr\u00eda Polaca]\t\t\t\t<\/div>\n\t\t\t\t<div class=\"elementor-element elementor-element-fe5308e elementor-align-justify elementor-widget elementor-widget-button\" data-id=\"fe5308e\" data-element_type=\"widget\" data-e-type=\"widget\" data-widget_type=\"button.default\">\n\t\t\t\t\t\t\t\t\t\t<a class=\"elementor-button elementor-button-link elementor-size-sm\" href=\"https:\/\/pawel.stefanoff.pl\/work\/es\/articles\/article-2003-tourette-es\/\">\n\t\t\t\t\t\t<span class=\"elementor-button-content-wrapper\">\n\t\t\t\t\t\t\t\t\t<span class=\"elementor-button-text\">Ver m\u00e1s<\/span>\n\t\t\t\t\t<\/span>\n\t\t\t\t\t<\/a>\n\t\t\t\t\t\t\t\t<\/div>\n\t\t\t\t\t<\/div>\n\t\t\t\t<\/div>\n\t\t\t\t<\/div>\n\t\t<style id=\"loop-dynamic-4715\">.e-loop-item-1357 .elementor-element.elementor-element-6e55af1:not(.elementor-motion-effects-element-type-background), .e-loop-item-1357 .elementor-element.elementor-element-6e55af1 > .elementor-motion-effects-container > .elementor-motion-effects-layer{background-image:url(\"https:\/\/pawel.stefanoff.pl\/work\/wp-content\/uploads\/2026\/01\/11062b_6856f2dda2bb4b679834f24c8a8f72famv2.avif\");}<\/style>\t\t<div data-elementor-type=\"loop-item\" data-elementor-id=\"4715\" class=\"elementor elementor-4715 e-loop-item e-loop-item-1357 post-1357 publikacje type-publikacje status-publish has-post-thumbnail hentry\" data-elementor-post-type=\"elementor_library\" data-custom-edit-handle=\"1\">\n\t\t\t<div class=\"elementor-element elementor-element-6e55af1 e-flex e-con-boxed e-con e-parent\" data-id=\"6e55af1\" data-element_type=\"container\" data-e-type=\"container\" data-settings=\"{&quot;background_background&quot;:&quot;classic&quot;}\">\n\t\t\t\t\t<div class=\"e-con-inner\">\n\t\t\t\t<div class=\"elementor-element elementor-element-1ff8dc0 elementor-widget elementor-widget-theme-post-title elementor-page-title elementor-widget-heading\" data-id=\"1ff8dc0\" data-element_type=\"widget\" data-e-type=\"widget\" data-widget_type=\"theme-post-title.default\">\n\t\t\t\t\t<h1 class=\"elementor-heading-title elementor-size-default\">Epidemiological methods used in studies of Tourette syndrome prevalence<\/h1>\t\t\t\t<\/div>\n\t\t\t\t<div class=\"elementor-element elementor-element-34d9c11 elementor-widget elementor-widget-theme-post-excerpt\" data-id=\"34d9c11\" data-element_type=\"widget\" data-e-type=\"widget\" data-widget_type=\"theme-post-excerpt.default\">\n\t\t\t\t\tArticle in Polish published in the journal Psychiatria Polska [Polish Psychiatry]\t\t\t\t<\/div>\n\t\t\t\t<div class=\"elementor-element elementor-element-fe5308e elementor-align-justify elementor-widget elementor-widget-button\" data-id=\"fe5308e\" data-element_type=\"widget\" data-e-type=\"widget\" data-widget_type=\"button.default\">\n\t\t\t\t\t\t\t\t\t\t<a class=\"elementor-button elementor-button-link elementor-size-sm\" href=\"https:\/\/pawel.stefanoff.pl\/work\/articles\/article-2003-tourette-en\/\">\n\t\t\t\t\t\t<span class=\"elementor-button-content-wrapper\">\n\t\t\t\t\t\t\t\t\t<span class=\"elementor-button-text\">Ver m\u00e1s<\/span>\n\t\t\t\t\t<\/span>\n\t\t\t\t\t<\/a>\n\t\t\t\t\t\t\t\t<\/div>\n\t\t\t\t\t<\/div>\n\t\t\t\t<\/div>\n\t\t\t\t<\/div>\n\t\t<style id=\"loop-dynamic-4715\">.e-loop-item-1355 .elementor-element.elementor-element-6e55af1:not(.elementor-motion-effects-element-type-background), .e-loop-item-1355 .elementor-element.elementor-element-6e55af1 > .elementor-motion-effects-container > .elementor-motion-effects-layer{background-image:url(\"https:\/\/pawel.stefanoff.pl\/work\/wp-content\/uploads\/2026\/01\/11062b_6856f2dda2bb4b679834f24c8a8f72famv2.avif\");}<\/style>\t\t<div data-elementor-type=\"loop-item\" data-elementor-id=\"4715\" class=\"elementor elementor-4715 e-loop-item e-loop-item-1355 post-1355 publikacje type-publikacje status-publish has-post-thumbnail hentry\" data-elementor-post-type=\"elementor_library\" data-custom-edit-handle=\"1\">\n\t\t\t<div class=\"elementor-element elementor-element-6e55af1 e-flex e-con-boxed e-con e-parent\" data-id=\"6e55af1\" data-element_type=\"container\" data-e-type=\"container\" data-settings=\"{&quot;background_background&quot;:&quot;classic&quot;}\">\n\t\t\t\t\t<div class=\"e-con-inner\">\n\t\t\t\t<div class=\"elementor-element elementor-element-1ff8dc0 elementor-widget elementor-widget-theme-post-title elementor-page-title elementor-widget-heading\" data-id=\"1ff8dc0\" data-element_type=\"widget\" data-e-type=\"widget\" data-widget_type=\"theme-post-title.default\">\n\t\t\t\t\t<h1 class=\"elementor-heading-title elementor-size-default\">Metody epidemiologiczne w badaniach rozpowszechnienia zespo\u0142u Tourette&#8217;a<\/h1>\t\t\t\t<\/div>\n\t\t\t\t<div class=\"elementor-element elementor-element-34d9c11 elementor-widget elementor-widget-theme-post-excerpt\" data-id=\"34d9c11\" data-element_type=\"widget\" data-e-type=\"widget\" data-widget_type=\"theme-post-excerpt.default\">\n\t\t\t\t\tArtyku\u0142 w j\u0119zyku polskim opublikowany w czasopi\u015bmie Psychiatria Polska\t\t\t\t<\/div>\n\t\t\t\t<div class=\"elementor-element elementor-element-fe5308e elementor-align-justify elementor-widget elementor-widget-button\" data-id=\"fe5308e\" data-element_type=\"widget\" data-e-type=\"widget\" data-widget_type=\"button.default\">\n\t\t\t\t\t\t\t\t\t\t<a class=\"elementor-button elementor-button-link elementor-size-sm\" href=\"https:\/\/pawel.stefanoff.pl\/work\/pl\/articles\/article-2003-tourette-pl\/\">\n\t\t\t\t\t\t<span class=\"elementor-button-content-wrapper\">\n\t\t\t\t\t\t\t\t\t<span class=\"elementor-button-text\">Ver m\u00e1s<\/span>\n\t\t\t\t\t<\/span>\n\t\t\t\t\t<\/a>\n\t\t\t\t\t\t\t\t<\/div>\n\t\t\t\t\t<\/div>\n\t\t\t\t<\/div>\n\t\t\t\t<\/div>\n\t\t<style id=\"loop-dynamic-4715\">.e-loop-item-4441 .elementor-element.elementor-element-6e55af1:not(.elementor-motion-effects-element-type-background), .e-loop-item-4441 .elementor-element.elementor-element-6e55af1 > .elementor-motion-effects-container > .elementor-motion-effects-layer{background-image:url(\"https:\/\/pawel.stefanoff.pl\/work\/wp-content\/uploads\/2026\/01\/11062b_6856f2dda2bb4b679834f24c8a8f72famv2.avif\");}<\/style>\t\t<div data-elementor-type=\"loop-item\" data-elementor-id=\"4715\" class=\"elementor elementor-4715 e-loop-item e-loop-item-4441 post-4441 publikacje type-publikacje status-publish has-post-thumbnail hentry\" data-elementor-post-type=\"elementor_library\" data-custom-edit-handle=\"1\">\n\t\t\t<div class=\"elementor-element elementor-element-6e55af1 e-flex e-con-boxed e-con e-parent\" data-id=\"6e55af1\" data-element_type=\"container\" data-e-type=\"container\" data-settings=\"{&quot;background_background&quot;:&quot;classic&quot;}\">\n\t\t\t\t\t<div class=\"e-con-inner\">\n\t\t\t\t<div class=\"elementor-element elementor-element-1ff8dc0 elementor-widget elementor-widget-theme-post-title elementor-page-title elementor-widget-heading\" data-id=\"1ff8dc0\" data-element_type=\"widget\" data-e-type=\"widget\" data-widget_type=\"theme-post-title.default\">\n\t\t\t\t\t<h1 class=\"elementor-heading-title elementor-size-default\">Toxina botul\u00ednica en el tratamiento de las diston\u00edas focales: experiencias con el uso de la toxina botul\u00ednica<\/h1>\t\t\t\t<\/div>\n\t\t\t\t<div class=\"elementor-element elementor-element-34d9c11 elementor-widget elementor-widget-theme-post-excerpt\" data-id=\"34d9c11\" data-element_type=\"widget\" data-e-type=\"widget\" data-widget_type=\"theme-post-excerpt.default\">\n\t\t\t\t\tArt\u00edculo en polaco publicado en la revista Neurologia i Neurochirurgia Polska [Revista Polaca de Neurolog\u00eda y Neurocirug\u00eda]\t\t\t\t<\/div>\n\t\t\t\t<div class=\"elementor-element elementor-element-fe5308e elementor-align-justify elementor-widget elementor-widget-button\" data-id=\"fe5308e\" data-element_type=\"widget\" data-e-type=\"widget\" data-widget_type=\"button.default\">\n\t\t\t\t\t\t\t\t\t\t<a class=\"elementor-button elementor-button-link elementor-size-sm\" href=\"https:\/\/pawel.stefanoff.pl\/work\/es\/articles\/article-2000-botulin-es\/\">\n\t\t\t\t\t\t<span class=\"elementor-button-content-wrapper\">\n\t\t\t\t\t\t\t\t\t<span class=\"elementor-button-text\">Ver m\u00e1s<\/span>\n\t\t\t\t\t<\/span>\n\t\t\t\t\t<\/a>\n\t\t\t\t\t\t\t\t<\/div>\n\t\t\t\t\t<\/div>\n\t\t\t\t<\/div>\n\t\t\t\t<\/div>\n\t\t<style id=\"loop-dynamic-4715\">.e-loop-item-1354 .elementor-element.elementor-element-6e55af1:not(.elementor-motion-effects-element-type-background), .e-loop-item-1354 .elementor-element.elementor-element-6e55af1 > .elementor-motion-effects-container > .elementor-motion-effects-layer{background-image:url(\"https:\/\/pawel.stefanoff.pl\/work\/wp-content\/uploads\/2026\/01\/11062b_6856f2dda2bb4b679834f24c8a8f72famv2.avif\");}<\/style>\t\t<div data-elementor-type=\"loop-item\" data-elementor-id=\"4715\" class=\"elementor elementor-4715 e-loop-item e-loop-item-1354 post-1354 publikacje type-publikacje status-publish has-post-thumbnail hentry\" data-elementor-post-type=\"elementor_library\" data-custom-edit-handle=\"1\">\n\t\t\t<div class=\"elementor-element elementor-element-6e55af1 e-flex e-con-boxed e-con e-parent\" data-id=\"6e55af1\" data-element_type=\"container\" data-e-type=\"container\" data-settings=\"{&quot;background_background&quot;:&quot;classic&quot;}\">\n\t\t\t\t\t<div class=\"e-con-inner\">\n\t\t\t\t<div class=\"elementor-element elementor-element-1ff8dc0 elementor-widget elementor-widget-theme-post-title elementor-page-title elementor-widget-heading\" data-id=\"1ff8dc0\" data-element_type=\"widget\" data-e-type=\"widget\" data-widget_type=\"theme-post-title.default\">\n\t\t\t\t\t<h1 class=\"elementor-heading-title elementor-size-default\">Botulinum toxin in the treatment of focal dystonias \u2013 own experiences with botulinum toxin<\/h1>\t\t\t\t<\/div>\n\t\t\t\t<div class=\"elementor-element elementor-element-34d9c11 elementor-widget elementor-widget-theme-post-excerpt\" data-id=\"34d9c11\" data-element_type=\"widget\" data-e-type=\"widget\" data-widget_type=\"theme-post-excerpt.default\">\n\t\t\t\t\tArticle in Polish published in the journal Neurologia i Neurochirurgia Polska [Polish Journal of Neurology and Neurosurgery]\t\t\t\t<\/div>\n\t\t\t\t<div class=\"elementor-element elementor-element-fe5308e elementor-align-justify elementor-widget elementor-widget-button\" data-id=\"fe5308e\" data-element_type=\"widget\" data-e-type=\"widget\" data-widget_type=\"button.default\">\n\t\t\t\t\t\t\t\t\t\t<a class=\"elementor-button elementor-button-link elementor-size-sm\" href=\"https:\/\/pawel.stefanoff.pl\/work\/articles\/article-2000-botulin-en\/\">\n\t\t\t\t\t\t<span class=\"elementor-button-content-wrapper\">\n\t\t\t\t\t\t\t\t\t<span class=\"elementor-button-text\">Ver m\u00e1s<\/span>\n\t\t\t\t\t<\/span>\n\t\t\t\t\t<\/a>\n\t\t\t\t\t\t\t\t<\/div>\n\t\t\t\t\t<\/div>\n\t\t\t\t<\/div>\n\t\t\t\t<\/div>\n\t\t<style id=\"loop-dynamic-4715\">.e-loop-item-1351 .elementor-element.elementor-element-6e55af1:not(.elementor-motion-effects-element-type-background), .e-loop-item-1351 .elementor-element.elementor-element-6e55af1 > .elementor-motion-effects-container > .elementor-motion-effects-layer{background-image:url(\"https:\/\/pawel.stefanoff.pl\/work\/wp-content\/uploads\/2026\/01\/11062b_6856f2dda2bb4b679834f24c8a8f72famv2.avif\");}<\/style>\t\t<div data-elementor-type=\"loop-item\" data-elementor-id=\"4715\" class=\"elementor elementor-4715 e-loop-item e-loop-item-1351 post-1351 publikacje type-publikacje status-publish has-post-thumbnail hentry\" data-elementor-post-type=\"elementor_library\" data-custom-edit-handle=\"1\">\n\t\t\t<div class=\"elementor-element elementor-element-6e55af1 e-flex e-con-boxed e-con e-parent\" data-id=\"6e55af1\" data-element_type=\"container\" data-e-type=\"container\" data-settings=\"{&quot;background_background&quot;:&quot;classic&quot;}\">\n\t\t\t\t\t<div class=\"e-con-inner\">\n\t\t\t\t<div class=\"elementor-element elementor-element-1ff8dc0 elementor-widget elementor-widget-theme-post-title elementor-page-title elementor-widget-heading\" data-id=\"1ff8dc0\" data-element_type=\"widget\" data-e-type=\"widget\" data-widget_type=\"theme-post-title.default\">\n\t\t\t\t\t<h1 class=\"elementor-heading-title elementor-size-default\">Toksyna botulinowa w leczeniu dystonii ogniskowych &#8211; do\u015bwiadczenia w\u0142asne<\/h1>\t\t\t\t<\/div>\n\t\t\t\t<div class=\"elementor-element elementor-element-34d9c11 elementor-widget elementor-widget-theme-post-excerpt\" data-id=\"34d9c11\" data-element_type=\"widget\" data-e-type=\"widget\" data-widget_type=\"theme-post-excerpt.default\">\n\t\t\t\t\tArtyku\u0142 w j\u0119zyku polskim opublikowany w czasopi\u015bmie Neurologia i Neurochirurgia Polska\t\t\t\t<\/div>\n\t\t\t\t<div class=\"elementor-element elementor-element-fe5308e elementor-align-justify elementor-widget elementor-widget-button\" data-id=\"fe5308e\" data-element_type=\"widget\" data-e-type=\"widget\" data-widget_type=\"button.default\">\n\t\t\t\t\t\t\t\t\t\t<a class=\"elementor-button elementor-button-link elementor-size-sm\" href=\"https:\/\/pawel.stefanoff.pl\/work\/pl\/articles\/article-2000-botulin-pl\/\">\n\t\t\t\t\t\t<span class=\"elementor-button-content-wrapper\">\n\t\t\t\t\t\t\t\t\t<span class=\"elementor-button-text\">Ver m\u00e1s<\/span>\n\t\t\t\t\t<\/span>\n\t\t\t\t\t<\/a>\n\t\t\t\t\t\t\t\t<\/div>\n\t\t\t\t\t<\/div>\n\t\t\t\t<\/div>\n\t\t\t\t<\/div>\n\t\t\t\t<\/div>\n\t\t\n\t\t\t\t\t\t<\/div>\n\t\t\t\t<\/div>\n\t\t\t\t\t<\/div>\n\t\t\t\t<\/div>\n\t\t\t\t<\/div>\n\t\t","protected":false},"excerpt":{"rendered":"<p>Atr\u00e1s Art\u00edculos revisados \u200b\u200bpor pares Esta p\u00e1gina enumera todos mis trabajos originales publicados en revistas cient\u00edficas revisadas por pares. La mayor\u00eda est\u00e1n indexados en PubMed, salvo algunos art\u00edculos aparecidos en suplementos o en revistas no indexadas. Para cada publicaci\u00f3n he preparado un breve resumen, descrito el contexto en el que se desarroll\u00f3 el trabajo y [&hellip;]<\/p>\n","protected":false},"author":4,"featured_media":0,"parent":0,"menu_order":0,"comment_status":"closed","ping_status":"closed","template":"elementor_header_footer","meta":{"_acf_changed":false,"footnotes":""},"class_list":["post-4443","page","type-page","status-publish","hentry"],"acf":[],"_links":{"self":[{"href":"https:\/\/pawel.stefanoff.pl\/work\/wp-json\/wp\/v2\/pages\/4443","targetHints":{"allow":["GET"]}}],"collection":[{"href":"https:\/\/pawel.stefanoff.pl\/work\/wp-json\/wp\/v2\/pages"}],"about":[{"href":"https:\/\/pawel.stefanoff.pl\/work\/wp-json\/wp\/v2\/types\/page"}],"author":[{"embeddable":true,"href":"https:\/\/pawel.stefanoff.pl\/work\/wp-json\/wp\/v2\/users\/4"}],"replies":[{"embeddable":true,"href":"https:\/\/pawel.stefanoff.pl\/work\/wp-json\/wp\/v2\/comments?post=4443"}],"version-history":[{"count":30,"href":"https:\/\/pawel.stefanoff.pl\/work\/wp-json\/wp\/v2\/pages\/4443\/revisions"}],"predecessor-version":[{"id":5359,"href":"https:\/\/pawel.stefanoff.pl\/work\/wp-json\/wp\/v2\/pages\/4443\/revisions\/5359"}],"wp:attachment":[{"href":"https:\/\/pawel.stefanoff.pl\/work\/wp-json\/wp\/v2\/media?parent=4443"}],"curies":[{"name":"wp","href":"https:\/\/api.w.org\/{rel}","templated":true}]}}