{"id":3997,"date":"2002-09-01T07:10:25","date_gmt":"2002-09-01T07:10:25","guid":{"rendered":"https:\/\/pawel.stefanoff.pl\/work\/?post_type=prace-dyplomowe&#038;p=3997"},"modified":"2026-03-22T07:48:06","modified_gmt":"2026-03-22T07:48:06","slug":"thesis-2002-tic-disorders-es","status":"publish","type":"prace-dyplomowe","link":"https:\/\/pawel.stefanoff.pl\/work\/es\/theses\/thesis-2002-tic-disorders-es\/","title":{"rendered":"Trastornos de tics en adolescentes: epidemiolog\u00eda, caracter\u00edsticas cl\u00ednicas y actitud ante la enfermedad."},"content":{"rendered":"\n<p class=\"wp-block-paragraph\">La tesis doctoral que defend\u00ed en la Universidad M\u00e9dica de Varsovia resum\u00eda una investigaci\u00f3n sobre la prevalencia de los tics entre escolares que coordin\u00e9 durante mis \u00faltimos a\u00f1os en la facultad de medicina.<\/p>\n\n\n\n<p class=\"wp-block-paragraph\"><\/p>\n","protected":false},"excerpt":{"rendered":"<p>Tesis doctoral en Epidemiolog\u00eda de los Trastornos del Movimiento defendida en la Universidad M\u00e9dica de Varsovia.<\/p>\n","protected":false},"featured_media":0,"template":"","meta":{"_acf_changed":false},"class_list":["post-3997","prace-dyplomowe","type-prace-dyplomowe","status-publish","hentry"],"acf":[],"_links":{"self":[{"href":"https:\/\/pawel.stefanoff.pl\/work\/wp-json\/wp\/v2\/prace-dyplomowe\/3997","targetHints":{"allow":["GET"]}}],"collection":[{"href":"https:\/\/pawel.stefanoff.pl\/work\/wp-json\/wp\/v2\/prace-dyplomowe"}],"about":[{"href":"https:\/\/pawel.stefanoff.pl\/work\/wp-json\/wp\/v2\/types\/prace-dyplomowe"}],"wp:attachment":[{"href":"https:\/\/pawel.stefanoff.pl\/work\/wp-json\/wp\/v2\/media?parent=3997"}],"curies":[{"name":"wp","href":"https:\/\/api.w.org\/{rel}","templated":true}]}}