{"id":2844,"date":"2005-09-04T05:15:57","date_gmt":"2005-09-04T05:15:57","guid":{"rendered":"https:\/\/pawel.stefanoff.pl\/work\/?post_type=prezentacje&#038;p=2844"},"modified":"2026-03-22T14:49:47","modified_gmt":"2026-03-22T14:49:47","slug":"poster-2005-opv-replacement-pl","status":"publish","type":"prezentacje","link":"https:\/\/pawel.stefanoff.pl\/work\/pl\/presentations\/poster-2005-opv-replacement-pl\/","title":{"rendered":"Ocena skutk\u00f3w stopniowego zast\u0119powania doustnej \u017cywej szczepionki przeciw poliomyelitis (OPV) szczepionk\u0105 inaktywowan\u0105 (IPV) na wyst\u0119powanie pora\u017ce\u0144 w nast\u0119pstwie szczepie\u0144 przeciw polio (VAPP) w Polsce."},"content":{"rendered":"\n<p class=\"wp-block-paragraph\">Wyj\u0105tkowa praca, wykazuj\u0105ca, \u017ce zast\u0105pienie pierwszych dawek szczepionki przeciw poliomyelitis (doustnej, \u017cywej, OPV) szczepionk\u0105 inaktywowan\u0105, podawan\u0105 podsk\u00f3rnie (IPV), nie wyeliminowa\u0142o sporadycznych pora\u017ce\u0144 wywo\u0142ywanych wirusem poch\u0105dz\u0105cym ze szczepionki (VAPP). Przez oko\u0142o 10 lat w Polsce stosowano obydwa rodzaje szczepionek, opieraj\u0105c si\u0119 na wyrywkowych danych WHO, kt\u00f3re sugerowa\u0142y \u017ce wystarczy zast\u0105pi\u0107 pierwsz\u0105 dawk\u0119 szczepionki doustnej szczepionk\u0105 doustn\u0105. Teraz ten temat ju\u017c nie jest aktualny, poniewa\u017c od dawna nie stosuje si\u0119 szczepionek OPV. Jednak tego typu wyniki mog\u0142yby mie\u0107 znaczenie dla innych kraj\u00f3w na \u015bwiecie&#8230; Niestety praca nigdy nie zosta\u0142a opublikowana \ud83d\ude41<a href=\"https:\/\/pawel.stefanoff.pl\/work\/_files\/ugd\/7d6a9a_e7160bda4a2246eb979b0d71c2b6bdd7.pdf\" target=\"_blank\" rel=\"noreferrer noopener\"><\/a><\/p>\n","protected":false},"excerpt":{"rendered":"<p>Czwarty \u015awiatowy Kongres Chor\u00f3b Zaka\u017anych Wieku Dzieci\u0119cego (WSPID), Warszawa, Polska, 1-4 wrze\u015bnia 2005 roku.<\/p>\n","protected":false},"featured_media":2666,"template":"","meta":{"_acf_changed":true},"class_list":["post-2844","prezentacje","type-prezentacje","status-publish","has-post-thumbnail","hentry"],"acf":{"photo_gallery":{"_pdf_image":[[{"id":2846,"title":"The Library of Trinity College_edited (4)","caption":"","full_image_url":"https:\/\/pawel.stefanoff.pl\/work\/wp-content\/uploads\/2026\/01\/The-Library-of-Trinity-College_edited-4-1.jpg","thumbnail_image_url":"https:\/\/pawel.stefanoff.pl\/work\/wp-content\/uploads\/2026\/01\/The-Library-of-Trinity-College_edited-4-1-150x150.jpg","large_srcset":"https:\/\/pawel.stefanoff.pl\/work\/wp-content\/uploads\/2026\/01\/The-Library-of-Trinity-College_edited-4-1.jpg 397w, https:\/\/pawel.stefanoff.pl\/work\/wp-content\/uploads\/2026\/01\/The-Library-of-Trinity-College_edited-4-1-212x300.jpg 212w","medium_srcset":"https:\/\/pawel.stefanoff.pl\/work\/wp-content\/uploads\/2026\/01\/The-Library-of-Trinity-College_edited-4-1-212x300.jpg 212w, https:\/\/pawel.stefanoff.pl\/work\/wp-content\/uploads\/2026\/01\/The-Library-of-Trinity-College_edited-4-1.jpg 397w","media_details":{"width":397,"height":561,"sizes":{"medium":{"file":"The-Library-of-Trinity-College_edited-4-1-212x300.jpg","width":212,"height":300,"mime-type":"image\/jpeg","filesize":14994,"source_url":"https:\/\/pawel.stefanoff.pl\/work\/wp-content\/uploads\/2026\/01\/The-Library-of-Trinity-College_edited-4-1-212x300.jpg"},"thumbnail":{"file":"The-Library-of-Trinity-College_edited-4-1-150x150.jpg","width":150,"height":150,"mime-type":"image\/jpeg","filesize":6171,"source_url":"https:\/\/pawel.stefanoff.pl\/work\/wp-content\/uploads\/2026\/01\/The-Library-of-Trinity-College_edited-4-1-150x150.jpg"}}},"alt_text":"","url":"","target":""}]]}},"_links":{"self":[{"href":"https:\/\/pawel.stefanoff.pl\/work\/wp-json\/wp\/v2\/prezentacje\/2844","targetHints":{"allow":["GET"]}}],"collection":[{"href":"https:\/\/pawel.stefanoff.pl\/work\/wp-json\/wp\/v2\/prezentacje"}],"about":[{"href":"https:\/\/pawel.stefanoff.pl\/work\/wp-json\/wp\/v2\/types\/prezentacje"}],"wp:featuredmedia":[{"embeddable":true,"href":"https:\/\/pawel.stefanoff.pl\/work\/wp-json\/wp\/v2\/media\/2666"}],"wp:attachment":[{"href":"https:\/\/pawel.stefanoff.pl\/work\/wp-json\/wp\/v2\/media?parent=2844"}],"curies":[{"name":"wp","href":"https:\/\/api.w.org\/{rel}","templated":true}]}}