{"id":4570,"date":"2005-09-04T05:15:57","date_gmt":"2005-09-04T05:15:57","guid":{"rendered":"https:\/\/pawel.stefanoff.pl\/work\/?post_type=prezentacje&#038;p=4570"},"modified":"2026-03-22T14:49:38","modified_gmt":"2026-03-22T14:49:38","slug":"poster-2005-opv-replacement-es","status":"publish","type":"prezentacje","link":"https:\/\/pawel.stefanoff.pl\/work\/es\/presentations\/poster-2005-opv-replacement-es\/","title":{"rendered":"Efecto de la sustituci\u00f3n gradual de la vacuna oral contra la poliomielitis (OPV) por la vacuna antipoliomiel\u00edtica inactivada (IPV) sobre la incidencia de poliomielitis paral\u00edtica asociada a la vacuna (VAPP) en Polonia."},"content":{"rendered":"\n<p class=\"wp-block-paragraph\">Una investigaci\u00f3n importante y bastante excepcional document\u00f3 que la sustituci\u00f3n gradual de las primeras dosis de la vacuna oral contra la poliomielitis (VPO) por la vacuna inactivada contra la poliomielitis (VPI) en el calendario de vacunaci\u00f3n infantil polaco no elimin\u00f3 los eventos adversos espor\u00e1dicos de poliomielitis paral\u00edtica asociada a la vacuna (VAPP). Ambas vacunas se utilizaron simult\u00e1neamente en Polonia durante 10 a\u00f1os, siguiendo las directrices de la OMS basadas en evidencia antigua que indicaba que la sustituci\u00f3n de las primeras dosis de la VPO preven\u00eda la aparici\u00f3n de VAPP. Este tema ya no es relevante en Europa, pero muchos pa\u00edses podr\u00edan utilizar esta evidencia al decidir sustituir las vacunas VPO. Lamentablemente, nunca logramos publicar este an\u00e1lisis \ud83d\ude41<\/p>\n","protected":false},"excerpt":{"rendered":"<p>IV Congreso Mundial de la Sociedad Mundial de Enfermedades Infecciosas Pedi\u00e1tricas (WSPID), Varsovia, Polonia, 1-4 de septiembre de 2005.<\/p>\n","protected":false},"featured_media":2666,"template":"","meta":{"_acf_changed":true},"class_list":["post-4570","prezentacje","type-prezentacje","status-publish","has-post-thumbnail","hentry"],"acf":{"photo_gallery":{"_pdf_image":[[{"id":2845,"title":"2005-Warszawa_poster1","caption":"","full_image_url":"https:\/\/pawel.stefanoff.pl\/work\/wp-content\/uploads\/2026\/01\/2005-Warszawa_poster1.pdf","thumbnail_image_url":"https:\/\/pawel.stefanoff.pl\/work\/wp-content\/uploads\/2026\/01\/2005-Warszawa_poster1-pdf-106x150.jpg","large_srcset":false,"medium_srcset":false,"media_details":{"width":null,"height":null,"sizes":{"full":{"file":"2005-Warszawa_poster1-pdf.jpg","width":1058,"height":1497,"mime-type":"image\/jpeg","filesize":253741,"source_url":"https:\/\/pawel.stefanoff.pl\/work\/wp-content\/uploads\/2026\/01\/2005-Warszawa_poster1-pdf.jpg"},"medium":{"file":"2005-Warszawa_poster1-pdf-212x300.jpg","width":212,"height":300,"mime-type":"image\/jpeg","filesize":17091,"source_url":"https:\/\/pawel.stefanoff.pl\/work\/wp-content\/uploads\/2026\/01\/2005-Warszawa_poster1-pdf-212x300.jpg"},"large":{"file":"2005-Warszawa_poster1-pdf-724x1024.jpg","width":724,"height":1024,"mime-type":"image\/jpeg","filesize":123167,"source_url":"https:\/\/pawel.stefanoff.pl\/work\/wp-content\/uploads\/2026\/01\/2005-Warszawa_poster1-pdf-724x1024.jpg"},"thumbnail":{"file":"2005-Warszawa_poster1-pdf-106x150.jpg","width":106,"height":150,"mime-type":"image\/jpeg","filesize":7714,"source_url":"https:\/\/pawel.stefanoff.pl\/work\/wp-content\/uploads\/2026\/01\/2005-Warszawa_poster1-pdf-106x150.jpg"}}},"alt_text":"","url":"","target":""}]]}},"_links":{"self":[{"href":"https:\/\/pawel.stefanoff.pl\/work\/wp-json\/wp\/v2\/prezentacje\/4570","targetHints":{"allow":["GET"]}}],"collection":[{"href":"https:\/\/pawel.stefanoff.pl\/work\/wp-json\/wp\/v2\/prezentacje"}],"about":[{"href":"https:\/\/pawel.stefanoff.pl\/work\/wp-json\/wp\/v2\/types\/prezentacje"}],"wp:featuredmedia":[{"embeddable":true,"href":"https:\/\/pawel.stefanoff.pl\/work\/wp-json\/wp\/v2\/media\/2666"}],"wp:attachment":[{"href":"https:\/\/pawel.stefanoff.pl\/work\/wp-json\/wp\/v2\/media?parent=4570"}],"curies":[{"name":"wp","href":"https:\/\/api.w.org\/{rel}","templated":true}]}}