{"id":1295,"date":"2008-11-01T04:48:43","date_gmt":"2008-11-01T04:48:43","guid":{"rendered":"https:\/\/pawel.stefanoff.pl\/work\/?post_type=publikacje&#038;p=1295"},"modified":"2026-04-25T13:35:22","modified_gmt":"2026-04-25T13:35:22","slug":"article-2008-tbe-foci-pl","status":"publish","type":"publikacje","link":"https:\/\/pawel.stefanoff.pl\/work\/pl\/articles\/article-2008-tbe-foci-pl\/","title":{"rendered":"Identyfikacja nowych ognisk kleszczowego zapalenia m\u00f3zgu w Polsce \u2013 pilota\u017cowe badanie seroprewalencji w wybranych regionach"},"content":{"rendered":"\n<p class=\"wp-block-paragraph\">W artykule opisano badanie, w kt\u00f3rym zbadano obecno\u015b\u0107 wirusa kleszczowego zapalenia m\u00f3zgu (KZM) u ludzi i k\u00f3z w r\u00f3\u017cnych regionach Polski. Przebadali\u015bmy pr\u00f3bki krwi pobrane od 1498 os\u00f3b i 358 k\u00f3z, stwierdzaj\u0105c, \u017ce zar\u00f3wno ludzie, jak i zwierz\u0119ta na obszarach wcze\u015bniej uznawanych za wolne od tej choroby byli nara\u017ceni na KZM. Badanie wykaza\u0142o, \u017ce rzeczywisty zasi\u0119g rozprzestrzeniania si\u0119 wirusa by\u0142 szerszy ni\u017c wynika\u0142o to z rutynowego nadzoru nad chorob\u0105, co sugeruje, \u017ce niekt\u00f3re obszary endemiczne pozostawa\u0142y nieodkryte, zw\u0142aszcza w regionach nie endemicznych. W rzeczywisto\u015bci udokumentowali\u015bmy, \u017ce odsetek os\u00f3b, kt\u00f3re mia\u0142y kontakt z wirusem KZM, nie r\u00f3\u017cni\u0142 si\u0119 mi\u0119dzy regionami uznanymi za endemiczne i nie endemiczne. Nasze wyniki podkre\u015bli\u0142y potrzeb\u0119 poprawy protoko\u0142\u00f3w diagnostycznych i bardziej czu\u0142ego nadzoru w celu dok\u0142adnego wykrywania i zg\u0142aszania przypadk\u00f3w KZM. Badanie zasugerowa\u0142o r\u00f3wnie\u017c, \u017ce kozy mog\u0105 s\u0142u\u017cy\u0107 jako u\u017cyteczne wska\u017aniki lokalnej obecno\u015bci KZM, poniewa\u017c rzadziej przemieszczaj\u0105 si\u0119 mi\u0119dzy regionami, a tym samym odzwierciedlaj\u0105 lokalne ryzyko zaka\u017cenia.&nbsp;<\/p>\n\n\n\n<p class=\"wp-block-paragraph\">Ten artyku\u0142 by\u0142 dla mnie szczeg\u00f3lnie wa\u017cny, poniewa\u017c podsumowa\u0142 kilka trwaj\u0105cych bada\u0144. Uwzgl\u0119dni\u0142em r\u00f3wnie\u017c wyniki historycznych bada\u0144 seroepidemiologicznych przeprowadzonych w latach 70. XX wieku, kt\u00f3re zrekonstruowa\u0142em na podstawie zarchiwizowanych, cz\u0119\u015bciowo niepublikowanych danych. Praca zosta\u0142a zaprezentowana na mi\u0119dzynarodowej konferencji po\u015bwi\u0119conej chorobom odkleszczowym i opublikowana w suplemencie renomowanego czasopisma. Chocia\u017c pocz\u0105tkowo by\u0142a indeksowana w PubMed, zosta\u0142a usuni\u0119ta kilka lat p\u00f3\u017aniej w wyniku zmiany polityki wykluczaj\u0105cej suplementy do czasopism z indeksowania. Jestem dumny z tej publikacji, poniewa\u017c jest dobrze napisana, recenzowana i wielokrotnie cytowana.<a href=\"https:\/\/www.sciencedirect.com\/science\/article\/pii\/S1438422108000532?casa_token=RwVf6KY6VfgAAAAA:CEofPuuQRY_Ouyl5ZtcWlrJzArvCyvnzZAYPfHcbLe5v07TwQKaivbebc4cb2HEp_3-ZgmUwHDXV\" target=\"_blank\" rel=\"noreferrer noopener nofollow\"><\/a><\/p>\n","protected":false},"excerpt":{"rendered":"<p>Artyku\u0142 w j\u0119zyku angielskim opublikowany w suplemencie czasopisma International Journal of Medical Microbiology<\/p>\n","protected":false},"featured_media":1074,"template":"","meta":{"_acf_changed":false},"class_list":["post-1295","publikacje","type-publikacje","status-publish","has-post-thumbnail","hentry"],"acf":[],"_links":{"self":[{"href":"https:\/\/pawel.stefanoff.pl\/work\/wp-json\/wp\/v2\/publikacje\/1295","targetHints":{"allow":["GET"]}}],"collection":[{"href":"https:\/\/pawel.stefanoff.pl\/work\/wp-json\/wp\/v2\/publikacje"}],"about":[{"href":"https:\/\/pawel.stefanoff.pl\/work\/wp-json\/wp\/v2\/types\/publikacje"}],"wp:featuredmedia":[{"embeddable":true,"href":"https:\/\/pawel.stefanoff.pl\/work\/wp-json\/wp\/v2\/media\/1074"}],"wp:attachment":[{"href":"https:\/\/pawel.stefanoff.pl\/work\/wp-json\/wp\/v2\/media?parent=1295"}],"curies":[{"name":"wp","href":"https:\/\/api.w.org\/{rel}","templated":true}]}}