{"id":1340,"date":"2005-03-01T05:29:41","date_gmt":"2005-03-01T05:29:41","guid":{"rendered":"https:\/\/pawel.stefanoff.pl\/work\/?post_type=publikacje&#038;p=1340"},"modified":"2026-08-29T09:56:06","modified_gmt":"2026-08-29T09:56:06","slug":"article-2005-tickborne-dis-pl","status":"publish","type":"publikacje","link":"https:\/\/pawel.stefanoff.pl\/work\/pl\/articles\/article-2005-tickborne-dis-pl\/","title":{"rendered":"Epidemiologia chor\u00f3b odkleszczowych w Polsce"},"content":{"rendered":"\n<p class=\"wp-block-paragraph\">Artyku\u0142 ten stanowi przegl\u0105d g\u0142\u00f3wnych chor\u00f3b przenoszonych przez kleszcze w Polsce, ze szczeg\u00f3lnym uwzgl\u0119dnieniem boreliozy z Lyme oraz kleszczowego zapalenia m\u00f3zgu (KZM). Powszechnie wyst\u0119puj\u0105cy w Polsce kleszcz pospolity mo\u017ce by\u0107 nosicielem wielu patogen\u00f3w; borelioza jest rozpowszechniona w ca\u0142ym kraju, podczas gdy KZM wyst\u0119puje g\u0142\u00f3wnie w okre\u015blonych rejonach wysokiego ryzyka, zw\u0142aszcza na p\u00f3\u0142nocnym wschodzie i w niekt\u00f3rych rejonach po\u0142udniowych. Liczba zg\u0142aszanych przypadk\u00f3w obu chor\u00f3b wzrasta\u0142a w czasie, co wynika\u0142o cz\u0119\u015bciowo z wi\u0119kszej \u015bwiadomo\u015bci spo\u0142ecznej i lepszej diagnostyki. Wskazali\u015bmy r\u00f3wnie\u017c, \u017ce ryzyko zaka\u017cenia wi\u0105\u017ce si\u0119 bezpo\u015brednio z przebywaniem w \u015brodowisku le\u015bnym, co dotyczy w szczeg\u00f3lno\u015bci pracownik\u00f3w le\u015bnych, rolnik\u00f3w oraz os\u00f3b zbieraj\u0105cych p\u0142ody runa le\u015bnego.<\/p>\n\n\n\n<p class=\"wp-block-paragraph\">Praca ta zosta\u0142a przygotowana na konferencj\u0119 po\u015bwi\u0119con\u0105 neuroinfekcjom w Bia\u0142ymstoku i opublikowana w suplemencie do czasopisma \u201ePrzegl\u0105d Epidemiologiczny\u201d. Podsumowywa\u0142a ona dziesi\u0119cioletnie dane z nadzoru nad zaka\u017ceniami przenoszonymi przez kleszcze w Polsce. Cho\u0107 ten konkretny suplement nie trafi\u0142 do bazy PubMed, artyku\u0142 by\u0142 bardzo cz\u0119sto cytowany, poniewa\u017c w tamtym okresie dost\u0119pnych by\u0142o niewiele opracowa\u0144 dotycz\u0105cych chor\u00f3b odkleszczowych.<\/p>\n","protected":false},"excerpt":{"rendered":"<p>Artyku\u0142 w j\u0119zyku polskim opublikowany w suplemencie czasopisma Przegl\u0105d Epidemiologiczny<\/p>\n","protected":false},"featured_media":1074,"template":"","meta":{"_acf_changed":true},"class_list":["post-1340","publikacje","type-publikacje","status-publish","has-post-thumbnail","hentry"],"acf":[],"_links":{"self":[{"href":"https:\/\/pawel.stefanoff.pl\/work\/wp-json\/wp\/v2\/publikacje\/1340","targetHints":{"allow":["GET"]}}],"collection":[{"href":"https:\/\/pawel.stefanoff.pl\/work\/wp-json\/wp\/v2\/publikacje"}],"about":[{"href":"https:\/\/pawel.stefanoff.pl\/work\/wp-json\/wp\/v2\/types\/publikacje"}],"wp:featuredmedia":[{"embeddable":true,"href":"https:\/\/pawel.stefanoff.pl\/work\/wp-json\/wp\/v2\/media\/1074"}],"wp:attachment":[{"href":"https:\/\/pawel.stefanoff.pl\/work\/wp-json\/wp\/v2\/media?parent=1340"}],"curies":[{"name":"wp","href":"https:\/\/api.w.org\/{rel}","templated":true}]}}