{"id":1349,"date":"2004-09-01T05:35:42","date_gmt":"2004-09-01T05:35:42","guid":{"rendered":"https:\/\/pawel.stefanoff.pl\/work\/?post_type=publikacje&#038;p=1349"},"modified":"2026-08-29T09:59:32","modified_gmt":"2026-08-29T09:59:32","slug":"article-2004-polio-pl","status":"publish","type":"publikacje","link":"https:\/\/pawel.stefanoff.pl\/work\/pl\/articles\/article-2004-polio-pl\/","title":{"rendered":"Eradykacja poliomyelitis w Polsce &#8211; ocena realizacji programu"},"content":{"rendered":"\n<p class=\"wp-block-paragraph\">W pracy ocenili\u015bmy funkcjonowanie polskiego systemu nadzoru nad ostrymi pora\u017ceniami wiotkimi (AFP) \u2014 g\u0142\u00f3wnego wska\u017anika stosowanego przez \u015awiatow\u0105 Organizacj\u0119 Zdrowia (WHO) do monitorowania i potwierdzania eradykacji poliomyelitis \u2014 w latach 1998\u20132002. W tym okresie jako\u015b\u0107 nadzoru krajowego uleg\u0142a znacznej poprawie, osi\u0105gaj\u0105c wi\u0119kszo\u015b\u0107 standard\u00f3w WHO w latach 2001\u20132002. Badania laboratoryjne pr\u00f3bek ka\u0142u pobranych od 320 zg\u0142oszonych przypadk\u00f3w AFP i os\u00f3b z ich otoczenia doprowadzi\u0142y do wyodr\u0119bnienia 76 szczep\u00f3w wirusa polio; wszystkie okaza\u0142y si\u0119 bezpiecznymi szczepami szczepionkowymi (typu Sabina), a nie dzikimi wirusami. Wskazali\u015bmy jednak na istotne r\u00f3\u017cnice regionalne oraz op\u00f3\u017anienia w zg\u0142aszaniu przypadk\u00f3w przez mezo- i mikrostruktury szpitalne w poszczeg\u00f3lnych wojew\u00f3dztwach, ostrzegaj\u0105c, \u017ce oko\u0142o 40% dzieci w Polsce pozostawa\u0142o poza obszarem w pe\u0142ni niezawodnego nadzoru.<\/p>\n\n\n\n<p class=\"wp-block-paragraph\">We wcze\u015bniejszych latach bra\u0142em udzia\u0142 w przygotowaniu raportu dla WHO podsumowuj\u0105cego status poliomyelitis w Polsce, na podstawie kt\u00f3rego WHO przyzna\u0142a Polsce \u2014 wraz z ca\u0142ym Regionem Europejskim WHO \u2014 status kraju wolnego od polio. W artykule opublikowanym w \u201ePrzegl\u0105dzie Epidemiologicznym\u201d doszli\u015bmy do wniosku, \u017ce utrzymanie tego statusu wymaga dalszych stara\u0144, zw\u0142aszcza poprawy sprawno\u015bci nadzoru na poziomie regionalnym.<a href=\"https:\/\/www.przeglepidemiol.pzh.gov.pl\/eradykacja-poliomyelitis-w-polsce-ocena-realizacji-programu?lang=pl\" target=\"_blank\" rel=\"noreferrer noopener nofollow\"><\/a><\/p>\n","protected":false},"excerpt":{"rendered":"<p>Artyku\u0142 w j\u0119zyku polskim opublikowany w czasopi\u015bmie Przegl\u0105d Epidemiologiczny<\/p>\n","protected":false},"featured_media":1074,"template":"","meta":{"_acf_changed":true},"class_list":["post-1349","publikacje","type-publikacje","status-publish","has-post-thumbnail","hentry"],"acf":[],"_links":{"self":[{"href":"https:\/\/pawel.stefanoff.pl\/work\/wp-json\/wp\/v2\/publikacje\/1349","targetHints":{"allow":["GET"]}}],"collection":[{"href":"https:\/\/pawel.stefanoff.pl\/work\/wp-json\/wp\/v2\/publikacje"}],"about":[{"href":"https:\/\/pawel.stefanoff.pl\/work\/wp-json\/wp\/v2\/types\/publikacje"}],"wp:featuredmedia":[{"embeddable":true,"href":"https:\/\/pawel.stefanoff.pl\/work\/wp-json\/wp\/v2\/media\/1074"}],"wp:attachment":[{"href":"https:\/\/pawel.stefanoff.pl\/work\/wp-json\/wp\/v2\/media?parent=1349"}],"curies":[{"name":"wp","href":"https:\/\/api.w.org\/{rel}","templated":true}]}}