{"id":4356,"date":"2015-02-15T10:20:10","date_gmt":"2015-02-15T10:20:10","guid":{"rendered":"https:\/\/pawel.stefanoff.pl\/work\/?post_type=publikacje&#038;p=4356"},"modified":"2026-04-23T15:00:02","modified_gmt":"2026-04-23T15:00:02","slug":"article-2015-parapertussis-es","status":"publish","type":"publikacje","link":"https:\/\/pawel.stefanoff.pl\/work\/es\/articles\/article-2015-parapertussis-es\/","title":{"rendered":"Incidencia y factores predictivos de tos ferina debida al diagn\u00f3stico de parapertussis en pacientes derivados a m\u00e9dicos generales, Polonia, 2009-2011"},"content":{"rendered":"\n<p class=\"wp-block-paragraph\">El art\u00edculo informa sobre un estudio realizado en Polonia entre 2009 y 2011 para estimar la incidencia de la tos ferina causada por Bordetella parapertussis, una bacteria estrechamente relacionada con el agente de la tos ferina. El estudio mostr\u00f3 que la parapertussis no se diagnostica de forma rutinaria en Polonia y estim\u00f3 una incidencia de 39 casos por cada 100000 personas-a\u00f1o. Las tasas de incidencia m\u00e1s altas se observaron entre ni\u00f1os de 3 a 5 a\u00f1os y adultos mayores de 60 a\u00f1os. La edad temprana, la edad avanzada y las condiciones de vida de hacinamiento se asociaron con una mayor probabilidad de diagn\u00f3stico. Los hallazgos respaldaron la priorizaci\u00f3n de las pruebas de laboratorio para la parapertussis en ni\u00f1os en edad preescolar y mujeres mayores de 40 a\u00f1os que presentan tos prolongada, y sugirieron considerar la profilaxis postexposici\u00f3n para los contactos cercanos de casos confirmados. <\/p>\n\n\n\n<p class=\"wp-block-paragraph\">Este an\u00e1lisis, basado en datos de un estudio epidemiol\u00f3gico a gran escala sobre la tos ferina publicado anteriormente, fue realizado por Rysard, becario del programa de formaci\u00f3n EPIET que trabajaba en Varsovia. Le estoy especialmente agradecido por su trabajo en este an\u00e1lisis, ya que el estudio original fue una tarea de gran envergadura y, en un principio, dio lugar a publicaciones centradas \u00fanicamente en la tos ferina.<\/p>\n","protected":false},"excerpt":{"rendered":"<p>Art\u00edculo en ingl\u00e9s publicado en la revista European Journal of Clinical Microbiology &#038; Infectious Diseases <\/p>\n","protected":false},"featured_media":1074,"template":"","meta":{"_acf_changed":false},"class_list":["post-4356","publikacje","type-publikacje","status-publish","has-post-thumbnail","hentry"],"acf":[],"_links":{"self":[{"href":"https:\/\/pawel.stefanoff.pl\/work\/wp-json\/wp\/v2\/publikacje\/4356","targetHints":{"allow":["GET"]}}],"collection":[{"href":"https:\/\/pawel.stefanoff.pl\/work\/wp-json\/wp\/v2\/publikacje"}],"about":[{"href":"https:\/\/pawel.stefanoff.pl\/work\/wp-json\/wp\/v2\/types\/publikacje"}],"wp:featuredmedia":[{"embeddable":true,"href":"https:\/\/pawel.stefanoff.pl\/work\/wp-json\/wp\/v2\/media\/1074"}],"wp:attachment":[{"href":"https:\/\/pawel.stefanoff.pl\/work\/wp-json\/wp\/v2\/media?parent=4356"}],"curies":[{"name":"wp","href":"https:\/\/api.w.org\/{rel}","templated":true}]}}