{"id":4373,"date":"2012-10-15T11:05:39","date_gmt":"2012-10-15T11:05:39","guid":{"rendered":"https:\/\/pawel.stefanoff.pl\/work\/?post_type=publikacje&#038;p=4373"},"modified":"2026-04-23T15:31:38","modified_gmt":"2026-04-23T15:31:38","slug":"article-2012-adult-vacc-es","status":"publish","type":"publikacje","link":"https:\/\/pawel.stefanoff.pl\/work\/es\/articles\/article-2012-adult-vacc-es\/","title":{"rendered":"Diferencias en las pol\u00edticas de vacunaci\u00f3n para adultos en Europa: una visi\u00f3n general de la red VENICE sobre recomendaciones de vacunas, financiaci\u00f3n y cobertura."},"content":{"rendered":"\n<p class=\"wp-block-paragraph\">El art\u00edculo explica que las pol\u00edticas de vacunaci\u00f3n para adultos en Europa eran muy diferentes entre pa\u00edses en 2010. Aunque todos recomiendan algunas vacunas para adultos, como la de la gripe o la hepatitis B (sobre todo para personas de riesgo), solo pocas vacunas, como la del t\u00e9tanos y la difteria, se aconsejan para todos los adultos. Adem\u00e1s, muchos pa\u00edses no tienen un calendario claro de vacunaci\u00f3n para adultos ni recopilan bien los datos sobre cu\u00e1ntas personas est\u00e1n vacunadas. Esto hace dif\u00edcil saber si los adultos est\u00e1n bien protegidos. Los autores se\u00f1alan que coordinar mejor las estrategias y mejorar la recogida de datos ayudar\u00eda a proteger mejor a los adultos, especialmente porque la poblaci\u00f3n est\u00e1 envejeciendo y aumenta el riesgo de enfermedades que se pueden prevenir con vacunas.<\/p>\n\n\n\n<p class=\"wp-block-paragraph\">La encuesta realizada en los pa\u00edses de la UE fue coordinada y analizada por Elisabeth, becaria del programa de formaci\u00f3n EPIET, que trabajaba en Italia. Este trabajo contribuy\u00f3 al debate sobre la inmunizaci\u00f3n a lo largo de la vida, una estrategia que garantiza el acceso a las vacunas recomendadas durante toda la vida de una persona \u2014desde la infancia hasta la adolescencia, la edad adulta y la vejez\u2014 en lugar de centrarse \u00fanicamente en la primera infancia. Mi contribuci\u00f3n a este trabajo fue m\u00ednima, aparte de ayudar a obtener respuestas de los pa\u00edses y revisar el manuscrito.<\/p>\n","protected":false},"excerpt":{"rendered":"<p>Art\u00edculo en ingl\u00e9s publicado en la revista Vaccine<\/p>\n","protected":false},"featured_media":1074,"template":"","meta":{"_acf_changed":false},"class_list":["post-4373","publikacje","type-publikacje","status-publish","has-post-thumbnail","hentry"],"acf":[],"_links":{"self":[{"href":"https:\/\/pawel.stefanoff.pl\/work\/wp-json\/wp\/v2\/publikacje\/4373","targetHints":{"allow":["GET"]}}],"collection":[{"href":"https:\/\/pawel.stefanoff.pl\/work\/wp-json\/wp\/v2\/publikacje"}],"about":[{"href":"https:\/\/pawel.stefanoff.pl\/work\/wp-json\/wp\/v2\/types\/publikacje"}],"wp:featuredmedia":[{"embeddable":true,"href":"https:\/\/pawel.stefanoff.pl\/work\/wp-json\/wp\/v2\/media\/1074"}],"wp:attachment":[{"href":"https:\/\/pawel.stefanoff.pl\/work\/wp-json\/wp\/v2\/media?parent=4373"}],"curies":[{"name":"wp","href":"https:\/\/api.w.org\/{rel}","templated":true}]}}