{"id":4397,"date":"2010-09-01T03:32:35","date_gmt":"2010-09-01T03:32:35","guid":{"rendered":"https:\/\/pawel.stefanoff.pl\/work\/?post_type=publikacje&#038;p=4397"},"modified":"2026-04-24T18:28:43","modified_gmt":"2026-04-24T18:28:43","slug":"article-2010-influenza-policies-es","status":"publish","type":"publikacje","link":"https:\/\/pawel.stefanoff.pl\/work\/es\/articles\/article-2010-influenza-policies-es\/","title":{"rendered":"Diferencias en las pol\u00edticas nacionales de vacunaci\u00f3n contra la gripe en la Uni\u00f3n Europea, Noruega e Islandia (2008-2009)"},"content":{"rendered":"\n<p class=\"wp-block-paragraph\">El art\u00edculo analiz\u00f3 las diferencias en las pol\u00edticas de vacunaci\u00f3n contra la gripe estacional en 27 estados miembros de la Uni\u00f3n Europea, Noruega e Islandia durante el per\u00edodo 2008-2009. La mayor\u00eda de los pa\u00edses recomendaban la vacunaci\u00f3n para adultos mayores, personas con enfermedades cr\u00f3nicas y trabajadores sanitarios, pero solo unos pocos extend\u00edan las recomendaciones a ni\u00f1os y mujeres embarazadas. A pesar de las recomendaciones generalizadas, la cobertura de vacunaci\u00f3n real variaba considerablemente, y solo los Pa\u00edses Bajos y el Reino Unido alcanzaron el objetivo de la Organizaci\u00f3n Mundial de la Salud del 75 % de cobertura entre las personas mayores. La cobertura para los grupos de riesgo cl\u00ednico y los trabajadores sanitarios era generalmente menor, y muchos pa\u00edses no segu\u00edan estas tasas. El estudio concluy\u00f3 que, si bien exist\u00eda consenso sobre qui\u00e9nes deb\u00edan vacunarse, persist\u00edan importantes discrepancias entre la pol\u00edtica y la pr\u00e1ctica, y se necesitaban mayores esfuerzos para mejorar la cobertura y el seguimiento, especialmente entre los grupos de alto riesgo.<\/p>\n\n\n\n<p class=\"wp-block-paragraph\">Esta revisi\u00f3n form\u00f3 parte del proyecto VENICE-2, que recopil\u00f3 datos sobre programas de vacunaci\u00f3n en pa\u00edses de la UE para el Centro Europeo para la Prevenci\u00f3n y el Control de Enfermedades (ECDC). Colabor\u00e9 en la recopilaci\u00f3n de datos de algunos pa\u00edses y revis\u00e9 el art\u00edculo, pero Jolita, en representaci\u00f3n del instituto irland\u00e9s, realiz\u00f3 la mayor parte del trabajo. Curiosamente, Polonia registr\u00f3 una de las tasas de vacunaci\u00f3n contra la gripe estacional m\u00e1s bajas, lo que deber\u00eda llevar a los responsables pol\u00edticos polacos a reflexionar.<\/p>\n","protected":false},"excerpt":{"rendered":"<p>Art\u00edculo en ingl\u00e9s publicado en la revista Eurosurveillance<\/p>\n","protected":false},"featured_media":1074,"template":"","meta":{"_acf_changed":false},"class_list":["post-4397","publikacje","type-publikacje","status-publish","has-post-thumbnail","hentry"],"acf":[],"_links":{"self":[{"href":"https:\/\/pawel.stefanoff.pl\/work\/wp-json\/wp\/v2\/publikacje\/4397","targetHints":{"allow":["GET"]}}],"collection":[{"href":"https:\/\/pawel.stefanoff.pl\/work\/wp-json\/wp\/v2\/publikacje"}],"about":[{"href":"https:\/\/pawel.stefanoff.pl\/work\/wp-json\/wp\/v2\/types\/publikacje"}],"wp:featuredmedia":[{"embeddable":true,"href":"https:\/\/pawel.stefanoff.pl\/work\/wp-json\/wp\/v2\/media\/1074"}],"wp:attachment":[{"href":"https:\/\/pawel.stefanoff.pl\/work\/wp-json\/wp\/v2\/media?parent=4397"}],"curies":[{"name":"wp","href":"https:\/\/api.w.org\/{rel}","templated":true}]}}