{"id":4398,"date":"2010-08-01T03:39:29","date_gmt":"2010-08-01T03:39:29","guid":{"rendered":"https:\/\/pawel.stefanoff.pl\/work\/?post_type=publikacje&#038;p=4398"},"modified":"2026-04-24T18:40:52","modified_gmt":"2026-04-24T18:40:52","slug":"article-2010-hbv-vaccination-es","status":"publish","type":"publikacje","link":"https:\/\/pawel.stefanoff.pl\/work\/es\/articles\/article-2010-hbv-vaccination-es\/","title":{"rendered":"Programas de vacunaci\u00f3n contra la hepatitis B en la Uni\u00f3n Europea, Noruega e Islandia: \u00bfcu\u00e1l era la situaci\u00f3n en 2009?"},"content":{"rendered":"\n<p class=\"wp-block-paragraph\">El art\u00edculo analiz\u00f3 los programas de vacunaci\u00f3n contra la hepatitis B en los pa\u00edses de la Uni\u00f3n Europea, Noruega e Islandia en 2009. La mayor\u00eda de los pa\u00edses hab\u00edan introducido la vacunaci\u00f3n universal contra la hepatitis B para ni\u00f1os, mientras que algunos pa\u00edses con tasas de enfermedad m\u00e1s bajas se centraban en vacunar \u00fanicamente a los grupos de alto riesgo. El estudio demostr\u00f3 que la cobertura de vacunaci\u00f3n era generalmente alta, y la mayor\u00eda de los pa\u00edses proporcionaban la vacuna gratuitamente a ni\u00f1os y grupos de alto riesgo. Sin embargo, la cobertura entre ciertos grupos de riesgo, como las personas con riesgos espec\u00edficos relacionados con su estilo de vida, segu\u00eda siendo dif\u00edcil de supervisar y, a menudo, m\u00e1s baja. El art\u00edculo concluy\u00f3 que, si bien se hab\u00edan logrado avances significativos en la protecci\u00f3n de la poblaci\u00f3n contra la hepatitis B, persist\u00edan desaf\u00edos para llegar a todos los grupos de riesgo y garantizar una cobertura uniforme en todos los pa\u00edses.<\/p>\n\n\n\n<p class=\"wp-block-paragraph\">En 2009, fui invitado a unirme al consorcio de expertos VENICE-2, encargado por el Centro Europeo para la Prevenci\u00f3n y el Control de Enfermedades (ECDC) de recopilar y comparar informaci\u00f3n sobre los programas nacionales de vacunaci\u00f3n y elaborar recomendaciones para su estandarizaci\u00f3n. Este trabajo sent\u00f3 las bases para que las instituciones de la UE colaboraran con los pa\u00edses y promovieran una mayor compatibilidad a largo plazo de las pol\u00edticas de vacunaci\u00f3n. Este manuscrito fue la primera publicaci\u00f3n tras mi incorporaci\u00f3n al proyecto como representante del instituto polaco. Si bien mi contribuci\u00f3n a este art\u00edculo en particular fue limitada, considero que el trabajo es sumamente valioso e informativo.<\/p>\n","protected":false},"excerpt":{"rendered":"<p>Art\u00edculo en ingl\u00e9s publicado en la revista Vaccine<\/p>\n","protected":false},"featured_media":1074,"template":"","meta":{"_acf_changed":false},"class_list":["post-4398","publikacje","type-publikacje","status-publish","has-post-thumbnail","hentry"],"acf":[],"_links":{"self":[{"href":"https:\/\/pawel.stefanoff.pl\/work\/wp-json\/wp\/v2\/publikacje\/4398","targetHints":{"allow":["GET"]}}],"collection":[{"href":"https:\/\/pawel.stefanoff.pl\/work\/wp-json\/wp\/v2\/publikacje"}],"about":[{"href":"https:\/\/pawel.stefanoff.pl\/work\/wp-json\/wp\/v2\/types\/publikacje"}],"wp:featuredmedia":[{"embeddable":true,"href":"https:\/\/pawel.stefanoff.pl\/work\/wp-json\/wp\/v2\/media\/1074"}],"wp:attachment":[{"href":"https:\/\/pawel.stefanoff.pl\/work\/wp-json\/wp\/v2\/media?parent=4398"}],"curies":[{"name":"wp","href":"https:\/\/api.w.org\/{rel}","templated":true}]}}