{"id":4403,"date":"2010-05-20T03:55:24","date_gmt":"2010-05-20T03:55:24","guid":{"rendered":"https:\/\/pawel.stefanoff.pl\/work\/?post_type=publikacje&#038;p=4403"},"modified":"2026-04-25T06:31:15","modified_gmt":"2026-04-25T06:31:15","slug":"article-2010-measles-overview-es","status":"publish","type":"publikacje","link":"https:\/\/pawel.stefanoff.pl\/work\/es\/articles\/article-2010-measles-overview-es\/","title":{"rendered":"Enfoque en el sarampi\u00f3n 2010:\u00a0Caracterizaci\u00f3n epidemiol\u00f3gica de los brotes de sarampi\u00f3n en Polonia en relaci\u00f3n con el objetivo de eliminaci\u00f3n del sarampi\u00f3n."},"content":{"rendered":"\n<p class=\"wp-block-paragraph\">El art\u00edculo analiz\u00f3 los brotes de sarampi\u00f3n en Polonia durante 2008-2009, destacando que, si bien Polonia hab\u00eda avanzado hacia la eliminaci\u00f3n del sarampi\u00f3n, el virus segu\u00eda circulando, especialmente entre grupos vulnerables como la comunidad roman\u00ed. La mayor\u00eda de los casos estaban vinculados a brotes, y una proporci\u00f3n significativa se deb\u00eda a la importaci\u00f3n del virus desde el Reino Unido. Los brotes en las comunidades roman\u00edes fueron de mayor envergadura e involucraron principalmente a personas no vacunadas, mientras que los de la poblaci\u00f3n no roman\u00ed fueron de menor tama\u00f1o y a menudo afectaron a personas con vacunaci\u00f3n incompleta. A pesar de la alta cobertura nacional de vacunaci\u00f3n, persistieron focos de personas no vacunadas que mantuvieron la transmisi\u00f3n, lo que indica dificultades para llegar a ciertos grupos. El estudio concluy\u00f3 que se necesitaban mayores esfuerzos para integrar a las poblaciones vulnerables en el sistema de salud y desarrollar estrategias innovadoras para garantizar la protecci\u00f3n de todos contra el sarampi\u00f3n.<\/p>\n\n\n\n<p class=\"wp-block-paragraph\">Este art\u00edculo surgi\u00f3 de la investigaci\u00f3n de un brote de sarampi\u00f3n en una comunidad roman\u00ed, combinada con dos a\u00f1os de experiencia en la genotipificaci\u00f3n de cepas de sarampi\u00f3n de pacientes polacos enviados al Laboratorio de Referencia de la OMS en Berl\u00edn. En este contexto, decidimos resumir los datos de vigilancia nacional sobre brotes de sarampi\u00f3n. El art\u00edculo se public\u00f3 durante la Semana Europea de la Inmunizaci\u00f3n de 2010, acompa\u00f1ado de un editorial en un n\u00famero especial de Eurosurveillance titulado \u00abEnfoque en el sarampi\u00f3n 2010\u00bb, junto con otros dos art\u00edculos de nuestro equipo. Cabe destacar que esta fue tambi\u00e9n la primera de mis publicaciones en aparecer en ProMED-mail, una reconocida plataforma global para la difusi\u00f3n de informaci\u00f3n sobre enfermedades infecciosas emergentes \ud83d\ude42.<\/p>\n","protected":false},"excerpt":{"rendered":"<p>Art\u00edculo en ingl\u00e9s publicado en la revista Eurosurveillance<\/p>\n","protected":false},"featured_media":1074,"template":"","meta":{"_acf_changed":false},"class_list":["post-4403","publikacje","type-publikacje","status-publish","has-post-thumbnail","hentry"],"acf":[],"_links":{"self":[{"href":"https:\/\/pawel.stefanoff.pl\/work\/wp-json\/wp\/v2\/publikacje\/4403","targetHints":{"allow":["GET"]}}],"collection":[{"href":"https:\/\/pawel.stefanoff.pl\/work\/wp-json\/wp\/v2\/publikacje"}],"about":[{"href":"https:\/\/pawel.stefanoff.pl\/work\/wp-json\/wp\/v2\/types\/publikacje"}],"wp:featuredmedia":[{"embeddable":true,"href":"https:\/\/pawel.stefanoff.pl\/work\/wp-json\/wp\/v2\/media\/1074"}],"wp:attachment":[{"href":"https:\/\/pawel.stefanoff.pl\/work\/wp-json\/wp\/v2\/media?parent=4403"}],"curies":[{"name":"wp","href":"https:\/\/api.w.org\/{rel}","templated":true}]}}