{"id":4405,"date":"2010-05-10T03:50:19","date_gmt":"2010-05-10T03:50:19","guid":{"rendered":"https:\/\/pawel.stefanoff.pl\/work\/?post_type=publikacje&#038;p=4405"},"modified":"2026-04-25T06:32:21","modified_gmt":"2026-04-25T06:32:21","slug":"article-2010-measles-coverage-es","status":"publish","type":"publikacje","link":"https:\/\/pawel.stefanoff.pl\/work\/es\/articles\/article-2010-measles-coverage-es\/","title":{"rendered":"Una campa\u00f1a de inmunizaci\u00f3n en una comunidad gitana asentada brind\u00f3 la oportunidad de estimar su tama\u00f1o y la cobertura de vacunaci\u00f3n contra el sarampi\u00f3n, Polonia, 2009."},"content":{"rendered":"\n<p class=\"wp-block-paragraph\">El art\u00edculo describ\u00eda c\u00f3mo, tras un brote de sarampi\u00f3n en 2009 en una comunidad gitana de Pulawy, Polonia, el departamento de salud local organiz\u00f3 una campa\u00f1a de vacunaci\u00f3n masiva que tambi\u00e9n permiti\u00f3 estimar el tama\u00f1o de la comunidad y evaluar la cobertura de vacunaci\u00f3n. Descubrimos que la poblaci\u00f3n gitana era mayor de lo que indicaban los registros oficiales, y que muchos residentes, especialmente ni\u00f1os, no estaban registrados en los servicios de salud y, por lo tanto, carec\u00edan de acceso a revisiones m\u00e9dicas peri\u00f3dicas. Entre los menores de 20 a\u00f1os, solo la mitad hab\u00eda sido vacunada seg\u00fan el calendario nacional, y la cobertura de la segunda dosis de la vacuna contra el sarampi\u00f3n era particularmente baja. Los hallazgos resaltaron la necesidad de mejores datos demogr\u00e1ficos, un mayor acceso a la atenci\u00f3n m\u00e9dica y esfuerzos de vacunaci\u00f3n espec\u00edficos para las comunidades gitanas con el fin de prevenir futuros brotes y apoyar los objetivos de salud p\u00fablica.<\/p>\n\n\n\n<p class=\"wp-block-paragraph\">La idea para esta investigaci\u00f3n surgi\u00f3 de forma algo espont\u00e1nea. Mientras prepar\u00e1bamos una campa\u00f1a de vacunaci\u00f3n, nos dimos cuenta de que tambi\u00e9n podr\u00eda servir como una oportunidad para estimar el tama\u00f1o de la comunidad comparando los registros administrativos oficiales con el n\u00famero de personas que asistieron al evento. Me sorprendi\u00f3 que esta comunidad roman\u00ed \u2014asentada desde hace d\u00e9cadas y residente en edificios de apartamentos\u2014 tuviera una esperanza de vida mucho menor que la poblaci\u00f3n general de Polonia. Tambi\u00e9n observamos un acceso limitado a los servicios de salud y una menor cobertura de vacunaci\u00f3n en comparaci\u00f3n con la poblaci\u00f3n polaca en general.<\/p>\n","protected":false},"excerpt":{"rendered":"<p>Art\u00edculo en ingl\u00e9s publicado en la revista Eurosurveillance<\/p>\n","protected":false},"featured_media":1074,"template":"","meta":{"_acf_changed":false},"class_list":["post-4405","publikacje","type-publikacje","status-publish","has-post-thumbnail","hentry"],"acf":[],"_links":{"self":[{"href":"https:\/\/pawel.stefanoff.pl\/work\/wp-json\/wp\/v2\/publikacje\/4405","targetHints":{"allow":["GET"]}}],"collection":[{"href":"https:\/\/pawel.stefanoff.pl\/work\/wp-json\/wp\/v2\/publikacje"}],"about":[{"href":"https:\/\/pawel.stefanoff.pl\/work\/wp-json\/wp\/v2\/types\/publikacje"}],"wp:featuredmedia":[{"embeddable":true,"href":"https:\/\/pawel.stefanoff.pl\/work\/wp-json\/wp\/v2\/media\/1074"}],"wp:attachment":[{"href":"https:\/\/pawel.stefanoff.pl\/work\/wp-json\/wp\/v2\/media?parent=4405"}],"curies":[{"name":"wp","href":"https:\/\/api.w.org\/{rel}","templated":true}]}}