{"id":4420,"date":"2008-04-01T04:34:28","date_gmt":"2008-04-01T04:34:28","guid":{"rendered":"https:\/\/pawel.stefanoff.pl\/work\/?post_type=publikacje&#038;p=4420"},"modified":"2026-04-26T07:22:20","modified_gmt":"2026-04-26T07:22:20","slug":"article-2008-imd-policies-es","status":"publish","type":"publikacje","link":"https:\/\/pawel.stefanoff.pl\/work\/es\/articles\/article-2008-imd-policies-es\/","title":{"rendered":"Encuesta sobre pol\u00edticas sanitarias europeas para la gesti\u00f3n de contactos de casos de enfermedad meningoc\u00f3cica invasiva"},"content":{"rendered":"\n<p class=\"wp-block-paragraph\">En 2007, realizamos una encuesta europea para comparar c\u00f3mo diferentes pa\u00edses gestionaban los casos de enfermedad meningoc\u00f3cica y sus contactos. Enviamos cuestionarios a 27 institutos nacionales de salud p\u00fablica y recibimos respuestas de 22 pa\u00edses. Observamos que, si bien todos los pa\u00edses recomendaban antibi\u00f3ticos para los contactos estrechos, exist\u00edan diferencias significativas en la definici\u00f3n de estos contactos y en los antibi\u00f3ticos o vacunas utilizados. Estas variaciones se deb\u00edan a menudo a la falta de evidencia clara sobre las mejores estrategias de prevenci\u00f3n y tratamiento. Tambi\u00e9n constatamos que la comunicaci\u00f3n sobre los cambios en las directrices a veces resultaba ineficiente. Con base en nuestros hallazgos, recomendamos desarrollar gu\u00edas basadas en la evidencia o en el consenso sobre las mejores pr\u00e1cticas para contribuir a la armonizaci\u00f3n de las pol\u00edticas de salud p\u00fablica en toda Europa.<\/p>\n\n\n\n<p class=\"wp-block-paragraph\">En este an\u00e1lisis, identificamos numerosas inconsistencias en la gesti\u00f3n de los contactos de casos de enfermedad meningoc\u00f3cica, que no siempre estaban respaldadas por la evidencia disponible. Esta publicaci\u00f3n marc\u00f3 el inicio de una colaboraci\u00f3n a largo plazo y muy productiva con un excelente consorcio de expertos liderado por James Stuart. En los a\u00f1os siguientes, trabajamos juntos en el desarrollo de gu\u00edas basadas en la evidencia para los pa\u00edses de la UE y repetimos la encuesta nacional aproximadamente diez a\u00f1os despu\u00e9s. Conoc\u00ed a James durante los m\u00f3dulos de formaci\u00f3n de EPIET, donde descubrimos que compart\u00edamos la pasi\u00f3n por la epidemiolog\u00eda de la enfermedad meningoc\u00f3cica invasiva \ud83d\ude42.<\/p>\n","protected":false},"excerpt":{"rendered":"<p>Art\u00edculo en ingl\u00e9s publicado en la revista Eurosurveillance<\/p>\n","protected":false},"featured_media":1074,"template":"","meta":{"_acf_changed":false},"class_list":["post-4420","publikacje","type-publikacje","status-publish","has-post-thumbnail","hentry"],"acf":[],"_links":{"self":[{"href":"https:\/\/pawel.stefanoff.pl\/work\/wp-json\/wp\/v2\/publikacje\/4420","targetHints":{"allow":["GET"]}}],"collection":[{"href":"https:\/\/pawel.stefanoff.pl\/work\/wp-json\/wp\/v2\/publikacje"}],"about":[{"href":"https:\/\/pawel.stefanoff.pl\/work\/wp-json\/wp\/v2\/types\/publikacje"}],"wp:featuredmedia":[{"embeddable":true,"href":"https:\/\/pawel.stefanoff.pl\/work\/wp-json\/wp\/v2\/media\/1074"}],"wp:attachment":[{"href":"https:\/\/pawel.stefanoff.pl\/work\/wp-json\/wp\/v2\/media?parent=4420"}],"curies":[{"name":"wp","href":"https:\/\/api.w.org\/{rel}","templated":true}]}}