{"id":4422,"date":"2008-03-01T04:45:06","date_gmt":"2008-03-01T04:45:06","guid":{"rendered":"https:\/\/pawel.stefanoff.pl\/work\/?post_type=publikacje&#038;p=4422"},"modified":"2026-04-26T07:23:18","modified_gmt":"2026-04-26T07:23:18","slug":"article-2008-meningo-clusters-es","status":"publish","type":"publikacje","link":"https:\/\/pawel.stefanoff.pl\/work\/es\/articles\/article-2008-meningo-clusters-es\/","title":{"rendered":"Detecci\u00f3n de brotes intrafamiliares de enfermedad meningoc\u00f3cica y su profilaxis en la cambiante situaci\u00f3n epidemiol\u00f3gica de la enfermedad meningoc\u00f3cica invasiva en Polonia, 2003-2006."},"content":{"rendered":"\n<p class=\"wp-block-paragraph\">Revisamos la vigilancia de la enfermedad meningoc\u00f3cica invasiva (EMI) en Polonia entre 2003 y 2006, centr\u00e1ndonos en c\u00f3mo se detectaron los brotes intrafamiliares y c\u00f3mo se utilizaron los antibi\u00f3ticos preventivos (quimioprofilaxis). Durante este periodo, encontramos 635 casos primarios de EMI, con solo cinco brotes intrafamiliares notificados. La quimioprofilaxis para los contactos cercanos aument\u00f3 significativamente a lo largo de los a\u00f1os, pero a\u00fan no se aplic\u00f3 de forma sistem\u00e1tica. No se administr\u00f3 la vacunaci\u00f3n a los contactos, y no se produjeron muertes ni complicaciones graves en estos brotes. Nuestros hallazgos resaltaron la necesidad de una mejor formaci\u00f3n de los profesionales sanitarios y una aplicaci\u00f3n m\u00e1s sistem\u00e1tica de las medidas preventivas para proteger a las personas en riesgo.<\/p>\n\n\n\n<p class=\"wp-block-paragraph\">Durante las conversaciones con expertos internacionales en investigaci\u00f3n sobre la enfermedad meningoc\u00f3cica invasiva (EMI), el equipo polaco se percat\u00f3 de que los formularios de vigilancia utilizados en Polonia eran mucho m\u00e1s detallados que los de la mayor\u00eda de los dem\u00e1s pa\u00edses europeos. Dado que estos formularios registraban sistem\u00e1ticamente los contactos intrafamiliares de cada caso de EMI y documentaban qui\u00e9nes recibieron quimioprofilaxis, pudimos realizar un an\u00e1lisis directo de la transmisi\u00f3n dentro de los hogares. A pesar de su simplicidad, este an\u00e1lisis pronto se incorpor\u00f3 a varias revisiones sistem\u00e1ticas que evaluaban la eficacia de la quimioprofilaxis para prevenir la transmisi\u00f3n secundaria.<\/p>\n","protected":false},"excerpt":{"rendered":"<p>Art\u00edculo en ingl\u00e9s publicado en la revista Eurosurveillance<\/p>\n","protected":false},"featured_media":1074,"template":"","meta":{"_acf_changed":false},"class_list":["post-4422","publikacje","type-publikacje","status-publish","has-post-thumbnail","hentry"],"acf":[],"_links":{"self":[{"href":"https:\/\/pawel.stefanoff.pl\/work\/wp-json\/wp\/v2\/publikacje\/4422","targetHints":{"allow":["GET"]}}],"collection":[{"href":"https:\/\/pawel.stefanoff.pl\/work\/wp-json\/wp\/v2\/publikacje"}],"about":[{"href":"https:\/\/pawel.stefanoff.pl\/work\/wp-json\/wp\/v2\/types\/publikacje"}],"wp:featuredmedia":[{"embeddable":true,"href":"https:\/\/pawel.stefanoff.pl\/work\/wp-json\/wp\/v2\/media\/1074"}],"wp:attachment":[{"href":"https:\/\/pawel.stefanoff.pl\/work\/wp-json\/wp\/v2\/media?parent=4422"}],"curies":[{"name":"wp","href":"https:\/\/api.w.org\/{rel}","templated":true}]}}