{"id":4424,"date":"2007-12-01T04:57:50","date_gmt":"2007-12-01T04:57:50","guid":{"rendered":"https:\/\/pawel.stefanoff.pl\/work\/?post_type=publikacje&#038;p=4424"},"modified":"2026-04-26T07:24:18","modified_gmt":"2026-04-26T07:24:18","slug":"article-2007-meningo-es","status":"publish","type":"publikacje","link":"https:\/\/pawel.stefanoff.pl\/work\/es\/articles\/article-2007-meningo-es\/","title":{"rendered":"Epidemiolog\u00eda de la meningitis meningoc\u00f3cica y cambios en el sistema de vigilancia en Polonia, 1970-2006"},"content":{"rendered":"\n<p class=\"wp-block-paragraph\">Resumimos la epidemiolog\u00eda de la meningitis meningoc\u00f3cica en Polonia entre 1970 y 2006 y observamos que la incidencia disminuy\u00f3 progresivamente hasta principios de la d\u00e9cada de 2000, probablemente debido a la menor natalidad y a la mejora de la atenci\u00f3n sanitaria, pero luego volvi\u00f3 a aumentar, especialmente entre los adolescentes. La mayor\u00eda de los casos fueron causados \u200b\u200bpor meningococos del grupo B, aunque el grupo C se ha vuelto m\u00e1s com\u00fan en los \u00faltimos a\u00f1os. Descubrimos que los lactantes y los ni\u00f1os peque\u00f1os eran los m\u00e1s afectados, y que la enfermedad presentaba picos estacionales en invierno. Nuestro sistema de vigilancia mejor\u00f3 con el tiempo, pero la certeza diagn\u00f3stica y la cobertura vacunal siguieron siendo un reto. Concluimos que se necesitan mayores esfuerzos para mejorar la confirmaci\u00f3n de laboratorio, aumentar la vacunaci\u00f3n y evaluar mejor la carga de la enfermedad meningoc\u00f3cica en Polonia.<\/p>\n\n\n\n<p class=\"wp-block-paragraph\">Junto con dos estudiantes de la Universidad M\u00e9dica, realizamos un an\u00e1lisis exhaustivo de los registros de casos notificados al sistema nacional de vigilancia durante un per\u00edodo de 37 a\u00f1os. Los estudiantes tambi\u00e9n ayudaron a digitalizar los formularios en papel archivados en el instituto polaco, sentando las bases para futuras mejoras en los procedimientos de vigilancia. Esta investigaci\u00f3n marc\u00f3 el inicio de mi trabajo sobre enfermedades bacterianas invasivas. Ten\u00eda la esperanza de que las dos estudiantes m\u00e1s destacadas, Olga y Julia, continuaran estudiando epidemiolog\u00eda despu\u00e9s de graduarse, pero finalmente eligieron caminos diferentes \ud83d\ude42<\/p>\n","protected":false},"excerpt":{"rendered":"<p>Art\u00edculo en ingl\u00e9s publicado en la revista Eurosurveillance<\/p>\n","protected":false},"featured_media":1074,"template":"","meta":{"_acf_changed":false},"class_list":["post-4424","publikacje","type-publikacje","status-publish","has-post-thumbnail","hentry"],"acf":[],"_links":{"self":[{"href":"https:\/\/pawel.stefanoff.pl\/work\/wp-json\/wp\/v2\/publikacje\/4424","targetHints":{"allow":["GET"]}}],"collection":[{"href":"https:\/\/pawel.stefanoff.pl\/work\/wp-json\/wp\/v2\/publikacje"}],"about":[{"href":"https:\/\/pawel.stefanoff.pl\/work\/wp-json\/wp\/v2\/types\/publikacje"}],"wp:featuredmedia":[{"embeddable":true,"href":"https:\/\/pawel.stefanoff.pl\/work\/wp-json\/wp\/v2\/media\/1074"}],"wp:attachment":[{"href":"https:\/\/pawel.stefanoff.pl\/work\/wp-json\/wp\/v2\/media?parent=4424"}],"curies":[{"name":"wp","href":"https:\/\/api.w.org\/{rel}","templated":true}]}}