{"id":4434,"date":"2004-11-15T05:22:30","date_gmt":"2004-11-15T05:22:30","guid":{"rendered":"https:\/\/pawel.stefanoff.pl\/work\/?post_type=publikacje&#038;p=4434"},"modified":"2026-08-29T09:57:07","modified_gmt":"2026-08-29T09:57:07","slug":"article-2004-smallpox-es","status":"publish","type":"publikacje","link":"https:\/\/pawel.stefanoff.pl\/work\/es\/articles\/article-2004-smallpox-es\/","title":{"rendered":"La viruela: \u00bfuna amenaza hist\u00f3rica o real?"},"content":{"rendered":"\n<p class=\"wp-block-paragraph\">Este art\u00edculo eval\u00faa el riesgo potencial para la salud p\u00fablica derivado de la liberaci\u00f3n intencionada del virus de la viruela como arma biol\u00f3gica. Aunque la viruela en estado natural fue erradicada hace d\u00e9cadas, su alta transmisibilidad, su elevada letalidad y la falta de inmunidad en la poblaci\u00f3n actual hacen que un ataque bioterrorista pueda causar una crisis sanitaria global de proporciones catastr\u00f3ficas. Sin embargo, argumentamos que la vacunaci\u00f3n masiva en tiempos de paz conlleva m\u00e1s riesgos que beneficios debido a los graves efectos secundarios asociados a las vacunas tradicionales de primera y segunda generaci\u00f3n. En su lugar, la preparaci\u00f3n de los pa\u00edses debe centrarse en el desarrollo de planes de respuesta claros, la adquisici\u00f3n de vacunas de tercera generaci\u00f3n m\u00e1s seguras y la priorizaci\u00f3n de la inmunizaci\u00f3n de personal clave en primera l\u00ednea \u2014como trabajadores sanitarios y servicios de emergencia\u2014 \u00fanicamente si surge una amenaza real o un brote activo.<\/p>\n\n\n\n<p class=\"wp-block-paragraph\">Los escenarios sobre la liberaci\u00f3n deliberada o accidental del virus de la viruela constituyeron un tema de gran relevancia a principios del siglo XXI, en un momento de notable preocupaci\u00f3n mundial por el bioterrorismo. Prepar\u00e9 este art\u00edculo junto con mi director, el Prof. Andrzej Zieli\u0144ski, con motivo de nuestra participaci\u00f3n en el Congreso de la Sociedad Polaca de Epidemi\u00f3logos y M\u00e9dicos de Enfermedades Infecciosas. Fue una experiencia sumamente interesante, ya que me permiti\u00f3 revisar diversos estudios basados en modelos y simulaciones epidemiol\u00f3gicas, analizando diferentes supuestos y empleando un toque de imaginaci\u00f3n \ud83d\ude42<\/p>\n","protected":false},"excerpt":{"rendered":"<p>Art\u00edculo en polaco publicado en un suplemento de la revista Przegl\u0105d Epidemiologiczny [Revista Epidemiol\u00f3gica]<\/p>\n","protected":false},"featured_media":1074,"template":"","meta":{"_acf_changed":false},"class_list":["post-4434","publikacje","type-publikacje","status-publish","has-post-thumbnail","hentry"],"acf":[],"_links":{"self":[{"href":"https:\/\/pawel.stefanoff.pl\/work\/wp-json\/wp\/v2\/publikacje\/4434","targetHints":{"allow":["GET"]}}],"collection":[{"href":"https:\/\/pawel.stefanoff.pl\/work\/wp-json\/wp\/v2\/publikacje"}],"about":[{"href":"https:\/\/pawel.stefanoff.pl\/work\/wp-json\/wp\/v2\/types\/publikacje"}],"wp:featuredmedia":[{"embeddable":true,"href":"https:\/\/pawel.stefanoff.pl\/work\/wp-json\/wp\/v2\/media\/1074"}],"wp:attachment":[{"href":"https:\/\/pawel.stefanoff.pl\/work\/wp-json\/wp\/v2\/media?parent=4434"}],"curies":[{"name":"wp","href":"https:\/\/api.w.org\/{rel}","templated":true}]}}