{"id":4748,"date":"2025-12-01T16:54:17","date_gmt":"2025-12-01T16:54:17","guid":{"rendered":"https:\/\/pawel.stefanoff.pl\/work\/?post_type=publikacje&#038;p=4748"},"modified":"2026-04-23T14:41:08","modified_gmt":"2026-04-23T14:41:08","slug":"article-2025-covid-vaccine-palestine-es","status":"publish","type":"publikacje","link":"https:\/\/pawel.stefanoff.pl\/work\/es\/articles\/article-2025-covid-vaccine-palestine-es\/","title":{"rendered":"Conocimientos, actitudes y pr\u00e1cticas de los pediatras en Cisjordania, Palestina, con respecto a la vacunaci\u00f3n contra la COVID-19 en ni\u00f1os menores de 12 a\u00f1os: un estudio transversal, de octubre a noviembre de 2023"},"content":{"rendered":"\n<p class=\"wp-block-paragraph\">Este estudio examin\u00f3 c\u00f3mo se sienten los pediatras de Cisjordania, Palestina, respecto a la administraci\u00f3n de vacunas contra la COVID\u201119 a ni\u00f1os menores de 12 a\u00f1os. De los 323 pediatras encuestados, solo alrededor de una cuarta parte apoy\u00f3 la vacunaci\u00f3n de los ni\u00f1os peque\u00f1os. La mayor\u00eda de los profesionales que mostraron reticencias se\u00f1alaron preocupaciones sobre la seguridad de la vacuna, su eficacia y la falta de informaci\u00f3n sobre los efectos a largo plazo. El estudio sugiri\u00f3 que ofrecer informaci\u00f3n m\u00e1s clara y mejorar la comunicaci\u00f3n podr\u00eda ayudar a aumentar la confianza de los m\u00e9dicos en la vacunaci\u00f3n infantil. <\/p>\n\n\n\n<p class=\"wp-block-paragraph\">La encuesta fue realizada durante la pandemia de COVID\u201119 por Yousef, becario del programa de formaci\u00f3n MediPIET que trabajaba en Palestina. Aunque el conocimiento cient\u00edfico sobre la vacunaci\u00f3n contra la COVID\u201119 en ni\u00f1os ha cambiado desde entonces y muchos pa\u00edses ya no la recomiendan, los resultados ponen de relieve una preocupaci\u00f3n m\u00e1s amplia: el aumento de la desconfianza hacia las vacunas entre los profesionales sanitarios. Esto es preocupante, ya que podr\u00eda afectar negativamente a los programas rutinarios de vacunaci\u00f3n infantil en el futuro.<\/p>\n","protected":false},"excerpt":{"rendered":"<p>Art\u00edculo en ingl\u00e9s publicado en la revista Vaccines<\/p>\n","protected":false},"featured_media":1074,"template":"","meta":{"_acf_changed":false},"class_list":["post-4748","publikacje","type-publikacje","status-publish","has-post-thumbnail","hentry"],"acf":[],"_links":{"self":[{"href":"https:\/\/pawel.stefanoff.pl\/work\/wp-json\/wp\/v2\/publikacje\/4748","targetHints":{"allow":["GET"]}}],"collection":[{"href":"https:\/\/pawel.stefanoff.pl\/work\/wp-json\/wp\/v2\/publikacje"}],"about":[{"href":"https:\/\/pawel.stefanoff.pl\/work\/wp-json\/wp\/v2\/types\/publikacje"}],"wp:featuredmedia":[{"embeddable":true,"href":"https:\/\/pawel.stefanoff.pl\/work\/wp-json\/wp\/v2\/media\/1074"}],"wp:attachment":[{"href":"https:\/\/pawel.stefanoff.pl\/work\/wp-json\/wp\/v2\/media?parent=4748"}],"curies":[{"name":"wp","href":"https:\/\/api.w.org\/{rel}","templated":true}]}}