{"id":5391,"date":"2026-08-26T06:23:50","date_gmt":"2026-08-26T06:23:50","guid":{"rendered":"https:\/\/pawel.stefanoff.pl\/work\/?post_type=publikacje&#038;p=5391"},"modified":"2026-08-26T06:32:45","modified_gmt":"2026-08-26T06:32:45","slug":"como-avanza-libano-hacia-la-eliminacion-del-sarampion-revision-de-los-indicadores-de-desempeno-de-la-vigilancia-epidemiologica-2013-2024","status":"publish","type":"publikacje","link":"https:\/\/pawel.stefanoff.pl\/work\/es\/articles\/como-avanza-libano-hacia-la-eliminacion-del-sarampion-revision-de-los-indicadores-de-desempeno-de-la-vigilancia-epidemiologica-2013-2024\/","title":{"rendered":"C\u00f3mo avanza L\u00edbano hacia la eliminaci\u00f3n del sarampi\u00f3n? Revisi\u00f3n de los indicadores de desempe\u00f1o de la vigilancia epidemiol\u00f3gica, 2013\u20132024"},"content":{"rendered":"\n<p class=\"wp-block-paragraph\">Este art\u00edculo eval\u00faa el desempe\u00f1o del sistema de vigilancia del sarampi\u00f3n en L\u00edbano entre 2013 y 2024. Durante este per\u00edodo, el pa\u00eds enfrent\u00f3 varios brotes importantes (2013, 2018\u20132019 y 2023\u20132024), mientras que la vigilancia de rutina disminuy\u00f3 entre cada ola, no alcanzando con frecuencia las metas de la OMS en cuanto a sensibilidad y detecci\u00f3n comunitaria. A pesar de que la oportunidad en la investigaci\u00f3n de casos y la calidad de las muestras fueron en general aceptables, se identificaron brechas significativas en la exhaustividad de los datos de vacunaci\u00f3n, la cobertura de pruebas de laboratorio y la rapidez en el transporte de muestras y reporte de resultados\u2014desaf\u00edos acentuados por la crisis econ\u00f3mica, la pandemia de COVID-19 y otras interrupciones nacionales. Para alcanzar los est\u00e1ndares de eliminaci\u00f3n de la OMS, recomendamos fortalecer la notificaci\u00f3n en la atenci\u00f3n ambulatoria, optimizar los sistemas de datos, ampliar la capacidad de los laboratorios e invertir en la capacitaci\u00f3n del personal.<\/p>\n\n\n\n<p class=\"wp-block-paragraph\">Esta investigaci\u00f3n fue liderada por Lina, becaria del programa de formaci\u00f3n MediPIET, junto a otros colegas dedicados al control del sarampi\u00f3n en L\u00edbano. Ideamos este art\u00edculo durante su beca en 2021-2022, aunque la finalizaci\u00f3n del an\u00e1lisis y la redacci\u00f3n del manuscrito se completaron tiempo despu\u00e9s de concluir su estancia.<\/p>\n","protected":false},"excerpt":{"rendered":"<p>Art\u00edculo en ingl\u00e9s publicado en la revista Epidemiologia<\/p>\n","protected":false},"featured_media":1074,"template":"","meta":{"_acf_changed":false},"class_list":["post-5391","publikacje","type-publikacje","status-publish","has-post-thumbnail","hentry"],"acf":[],"_links":{"self":[{"href":"https:\/\/pawel.stefanoff.pl\/work\/wp-json\/wp\/v2\/publikacje\/5391","targetHints":{"allow":["GET"]}}],"collection":[{"href":"https:\/\/pawel.stefanoff.pl\/work\/wp-json\/wp\/v2\/publikacje"}],"about":[{"href":"https:\/\/pawel.stefanoff.pl\/work\/wp-json\/wp\/v2\/types\/publikacje"}],"wp:featuredmedia":[{"embeddable":true,"href":"https:\/\/pawel.stefanoff.pl\/work\/wp-json\/wp\/v2\/media\/1074"}],"wp:attachment":[{"href":"https:\/\/pawel.stefanoff.pl\/work\/wp-json\/wp\/v2\/media?parent=5391"}],"curies":[{"name":"wp","href":"https:\/\/api.w.org\/{rel}","templated":true}]}}